{"id":3736,"date":"2021-08-20T11:44:40","date_gmt":"2021-08-20T11:44:40","guid":{"rendered":"https:\/\/salecina.ch\/link-faq\/"},"modified":"2024-02-19T13:27:58","modified_gmt":"2024-02-19T13:27:58","slug":"link-faq","status":"publish","type":"page","link":"https:\/\/salecina.ch\/it\/link-faq\/","title":{"rendered":"link &amp; FAQ"},"content":{"rendered":"\t\t<div data-elementor-type=\"wp-page\" data-elementor-id=\"3736\" class=\"elementor elementor-3736\" data-elementor-post-type=\"page\">\n\t\t\t\t\t\t<section class=\"elementor-section elementor-top-section elementor-element elementor-element-77c3db08 elementor-section-full_width elementor-section-stretched elementor-section-height-default elementor-section-height-default\" data-id=\"77c3db08\" data-element_type=\"section\" data-e-type=\"section\" data-settings=\"{&quot;stretch_section&quot;:&quot;section-stretched&quot;}\">\n\t\t\t\t\t\t<div class=\"elementor-container elementor-column-gap-default\">\n\t\t\t\t\t<div class=\"elementor-column elementor-col-100 elementor-top-column elementor-element elementor-element-73dd24a6\" data-id=\"73dd24a6\" data-element_type=\"column\" data-e-type=\"column\">\n\t\t\t<div class=\"elementor-widget-wrap elementor-element-populated\">\n\t\t\t\t\t\t<div class=\"elementor-element elementor-element-3073f53a elementor-widget elementor-widget-shortcode\" data-id=\"3073f53a\" data-element_type=\"widget\" data-e-type=\"widget\" data-widget_type=\"shortcode.default\">\n\t\t\t\t<div class=\"elementor-widget-container\">\n\t\t\t\t\t\t\t<div class=\"elementor-shortcode\">\t\t<div data-elementor-type=\"page\" data-elementor-id=\"485\" class=\"elementor elementor-485\" data-elementor-post-type=\"elementor_library\">\n\t\t\t\t\t\t<section data-dce-background-color=\"#222222\" class=\"elementor-section elementor-top-section elementor-element elementor-element-d80febe elementor-section-full_width elementor-section-content-top elementor-section-stretched elementor-section-height-default elementor-section-height-default\" data-id=\"d80febe\" data-element_type=\"section\" data-e-type=\"section\" data-settings=\"{&quot;background_background&quot;:&quot;classic&quot;,&quot;stretch_section&quot;:&quot;section-stretched&quot;,&quot;sticky&quot;:&quot;top&quot;,&quot;sticky_on&quot;:[&quot;widescreen&quot;,&quot;desktop&quot;,&quot;laptop&quot;,&quot;tablet_extra&quot;,&quot;tablet&quot;,&quot;mobile_extra&quot;,&quot;mobile&quot;],&quot;sticky_offset&quot;:0,&quot;sticky_effects_offset&quot;:0,&quot;sticky_anchor_link_offset&quot;:0}\">\n\t\t\t\t\t\t<div class=\"elementor-container elementor-column-gap-default\">\n\t\t\t\t\t<div class=\"elementor-column elementor-col-100 elementor-top-column elementor-element elementor-element-2fa430a\" data-id=\"2fa430a\" data-element_type=\"column\" data-e-type=\"column\">\n\t\t\t<div class=\"elementor-widget-wrap elementor-element-populated\">\n\t\t\t\t\t\t<div class=\"elementor-element elementor-element-39a0e59 elementor-nav-menu__align-center elementor-nav-menu--stretch elementor-nav-menu--dropdown-tablet elementor-nav-menu__text-align-aside elementor-nav-menu--toggle elementor-nav-menu--burger elementor-widget elementor-widget-nav-menu\" data-id=\"39a0e59\" data-element_type=\"widget\" data-e-type=\"widget\" data-settings=\"{&quot;full_width&quot;:&quot;stretch&quot;,&quot;sticky&quot;:&quot;top&quot;,&quot;layout&quot;:&quot;horizontal&quot;,&quot;submenu_icon&quot;:{&quot;value&quot;:&quot;&lt;i class=\\&quot;fas fa-caret-down\\&quot; aria-hidden=\\&quot;true\\&quot;&gt;&lt;\\\/i&gt;&quot;,&quot;library&quot;:&quot;fa-solid&quot;},&quot;toggle&quot;:&quot;burger&quot;,&quot;sticky_on&quot;:[&quot;widescreen&quot;,&quot;desktop&quot;,&quot;laptop&quot;,&quot;tablet_extra&quot;,&quot;tablet&quot;,&quot;mobile_extra&quot;,&quot;mobile&quot;],&quot;sticky_offset&quot;:0,&quot;sticky_effects_offset&quot;:0,&quot;sticky_anchor_link_offset&quot;:0}\" data-widget_type=\"nav-menu.default\">\n\t\t\t\t<div class=\"elementor-widget-container\">\n\t\t\t\t\t\t\t\t<nav aria-label=\"Menu\" class=\"elementor-nav-menu--main elementor-nav-menu__container elementor-nav-menu--layout-horizontal e--pointer-overline e--animation-fade\">\n\t\t\t\t<ul id=\"menu-1-39a0e59\" class=\"elementor-nav-menu\"><li class=\"menu-item menu-item-type-custom menu-item-object-custom menu-item-3774\"><a href=\"#\" class=\"elementor-item elementor-item-anchor\"><img decoding=\"async\" src=\"https:\/\/salecina.ch\/wp-content\/uploads\/2021\/08\/Logo-Salecina-definitiv-1.svg\" style=\"height:auto; width:5vw; background-color:#FFFFFF;\"><\/a><\/li>\n<li class=\"menu-item menu-item-type-custom menu-item-object-custom menu-item-5115\"><a target=\"_blank\" href=\"https:\/\/hostels.assd.com\/crs4.php?goto=10&#038;cust=410526&#038;type=040&#038;langcrs=X\" class=\"elementor-item\">PRENOTAZIONI<\/a><\/li>\n<li class=\"menu-item menu-item-type-post_type menu-item-object-page menu-item-home menu-item-823\"><a href=\"https:\/\/salecina.ch\/it\/\" class=\"elementor-item\">SALECINA<\/a><\/li>\n<li class=\"menu-item menu-item-type-post_type menu-item-object-page menu-item-has-children menu-item-501\"><a href=\"https:\/\/salecina.ch\/it\/mangiare-dormire\/\" class=\"elementor-item\">MANGIARE &amp; DORMIRE<\/a>\n<ul class=\"sub-menu elementor-nav-menu--dropdown\">\n\t<li class=\"menu-item menu-item-type-post_type menu-item-object-page menu-item-824\"><a href=\"https:\/\/salecina.ch\/it\/personale-ospiti\/\" class=\"elementor-sub-item\">personale &amp; ospiti<\/a><\/li>\n\t<li class=\"menu-item menu-item-type-post_type menu-item-object-page menu-item-3509\"><a href=\"https:\/\/salecina.ch\/it\/camere-servizi\/\" class=\"elementor-sub-item\">camere &amp; servizi<\/a><\/li>\n<\/ul>\n<\/li>\n<li class=\"menu-item menu-item-type-post_type menu-item-object-page menu-item-has-children menu-item-3525\"><a href=\"https:\/\/salecina.ch\/it\/incontro-movimento\/\" class=\"elementor-item\">INCONTRO &amp; MOVIMENTO<\/a>\n<ul class=\"sub-menu elementor-nav-menu--dropdown\">\n\t<li class=\"menu-item menu-item-type-post_type menu-item-object-page menu-item-3531\"><a href=\"https:\/\/salecina.ch\/it\/persone-idee\/\" class=\"elementor-sub-item\">persone &amp; idee<\/a><\/li>\n\t<li class=\"menu-item menu-item-type-post_type menu-item-object-page menu-item-3551\"><a href=\"https:\/\/salecina.ch\/it\/politica-cultura\/\" class=\"elementor-sub-item\">politica &amp; cultura<\/a><\/li>\n\t<li class=\"menu-item menu-item-type-post_type menu-item-object-page menu-item-3572\"><a href=\"https:\/\/salecina.ch\/it\/agenda-eventi\/\" class=\"elementor-sub-item\">agenda &amp; eventi<\/a><\/li>\n\t<li class=\"menu-item menu-item-type-post_type menu-item-object-page menu-item-3597\"><a href=\"https:\/\/salecina.ch\/it\/foto-media\/\" class=\"elementor-sub-item\">foto &amp; media<\/a><\/li>\n<\/ul>\n<\/li>\n<li class=\"menu-item menu-item-type-post_type menu-item-object-page menu-item-has-children menu-item-3665\"><a href=\"https:\/\/salecina.ch\/it\/casa-storia\/\" class=\"elementor-item\">CASA &amp; STORIA<\/a>\n<ul class=\"sub-menu elementor-nav-menu--dropdown\">\n\t<li class=\"menu-item menu-item-type-post_type menu-item-object-page menu-item-3677\"><a href=\"https:\/\/salecina.ch\/it\/posizione-ambiente\/\" class=\"elementor-sub-item\">posizione &amp; ambiente<\/a><\/li>\n\t<li class=\"menu-item menu-item-type-post_type menu-item-object-page menu-item-3691\"><a href=\"https:\/\/salecina.ch\/it\/storia-storie\/\" class=\"elementor-sub-item\">storia &amp; storie<\/a><\/li>\n\t<li class=\"menu-item menu-item-type-post_type menu-item-object-page menu-item-3696\"><a href=\"https:\/\/salecina.ch\/it\/team-idea\/\" class=\"elementor-sub-item\">team &amp; idea<\/a><\/li>\n<\/ul>\n<\/li>\n<li class=\"menu-item menu-item-type-post_type menu-item-object-page menu-item-has-children menu-item-3711\"><a href=\"https:\/\/salecina.ch\/it\/contatti-prenotazioni\/\" class=\"elementor-item\">CONTATTI &#038; INFO<\/a>\n<ul class=\"sub-menu elementor-nav-menu--dropdown\">\n\t<li class=\"menu-item menu-item-type-post_type menu-item-object-page menu-item-3717\"><a href=\"https:\/\/salecina.ch\/it\/prezzi-prenotazioni\/\" class=\"elementor-sub-item\">prezzi<\/a><\/li>\n\t<li class=\"menu-item menu-item-type-post_type menu-item-object-page menu-item-3735\"><a href=\"https:\/\/salecina.ch\/it\/arrivo-informazioni\/\" class=\"elementor-sub-item\">arrivo &amp; informazioni<\/a><\/li>\n\t<li class=\"menu-item menu-item-type-post_type menu-item-object-page menu-item-3754\"><a href=\"https:\/\/salecina.ch\/it\/link-faq\/\" class=\"elementor-sub-item\">link &amp; FAQ<\/a><\/li>\n<\/ul>\n<\/li>\n<li class=\"menu-item wpml-ls-slot-5 wpml-ls-item wpml-ls-item-de wpml-ls-menu-item wpml-ls-first-item menu-item-type-wpml_ls_menu_item menu-item-object-wpml_ls_menu_item menu-item-wpml-ls-5-de\"><a href=\"https:\/\/salecina.ch\" class=\"elementor-item\"><img decoding=\"async\"\n            class=\"wpml-ls-flag\"\n            src=\"https:\/\/salecina.ch\/wp-content\/plugins\/sitepress-multilingual-cms\/res\/flags\/de.png\"\n            alt=\"Tedesco\"\n            \n            \n    \/><\/a><\/li>\n<li class=\"menu-item wpml-ls-slot-5 wpml-ls-item wpml-ls-item-fr wpml-ls-menu-item menu-item-type-wpml_ls_menu_item menu-item-object-wpml_ls_menu_item menu-item-wpml-ls-5-fr\"><a href=\"https:\/\/salecina.ch\/fr\/\" class=\"elementor-item\"><img decoding=\"async\"\n            class=\"wpml-ls-flag\"\n            src=\"https:\/\/salecina.ch\/wp-content\/plugins\/sitepress-multilingual-cms\/res\/flags\/fr.png\"\n            alt=\"Francese\"\n            \n            \n    \/><\/a><\/li>\n<li class=\"menu-item wpml-ls-slot-5 wpml-ls-item wpml-ls-item-en wpml-ls-menu-item wpml-ls-last-item menu-item-type-wpml_ls_menu_item menu-item-object-wpml_ls_menu_item menu-item-wpml-ls-5-en\"><a href=\"https:\/\/salecina.ch\/en\/\" class=\"elementor-item\"><img decoding=\"async\"\n            class=\"wpml-ls-flag\"\n            src=\"https:\/\/salecina.ch\/wp-content\/plugins\/sitepress-multilingual-cms\/res\/flags\/en.png\"\n            alt=\"Inglese\"\n            \n            \n    \/><\/a><\/li>\n<\/ul>\t\t\t<\/nav>\n\t\t\t\t\t<div class=\"elementor-menu-toggle\" role=\"button\" tabindex=\"0\" aria-label=\"Menu di commutazione\" aria-expanded=\"false\">\n\t\t\t<i aria-hidden=\"true\" role=\"presentation\" class=\"elementor-menu-toggle__icon--open eicon-menu-bar\"><\/i><i aria-hidden=\"true\" role=\"presentation\" class=\"elementor-menu-toggle__icon--close eicon-close\"><\/i>\t\t<\/div>\n\t\t\t\t\t<nav class=\"elementor-nav-menu--dropdown elementor-nav-menu__container\" aria-hidden=\"true\">\n\t\t\t\t<ul id=\"menu-2-39a0e59\" class=\"elementor-nav-menu\"><li class=\"menu-item menu-item-type-custom menu-item-object-custom menu-item-3774\"><a href=\"#\" class=\"elementor-item elementor-item-anchor\" tabindex=\"-1\"><img decoding=\"async\" src=\"https:\/\/salecina.ch\/wp-content\/uploads\/2021\/08\/Logo-Salecina-definitiv-1.svg\" style=\"height:auto; width:5vw; background-color:#FFFFFF;\"><\/a><\/li>\n<li class=\"menu-item menu-item-type-custom menu-item-object-custom menu-item-5115\"><a target=\"_blank\" href=\"https:\/\/hostels.assd.com\/crs4.php?goto=10&#038;cust=410526&#038;type=040&#038;langcrs=X\" class=\"elementor-item\" tabindex=\"-1\">PRENOTAZIONI<\/a><\/li>\n<li class=\"menu-item menu-item-type-post_type menu-item-object-page menu-item-home menu-item-823\"><a href=\"https:\/\/salecina.ch\/it\/\" class=\"elementor-item\" tabindex=\"-1\">SALECINA<\/a><\/li>\n<li class=\"menu-item menu-item-type-post_type menu-item-object-page menu-item-has-children menu-item-501\"><a href=\"https:\/\/salecina.ch\/it\/mangiare-dormire\/\" class=\"elementor-item\" tabindex=\"-1\">MANGIARE &amp; DORMIRE<\/a>\n<ul class=\"sub-menu elementor-nav-menu--dropdown\">\n\t<li class=\"menu-item menu-item-type-post_type menu-item-object-page menu-item-824\"><a href=\"https:\/\/salecina.ch\/it\/personale-ospiti\/\" class=\"elementor-sub-item\" tabindex=\"-1\">personale &amp; ospiti<\/a><\/li>\n\t<li class=\"menu-item menu-item-type-post_type menu-item-object-page menu-item-3509\"><a href=\"https:\/\/salecina.ch\/it\/camere-servizi\/\" class=\"elementor-sub-item\" tabindex=\"-1\">camere &amp; servizi<\/a><\/li>\n<\/ul>\n<\/li>\n<li class=\"menu-item menu-item-type-post_type menu-item-object-page menu-item-has-children menu-item-3525\"><a href=\"https:\/\/salecina.ch\/it\/incontro-movimento\/\" class=\"elementor-item\" tabindex=\"-1\">INCONTRO &amp; MOVIMENTO<\/a>\n<ul class=\"sub-menu elementor-nav-menu--dropdown\">\n\t<li class=\"menu-item menu-item-type-post_type menu-item-object-page menu-item-3531\"><a href=\"https:\/\/salecina.ch\/it\/persone-idee\/\" class=\"elementor-sub-item\" tabindex=\"-1\">persone &amp; idee<\/a><\/li>\n\t<li class=\"menu-item menu-item-type-post_type menu-item-object-page menu-item-3551\"><a href=\"https:\/\/salecina.ch\/it\/politica-cultura\/\" class=\"elementor-sub-item\" tabindex=\"-1\">politica &amp; cultura<\/a><\/li>\n\t<li class=\"menu-item menu-item-type-post_type menu-item-object-page menu-item-3572\"><a href=\"https:\/\/salecina.ch\/it\/agenda-eventi\/\" class=\"elementor-sub-item\" tabindex=\"-1\">agenda &amp; eventi<\/a><\/li>\n\t<li class=\"menu-item menu-item-type-post_type menu-item-object-page menu-item-3597\"><a href=\"https:\/\/salecina.ch\/it\/foto-media\/\" class=\"elementor-sub-item\" tabindex=\"-1\">foto &amp; media<\/a><\/li>\n<\/ul>\n<\/li>\n<li class=\"menu-item menu-item-type-post_type menu-item-object-page menu-item-has-children menu-item-3665\"><a href=\"https:\/\/salecina.ch\/it\/casa-storia\/\" class=\"elementor-item\" tabindex=\"-1\">CASA &amp; STORIA<\/a>\n<ul class=\"sub-menu elementor-nav-menu--dropdown\">\n\t<li class=\"menu-item menu-item-type-post_type menu-item-object-page menu-item-3677\"><a href=\"https:\/\/salecina.ch\/it\/posizione-ambiente\/\" class=\"elementor-sub-item\" tabindex=\"-1\">posizione &amp; ambiente<\/a><\/li>\n\t<li class=\"menu-item menu-item-type-post_type menu-item-object-page menu-item-3691\"><a href=\"https:\/\/salecina.ch\/it\/storia-storie\/\" class=\"elementor-sub-item\" tabindex=\"-1\">storia &amp; storie<\/a><\/li>\n\t<li class=\"menu-item menu-item-type-post_type menu-item-object-page menu-item-3696\"><a href=\"https:\/\/salecina.ch\/it\/team-idea\/\" class=\"elementor-sub-item\" tabindex=\"-1\">team &amp; idea<\/a><\/li>\n<\/ul>\n<\/li>\n<li class=\"menu-item menu-item-type-post_type menu-item-object-page menu-item-has-children menu-item-3711\"><a href=\"https:\/\/salecina.ch\/it\/contatti-prenotazioni\/\" class=\"elementor-item\" tabindex=\"-1\">CONTATTI &#038; INFO<\/a>\n<ul class=\"sub-menu elementor-nav-menu--dropdown\">\n\t<li class=\"menu-item menu-item-type-post_type menu-item-object-page menu-item-3717\"><a href=\"https:\/\/salecina.ch\/it\/prezzi-prenotazioni\/\" class=\"elementor-sub-item\" tabindex=\"-1\">prezzi<\/a><\/li>\n\t<li class=\"menu-item menu-item-type-post_type menu-item-object-page menu-item-3735\"><a href=\"https:\/\/salecina.ch\/it\/arrivo-informazioni\/\" class=\"elementor-sub-item\" tabindex=\"-1\">arrivo &amp; informazioni<\/a><\/li>\n\t<li class=\"menu-item menu-item-type-post_type menu-item-object-page menu-item-3754\"><a href=\"https:\/\/salecina.ch\/it\/link-faq\/\" class=\"elementor-sub-item\" tabindex=\"-1\">link &amp; FAQ<\/a><\/li>\n<\/ul>\n<\/li>\n<li class=\"menu-item wpml-ls-slot-5 wpml-ls-item wpml-ls-item-de wpml-ls-menu-item wpml-ls-first-item menu-item-type-wpml_ls_menu_item menu-item-object-wpml_ls_menu_item menu-item-wpml-ls-5-de\"><a href=\"https:\/\/salecina.ch\" class=\"elementor-item\" tabindex=\"-1\"><img decoding=\"async\"\n            class=\"wpml-ls-flag\"\n            src=\"https:\/\/salecina.ch\/wp-content\/plugins\/sitepress-multilingual-cms\/res\/flags\/de.png\"\n            alt=\"Tedesco\"\n            \n            \n    \/><\/a><\/li>\n<li class=\"menu-item wpml-ls-slot-5 wpml-ls-item wpml-ls-item-fr wpml-ls-menu-item menu-item-type-wpml_ls_menu_item menu-item-object-wpml_ls_menu_item menu-item-wpml-ls-5-fr\"><a href=\"https:\/\/salecina.ch\/fr\/\" class=\"elementor-item\" tabindex=\"-1\"><img decoding=\"async\"\n            class=\"wpml-ls-flag\"\n            src=\"https:\/\/salecina.ch\/wp-content\/plugins\/sitepress-multilingual-cms\/res\/flags\/fr.png\"\n            alt=\"Francese\"\n            \n            \n    \/><\/a><\/li>\n<li class=\"menu-item wpml-ls-slot-5 wpml-ls-item wpml-ls-item-en wpml-ls-menu-item wpml-ls-last-item menu-item-type-wpml_ls_menu_item menu-item-object-wpml_ls_menu_item menu-item-wpml-ls-5-en\"><a href=\"https:\/\/salecina.ch\/en\/\" class=\"elementor-item\" tabindex=\"-1\"><img decoding=\"async\"\n            class=\"wpml-ls-flag\"\n            src=\"https:\/\/salecina.ch\/wp-content\/plugins\/sitepress-multilingual-cms\/res\/flags\/en.png\"\n            alt=\"Inglese\"\n            \n            \n    \/><\/a><\/li>\n<\/ul>\t\t\t<\/nav>\n\t\t\t\t\t\t<\/div>\n\t\t\t\t<\/div>\n\t\t\t\t\t<\/div>\n\t\t<\/div>\n\t\t\t\t\t<\/div>\n\t\t<\/section>\n\t\t\t\t<\/div>\n\t\t<\/div>\n\t\t\t\t\t\t<\/div>\n\t\t\t\t<\/div>\n\t\t\t\t\t<\/div>\n\t\t<\/div>\n\t\t\t\t\t<\/div>\n\t\t<\/section>\n\t\t\t\t<section class=\"elementor-section elementor-top-section elementor-element elementor-element-1d5bcf7f elementor-section-boxed elementor-section-height-default elementor-section-height-default\" data-id=\"1d5bcf7f\" data-element_type=\"section\" data-e-type=\"section\">\n\t\t\t\t\t\t<div class=\"elementor-container elementor-column-gap-default\">\n\t\t\t\t\t<div class=\"elementor-column elementor-col-100 elementor-top-column elementor-element elementor-element-606ce17f\" data-id=\"606ce17f\" data-element_type=\"column\" data-e-type=\"column\">\n\t\t\t<div class=\"elementor-widget-wrap elementor-element-populated\">\n\t\t\t\t\t\t\t<\/div>\n\t\t<\/div>\n\t\t\t\t\t<\/div>\n\t\t<\/section>\n\t\t\t\t<section class=\"elementor-section elementor-top-section elementor-element elementor-element-7a4fed63 elementor-section-boxed elementor-section-height-default elementor-section-height-default\" data-id=\"7a4fed63\" data-element_type=\"section\" data-e-type=\"section\" data-settings=\"{&quot;background_background&quot;:&quot;classic&quot;}\">\n\t\t\t\t\t\t<div class=\"elementor-container elementor-column-gap-default\">\n\t\t\t\t\t<div data-dce-background-color=\"#FFFFFF\" class=\"elementor-column elementor-col-100 elementor-top-column elementor-element elementor-element-356e46a3\" data-id=\"356e46a3\" data-element_type=\"column\" data-e-type=\"column\" data-settings=\"{&quot;background_background&quot;:&quot;classic&quot;}\">\n\t\t\t<div class=\"elementor-widget-wrap elementor-element-populated\">\n\t\t\t\t\t\t<section class=\"elementor-section elementor-inner-section elementor-element elementor-element-52a6d238 elementor-section-boxed elementor-section-height-default elementor-section-height-default\" data-id=\"52a6d238\" data-element_type=\"section\" data-e-type=\"section\">\n\t\t\t\t\t\t<div class=\"elementor-container elementor-column-gap-default\">\n\t\t\t\t\t<div class=\"elementor-column elementor-col-50 elementor-inner-column elementor-element elementor-element-76a89c0c\" data-id=\"76a89c0c\" data-element_type=\"column\" data-e-type=\"column\" data-settings=\"{&quot;background_background&quot;:&quot;classic&quot;}\">\n\t\t\t<div class=\"elementor-widget-wrap elementor-element-populated\">\n\t\t\t\t\t\t<div class=\"elementor-element elementor-element-7f2a23c0 dce_masking-none elementor-widget elementor-widget-image\" data-id=\"7f2a23c0\" data-element_type=\"widget\" data-e-type=\"widget\" data-widget_type=\"image.default\">\n\t\t\t\t<div class=\"elementor-widget-container\">\n\t\t\t\t\t\t\t\t\t\t\t\t\t\t\t<img fetchpriority=\"high\" decoding=\"async\" width=\"1000\" height=\"290\" src=\"https:\/\/salecina.ch\/wp-content\/uploads\/2021\/08\/buchen.jpg\" class=\"attachment-full size-full wp-image-2503\" alt=\"\" srcset=\"https:\/\/salecina.ch\/wp-content\/uploads\/2021\/08\/buchen.jpg 1000w, https:\/\/salecina.ch\/wp-content\/uploads\/2021\/08\/buchen-300x87.jpg 300w, https:\/\/salecina.ch\/wp-content\/uploads\/2021\/08\/buchen-768x223.jpg 768w\" sizes=\"(max-width: 1000px) 100vw, 1000px\" \/>\t\t\t\t\t\t\t\t\t\t\t\t\t\t\t<\/div>\n\t\t\t\t<\/div>\n\t\t\t\t<section class=\"elementor-section elementor-inner-section elementor-element elementor-element-0a4828b elementor-section-boxed elementor-section-height-default elementor-section-height-default\" data-id=\"0a4828b\" data-element_type=\"section\" data-e-type=\"section\">\n\t\t\t\t\t\t<div class=\"elementor-container elementor-column-gap-default\">\n\t\t\t\t\t<div class=\"elementor-column elementor-col-50 elementor-inner-column elementor-element elementor-element-8f06e91\" data-id=\"8f06e91\" data-element_type=\"column\" data-e-type=\"column\">\n\t\t\t<div class=\"elementor-widget-wrap elementor-element-populated\">\n\t\t\t\t\t\t<div class=\"elementor-element elementor-element-e05c99a elementor-widget elementor-widget-text-editor\" data-id=\"e05c99a\" data-element_type=\"widget\" data-e-type=\"widget\" data-widget_type=\"text-editor.default\">\n\t\t\t\t<div class=\"elementor-widget-container\">\n\t\t\t\t\t\t\t\t\t<h3>Link esterni<\/h3><p><a href=\"http:\/\/bergell-blog.ch\/\" target=\"_blank\" rel=\"noopener\">www.bergell-blog.ch<\/a><\/p><p><img decoding=\"async\" class=\"size-full wp-image-2496 float-start me-2\" src=\"https:\/\/salecina.ch\/wp-content\/uploads\/2021\/08\/3d1db532f0870d34bb1b8e58578ab53a_f108.jpeg\" alt=\"\" width=\"120\" height=\"90\" \/>Das Bergell ist eine faszinierende Landschaft. Hier anzukommen f\u00fchlt sich wie ein Geschenk an: Meist steht ein sanftes Licht im Tal, die Ger\u00fcche nach Bergwald, Wiesenbl\u00fcten und Fr\u00fcchten aus den G\u00e4rten sind intensiv. Dazu diese Farben: helles Steingrau, strahlendes Blau, leichte Ocker-T\u00f6ne, sanftes Gelbgr\u00fcn, gelegentlich ein intensiveres Rostrot. Jedesmal ist man \u00fcberw\u00e4ltigt. <br \/>Blog von Veronika Rall<\/p><p><a href=\"http:\/\/www.oekohotel.ch\/\" target=\"_blank\" rel=\"noopener\">www.oekohotel.ch<\/a><\/p><p><img decoding=\"async\" class=\" size-full wp-image-2492 float-start me-2\" src=\"https:\/\/salecina.ch\/wp-content\/uploads\/2021\/08\/88c9c388d7de10aab92ef33bb9db1ae0_f109.png\" alt=\"\" width=\"120\" height=\"88\" \/>\u00abDer andere Hotelf\u00fchrer\u00bb der Schweiz: Hier ist Salecina nat\u00fcrlich auch vertreten.<\/p>\t\t\t\t\t\t\t\t<\/div>\n\t\t\t\t<\/div>\n\t\t\t\t\t<\/div>\n\t\t<\/div>\n\t\t\t\t<div class=\"elementor-column elementor-col-50 elementor-inner-column elementor-element elementor-element-0c266b2\" data-id=\"0c266b2\" data-element_type=\"column\" data-e-type=\"column\">\n\t\t\t<div class=\"elementor-widget-wrap elementor-element-populated\">\n\t\t\t\t\t\t<div class=\"elementor-element elementor-element-bbf02f2 elementor-widget elementor-widget-text-editor\" data-id=\"bbf02f2\" data-element_type=\"widget\" data-e-type=\"widget\" data-widget_type=\"text-editor.default\">\n\t\t\t\t<div class=\"elementor-widget-container\">\n\t\t\t\t\t\t\t\t\t<h3>FAQ<\/h3>\n<p>Per facilitare il vostro arrivo a Salecina, ecco alcuni consigli su come utilizzare la casa:<\/p>\n\t\t\t\t\t\t\t\t<\/div>\n\t\t\t\t<\/div>\n\t\t\t\t<div class=\"elementor-element elementor-element-a035da6 elementor-widget elementor-widget-toggle\" data-id=\"a035da6\" data-element_type=\"widget\" data-e-type=\"widget\" data-widget_type=\"toggle.default\">\n\t\t\t\t<div class=\"elementor-widget-container\">\n\t\t\t\t\t\t\t<div class=\"elementor-toggle\">\n\t\t\t\t\t\t\t<div class=\"elementor-toggle-item\">\n\t\t\t\t\t<div id=\"elementor-tab-title-1671\" class=\"elementor-tab-title\" data-tab=\"1\" role=\"button\" aria-controls=\"elementor-tab-content-1671\" aria-expanded=\"false\">\n\t\t\t\t\t\t\t\t\t\t\t\t<span class=\"elementor-toggle-icon elementor-toggle-icon-left\" aria-hidden=\"true\">\n\t\t\t\t\t\t\t\t\t\t\t\t\t\t\t<span class=\"elementor-toggle-icon-closed\"><i class=\"fas fa-caret-right\"><\/i><\/span>\n\t\t\t\t\t\t\t\t<span class=\"elementor-toggle-icon-opened\"><i class=\"elementor-toggle-icon-opened fas fa-caret-up\"><\/i><\/span>\n\t\t\t\t\t\t\t\t\t\t\t\t\t<\/span>\n\t\t\t\t\t\t\t\t\t\t\t\t<a class=\"elementor-toggle-title\" tabindex=\"0\">Arrivo e partenza con mezzi pubblici<\/a>\n\t\t\t\t\t<\/div>\n\n\t\t\t\t\t<div id=\"elementor-tab-content-1671\" class=\"elementor-tab-content elementor-clearfix\" data-tab=\"1\" role=\"region\" aria-labelledby=\"elementor-tab-title-1671\"><p><span lang=\"it\"><span title=\"Mobilit\u00e4t vor Ort\n\n\"><strong>Mezzi pubblici inclusi nel soggiorno<br \/><\/strong><\/span><\/span><\/p><p><span id=\"result_box\" lang=\"it\"><span title=\"Mobilit\u00e4t vor Ort\n\n\"><strong>Sul posto<\/strong><br \/><\/span><span title=\"G\u00e4ste, welche zwei und mehr N\u00e4chte in Salecina verbringen erhalten den \u00f6ffentlichen Verkehr gleich mit dazu.\">Gli ospiti che trascorrono due o pi\u00f9 notti a Salecina otterranno il trasporto pubblico gratis\u00a0<span title=\"Ob mit dem Engadin Bus, dem Ortsbus St. Moritz, PostAuto oder der Rh\u00e4tischen Bahn \u2013 bist du w\u00e4hrend deines Aufenthaltes sorglos und komplett flexibel im Oberengadin unterwegs zwischen Maloja, Spinas, Cinuos-chel und Alp Gr\u00fcm.\">per tutto il soggiorno<\/span>\u00a0<span title=\"Ob mit dem Engadin Bus, dem Ortsbus St. Moritz, PostAuto oder der Rh\u00e4tischen Bahn \u2013 bist du w\u00e4hrend deines Aufenthaltes sorglos und komplett flexibel im Oberengadin unterwegs zwischen Maloja, Spinas, Cinuos-chel und Alp Gr\u00fcm.\">in Bregalia,\u00a0 Alta Engadina, tra Chiavenna, Maloja, Spinas, Cinuos-chel e Alp Gr\u00fcm,<\/span><\/span><span title=\"Ob mit dem Engadin Bus, dem Ortsbus St. Moritz, PostAuto oder der Rh\u00e4tischen Bahn \u2013 bist du w\u00e4hrend deines Aufenthaltes sorglos und komplett flexibel im Oberengadin unterwegs zwischen Maloja, Spinas, Cinuos-chel und Alp Gr\u00fcm.\">\u00a0con il bus Engadin, l&#8217;autopostale, il bus locale di St. Moritz o la Ferrovia Retica.\u00a0<\/span><span title=\"Seit Sommer 2017 sind die Vierbeiner im \u00f6V-Inklusive inkludiert.\">I<\/span><span title=\"Bitte beachte, dass der Fahrausweis erst beim Einchecken abgegeben wird.\n\n\">l biglietto viene consegnato solo al momento dell&#8217;arrivo a Salecina.<br \/><\/span><span title=\"Auf diesen schnellen Verbindungen wird das Kontingent der Sparpreise in diesem Winter erh\u00f6ht.\n\n\"><br \/><\/span><\/span><strong>Arrivo dall&#8217;Italia<\/strong><span id=\"result_box\" lang=\"it\"><br \/>Da Chiavenna l&#8217;autopostale viaggia quasi ogni ora direttamente fino a Maloja.\u00a0Acquista un normale biglietto online su www.sbb.ch, o direttamente alla stazione di Chiavenna, o sull&#8217;autobus.\u00a0Una volta a Salecina, ci dai il biglietto originale, o facciamo la copia e ti scaliamo l&#8217;importo dal conto.<\/span><\/p><p><span id=\"result_box\" lang=\"it\"><span title=\"Anreise ab der Schweiz (und Konstanz)\n\n\"><strong>Arrivo dalla Svizzera (e Costanza)<\/strong><br \/><\/span><span title=\"Vom Mittelland her wurde vor einigen Jahren durch die Einf\u00fchrung der schnellen Verbindungen \u00fcber den Vereinatunnel die Fahrt nach Maloja um eine halbe Stunde verk\u00fcrzt.\">L&#8217;introduzione del collegamento veloce attraverso il Tunnel della Vereina ha accorciato di mezz&#8217;ora il viaggio verso Maloja.<\/span><\/span><span id=\"result_box\" lang=\"it\"><\/span><\/p><p><strong>Partenza con i mezzi pubblici:<\/strong><\/p><p>Per gli ospiti in partenza Salecina offre, se necessario, il trasporto dei bagagli.<\/p><\/div>\n\t\t\t\t<\/div>\n\t\t\t\t\t\t\t<div class=\"elementor-toggle-item\">\n\t\t\t\t\t<div id=\"elementor-tab-title-1672\" class=\"elementor-tab-title\" data-tab=\"2\" role=\"button\" aria-controls=\"elementor-tab-content-1672\" aria-expanded=\"false\">\n\t\t\t\t\t\t\t\t\t\t\t\t<span class=\"elementor-toggle-icon elementor-toggle-icon-left\" aria-hidden=\"true\">\n\t\t\t\t\t\t\t\t\t\t\t\t\t\t\t<span class=\"elementor-toggle-icon-closed\"><i class=\"fas fa-caret-right\"><\/i><\/span>\n\t\t\t\t\t\t\t\t<span class=\"elementor-toggle-icon-opened\"><i class=\"elementor-toggle-icon-opened fas fa-caret-up\"><\/i><\/span>\n\t\t\t\t\t\t\t\t\t\t\t\t\t<\/span>\n\t\t\t\t\t\t\t\t\t\t\t\t<a class=\"elementor-toggle-title\" tabindex=\"0\">Autogestione<\/a>\n\t\t\t\t\t<\/div>\n\n\t\t\t\t\t<div id=\"elementor-tab-content-1672\" class=\"elementor-tab-content elementor-clearfix\" data-tab=\"2\" role=\"region\" aria-labelledby=\"elementor-tab-title-1672\"><p>Salecina \u00e8 gestita dai suoi ospiti. Molti ospiti conoscono la casa anche negli angoli pi\u00f9 nascosti (e magari hanno anche aiutato a costruirla). Loro potranno dare una risposta esauriente alle domande dei nuovi arrivati. Di notte nessun capocasa \u00e8 in servizio.<\/p><\/div>\n\t\t\t\t<\/div>\n\t\t\t\t\t\t\t<div class=\"elementor-toggle-item\">\n\t\t\t\t\t<div id=\"elementor-tab-title-1673\" class=\"elementor-tab-title\" data-tab=\"3\" role=\"button\" aria-controls=\"elementor-tab-content-1673\" aria-expanded=\"false\">\n\t\t\t\t\t\t\t\t\t\t\t\t<span class=\"elementor-toggle-icon elementor-toggle-icon-left\" aria-hidden=\"true\">\n\t\t\t\t\t\t\t\t\t\t\t\t\t\t\t<span class=\"elementor-toggle-icon-closed\"><i class=\"fas fa-caret-right\"><\/i><\/span>\n\t\t\t\t\t\t\t\t<span class=\"elementor-toggle-icon-opened\"><i class=\"elementor-toggle-icon-opened fas fa-caret-up\"><\/i><\/span>\n\t\t\t\t\t\t\t\t\t\t\t\t\t<\/span>\n\t\t\t\t\t\t\t\t\t\t\t\t<a class=\"elementor-toggle-title\" tabindex=\"0\">Bagaglio<\/a>\n\t\t\t\t\t<\/div>\n\n\t\t\t\t\t<div id=\"elementor-tab-content-1673\" class=\"elementor-tab-content elementor-clearfix\" data-tab=\"3\" role=\"region\" aria-labelledby=\"elementor-tab-title-1673\"><p>Consigliamo di utilizzare come bagaglio uno zaino pi\u00f9 grande per il vostro vestiario e uno ridotto per le escursioni \/ spostamenti quotidiani. Questo vi permetter\u00e0 di percorrere all&#8217;arrivo e in partenza il sentiero estivo o invernale che attraversano un paesaggio incantevole. Di notte \u00e8 necesario una torcia. Nelle stagioni intermedie conviene informarsi sulla percorribilit\u00e0 di detti sentieri.<\/p><\/div>\n\t\t\t\t<\/div>\n\t\t\t\t\t\t\t<div class=\"elementor-toggle-item\">\n\t\t\t\t\t<div id=\"elementor-tab-title-1674\" class=\"elementor-tab-title\" data-tab=\"4\" role=\"button\" aria-controls=\"elementor-tab-content-1674\" aria-expanded=\"false\">\n\t\t\t\t\t\t\t\t\t\t\t\t<span class=\"elementor-toggle-icon elementor-toggle-icon-left\" aria-hidden=\"true\">\n\t\t\t\t\t\t\t\t\t\t\t\t\t\t\t<span class=\"elementor-toggle-icon-closed\"><i class=\"fas fa-caret-right\"><\/i><\/span>\n\t\t\t\t\t\t\t\t<span class=\"elementor-toggle-icon-opened\"><i class=\"elementor-toggle-icon-opened fas fa-caret-up\"><\/i><\/span>\n\t\t\t\t\t\t\t\t\t\t\t\t\t<\/span>\n\t\t\t\t\t\t\t\t\t\t\t\t<a class=\"elementor-toggle-title\" tabindex=\"0\">Bar<\/a>\n\t\t\t\t\t<\/div>\n\n\t\t\t\t\t<div id=\"elementor-tab-content-1674\" class=\"elementor-tab-content elementor-clearfix\" data-tab=\"4\" role=\"region\" aria-labelledby=\"elementor-tab-title-1674\"><p>Di fronte alla cucina al piano terra c&#8217;\u00e8 un armadio con un assortimento di bevande alcoliche e non-alcoliche. Il bar rimane normalmente aperto 24 ore e funziona secondo il principio dell\u2019autogestione. I prezzi delle bevande sono indicati. Chi si serve paga subito le bevande. Gli ospiti possono sistemare le proprie bevande personali negli appositi scaffali nella sala da pranzo grande.<\/p><\/div>\n\t\t\t\t<\/div>\n\t\t\t\t\t\t\t<div class=\"elementor-toggle-item\">\n\t\t\t\t\t<div id=\"elementor-tab-title-1675\" class=\"elementor-tab-title\" data-tab=\"5\" role=\"button\" aria-controls=\"elementor-tab-content-1675\" aria-expanded=\"false\">\n\t\t\t\t\t\t\t\t\t\t\t\t<span class=\"elementor-toggle-icon elementor-toggle-icon-left\" aria-hidden=\"true\">\n\t\t\t\t\t\t\t\t\t\t\t\t\t\t\t<span class=\"elementor-toggle-icon-closed\"><i class=\"fas fa-caret-right\"><\/i><\/span>\n\t\t\t\t\t\t\t\t<span class=\"elementor-toggle-icon-opened\"><i class=\"elementor-toggle-icon-opened fas fa-caret-up\"><\/i><\/span>\n\t\t\t\t\t\t\t\t\t\t\t\t\t<\/span>\n\t\t\t\t\t\t\t\t\t\t\t\t<a class=\"elementor-toggle-title\" tabindex=\"0\">Biciclette<\/a>\n\t\t\t\t\t<\/div>\n\n\t\t\t\t\t<div id=\"elementor-tab-content-1675\" class=\"elementor-tab-content elementor-clearfix\" data-tab=\"5\" role=\"region\" aria-labelledby=\"elementor-tab-title-1675\"><p>Salecina presta tre biciclette gratuitamente con la responsabilit\u00e0 di chi la usa.<\/p><\/div>\n\t\t\t\t<\/div>\n\t\t\t\t\t\t\t<div class=\"elementor-toggle-item\">\n\t\t\t\t\t<div id=\"elementor-tab-title-1676\" class=\"elementor-tab-title\" data-tab=\"6\" role=\"button\" aria-controls=\"elementor-tab-content-1676\" aria-expanded=\"false\">\n\t\t\t\t\t\t\t\t\t\t\t\t<span class=\"elementor-toggle-icon elementor-toggle-icon-left\" aria-hidden=\"true\">\n\t\t\t\t\t\t\t\t\t\t\t\t\t\t\t<span class=\"elementor-toggle-icon-closed\"><i class=\"fas fa-caret-right\"><\/i><\/span>\n\t\t\t\t\t\t\t\t<span class=\"elementor-toggle-icon-opened\"><i class=\"elementor-toggle-icon-opened fas fa-caret-up\"><\/i><\/span>\n\t\t\t\t\t\t\t\t\t\t\t\t\t<\/span>\n\t\t\t\t\t\t\t\t\t\t\t\t<a class=\"elementor-toggle-title\" tabindex=\"0\">Caff\u00e8, t\u00e8<\/a>\n\t\t\t\t\t<\/div>\n\n\t\t\t\t\t<div id=\"elementor-tab-content-1676\" class=\"elementor-tab-content elementor-clearfix\" data-tab=\"6\" role=\"region\" aria-labelledby=\"elementor-tab-title-1676\"><p>Se vi viene voglia di bere un caff\u00e8, andate nella cucina al pianoterra nella casa principale. Caff\u00e8, t\u00e8 e latte sono a vostra disposizione. C\u2019\u00e8 un armadietto\/dispensa e un piccolo frigorifero per gli alimenti privati degli ospiti. Il frigorifero grande, invece, serve per la colazione e ci\u00f2 che \u00e8 a disposizione di tutti. Qui, all&#8217;ora di pranzo, i capicasa mettono a disposizione di tutti gli eventuali avanzi della sera prima. Per favore lavate le stoviglie che usate durante la giornata e lasciate la cucina in ordine e pulita!<\/p><\/div>\n\t\t\t\t<\/div>\n\t\t\t\t\t\t\t<div class=\"elementor-toggle-item\">\n\t\t\t\t\t<div id=\"elementor-tab-title-1677\" class=\"elementor-tab-title\" data-tab=\"7\" role=\"button\" aria-controls=\"elementor-tab-content-1677\" aria-expanded=\"false\">\n\t\t\t\t\t\t\t\t\t\t\t\t<span class=\"elementor-toggle-icon elementor-toggle-icon-left\" aria-hidden=\"true\">\n\t\t\t\t\t\t\t\t\t\t\t\t\t\t\t<span class=\"elementor-toggle-icon-closed\"><i class=\"fas fa-caret-right\"><\/i><\/span>\n\t\t\t\t\t\t\t\t<span class=\"elementor-toggle-icon-opened\"><i class=\"elementor-toggle-icon-opened fas fa-caret-up\"><\/i><\/span>\n\t\t\t\t\t\t\t\t\t\t\t\t\t<\/span>\n\t\t\t\t\t\t\t\t\t\t\t\t<a class=\"elementor-toggle-title\" tabindex=\"0\">Caparra<\/a>\n\t\t\t\t\t<\/div>\n\n\t\t\t\t\t<div id=\"elementor-tab-content-1677\" class=\"elementor-tab-content elementor-clearfix\" data-tab=\"7\" role=\"region\" aria-labelledby=\"elementor-tab-title-1677\"><p>Dopo aver ricevuto la conferma della prenotazione va eseguito il pagamento della caparra. Questa corrisponde all&#8217;incirca alla met\u00e0 del prezzo del pernottamento per persona calcolato con la quota copertura dei costi. Il saldo per il soggiorno sar\u00e0 calcolato durante il soggiorno a Salecina e pu\u00f2 essere regolato in CHF oppure in \u20acuro, \u00a0in contanti oppure con un bonifico.<\/p><\/div>\n\t\t\t\t<\/div>\n\t\t\t\t\t\t\t<div class=\"elementor-toggle-item\">\n\t\t\t\t\t<div id=\"elementor-tab-title-1678\" class=\"elementor-tab-title\" data-tab=\"8\" role=\"button\" aria-controls=\"elementor-tab-content-1678\" aria-expanded=\"false\">\n\t\t\t\t\t\t\t\t\t\t\t\t<span class=\"elementor-toggle-icon elementor-toggle-icon-left\" aria-hidden=\"true\">\n\t\t\t\t\t\t\t\t\t\t\t\t\t\t\t<span class=\"elementor-toggle-icon-closed\"><i class=\"fas fa-caret-right\"><\/i><\/span>\n\t\t\t\t\t\t\t\t<span class=\"elementor-toggle-icon-opened\"><i class=\"elementor-toggle-icon-opened fas fa-caret-up\"><\/i><\/span>\n\t\t\t\t\t\t\t\t\t\t\t\t\t<\/span>\n\t\t\t\t\t\t\t\t\t\t\t\t<a class=\"elementor-toggle-title\" tabindex=\"0\">Cani<\/a>\n\t\t\t\t\t<\/div>\n\n\t\t\t\t\t<div id=\"elementor-tab-content-1678\" class=\"elementor-tab-content elementor-clearfix\" data-tab=\"8\" role=\"region\" aria-labelledby=\"elementor-tab-title-1678\"><p>Purtroppo i cani non possono accedere agli edifici. Da circa met\u00e0 maggio e settembre i cani che dormono da soli, possono pernottare in una gabbia nel deposito. Chi volesse prenotare portandosi un cane, \u00e8 chiesto di comunicarlo.<\/p><\/div>\n\t\t\t\t<\/div>\n\t\t\t\t\t\t\t<div class=\"elementor-toggle-item\">\n\t\t\t\t\t<div id=\"elementor-tab-title-1679\" class=\"elementor-tab-title\" data-tab=\"9\" role=\"button\" aria-controls=\"elementor-tab-content-1679\" aria-expanded=\"false\">\n\t\t\t\t\t\t\t\t\t\t\t\t<span class=\"elementor-toggle-icon elementor-toggle-icon-left\" aria-hidden=\"true\">\n\t\t\t\t\t\t\t\t\t\t\t\t\t\t\t<span class=\"elementor-toggle-icon-closed\"><i class=\"fas fa-caret-right\"><\/i><\/span>\n\t\t\t\t\t\t\t\t<span class=\"elementor-toggle-icon-opened\"><i class=\"elementor-toggle-icon-opened fas fa-caret-up\"><\/i><\/span>\n\t\t\t\t\t\t\t\t\t\t\t\t\t<\/span>\n\t\t\t\t\t\t\t\t\t\t\t\t<a class=\"elementor-toggle-title\" tabindex=\"0\">Cena<\/a>\n\t\t\t\t\t<\/div>\n\n\t\t\t\t\t<div id=\"elementor-tab-content-1679\" class=\"elementor-tab-content elementor-clearfix\" data-tab=\"9\" role=\"region\" aria-labelledby=\"elementor-tab-title-1679\"><p>La cena inizia alle ore 19.00. Una campana segnala quando \u00e8 pronta. Dopo aver mangiato ognuno sparecchia e pulisce il proprio tavolo.<\/p><\/div>\n\t\t\t\t<\/div>\n\t\t\t\t\t\t\t<div class=\"elementor-toggle-item\">\n\t\t\t\t\t<div id=\"elementor-tab-title-16710\" class=\"elementor-tab-title\" data-tab=\"10\" role=\"button\" aria-controls=\"elementor-tab-content-16710\" aria-expanded=\"false\">\n\t\t\t\t\t\t\t\t\t\t\t\t<span class=\"elementor-toggle-icon elementor-toggle-icon-left\" aria-hidden=\"true\">\n\t\t\t\t\t\t\t\t\t\t\t\t\t\t\t<span class=\"elementor-toggle-icon-closed\"><i class=\"fas fa-caret-right\"><\/i><\/span>\n\t\t\t\t\t\t\t\t<span class=\"elementor-toggle-icon-opened\"><i class=\"elementor-toggle-icon-opened fas fa-caret-up\"><\/i><\/span>\n\t\t\t\t\t\t\t\t\t\t\t\t\t<\/span>\n\t\t\t\t\t\t\t\t\t\t\t\t<a class=\"elementor-toggle-title\" tabindex=\"0\">Coordinazione<\/a>\n\t\t\t\t\t<\/div>\n\n\t\t\t\t\t<div id=\"elementor-tab-content-16710\" class=\"elementor-tab-content elementor-clearfix\" data-tab=\"10\" role=\"region\" aria-labelledby=\"elementor-tab-title-16710\"><p>Dopo cena tutti gli ospiti si riuniscono nella sala grande e si distribuiscono i servizi per il giorno dopo. Capicasa e ospiti hanno la possibilit\u00e0 di dare informazioni interessanti riguardo la casa e la regione. Gli ospiti apprezzano molto se il responsabile della coordinazione ha dato un&#8217;occhiata ai giornali per le notizie dal mondo. Il coordinatore\/la coordinatrice prima di cena passa dall\u2019ufficio per ricevere le informazioni da parte dei membri del team di gestione e le previsioni del tempo. Occorre organizzare una persona che faccia la traduzione durante la coordninazione, qualora siano presenti ospiti sia di lingua tedesca che italiana.<\/p><\/div>\n\t\t\t\t<\/div>\n\t\t\t\t\t\t\t<div class=\"elementor-toggle-item\">\n\t\t\t\t\t<div id=\"elementor-tab-title-16711\" class=\"elementor-tab-title\" data-tab=\"11\" role=\"button\" aria-controls=\"elementor-tab-content-16711\" aria-expanded=\"false\">\n\t\t\t\t\t\t\t\t\t\t\t\t<span class=\"elementor-toggle-icon elementor-toggle-icon-left\" aria-hidden=\"true\">\n\t\t\t\t\t\t\t\t\t\t\t\t\t\t\t<span class=\"elementor-toggle-icon-closed\"><i class=\"fas fa-caret-right\"><\/i><\/span>\n\t\t\t\t\t\t\t\t<span class=\"elementor-toggle-icon-opened\"><i class=\"elementor-toggle-icon-opened fas fa-caret-up\"><\/i><\/span>\n\t\t\t\t\t\t\t\t\t\t\t\t\t<\/span>\n\t\t\t\t\t\t\t\t\t\t\t\t<a class=\"elementor-toggle-title\" tabindex=\"0\">Deposito delle scarpe<\/a>\n\t\t\t\t\t<\/div>\n\n\t\t\t\t\t<div id=\"elementor-tab-content-16711\" class=\"elementor-tab-content elementor-clearfix\" data-tab=\"11\" role=\"region\" aria-labelledby=\"elementor-tab-title-16711\"><p>Nell&#8217;ingresso al pianoterra del dormitorio c&#8217;\u00e8 uno spazio dove lasciare le vostre scarpe e infilare quelle da casa.<\/p><\/div>\n\t\t\t\t<\/div>\n\t\t\t\t\t\t\t<div class=\"elementor-toggle-item\">\n\t\t\t\t\t<div id=\"elementor-tab-title-16712\" class=\"elementor-tab-title\" data-tab=\"12\" role=\"button\" aria-controls=\"elementor-tab-content-16712\" aria-expanded=\"false\">\n\t\t\t\t\t\t\t\t\t\t\t\t<span class=\"elementor-toggle-icon elementor-toggle-icon-left\" aria-hidden=\"true\">\n\t\t\t\t\t\t\t\t\t\t\t\t\t\t\t<span class=\"elementor-toggle-icon-closed\"><i class=\"fas fa-caret-right\"><\/i><\/span>\n\t\t\t\t\t\t\t\t<span class=\"elementor-toggle-icon-opened\"><i class=\"elementor-toggle-icon-opened fas fa-caret-up\"><\/i><\/span>\n\t\t\t\t\t\t\t\t\t\t\t\t\t<\/span>\n\t\t\t\t\t\t\t\t\t\t\t\t<a class=\"elementor-toggle-title\" tabindex=\"0\">Docce<\/a>\n\t\t\t\t\t<\/div>\n\n\t\t\t\t\t<div id=\"elementor-tab-content-16712\" class=\"elementor-tab-content elementor-clearfix\" data-tab=\"12\" role=\"region\" aria-labelledby=\"elementor-tab-title-16712\"><p>Le docce si trovano al pianterreno del dormitorio. Vi preghiamo di risparmiare il pi\u00f9 possibile l&#8217;acqua e di usare poco sapone possibilmente non inquinante. Dopo un trattamento nel depuratore posto nel sotteraneo del cortile di Salecina l&#8217;acqua finisce nel torrente Orlegna qui vicino.<\/p><\/div>\n\t\t\t\t<\/div>\n\t\t\t\t\t\t\t<div class=\"elementor-toggle-item\">\n\t\t\t\t\t<div id=\"elementor-tab-title-16713\" class=\"elementor-tab-title\" data-tab=\"13\" role=\"button\" aria-controls=\"elementor-tab-content-16713\" aria-expanded=\"false\">\n\t\t\t\t\t\t\t\t\t\t\t\t<span class=\"elementor-toggle-icon elementor-toggle-icon-left\" aria-hidden=\"true\">\n\t\t\t\t\t\t\t\t\t\t\t\t\t\t\t<span class=\"elementor-toggle-icon-closed\"><i class=\"fas fa-caret-right\"><\/i><\/span>\n\t\t\t\t\t\t\t\t<span class=\"elementor-toggle-icon-opened\"><i class=\"elementor-toggle-icon-opened fas fa-caret-up\"><\/i><\/span>\n\t\t\t\t\t\t\t\t\t\t\t\t\t<\/span>\n\t\t\t\t\t\t\t\t\t\t\t\t<a class=\"elementor-toggle-title\" tabindex=\"0\">Fumare<\/a>\n\t\t\t\t\t<\/div>\n\n\t\t\t\t\t<div id=\"elementor-tab-content-16713\" class=\"elementor-tab-content elementor-clearfix\" data-tab=\"13\" role=\"region\" aria-labelledby=\"elementor-tab-title-16713\"><p>\u00c8 possibile solo all\u2019esterno. Davanti agli ingressi ci sono diversi posacenere, si prega i fumatori di svuotarli regolarmente.<\/p><\/div>\n\t\t\t\t<\/div>\n\t\t\t\t\t\t\t<div class=\"elementor-toggle-item\">\n\t\t\t\t\t<div id=\"elementor-tab-title-16714\" class=\"elementor-tab-title\" data-tab=\"14\" role=\"button\" aria-controls=\"elementor-tab-content-16714\" aria-expanded=\"false\">\n\t\t\t\t\t\t\t\t\t\t\t\t<span class=\"elementor-toggle-icon elementor-toggle-icon-left\" aria-hidden=\"true\">\n\t\t\t\t\t\t\t\t\t\t\t\t\t\t\t<span class=\"elementor-toggle-icon-closed\"><i class=\"fas fa-caret-right\"><\/i><\/span>\n\t\t\t\t\t\t\t\t<span class=\"elementor-toggle-icon-opened\"><i class=\"elementor-toggle-icon-opened fas fa-caret-up\"><\/i><\/span>\n\t\t\t\t\t\t\t\t\t\t\t\t\t<\/span>\n\t\t\t\t\t\t\t\t\t\t\t\t<a class=\"elementor-toggle-title\" tabindex=\"0\">Giochi e sedie sdraio<\/a>\n\t\t\t\t\t<\/div>\n\n\t\t\t\t\t<div id=\"elementor-tab-content-16714\" class=\"elementor-tab-content elementor-clearfix\" data-tab=\"14\" role=\"region\" aria-labelledby=\"elementor-tab-title-16714\"><p>Nella piccola sala della colazione trovate un armadio con giochi di societ\u00e0, all\u2019esterno si pu\u00f2 giocare a ping pong. Dopo l\u2019uso vi preghiamo di riordinare le racchette da ping-pong e le sedie sdraio nel locale delle biciclette. Lo stesso vale anche per e le coperte di lana da riordinare nel dormitorio.<\/p><\/div>\n\t\t\t\t<\/div>\n\t\t\t\t\t\t\t<div class=\"elementor-toggle-item\">\n\t\t\t\t\t<div id=\"elementor-tab-title-16715\" class=\"elementor-tab-title\" data-tab=\"15\" role=\"button\" aria-controls=\"elementor-tab-content-16715\" aria-expanded=\"false\">\n\t\t\t\t\t\t\t\t\t\t\t\t<span class=\"elementor-toggle-icon elementor-toggle-icon-left\" aria-hidden=\"true\">\n\t\t\t\t\t\t\t\t\t\t\t\t\t\t\t<span class=\"elementor-toggle-icon-closed\"><i class=\"fas fa-caret-right\"><\/i><\/span>\n\t\t\t\t\t\t\t\t<span class=\"elementor-toggle-icon-opened\"><i class=\"elementor-toggle-icon-opened fas fa-caret-up\"><\/i><\/span>\n\t\t\t\t\t\t\t\t\t\t\t\t\t<\/span>\n\t\t\t\t\t\t\t\t\t\t\t\t<a class=\"elementor-toggle-title\" tabindex=\"0\">Giornali e libri<\/a>\n\t\t\t\t\t<\/div>\n\n\t\t\t\t\t<div id=\"elementor-tab-content-16715\" class=\"elementor-tab-content elementor-clearfix\" data-tab=\"15\" role=\"region\" aria-labelledby=\"elementor-tab-title-16715\"><p>All\u2019esterno dell\u2019ufficio trovate un espositore di giornali svizzeri, tedeschi e italiani. Dopo la lettura vi preghiamo di riportarli al loro posto. Nella biblioteca c&#8217;e un grande assortimento di libri in lingua tedesca e italiana, fra questi anche tanti libri su temi regionali. Vi preghiamo di non portare a casa i libri della biblioteca.<\/p><p><strong>Scambio libri:<\/strong>\u00a0Nella grande sala da pranzo potete lasciare i vostri libri gi\u00e0 letti per altri ospiti e portarne a casa uno che vi interessa.<\/p><\/div>\n\t\t\t\t<\/div>\n\t\t\t\t\t\t\t<div class=\"elementor-toggle-item\">\n\t\t\t\t\t<div id=\"elementor-tab-title-16716\" class=\"elementor-tab-title\" data-tab=\"16\" role=\"button\" aria-controls=\"elementor-tab-content-16716\" aria-expanded=\"false\">\n\t\t\t\t\t\t\t\t\t\t\t\t<span class=\"elementor-toggle-icon elementor-toggle-icon-left\" aria-hidden=\"true\">\n\t\t\t\t\t\t\t\t\t\t\t\t\t\t\t<span class=\"elementor-toggle-icon-closed\"><i class=\"fas fa-caret-right\"><\/i><\/span>\n\t\t\t\t\t\t\t\t<span class=\"elementor-toggle-icon-opened\"><i class=\"elementor-toggle-icon-opened fas fa-caret-up\"><\/i><\/span>\n\t\t\t\t\t\t\t\t\t\t\t\t\t<\/span>\n\t\t\t\t\t\t\t\t\t\t\t\t<a class=\"elementor-toggle-title\" tabindex=\"0\">Informazioni<\/a>\n\t\t\t\t\t<\/div>\n\n\t\t\t\t\t<div id=\"elementor-tab-content-16716\" class=\"elementor-tab-content elementor-clearfix\" data-tab=\"16\" role=\"region\" aria-labelledby=\"elementor-tab-title-16716\"><p>Informazioni sulla zona, numeri di telefono importanti, orari d\u2019apertura dei negozi, orari dei mezzi di trasporto etc. sono affissi sulle bacheche o si possono chiedere in ufficio. Chi tiene gli occhi aperti si meraviglier\u00e0 di quante informazioni si possono trovare sulle pareti e sulle porte di Salecina.<\/p><\/div>\n\t\t\t\t<\/div>\n\t\t\t\t\t\t\t<div class=\"elementor-toggle-item\">\n\t\t\t\t\t<div id=\"elementor-tab-title-16717\" class=\"elementor-tab-title\" data-tab=\"17\" role=\"button\" aria-controls=\"elementor-tab-content-16717\" aria-expanded=\"false\">\n\t\t\t\t\t\t\t\t\t\t\t\t<span class=\"elementor-toggle-icon elementor-toggle-icon-left\" aria-hidden=\"true\">\n\t\t\t\t\t\t\t\t\t\t\t\t\t\t\t<span class=\"elementor-toggle-icon-closed\"><i class=\"fas fa-caret-right\"><\/i><\/span>\n\t\t\t\t\t\t\t\t<span class=\"elementor-toggle-icon-opened\"><i class=\"elementor-toggle-icon-opened fas fa-caret-up\"><\/i><\/span>\n\t\t\t\t\t\t\t\t\t\t\t\t\t<\/span>\n\t\t\t\t\t\t\t\t\t\t\t\t<a class=\"elementor-toggle-title\" tabindex=\"0\">Intolleranze e allergie alimentari<\/a>\n\t\t\t\t\t<\/div>\n\n\t\t\t\t\t<div id=\"elementor-tab-content-16717\" class=\"elementor-tab-content elementor-clearfix\" data-tab=\"17\" role=\"region\" aria-labelledby=\"elementor-tab-title-16717\"><p>Informazioni su ingredienti che possono provocare allergie o reazioni indesiderate sono ottenibili su richiesta nell\u2018ufficio.<\/p><\/div>\n\t\t\t\t<\/div>\n\t\t\t\t\t\t\t<div class=\"elementor-toggle-item\">\n\t\t\t\t\t<div id=\"elementor-tab-title-16718\" class=\"elementor-tab-title\" data-tab=\"18\" role=\"button\" aria-controls=\"elementor-tab-content-16718\" aria-expanded=\"false\">\n\t\t\t\t\t\t\t\t\t\t\t\t<span class=\"elementor-toggle-icon elementor-toggle-icon-left\" aria-hidden=\"true\">\n\t\t\t\t\t\t\t\t\t\t\t\t\t\t\t<span class=\"elementor-toggle-icon-closed\"><i class=\"fas fa-caret-right\"><\/i><\/span>\n\t\t\t\t\t\t\t\t<span class=\"elementor-toggle-icon-opened\"><i class=\"elementor-toggle-icon-opened fas fa-caret-up\"><\/i><\/span>\n\t\t\t\t\t\t\t\t\t\t\t\t\t<\/span>\n\t\t\t\t\t\t\t\t\t\t\t\t<a class=\"elementor-toggle-title\" tabindex=\"0\">Inverno a Maloja con automobile<\/a>\n\t\t\t\t\t<\/div>\n\n\t\t\t\t\t<div id=\"elementor-tab-content-16718\" class=\"elementor-tab-content elementor-clearfix\" data-tab=\"18\" role=\"region\" aria-labelledby=\"elementor-tab-title-16718\"><p>Ricordiamo che Maloja si trova a 1&#8217;800m di altitudine. In pieno inverno si raggiungono temperature fino a -20\u00b0C. Automobili con batterie vecchie e\/o con diesel senza adittivo possono avere problemi. Va da se che \u00e8 fortemente consigliato di arrivare solamente con pneumatici invernali montati e catene a bordo. L&#8217;uso delle catene, con certe condizioni atmosferiche, \u00e8 reso obbligatorio sul passo.<\/p><\/div>\n\t\t\t\t<\/div>\n\t\t\t\t\t\t\t<div class=\"elementor-toggle-item\">\n\t\t\t\t\t<div id=\"elementor-tab-title-16719\" class=\"elementor-tab-title\" data-tab=\"19\" role=\"button\" aria-controls=\"elementor-tab-content-16719\" aria-expanded=\"false\">\n\t\t\t\t\t\t\t\t\t\t\t\t<span class=\"elementor-toggle-icon elementor-toggle-icon-left\" aria-hidden=\"true\">\n\t\t\t\t\t\t\t\t\t\t\t\t\t\t\t<span class=\"elementor-toggle-icon-closed\"><i class=\"fas fa-caret-right\"><\/i><\/span>\n\t\t\t\t\t\t\t\t<span class=\"elementor-toggle-icon-opened\"><i class=\"elementor-toggle-icon-opened fas fa-caret-up\"><\/i><\/span>\n\t\t\t\t\t\t\t\t\t\t\t\t\t<\/span>\n\t\t\t\t\t\t\t\t\t\t\t\t<a class=\"elementor-toggle-title\" tabindex=\"0\">Lavatrice<\/a>\n\t\t\t\t\t<\/div>\n\n\t\t\t\t\t<div id=\"elementor-tab-content-16719\" class=\"elementor-tab-content elementor-clearfix\" data-tab=\"19\" role=\"region\" aria-labelledby=\"elementor-tab-title-16719\"><p>La lavatrice nella lavanderia (al piano terra del dormitorio) pu\u00f2 essere messa in funzione solo dai capicasa. In caso di necessit\u00e0\u00a0 potete dare loro l&#8217;incarico per un bucato, costo Fr. 5.-. Bisogna avere abbastanza indumenti per una lavatrice completa.<\/p><\/div>\n\t\t\t\t<\/div>\n\t\t\t\t\t\t\t<div class=\"elementor-toggle-item\">\n\t\t\t\t\t<div id=\"elementor-tab-title-16720\" class=\"elementor-tab-title\" data-tab=\"20\" role=\"button\" aria-controls=\"elementor-tab-content-16720\" aria-expanded=\"false\">\n\t\t\t\t\t\t\t\t\t\t\t\t<span class=\"elementor-toggle-icon elementor-toggle-icon-left\" aria-hidden=\"true\">\n\t\t\t\t\t\t\t\t\t\t\t\t\t\t\t<span class=\"elementor-toggle-icon-closed\"><i class=\"fas fa-caret-right\"><\/i><\/span>\n\t\t\t\t\t\t\t\t<span class=\"elementor-toggle-icon-opened\"><i class=\"elementor-toggle-icon-opened fas fa-caret-up\"><\/i><\/span>\n\t\t\t\t\t\t\t\t\t\t\t\t\t<\/span>\n\t\t\t\t\t\t\t\t\t\t\t\t<a class=\"elementor-toggle-title\" tabindex=\"0\">Parcheggio<\/a>\n\t\t\t\t\t<\/div>\n\n\t\t\t\t\t<div id=\"elementor-tab-content-16720\" class=\"elementor-tab-content elementor-clearfix\" data-tab=\"20\" role=\"region\" aria-labelledby=\"elementor-tab-title-16720\"><p>Nel caso siate arrivati con l\u2019auto privata, il parcheggio si trova vicino alla Villa Baldini. Il parcheggio \u00e8 gratis tutto l\u2019anno. Potete portare la macchina davanti a casa solo per scarico e carico dei vostri bagagli. Il Cantone controlla periodicamente e nel caso emette multe.<\/p><\/div>\n\t\t\t\t<\/div>\n\t\t\t\t\t\t\t<div class=\"elementor-toggle-item\">\n\t\t\t\t\t<div id=\"elementor-tab-title-16721\" class=\"elementor-tab-title\" data-tab=\"21\" role=\"button\" aria-controls=\"elementor-tab-content-16721\" aria-expanded=\"false\">\n\t\t\t\t\t\t\t\t\t\t\t\t<span class=\"elementor-toggle-icon elementor-toggle-icon-left\" aria-hidden=\"true\">\n\t\t\t\t\t\t\t\t\t\t\t\t\t\t\t<span class=\"elementor-toggle-icon-closed\"><i class=\"fas fa-caret-right\"><\/i><\/span>\n\t\t\t\t\t\t\t\t<span class=\"elementor-toggle-icon-opened\"><i class=\"elementor-toggle-icon-opened fas fa-caret-up\"><\/i><\/span>\n\t\t\t\t\t\t\t\t\t\t\t\t\t<\/span>\n\t\t\t\t\t\t\t\t\t\t\t\t<a class=\"elementor-toggle-title\" tabindex=\"0\">Partenza<\/a>\n\t\t\t\t\t<\/div>\n\n\t\t\t\t\t<div id=\"elementor-tab-content-16721\" class=\"elementor-tab-content elementor-clearfix\" data-tab=\"21\" role=\"region\" aria-labelledby=\"elementor-tab-title-16721\"><p>Alla vostra partenza depositate la vostra biancheria da letto nella cesta rossa che si trova in lavanderia. Qui sar\u00e0 lavata e preparata per i prossimi ospiti. Per piacere rovesciate il tessuto delle federe e chiudete le cerniere.<\/p><\/div>\n\t\t\t\t<\/div>\n\t\t\t\t\t\t\t<div class=\"elementor-toggle-item\">\n\t\t\t\t\t<div id=\"elementor-tab-title-16722\" class=\"elementor-tab-title\" data-tab=\"22\" role=\"button\" aria-controls=\"elementor-tab-content-16722\" aria-expanded=\"false\">\n\t\t\t\t\t\t\t\t\t\t\t\t<span class=\"elementor-toggle-icon elementor-toggle-icon-left\" aria-hidden=\"true\">\n\t\t\t\t\t\t\t\t\t\t\t\t\t\t\t<span class=\"elementor-toggle-icon-closed\"><i class=\"fas fa-caret-right\"><\/i><\/span>\n\t\t\t\t\t\t\t\t<span class=\"elementor-toggle-icon-opened\"><i class=\"elementor-toggle-icon-opened fas fa-caret-up\"><\/i><\/span>\n\t\t\t\t\t\t\t\t\t\t\t\t\t<\/span>\n\t\t\t\t\t\t\t\t\t\t\t\t<a class=\"elementor-toggle-title\" tabindex=\"0\">Posti letto<\/a>\n\t\t\t\t\t<\/div>\n\n\t\t\t\t\t<div id=\"elementor-tab-content-16722\" class=\"elementor-tab-content elementor-clearfix\" data-tab=\"22\" role=\"region\" aria-labelledby=\"elementor-tab-title-16722\"><p>I letti riservati per voi sono indicati nella lista &#8220;check-in&#8221; all&#8217;entrata del dormitorio. Al pianoterra, vicino alla scala, c&#8217;\u00e8 un armadio con lenzuola, federe per trapunte e cuscini. Trapunte e cuscini sono gi\u00e0 nelle stanze. Altre coperte sono nell\u2019armadio all\u2019ultimo piano.<br \/>Sia di notte che di giorno siete pregati di evitare rumori inutili nel dormitorio.<br \/>Spegnete sempre le luci, chiudete porte e finestre quando uscite dai locali.<\/p><\/div>\n\t\t\t\t<\/div>\n\t\t\t\t\t\t\t<div class=\"elementor-toggle-item\">\n\t\t\t\t\t<div id=\"elementor-tab-title-16723\" class=\"elementor-tab-title\" data-tab=\"23\" role=\"button\" aria-controls=\"elementor-tab-content-16723\" aria-expanded=\"false\">\n\t\t\t\t\t\t\t\t\t\t\t\t<span class=\"elementor-toggle-icon elementor-toggle-icon-left\" aria-hidden=\"true\">\n\t\t\t\t\t\t\t\t\t\t\t\t\t\t\t<span class=\"elementor-toggle-icon-closed\"><i class=\"fas fa-caret-right\"><\/i><\/span>\n\t\t\t\t\t\t\t\t<span class=\"elementor-toggle-icon-opened\"><i class=\"elementor-toggle-icon-opened fas fa-caret-up\"><\/i><\/span>\n\t\t\t\t\t\t\t\t\t\t\t\t\t<\/span>\n\t\t\t\t\t\t\t\t\t\t\t\t<a class=\"elementor-toggle-title\" tabindex=\"0\">Programmazione del menu settimanale<\/a>\n\t\t\t\t\t<\/div>\n\n\t\t\t\t\t<div id=\"elementor-tab-content-16723\" class=\"elementor-tab-content elementor-clearfix\" data-tab=\"23\" role=\"region\" aria-labelledby=\"elementor-tab-title-16723\"><p>La domenica alle 18.00 nella piccola sala da pranzo vengono programmati i menu della settimana successiva insieme agli ospiti interessati.<\/p><\/div>\n\t\t\t\t<\/div>\n\t\t\t\t\t\t\t<div class=\"elementor-toggle-item\">\n\t\t\t\t\t<div id=\"elementor-tab-title-16724\" class=\"elementor-tab-title\" data-tab=\"24\" role=\"button\" aria-controls=\"elementor-tab-content-16724\" aria-expanded=\"false\">\n\t\t\t\t\t\t\t\t\t\t\t\t<span class=\"elementor-toggle-icon elementor-toggle-icon-left\" aria-hidden=\"true\">\n\t\t\t\t\t\t\t\t\t\t\t\t\t\t\t<span class=\"elementor-toggle-icon-closed\"><i class=\"fas fa-caret-right\"><\/i><\/span>\n\t\t\t\t\t\t\t\t<span class=\"elementor-toggle-icon-opened\"><i class=\"elementor-toggle-icon-opened fas fa-caret-up\"><\/i><\/span>\n\t\t\t\t\t\t\t\t\t\t\t\t\t<\/span>\n\t\t\t\t\t\t\t\t\t\t\t\t<a class=\"elementor-toggle-title\" tabindex=\"0\">Protezione incendi<\/a>\n\t\t\t\t\t<\/div>\n\n\t\t\t\t\t<div id=\"elementor-tab-content-16724\" class=\"elementor-tab-content elementor-clearfix\" data-tab=\"24\" role=\"region\" aria-labelledby=\"elementor-tab-title-16724\"><p>Fogli informativi sono appesi nel dormitorio e nella casa principale. In tutti gli spazi abitabili ci sono i sensori antincendio. Le manichette dell\u2019acqua sono al primo piano nel dormitorio e davanti all\u2019ufficio. Dopo pochi minuti l\u2019allarme viene inoltrato alla centrale dei pompieri. Per questo occorrono sempre due ospiti che si assumano l\u2019incarico, nell\u2019eventualit\u00e0 di un allarme, di comunicare con i pompieri o\/e con qualcuno dei capicasa. Le istruzioni sono appese all\u2019entrata della casa principale, vicino alla centralina d\u2019allarme. In caso d\u2019allarme tutti devono uscire all\u2019esterno degli stabili anche se potrebbe trattarsi di un falso allarme.<\/p><\/div>\n\t\t\t\t<\/div>\n\t\t\t\t\t\t\t<div class=\"elementor-toggle-item\">\n\t\t\t\t\t<div id=\"elementor-tab-title-16725\" class=\"elementor-tab-title\" data-tab=\"25\" role=\"button\" aria-controls=\"elementor-tab-content-16725\" aria-expanded=\"false\">\n\t\t\t\t\t\t\t\t\t\t\t\t<span class=\"elementor-toggle-icon elementor-toggle-icon-left\" aria-hidden=\"true\">\n\t\t\t\t\t\t\t\t\t\t\t\t\t\t\t<span class=\"elementor-toggle-icon-closed\"><i class=\"fas fa-caret-right\"><\/i><\/span>\n\t\t\t\t\t\t\t\t<span class=\"elementor-toggle-icon-opened\"><i class=\"elementor-toggle-icon-opened fas fa-caret-up\"><\/i><\/span>\n\t\t\t\t\t\t\t\t\t\t\t\t\t<\/span>\n\t\t\t\t\t\t\t\t\t\t\t\t<a class=\"elementor-toggle-title\" tabindex=\"0\">Quote da pagare in caso di disdetta per prenotazioni a Salecina<\/a>\n\t\t\t\t\t<\/div>\n\n\t\t\t\t\t<div id=\"elementor-tab-content-16725\" class=\"elementor-tab-content elementor-clearfix\" data-tab=\"25\" role=\"region\" aria-labelledby=\"elementor-tab-title-16725\"><p><strong>Alta stagione*<\/strong><br \/>&#8211; Con disdette entro sei settimane prima della data d\u2019arrivo prevista = 30 CHF per persona e notte, corrispettivo della caparra richiesta.<br \/>&#8211; Con disdette prima di sei settimane prima della data d\u2019arrivo prevista = 30 CHF complessivamente<\/p><p><strong>Bassa stagione<br \/><\/strong>&#8211; Con disdette entro due settimane prima della data d\u2019arrivo prevista<em>\u00a0<\/em><strong>=\u00a0<\/strong>30 CHF per persona e notte, corrispettivo della caparra richiesta.<strong><br \/><\/strong>&#8211; Con disdette prima di due settimane prima della data d\u2019arrivo prevista = 30 CHF complessivamente<\/p><p>* dal 1\u00b0 febbraio al luned\u00ec di pasqua \/ dal 1\u00b0 luglio al 31 agosto \/ dal 20 dicembre al 6 gennaio<\/p><p>Anche se i posti letto verranno occupati da altri ospiti, siamo costretti a chiedervi lo stesso le quote sopra elencate. Vi ringraziamo della vostra comprensione.<\/p><p>Se il pagamento delle quote di cui sopra dovessero procurarvi dei problemi finanziari oppure se ci sono altri motivi, che potrebbero impedirvi di pagare la quota intera, lasciamo a voi la decisione dell\u2019ammontare che potete pagare, ricordandovi che per Salecina la perdita aumenta pi\u00f9 il periodo \u00e8 richiesto, meno posti letto ha la stanza, con pi\u00f9 anticipo avete prenotato e pi\u00f9 tardi avete disdetto.<\/p><\/div>\n\t\t\t\t<\/div>\n\t\t\t\t\t\t\t<div class=\"elementor-toggle-item\">\n\t\t\t\t\t<div id=\"elementor-tab-title-16726\" class=\"elementor-tab-title\" data-tab=\"26\" role=\"button\" aria-controls=\"elementor-tab-content-16726\" aria-expanded=\"false\">\n\t\t\t\t\t\t\t\t\t\t\t\t<span class=\"elementor-toggle-icon elementor-toggle-icon-left\" aria-hidden=\"true\">\n\t\t\t\t\t\t\t\t\t\t\t\t\t\t\t<span class=\"elementor-toggle-icon-closed\"><i class=\"fas fa-caret-right\"><\/i><\/span>\n\t\t\t\t\t\t\t\t<span class=\"elementor-toggle-icon-opened\"><i class=\"elementor-toggle-icon-opened fas fa-caret-up\"><\/i><\/span>\n\t\t\t\t\t\t\t\t\t\t\t\t\t<\/span>\n\t\t\t\t\t\t\t\t\t\t\t\t<a class=\"elementor-toggle-title\" tabindex=\"0\">Raccolta differenziata dei rifiuti<\/a>\n\t\t\t\t\t<\/div>\n\n\t\t\t\t\t<div id=\"elementor-tab-content-16726\" class=\"elementor-tab-content elementor-clearfix\" data-tab=\"26\" role=\"region\" aria-labelledby=\"elementor-tab-title-16726\"><p>Gli avanzi <strong>di cibi cotti e dei rifiuti organici<\/strong> (escluso ossa), vanno nel secchio presente in ciascuna cucina. I secchi vanno vuotati nel bidone nero posto vicino al posteggio dell\u2019auto di Salecina. I rifiuti organici vengono ritirati periodicamente e utilizzati per la produzione di biogas.<\/p><p>Per le\u00a0<strong>batterie scariche<\/strong> e le <strong>lampadine<\/strong> non pi\u00f9 funzionanti utilizzare l\u2019apposito recipiente davanti all ufficio sopra l\u2019armadio nero.<\/p><p>I rimanenti\u00a0<strong>rifiuti<\/strong>\u00a0vanno nei sacchi neri che una volta pieni, vanno legati con due nodi e riposti nel cassonetto di legno che si trova tra l\u2019ingresso dei fornitori e il posteggio dell\u2019auto di Salecina.<\/p><p><strong>Carta, cartone, vetro, plastica, lattine<\/strong> sono raccolti ciascuno negli appositi\u00a0 contenitori predisposti nelle cucine e nell&#8217;ingresso del dormitorio.\u00a0<\/p><p><strong>Le bottiglie vuote<\/strong> con reso, della maggior parte delle bevande che si possono acquistare a Salecina, vanno messe nelle apposite casse nella cucina al piano terra. Anche la bottiglia della Rivella, pur essendo in plastica, va messa nella sua apposita cassa. Mentre le bottiglie in PET in generale vanno messe nel contenitore della plastica.<\/p><\/div>\n\t\t\t\t<\/div>\n\t\t\t\t\t\t\t<div class=\"elementor-toggle-item\">\n\t\t\t\t\t<div id=\"elementor-tab-title-16727\" class=\"elementor-tab-title\" data-tab=\"27\" role=\"button\" aria-controls=\"elementor-tab-content-16727\" aria-expanded=\"false\">\n\t\t\t\t\t\t\t\t\t\t\t\t<span class=\"elementor-toggle-icon elementor-toggle-icon-left\" aria-hidden=\"true\">\n\t\t\t\t\t\t\t\t\t\t\t\t\t\t\t<span class=\"elementor-toggle-icon-closed\"><i class=\"fas fa-caret-right\"><\/i><\/span>\n\t\t\t\t\t\t\t\t<span class=\"elementor-toggle-icon-opened\"><i class=\"elementor-toggle-icon-opened fas fa-caret-up\"><\/i><\/span>\n\t\t\t\t\t\t\t\t\t\t\t\t\t<\/span>\n\t\t\t\t\t\t\t\t\t\t\t\t<a class=\"elementor-toggle-title\" tabindex=\"0\">Riscaldamento per il gatto?<\/a>\n\t\t\t\t\t<\/div>\n\n\t\t\t\t\t<div id=\"elementor-tab-content-16727\" class=\"elementor-tab-content elementor-clearfix\" data-tab=\"27\" role=\"region\" aria-labelledby=\"elementor-tab-title-16727\"><p>Cerchiamo di limitare la dispersione di calore. Chi apre finestre o porte per arieggiare nella stagione fredda, si ricordi di chiuderle di nuovo dopo qualche minuto. Dormire con le finestre aperte va bene, se i caloriferi in camera vengono spenti girando il termostato sullo zero.<\/p><\/div>\n\t\t\t\t<\/div>\n\t\t\t\t\t\t\t<div class=\"elementor-toggle-item\">\n\t\t\t\t\t<div id=\"elementor-tab-title-16728\" class=\"elementor-tab-title\" data-tab=\"28\" role=\"button\" aria-controls=\"elementor-tab-content-16728\" aria-expanded=\"false\">\n\t\t\t\t\t\t\t\t\t\t\t\t<span class=\"elementor-toggle-icon elementor-toggle-icon-left\" aria-hidden=\"true\">\n\t\t\t\t\t\t\t\t\t\t\t\t\t\t\t<span class=\"elementor-toggle-icon-closed\"><i class=\"fas fa-caret-right\"><\/i><\/span>\n\t\t\t\t\t\t\t\t<span class=\"elementor-toggle-icon-opened\"><i class=\"elementor-toggle-icon-opened fas fa-caret-up\"><\/i><\/span>\n\t\t\t\t\t\t\t\t\t\t\t\t\t<\/span>\n\t\t\t\t\t\t\t\t\t\t\t\t<a class=\"elementor-toggle-title\" tabindex=\"0\">Servizi<\/a>\n\t\t\t\t\t<\/div>\n\n\t\t\t\t\t<div id=\"elementor-tab-content-16728\" class=\"elementor-tab-content elementor-clearfix\" data-tab=\"28\" role=\"region\" aria-labelledby=\"elementor-tab-title-16728\"><p>A ogni ospite \u00e8 richiesto di svolgere una mansione al giorno. Potete provvedere da soli a scegliere i turni scrivendo gi\u00e0 prima della coordinazione il vostro nome sulla lavagna dei servizi appesa davanti all&#8217;ufficio.<\/p><p><strong>Servizi pulizie:<\/strong>\u00a0le pulizie possono essere effettuate in qualunque momento della giornata. Il gioved\u00ec, oltre ai servizi quotidiani, ha luogo la pulizia settimanale delle cucine e delle dispense.<\/p><p><strong>Materiale per le pulizie:<\/strong>\u00a0si trova nelle cucine; subito dietro la porta della cucina di sotto, all&#8217;ingresso del solaio (vicino alla stanza dei bambini); nel dormitorio l&#8217;armadio si trova dietro la porta dell\u2019ingresso delle docce. Le descsrizioni dei servizi di pulizia sono appese sulle porte degli armadi.<\/p><p><strong>Servizio prima colazione:<\/strong>\u00a0se la casa \u00e8 piena, o quasi, la prima colazione va eseguita in due turni: il primo dalle 07.30\/08:00 alle 09:00; il secondo dalle 09:00 alle 10:00. Il\/la responsabile trova cibo e bevande necessarie su un carrello e nel frigorifero nella cucina da basso. Bisogna apparecchiare nella sala da pranzo piccola, preparare t\u00e8 e caff\u00e8, latte caldo e freddo, portare sui tavoli pane, formaggio, m\u00fcesli, burro, marmellata e, alla fine del turno, le stoviglie usate vanno lavate. Dopo le 10:00 tocca invece ai singoli ospiti prepararsi la colazione e poi pulire le stoviglie.<\/p><p><strong>Servizio cucina:<\/strong>\u00a0Dalle ore 17:00 viene preparata la cena nella cucina di sopra. 2-6 persone (secondo la quantit\u00e0 di ospiti presenti in casa) si dedicano a questo servizio. I capicasa preparano ingredienti, quantit\u00e0 e, se necessario, supportano il gruppo con ricette e consigli. Il gruppo che cucina apparecchia e porta il cibo in tavola comunicando con il suono della campana l\u2019inizio della cena. E\u2019 sottinteso che chi assume il compito di cucinare \u00e8 in buona salute. La descrizione delle norme igieniche a cui attenersi \u00e8 appesa in cucina.<\/p><p><strong>Servizio lavaggio piatti:<\/strong>\u00a0Dopo cena, gli ospiti sparecchiano: Le pentole e i vassoi vanno lavati nella cucina di sopra; piatti, bicchieri, posate e tutto il resto, invece, nella cucina da basso. Per il servizio lavaggio piatti sono necessarie 4-6 persone. Nella cucina di sotto c\u2019\u00e9 una lavastoviglie, le stoviglie devono essere sciacquate con acqua fredda prima di inserirle! Finito il lavaggio bisogna vuotare e lavare i secchi rossi del composto organico nelle due cucine, cambiare i sacchi dell\u2019immondizia, spazzare e lavare il pavimento.<\/p><p><strong>Servizio della casa:<\/strong>\u00a0il servizio della casa \u00e8 un jolly, chiedete in ufficio cosa si pu\u00f2 fare (p.es. piegare dei depliant, falciare l\u2019erba, strappare le erbacce dall\u2019orto, o ci\u00f2 che occorre al momento).<\/p><\/div>\n\t\t\t\t<\/div>\n\t\t\t\t\t\t\t<div class=\"elementor-toggle-item\">\n\t\t\t\t\t<div id=\"elementor-tab-title-16729\" class=\"elementor-tab-title\" data-tab=\"29\" role=\"button\" aria-controls=\"elementor-tab-content-16729\" aria-expanded=\"false\">\n\t\t\t\t\t\t\t\t\t\t\t\t<span class=\"elementor-toggle-icon elementor-toggle-icon-left\" aria-hidden=\"true\">\n\t\t\t\t\t\t\t\t\t\t\t\t\t\t\t<span class=\"elementor-toggle-icon-closed\"><i class=\"fas fa-caret-right\"><\/i><\/span>\n\t\t\t\t\t\t\t\t<span class=\"elementor-toggle-icon-opened\"><i class=\"elementor-toggle-icon-opened fas fa-caret-up\"><\/i><\/span>\n\t\t\t\t\t\t\t\t\t\t\t\t\t<\/span>\n\t\t\t\t\t\t\t\t\t\t\t\t<a class=\"elementor-toggle-title\" tabindex=\"0\">Stenditoio\/asciugatoio:<\/a>\n\t\t\t\t\t<\/div>\n\n\t\t\t\t\t<div id=\"elementor-tab-content-16729\" class=\"elementor-tab-content elementor-clearfix\" data-tab=\"29\" role=\"region\" aria-labelledby=\"elementor-tab-title-16729\"><p>In caso di maltempo trovate dietro il deposito delle scarpe un locale per i vostri vestiti bagnati dotato di deumidificatore, se questo \u00e8 in funzione, ricordatevi di chiudere la porta. Nello stesso locale potete lavare a mano la vostra biancheria personale in un lavandino.<\/p><\/div>\n\t\t\t\t<\/div>\n\t\t\t\t\t\t\t<div class=\"elementor-toggle-item\">\n\t\t\t\t\t<div id=\"elementor-tab-title-16730\" class=\"elementor-tab-title\" data-tab=\"30\" role=\"button\" aria-controls=\"elementor-tab-content-16730\" aria-expanded=\"false\">\n\t\t\t\t\t\t\t\t\t\t\t\t<span class=\"elementor-toggle-icon elementor-toggle-icon-left\" aria-hidden=\"true\">\n\t\t\t\t\t\t\t\t\t\t\t\t\t\t\t<span class=\"elementor-toggle-icon-closed\"><i class=\"fas fa-caret-right\"><\/i><\/span>\n\t\t\t\t\t\t\t\t<span class=\"elementor-toggle-icon-opened\"><i class=\"elementor-toggle-icon-opened fas fa-caret-up\"><\/i><\/span>\n\t\t\t\t\t\t\t\t\t\t\t\t\t<\/span>\n\t\t\t\t\t\t\t\t\t\t\t\t<a class=\"elementor-toggle-title\" tabindex=\"0\">Telefono<\/a>\n\t\t\t\t\t<\/div>\n\n\t\t\t\t\t<div id=\"elementor-tab-content-16730\" class=\"elementor-tab-content elementor-clearfix\" data-tab=\"30\" role=\"region\" aria-labelledby=\"elementor-tab-title-16730\"><p>All\u2019entrata della casa principale trovate il telefono per gli ospti. Da questo \u00e8 possibile chiamare gratuitamente tutti i numeri telefonici in Svizzera. Non \u00e8 possibile invece chiamare numeri telefonici all&#8217;estero. \u00c8 possibile farsi chiamare. Il numero di telefono \u00e8 0041 (0)81 824 33 98.<\/p><\/div>\n\t\t\t\t<\/div>\n\t\t\t\t\t\t\t<div class=\"elementor-toggle-item\">\n\t\t\t\t\t<div id=\"elementor-tab-title-16731\" class=\"elementor-tab-title\" data-tab=\"31\" role=\"button\" aria-controls=\"elementor-tab-content-16731\" aria-expanded=\"false\">\n\t\t\t\t\t\t\t\t\t\t\t\t<span class=\"elementor-toggle-icon elementor-toggle-icon-left\" aria-hidden=\"true\">\n\t\t\t\t\t\t\t\t\t\t\t\t\t\t\t<span class=\"elementor-toggle-icon-closed\"><i class=\"fas fa-caret-right\"><\/i><\/span>\n\t\t\t\t\t\t\t\t<span class=\"elementor-toggle-icon-opened\"><i class=\"elementor-toggle-icon-opened fas fa-caret-up\"><\/i><\/span>\n\t\t\t\t\t\t\t\t\t\t\t\t\t<\/span>\n\t\t\t\t\t\t\t\t\t\t\t\t<a class=\"elementor-toggle-title\" tabindex=\"0\">WI-FI<\/a>\n\t\t\t\t\t<\/div>\n\n\t\t\t\t\t<div id=\"elementor-tab-content-16731\" class=\"elementor-tab-content elementor-clearfix\" data-tab=\"31\" role=\"region\" aria-labelledby=\"elementor-tab-title-16731\"><p>Nella casa principale c`\u00e8 la ricezione internet, nella sala da pranzo piccola al piano terra e nella \u201eSt\u00fcva\u201c al secondo piano.<\/p><\/div>\n\t\t\t\t<\/div>\n\t\t\t\t\t\t\t<div class=\"elementor-toggle-item\">\n\t\t\t\t\t<div id=\"elementor-tab-title-16732\" class=\"elementor-tab-title\" data-tab=\"32\" role=\"button\" aria-controls=\"elementor-tab-content-16732\" aria-expanded=\"false\">\n\t\t\t\t\t\t\t\t\t\t\t\t<span class=\"elementor-toggle-icon elementor-toggle-icon-left\" aria-hidden=\"true\">\n\t\t\t\t\t\t\t\t\t\t\t\t\t\t\t<span class=\"elementor-toggle-icon-closed\"><i class=\"fas fa-caret-right\"><\/i><\/span>\n\t\t\t\t\t\t\t\t<span class=\"elementor-toggle-icon-opened\"><i class=\"elementor-toggle-icon-opened fas fa-caret-up\"><\/i><\/span>\n\t\t\t\t\t\t\t\t\t\t\t\t\t<\/span>\n\t\t\t\t\t\t\t\t\t\t\t\t<a class=\"elementor-toggle-title\" tabindex=\"0\">Politica sulla riservatezza e condizioni  per il soggiorno<\/a>\n\t\t\t\t\t<\/div>\n\n\t\t\t\t\t<div id=\"elementor-tab-content-16732\" class=\"elementor-tab-content elementor-clearfix\" data-tab=\"32\" role=\"region\" aria-labelledby=\"elementor-tab-title-16732\"><p><a href=\"https:\/\/salecina.ch\/wp-content\/uploads\/2021\/12\/Datenschutzerklaerung_it.pdf\" target=\"_blank\" rel=\"noopener\">Privacy policy (pdf)<\/a><\/p><p><a href=\"https:\/\/salecina.ch\/wp-content\/uploads\/2021\/12\/Condizioni-di-contratto.pdf\">Condizioni di contratto (pdf)<\/a><\/p><\/div>\n\t\t\t\t<\/div>\n\t\t\t\t\t\t\t\t\t\t<script type=\"application\/ld+json\">{\"@context\":\"https:\\\/\\\/schema.org\",\"@type\":\"FAQPage\",\"mainEntity\":[{\"@type\":\"Question\",\"name\":\"Arrivo e partenza con mezzi pubblici\",\"acceptedAnswer\":{\"@type\":\"Answer\",\"text\":\"<p><span lang=\\\"it\\\"><span title=\\\"Mobilit\\u00e4t vor Ort\\n\\n\\\"><strong>Mezzi pubblici inclusi nel soggiorno<br \\\/><\\\/strong><\\\/span><\\\/span><\\\/p><p><span id=\\\"result_box\\\" lang=\\\"it\\\"><span title=\\\"Mobilit\\u00e4t vor Ort\\n\\n\\\"><strong>Sul posto<\\\/strong><br \\\/><\\\/span><span title=\\\"G\\u00e4ste, welche zwei und mehr N\\u00e4chte in Salecina verbringen erhalten den \\u00f6ffentlichen Verkehr gleich mit dazu.\\\">Gli ospiti che trascorrono due o pi\\u00f9 notti a Salecina otterranno il trasporto pubblico gratis\\u00a0<span title=\\\"Ob mit dem Engadin Bus, dem Ortsbus St. Moritz, PostAuto oder der Rh\\u00e4tischen Bahn \\u2013 bist du w\\u00e4hrend deines Aufenthaltes sorglos und komplett flexibel im Oberengadin unterwegs zwischen Maloja, Spinas, Cinuos-chel und Alp Gr\\u00fcm.\\\">per tutto il soggiorno<\\\/span>\\u00a0<span title=\\\"Ob mit dem Engadin Bus, dem Ortsbus St. Moritz, PostAuto oder der Rh\\u00e4tischen Bahn \\u2013 bist du w\\u00e4hrend deines Aufenthaltes sorglos und komplett flexibel im Oberengadin unterwegs zwischen Maloja, Spinas, Cinuos-chel und Alp Gr\\u00fcm.\\\">in Bregalia,\\u00a0 Alta Engadina, tra Chiavenna, Maloja, Spinas, Cinuos-chel e Alp Gr\\u00fcm,<\\\/span><\\\/span><span title=\\\"Ob mit dem Engadin Bus, dem Ortsbus St. Moritz, PostAuto oder der Rh\\u00e4tischen Bahn \\u2013 bist du w\\u00e4hrend deines Aufenthaltes sorglos und komplett flexibel im Oberengadin unterwegs zwischen Maloja, Spinas, Cinuos-chel und Alp Gr\\u00fcm.\\\">\\u00a0con il bus Engadin, l&#8217;autopostale, il bus locale di St. Moritz o la Ferrovia Retica.\\u00a0<\\\/span><span title=\\\"Seit Sommer 2017 sind die Vierbeiner im \\u00f6V-Inklusive inkludiert.\\\">I<\\\/span><span title=\\\"Bitte beachte, dass der Fahrausweis erst beim Einchecken abgegeben wird.\\n\\n\\\">l biglietto viene consegnato solo al momento dell&#8217;arrivo a Salecina.<br \\\/><\\\/span><span title=\\\"Auf diesen schnellen Verbindungen wird das Kontingent der Sparpreise in diesem Winter erh\\u00f6ht.\\n\\n\\\"><br \\\/><\\\/span><\\\/span><strong>Arrivo dall&#8217;Italia<\\\/strong><span id=\\\"result_box\\\" lang=\\\"it\\\"><br \\\/>Da Chiavenna l&#8217;autopostale viaggia quasi ogni ora direttamente fino a Maloja.\\u00a0Acquista un normale biglietto online su www.sbb.ch, o direttamente alla stazione di Chiavenna, o sull&#8217;autobus.\\u00a0Una volta a Salecina, ci dai il biglietto originale, o facciamo la copia e ti scaliamo l&#8217;importo dal conto.<\\\/span><\\\/p><p><span id=\\\"result_box\\\" lang=\\\"it\\\"><span title=\\\"Anreise ab der Schweiz (und Konstanz)\\n\\n\\\"><strong>Arrivo dalla Svizzera (e Costanza)<\\\/strong><br \\\/><\\\/span><span title=\\\"Vom Mittelland her wurde vor einigen Jahren durch die Einf\\u00fchrung der schnellen Verbindungen \\u00fcber den Vereinatunnel die Fahrt nach Maloja um eine halbe Stunde verk\\u00fcrzt.\\\">L&#8217;introduzione del collegamento veloce attraverso il Tunnel della Vereina ha accorciato di mezz&#8217;ora il viaggio verso Maloja.<\\\/span><\\\/span><span id=\\\"result_box\\\" lang=\\\"it\\\"><\\\/span><\\\/p><p><strong>Partenza con i mezzi pubblici:<\\\/strong><\\\/p><p>Per gli ospiti in partenza Salecina offre, se necessario, il trasporto dei bagagli.<\\\/p>\"}},{\"@type\":\"Question\",\"name\":\"Autogestione\",\"acceptedAnswer\":{\"@type\":\"Answer\",\"text\":\"<p>Salecina \\u00e8 gestita dai suoi ospiti. Molti ospiti conoscono la casa anche negli angoli pi\\u00f9 nascosti (e magari hanno anche aiutato a costruirla). Loro potranno dare una risposta esauriente alle domande dei nuovi arrivati. Di notte nessun capocasa \\u00e8 in servizio.<\\\/p>\"}},{\"@type\":\"Question\",\"name\":\"Bagaglio\",\"acceptedAnswer\":{\"@type\":\"Answer\",\"text\":\"<p>Consigliamo di utilizzare come bagaglio uno zaino pi\\u00f9 grande per il vostro vestiario e uno ridotto per le escursioni \\\/ spostamenti quotidiani. Questo vi permetter\\u00e0 di percorrere all&#8217;arrivo e in partenza il sentiero estivo o invernale che attraversano un paesaggio incantevole. Di notte \\u00e8 necesario una torcia. Nelle stagioni intermedie conviene informarsi sulla percorribilit\\u00e0 di detti sentieri.<\\\/p>\"}},{\"@type\":\"Question\",\"name\":\"Bar\",\"acceptedAnswer\":{\"@type\":\"Answer\",\"text\":\"<p>Di fronte alla cucina al piano terra c&#8217;\\u00e8 un armadio con un assortimento di bevande alcoliche e non-alcoliche. Il bar rimane normalmente aperto 24 ore e funziona secondo il principio dell\\u2019autogestione. I prezzi delle bevande sono indicati. Chi si serve paga subito le bevande. Gli ospiti possono sistemare le proprie bevande personali negli appositi scaffali nella sala da pranzo grande.<\\\/p>\"}},{\"@type\":\"Question\",\"name\":\"Biciclette\",\"acceptedAnswer\":{\"@type\":\"Answer\",\"text\":\"<p>Salecina presta tre biciclette gratuitamente con la responsabilit\\u00e0 di chi la usa.<\\\/p>\"}},{\"@type\":\"Question\",\"name\":\"Caff\\u00e8, t\\u00e8\",\"acceptedAnswer\":{\"@type\":\"Answer\",\"text\":\"<p>Se vi viene voglia di bere un caff\\u00e8, andate nella cucina al pianoterra nella casa principale. Caff\\u00e8, t\\u00e8 e latte sono a vostra disposizione. C\\u2019\\u00e8 un armadietto\\\/dispensa e un piccolo frigorifero per gli alimenti privati degli ospiti. Il frigorifero grande, invece, serve per la colazione e ci\\u00f2 che \\u00e8 a disposizione di tutti. Qui, all&#8217;ora di pranzo, i capicasa mettono a disposizione di tutti gli eventuali avanzi della sera prima. Per favore lavate le stoviglie che usate durante la giornata e lasciate la cucina in ordine e pulita!<\\\/p>\"}},{\"@type\":\"Question\",\"name\":\"Caparra\",\"acceptedAnswer\":{\"@type\":\"Answer\",\"text\":\"<p>Dopo aver ricevuto la conferma della prenotazione va eseguito il pagamento della caparra. Questa corrisponde all&#8217;incirca alla met\\u00e0 del prezzo del pernottamento per persona calcolato con la quota copertura dei costi. Il saldo per il soggiorno sar\\u00e0 calcolato durante il soggiorno a Salecina e pu\\u00f2 essere regolato in CHF oppure in \\u20acuro, \\u00a0in contanti oppure con un bonifico.<\\\/p>\"}},{\"@type\":\"Question\",\"name\":\"Cani\",\"acceptedAnswer\":{\"@type\":\"Answer\",\"text\":\"<p>Purtroppo i cani non possono accedere agli edifici. Da circa met\\u00e0 maggio e settembre i cani che dormono da soli, possono pernottare in una gabbia nel deposito. Chi volesse prenotare portandosi un cane, \\u00e8 chiesto di comunicarlo.<\\\/p>\"}},{\"@type\":\"Question\",\"name\":\"Cena\",\"acceptedAnswer\":{\"@type\":\"Answer\",\"text\":\"<p>La cena inizia alle ore 19.00. Una campana segnala quando \\u00e8 pronta. Dopo aver mangiato ognuno sparecchia e pulisce il proprio tavolo.<\\\/p>\"}},{\"@type\":\"Question\",\"name\":\"Coordinazione\",\"acceptedAnswer\":{\"@type\":\"Answer\",\"text\":\"<p>Dopo cena tutti gli ospiti si riuniscono nella sala grande e si distribuiscono i servizi per il giorno dopo. Capicasa e ospiti hanno la possibilit\\u00e0 di dare informazioni interessanti riguardo la casa e la regione. Gli ospiti apprezzano molto se il responsabile della coordinazione ha dato un&#8217;occhiata ai giornali per le notizie dal mondo. Il coordinatore\\\/la coordinatrice prima di cena passa dall\\u2019ufficio per ricevere le informazioni da parte dei membri del team di gestione e le previsioni del tempo. Occorre organizzare una persona che faccia la traduzione durante la coordninazione, qualora siano presenti ospiti sia di lingua tedesca che italiana.<\\\/p>\"}},{\"@type\":\"Question\",\"name\":\"Deposito delle scarpe\",\"acceptedAnswer\":{\"@type\":\"Answer\",\"text\":\"<p>Nell&#8217;ingresso al pianoterra del dormitorio c&#8217;\\u00e8 uno spazio dove lasciare le vostre scarpe e infilare quelle da casa.<\\\/p>\"}},{\"@type\":\"Question\",\"name\":\"Docce\",\"acceptedAnswer\":{\"@type\":\"Answer\",\"text\":\"<p>Le docce si trovano al pianterreno del dormitorio. Vi preghiamo di risparmiare il pi\\u00f9 possibile l&#8217;acqua e di usare poco sapone possibilmente non inquinante. Dopo un trattamento nel depuratore posto nel sotteraneo del cortile di Salecina l&#8217;acqua finisce nel torrente Orlegna qui vicino.<\\\/p>\"}},{\"@type\":\"Question\",\"name\":\"Fumare\",\"acceptedAnswer\":{\"@type\":\"Answer\",\"text\":\"<p>\\u00c8 possibile solo all\\u2019esterno. Davanti agli ingressi ci sono diversi posacenere, si prega i fumatori di svuotarli regolarmente.<\\\/p>\"}},{\"@type\":\"Question\",\"name\":\"Giochi e sedie sdraio\",\"acceptedAnswer\":{\"@type\":\"Answer\",\"text\":\"<p>Nella piccola sala della colazione trovate un armadio con giochi di societ\\u00e0, all\\u2019esterno si pu\\u00f2 giocare a ping pong. Dopo l\\u2019uso vi preghiamo di riordinare le racchette da ping-pong e le sedie sdraio nel locale delle biciclette. Lo stesso vale anche per e le coperte di lana da riordinare nel dormitorio.<\\\/p>\"}},{\"@type\":\"Question\",\"name\":\"Giornali e libri\",\"acceptedAnswer\":{\"@type\":\"Answer\",\"text\":\"<p>All\\u2019esterno dell\\u2019ufficio trovate un espositore di giornali svizzeri, tedeschi e italiani. Dopo la lettura vi preghiamo di riportarli al loro posto. Nella biblioteca c&#8217;e un grande assortimento di libri in lingua tedesca e italiana, fra questi anche tanti libri su temi regionali. Vi preghiamo di non portare a casa i libri della biblioteca.<\\\/p><p><strong>Scambio libri:<\\\/strong>\\u00a0Nella grande sala da pranzo potete lasciare i vostri libri gi\\u00e0 letti per altri ospiti e portarne a casa uno che vi interessa.<\\\/p>\"}},{\"@type\":\"Question\",\"name\":\"Informazioni\",\"acceptedAnswer\":{\"@type\":\"Answer\",\"text\":\"<p>Informazioni sulla zona, numeri di telefono importanti, orari d\\u2019apertura dei negozi, orari dei mezzi di trasporto etc. sono affissi sulle bacheche o si possono chiedere in ufficio. Chi tiene gli occhi aperti si meraviglier\\u00e0 di quante informazioni si possono trovare sulle pareti e sulle porte di Salecina.<\\\/p>\"}},{\"@type\":\"Question\",\"name\":\"Intolleranze e allergie alimentari\",\"acceptedAnswer\":{\"@type\":\"Answer\",\"text\":\"<p>Informazioni su ingredienti che possono provocare allergie o reazioni indesiderate sono ottenibili su richiesta nell\\u2018ufficio.<\\\/p>\"}},{\"@type\":\"Question\",\"name\":\"Inverno a Maloja con automobile\",\"acceptedAnswer\":{\"@type\":\"Answer\",\"text\":\"<p>Ricordiamo che Maloja si trova a 1&#8217;800m di altitudine. In pieno inverno si raggiungono temperature fino a -20\\u00b0C. Automobili con batterie vecchie e\\\/o con diesel senza adittivo possono avere problemi. Va da se che \\u00e8 fortemente consigliato di arrivare solamente con pneumatici invernali montati e catene a bordo. L&#8217;uso delle catene, con certe condizioni atmosferiche, \\u00e8 reso obbligatorio sul passo.<\\\/p>\"}},{\"@type\":\"Question\",\"name\":\"Lavatrice\",\"acceptedAnswer\":{\"@type\":\"Answer\",\"text\":\"<p>La lavatrice nella lavanderia (al piano terra del dormitorio) pu\\u00f2 essere messa in funzione solo dai capicasa. In caso di necessit\\u00e0\\u00a0 potete dare loro l&#8217;incarico per un bucato, costo Fr. 5.-. Bisogna avere abbastanza indumenti per una lavatrice completa.<\\\/p>\"}},{\"@type\":\"Question\",\"name\":\"Parcheggio\",\"acceptedAnswer\":{\"@type\":\"Answer\",\"text\":\"<p>Nel caso siate arrivati con l\\u2019auto privata, il parcheggio si trova vicino alla Villa Baldini. Il parcheggio \\u00e8 gratis tutto l\\u2019anno. Potete portare la macchina davanti a casa solo per scarico e carico dei vostri bagagli. Il Cantone controlla periodicamente e nel caso emette multe.<\\\/p>\"}},{\"@type\":\"Question\",\"name\":\"Partenza\",\"acceptedAnswer\":{\"@type\":\"Answer\",\"text\":\"<p>Alla vostra partenza depositate la vostra biancheria da letto nella cesta rossa che si trova in lavanderia. Qui sar\\u00e0 lavata e preparata per i prossimi ospiti. Per piacere rovesciate il tessuto delle federe e chiudete le cerniere.<\\\/p>\"}},{\"@type\":\"Question\",\"name\":\"Posti letto\",\"acceptedAnswer\":{\"@type\":\"Answer\",\"text\":\"<p>I letti riservati per voi sono indicati nella lista &#8220;check-in&#8221; all&#8217;entrata del dormitorio. Al pianoterra, vicino alla scala, c&#8217;\\u00e8 un armadio con lenzuola, federe per trapunte e cuscini. Trapunte e cuscini sono gi\\u00e0 nelle stanze. Altre coperte sono nell\\u2019armadio all\\u2019ultimo piano.<br \\\/>Sia di notte che di giorno siete pregati di evitare rumori inutili nel dormitorio.<br \\\/>Spegnete sempre le luci, chiudete porte e finestre quando uscite dai locali.<\\\/p>\"}},{\"@type\":\"Question\",\"name\":\"Programmazione del menu settimanale\",\"acceptedAnswer\":{\"@type\":\"Answer\",\"text\":\"<p>La domenica alle 18.00 nella piccola sala da pranzo vengono programmati i menu della settimana successiva insieme agli ospiti interessati.<\\\/p>\"}},{\"@type\":\"Question\",\"name\":\"Protezione incendi\",\"acceptedAnswer\":{\"@type\":\"Answer\",\"text\":\"<p>Fogli informativi sono appesi nel dormitorio e nella casa principale. In tutti gli spazi abitabili ci sono i sensori antincendio. Le manichette dell\\u2019acqua sono al primo piano nel dormitorio e davanti all\\u2019ufficio. Dopo pochi minuti l\\u2019allarme viene inoltrato alla centrale dei pompieri. Per questo occorrono sempre due ospiti che si assumano l\\u2019incarico, nell\\u2019eventualit\\u00e0 di un allarme, di comunicare con i pompieri o\\\/e con qualcuno dei capicasa. Le istruzioni sono appese all\\u2019entrata della casa principale, vicino alla centralina d\\u2019allarme. In caso d\\u2019allarme tutti devono uscire all\\u2019esterno degli stabili anche se potrebbe trattarsi di un falso allarme.<\\\/p>\"}},{\"@type\":\"Question\",\"name\":\"Quote da pagare in caso di disdetta per prenotazioni a Salecina\",\"acceptedAnswer\":{\"@type\":\"Answer\",\"text\":\"<p><strong>Alta stagione*<\\\/strong><br \\\/>&#8211; Con disdette entro sei settimane prima della data d\\u2019arrivo prevista = 30 CHF per persona e notte, corrispettivo della caparra richiesta.<br \\\/>&#8211; Con disdette prima di sei settimane prima della data d\\u2019arrivo prevista = 30 CHF complessivamente<\\\/p><p><strong>Bassa stagione<br \\\/><\\\/strong>&#8211; Con disdette entro due settimane prima della data d\\u2019arrivo prevista<em>\\u00a0<\\\/em><strong>=\\u00a0<\\\/strong>30 CHF per persona e notte, corrispettivo della caparra richiesta.<strong><br \\\/><\\\/strong>&#8211; Con disdette prima di due settimane prima della data d\\u2019arrivo prevista = 30 CHF complessivamente<\\\/p><p>* dal 1\\u00b0 febbraio al luned\\u00ec di pasqua \\\/ dal 1\\u00b0 luglio al 31 agosto \\\/ dal 20 dicembre al 6 gennaio<\\\/p><p>Anche se i posti letto verranno occupati da altri ospiti, siamo costretti a chiedervi lo stesso le quote sopra elencate. Vi ringraziamo della vostra comprensione.<\\\/p><p>Se il pagamento delle quote di cui sopra dovessero procurarvi dei problemi finanziari oppure se ci sono altri motivi, che potrebbero impedirvi di pagare la quota intera, lasciamo a voi la decisione dell\\u2019ammontare che potete pagare, ricordandovi che per Salecina la perdita aumenta pi\\u00f9 il periodo \\u00e8 richiesto, meno posti letto ha la stanza, con pi\\u00f9 anticipo avete prenotato e pi\\u00f9 tardi avete disdetto.<\\\/p>\"}},{\"@type\":\"Question\",\"name\":\"Raccolta differenziata dei rifiuti\",\"acceptedAnswer\":{\"@type\":\"Answer\",\"text\":\"<p>Gli avanzi <strong>di cibi cotti e dei rifiuti organici<\\\/strong> (escluso ossa), vanno nel secchio presente in ciascuna cucina. I secchi vanno vuotati nel bidone nero posto vicino al posteggio dell\\u2019auto di Salecina. I rifiuti organici vengono ritirati periodicamente e utilizzati per la produzione di biogas.<\\\/p><p>Per le\\u00a0<strong>batterie scariche<\\\/strong> e le <strong>lampadine<\\\/strong> non pi\\u00f9 funzionanti utilizzare l\\u2019apposito recipiente davanti all ufficio sopra l\\u2019armadio nero.<\\\/p><p>I rimanenti\\u00a0<strong>rifiuti<\\\/strong>\\u00a0vanno nei sacchi neri che una volta pieni, vanno legati con due nodi e riposti nel cassonetto di legno che si trova tra l\\u2019ingresso dei fornitori e il posteggio dell\\u2019auto di Salecina.<\\\/p><p><strong>Carta, cartone, vetro, plastica, lattine<\\\/strong> sono raccolti ciascuno negli appositi\\u00a0 contenitori predisposti nelle cucine e nell&#8217;ingresso del dormitorio.\\u00a0<\\\/p><p><strong>Le bottiglie vuote<\\\/strong> con reso, della maggior parte delle bevande che si possono acquistare a Salecina, vanno messe nelle apposite casse nella cucina al piano terra. Anche la bottiglia della Rivella, pur essendo in plastica, va messa nella sua apposita cassa. Mentre le bottiglie in PET in generale vanno messe nel contenitore della plastica.<\\\/p>\"}},{\"@type\":\"Question\",\"name\":\"Riscaldamento per il gatto?\",\"acceptedAnswer\":{\"@type\":\"Answer\",\"text\":\"<p>Cerchiamo di limitare la dispersione di calore. Chi apre finestre o porte per arieggiare nella stagione fredda, si ricordi di chiuderle di nuovo dopo qualche minuto. Dormire con le finestre aperte va bene, se i caloriferi in camera vengono spenti girando il termostato sullo zero.<\\\/p>\"}},{\"@type\":\"Question\",\"name\":\"Servizi\",\"acceptedAnswer\":{\"@type\":\"Answer\",\"text\":\"<p>A ogni ospite \\u00e8 richiesto di svolgere una mansione al giorno. Potete provvedere da soli a scegliere i turni scrivendo gi\\u00e0 prima della coordinazione il vostro nome sulla lavagna dei servizi appesa davanti all&#8217;ufficio.<\\\/p><p><strong>Servizi pulizie:<\\\/strong>\\u00a0le pulizie possono essere effettuate in qualunque momento della giornata. Il gioved\\u00ec, oltre ai servizi quotidiani, ha luogo la pulizia settimanale delle cucine e delle dispense.<\\\/p><p><strong>Materiale per le pulizie:<\\\/strong>\\u00a0si trova nelle cucine; subito dietro la porta della cucina di sotto, all&#8217;ingresso del solaio (vicino alla stanza dei bambini); nel dormitorio l&#8217;armadio si trova dietro la porta dell\\u2019ingresso delle docce. Le descsrizioni dei servizi di pulizia sono appese sulle porte degli armadi.<\\\/p><p><strong>Servizio prima colazione:<\\\/strong>\\u00a0se la casa \\u00e8 piena, o quasi, la prima colazione va eseguita in due turni: il primo dalle 07.30\\\/08:00 alle 09:00; il secondo dalle 09:00 alle 10:00. Il\\\/la responsabile trova cibo e bevande necessarie su un carrello e nel frigorifero nella cucina da basso. Bisogna apparecchiare nella sala da pranzo piccola, preparare t\\u00e8 e caff\\u00e8, latte caldo e freddo, portare sui tavoli pane, formaggio, m\\u00fcesli, burro, marmellata e, alla fine del turno, le stoviglie usate vanno lavate. Dopo le 10:00 tocca invece ai singoli ospiti prepararsi la colazione e poi pulire le stoviglie.<\\\/p><p><strong>Servizio cucina:<\\\/strong>\\u00a0Dalle ore 17:00 viene preparata la cena nella cucina di sopra. 2-6 persone (secondo la quantit\\u00e0 di ospiti presenti in casa) si dedicano a questo servizio. I capicasa preparano ingredienti, quantit\\u00e0 e, se necessario, supportano il gruppo con ricette e consigli. Il gruppo che cucina apparecchia e porta il cibo in tavola comunicando con il suono della campana l\\u2019inizio della cena. E\\u2019 sottinteso che chi assume il compito di cucinare \\u00e8 in buona salute. La descrizione delle norme igieniche a cui attenersi \\u00e8 appesa in cucina.<\\\/p><p><strong>Servizio lavaggio piatti:<\\\/strong>\\u00a0Dopo cena, gli ospiti sparecchiano: Le pentole e i vassoi vanno lavati nella cucina di sopra; piatti, bicchieri, posate e tutto il resto, invece, nella cucina da basso. Per il servizio lavaggio piatti sono necessarie 4-6 persone. Nella cucina di sotto c\\u2019\\u00e9 una lavastoviglie, le stoviglie devono essere sciacquate con acqua fredda prima di inserirle! Finito il lavaggio bisogna vuotare e lavare i secchi rossi del composto organico nelle due cucine, cambiare i sacchi dell\\u2019immondizia, spazzare e lavare il pavimento.<\\\/p><p><strong>Servizio della casa:<\\\/strong>\\u00a0il servizio della casa \\u00e8 un jolly, chiedete in ufficio cosa si pu\\u00f2 fare (p.es. piegare dei depliant, falciare l\\u2019erba, strappare le erbacce dall\\u2019orto, o ci\\u00f2 che occorre al momento).<\\\/p>\"}},{\"@type\":\"Question\",\"name\":\"Stenditoio\\\/asciugatoio:\",\"acceptedAnswer\":{\"@type\":\"Answer\",\"text\":\"<p>In caso di maltempo trovate dietro il deposito delle scarpe un locale per i vostri vestiti bagnati dotato di deumidificatore, se questo \\u00e8 in funzione, ricordatevi di chiudere la porta. Nello stesso locale potete lavare a mano la vostra biancheria personale in un lavandino.<\\\/p>\"}},{\"@type\":\"Question\",\"name\":\"Telefono\",\"acceptedAnswer\":{\"@type\":\"Answer\",\"text\":\"<p>All\\u2019entrata della casa principale trovate il telefono per gli ospti. Da questo \\u00e8 possibile chiamare gratuitamente tutti i numeri telefonici in Svizzera. Non \\u00e8 possibile invece chiamare numeri telefonici all&#8217;estero. \\u00c8 possibile farsi chiamare. Il numero di telefono \\u00e8 0041 (0)81 824 33 98.<\\\/p>\"}},{\"@type\":\"Question\",\"name\":\"WI-FI\",\"acceptedAnswer\":{\"@type\":\"Answer\",\"text\":\"<p>Nella casa principale c`\\u00e8 la ricezione internet, nella sala da pranzo piccola al piano terra e nella \\u201eSt\\u00fcva\\u201c al secondo piano.<\\\/p>\"}},{\"@type\":\"Question\",\"name\":\"Politica sulla riservatezza e condizioni  per il soggiorno\",\"acceptedAnswer\":{\"@type\":\"Answer\",\"text\":\"<p><a href=\\\"https:\\\/\\\/salecina.ch\\\/wp-content\\\/uploads\\\/2021\\\/12\\\/Datenschutzerklaerung_it.pdf\\\" target=\\\"_blank\\\" rel=\\\"noopener\\\">Privacy policy (pdf)<\\\/a><\\\/p><p><a href=\\\"https:\\\/\\\/salecina.ch\\\/wp-content\\\/uploads\\\/2021\\\/12\\\/Condizioni-di-contratto.pdf\\\">Condizioni di contratto (pdf)<\\\/a><\\\/p>\"}}]}<\/script>\n\t\t\t\t\t<\/div>\n\t\t\t\t\t\t<\/div>\n\t\t\t\t<\/div>\n\t\t\t\t\t<\/div>\n\t\t<\/div>\n\t\t\t\t\t<\/div>\n\t\t<\/section>\n\t\t\t\t\t<\/div>\n\t\t<\/div>\n\t\t\t\t<div class=\"elementor-column elementor-col-50 elementor-inner-column elementor-element elementor-element-2efb5352\" data-id=\"2efb5352\" data-element_type=\"column\" data-e-type=\"column\">\n\t\t\t<div class=\"elementor-widget-wrap elementor-element-populated\">\n\t\t\t\t\t\t<div class=\"elementor-element elementor-element-a48a001 dce_masking-none elementor-widget elementor-widget-image\" data-id=\"a48a001\" data-element_type=\"widget\" data-e-type=\"widget\" data-widget_type=\"image.default\">\n\t\t\t\t<div class=\"elementor-widget-container\">\n\t\t\t\t\t\t\t\t\t\t\t\t\t\t\t<img loading=\"lazy\" decoding=\"async\" width=\"275\" height=\"86\" src=\"https:\/\/salecina.ch\/wp-content\/uploads\/2021\/08\/Logo-Salecina-definitiv-RGB.png\" class=\"attachment-large size-large wp-image-2427\" alt=\"\" \/>\t\t\t\t\t\t\t\t\t\t\t\t\t\t\t<\/div>\n\t\t\t\t<\/div>\n\t\t\t\t<div class=\"elementor-element elementor-element-ad343af elementor-widget elementor-widget-text-editor\" data-id=\"ad343af\" data-element_type=\"widget\" data-e-type=\"widget\" data-widget_type=\"text-editor.default\">\n\t\t\t\t<div class=\"elementor-widget-container\">\n\t\t\t\t\t\t\t\t\t<p>Ferien- und Bildungszentrum<br \/>Centro di vacanze e formazione<br \/>Via Cavlocc 25, 7516 Maloja<br \/>Tel: +41 (0)81 824 32 39 \/ Fax: +41 (0)81 824 35 75<br \/><a href=\"mailto:info@salecina.ch\">info@salecina.ch<\/a><\/p>\n\t\t\t\t\t\t\t\t<\/div>\n\t\t\t\t<\/div>\n\t\t\t\t<div data-dce-advanced-background-color=\"#DCDCDC\" class=\"elementor-element elementor-element-00fc90c elementor-widget elementor-widget-text-editor\" data-id=\"00fc90c\" data-element_type=\"widget\" data-e-type=\"widget\" data-widget_type=\"text-editor.default\">\n\t\t\t\t<div class=\"elementor-widget-container\">\n\t\t\t\t\t\t\t\t\t<h4>Centro di vacanze e formazione e facebook<a href=\"https:\/\/www.facebook.com\/Salecina?fref=ts\"><img loading=\"lazy\" decoding=\"async\" class=\"alignnone wp-image-2488\" src=\"https:\/\/salecina.ch\/wp-content\/uploads\/2021\/08\/facebook-Salecina-Findazione-300x188.png\" alt=\"\" width=\"428\" height=\"268\" srcset=\"https:\/\/salecina.ch\/wp-content\/uploads\/2021\/08\/facebook-Salecina-Findazione-300x188.png 300w, https:\/\/salecina.ch\/wp-content\/uploads\/2021\/08\/facebook-Salecina-Findazione.png 640w\" sizes=\"(max-width: 428px) 100vw, 428px\" \/><\/a><\/h4>\t\t\t\t\t\t\t\t<\/div>\n\t\t\t\t<\/div>\n\t\t\t\t<div data-dce-advanced-background-color=\"#DCDCDC\" class=\"elementor-element elementor-element-493c763 elementor-widget elementor-widget-text-editor\" data-id=\"493c763\" data-element_type=\"widget\" data-e-type=\"widget\" data-widget_type=\"text-editor.default\">\n\t\t\t\t<div class=\"elementor-widget-container\">\n\t\t\t\t\t\t\t\t\t<h3>Varia<\/h3><p><strong>Festival della castagna<\/strong><\/p><p>Tra settembre e ottobre per i golosi si svolge il\u00a0<a href=\"http:\/\/www.bregaglia.ch\/it\/festival-della-castagna\" target=\"_blank\" rel=\"noopener\">Festival della castagna<\/a>, durante il quale vengono proposte molte iniziative interessanti, come ad e sempio degustazioni di prodotti locali, visite guidate e serate.<\/p>\t\t\t\t\t\t\t\t<\/div>\n\t\t\t\t<\/div>\n\t\t\t\t\t<\/div>\n\t\t<\/div>\n\t\t\t\t\t<\/div>\n\t\t<\/section>\n\t\t\t\t\t<\/div>\n\t\t<\/div>\n\t\t\t\t\t<\/div>\n\t\t<\/section>\n\t\t\t\t<section class=\"elementor-section elementor-top-section elementor-element elementor-element-26c6c3f7 elementor-section-stretched elementor-hidden-phone elementor-section-boxed elementor-section-height-default elementor-section-height-default\" data-id=\"26c6c3f7\" data-element_type=\"section\" data-e-type=\"section\" data-settings=\"{&quot;stretch_section&quot;:&quot;section-stretched&quot;}\">\n\t\t\t\t\t\t<div class=\"elementor-container elementor-column-gap-default\">\n\t\t\t\t\t<div class=\"elementor-column elementor-col-16 elementor-top-column elementor-element elementor-element-5b36fab\" data-id=\"5b36fab\" data-element_type=\"column\" data-e-type=\"column\">\n\t\t\t<div class=\"elementor-widget-wrap elementor-element-populated\">\n\t\t\t\t\t\t<div class=\"elementor-element elementor-element-2db6b9a3 elementor-widget elementor-widget-text-editor\" data-id=\"2db6b9a3\" data-element_type=\"widget\" data-e-type=\"widget\" data-widget_type=\"text-editor.default\">\n\t\t\t\t<div class=\"elementor-widget-container\">\n\t\t\t\t\t\t\t\t\t<p><a href=\"https:\/\/salecina.ch\/it\/\"><strong>SALECINA<\/strong><\/a><\/p>\n\t\t\t\t\t\t\t\t<\/div>\n\t\t\t\t<\/div>\n\t\t\t\t\t<\/div>\n\t\t<\/div>\n\t\t\t\t<div class=\"elementor-column elementor-col-16 elementor-top-column elementor-element elementor-element-4e23ec4a\" data-id=\"4e23ec4a\" data-element_type=\"column\" data-e-type=\"column\">\n\t\t\t<div class=\"elementor-widget-wrap elementor-element-populated\">\n\t\t\t\t\t\t<div class=\"elementor-element elementor-element-7444a95 elementor-widget elementor-widget-text-editor\" data-id=\"7444a95\" data-element_type=\"widget\" data-e-type=\"widget\" data-widget_type=\"text-editor.default\">\n\t\t\t\t<div class=\"elementor-widget-container\">\n\t\t\t\t\t\t\t\t\t<p><a href=\"https:\/\/salecina.ch\/it\/mangiare-dormire\/\"><strong>MANGIARE &amp; DORMIRE<\/strong><\/a><\/p>\n<p><a href=\"https:\/\/salecina.ch\/it\/personale-ospiti\/\">personale &amp; ospiti<\/a><\/p>\n<p><a href=\"https:\/\/salecina.ch\/it\/camere-servizi\/\">camere &amp; servizi<\/a><\/p>\n\t\t\t\t\t\t\t\t<\/div>\n\t\t\t\t<\/div>\n\t\t\t\t\t<\/div>\n\t\t<\/div>\n\t\t\t\t<div class=\"elementor-column elementor-col-16 elementor-top-column elementor-element elementor-element-5e423e9d\" data-id=\"5e423e9d\" data-element_type=\"column\" data-e-type=\"column\">\n\t\t\t<div class=\"elementor-widget-wrap elementor-element-populated\">\n\t\t\t\t\t\t<div class=\"elementor-element elementor-element-14d6405b elementor-widget elementor-widget-text-editor\" data-id=\"14d6405b\" data-element_type=\"widget\" data-e-type=\"widget\" data-widget_type=\"text-editor.default\">\n\t\t\t\t<div class=\"elementor-widget-container\">\n\t\t\t\t\t\t\t\t\t<p><a href=\"https:\/\/salecina.ch\/it\/incontro-movimento\/\"><strong>INCONTRO &amp; MOVIMENTO<\/strong><\/a><\/p>\n<p><a href=\"https:\/\/salecina.ch\/it\/persone-idee\/\">persone &amp; idee<\/a><\/p>\n<p><a href=\"https:\/\/salecina.ch\/salecina\/begegnung-bewegung\/politik-kultur\/\">politica &amp; cultura<\/a><\/p>\n<p><a href=\"https:\/\/salecina.ch\/it\/agenda-eventi\/\">agenda &amp; eventi<\/a><\/p>\n<p><a href=\"https:\/\/salecina.ch\/it\/foto-media\/\">foto &amp; media<\/a><\/p>\n\t\t\t\t\t\t\t\t<\/div>\n\t\t\t\t<\/div>\n\t\t\t\t\t<\/div>\n\t\t<\/div>\n\t\t\t\t<div class=\"elementor-column elementor-col-16 elementor-top-column elementor-element elementor-element-39b187ce\" data-id=\"39b187ce\" data-element_type=\"column\" data-e-type=\"column\">\n\t\t\t<div class=\"elementor-widget-wrap elementor-element-populated\">\n\t\t\t\t\t\t<div class=\"elementor-element elementor-element-64243f1e elementor-widget elementor-widget-text-editor\" data-id=\"64243f1e\" data-element_type=\"widget\" data-e-type=\"widget\" data-widget_type=\"text-editor.default\">\n\t\t\t\t<div class=\"elementor-widget-container\">\n\t\t\t\t\t\t\t\t\t<p><a href=\"https:\/\/salecina.ch\/it\/casa-storia\/\"><strong>CASA &amp; STORIA<\/strong><\/a><\/p>\n<p><a href=\"https:\/\/salecina.ch\/it\/posizione-ambiente\/\">posizione &amp; ambiente<\/a><\/p>\n<p><a href=\"https:\/\/salecina.ch\/salecina\/haus-geschichte\/geschichte-geschichten\/\">storia &amp; storie<\/a><\/p>\n<p><a href=\"https:\/\/salecina.ch\/it\/team-idea\/\">team &amp; idea<\/a><\/p>\n\t\t\t\t\t\t\t\t<\/div>\n\t\t\t\t<\/div>\n\t\t\t\t\t<\/div>\n\t\t<\/div>\n\t\t\t\t<div class=\"elementor-column elementor-col-16 elementor-top-column elementor-element elementor-element-3203a57f\" data-id=\"3203a57f\" data-element_type=\"column\" data-e-type=\"column\">\n\t\t\t<div class=\"elementor-widget-wrap elementor-element-populated\">\n\t\t\t\t\t\t<div class=\"elementor-element elementor-element-b98f6ae elementor-widget elementor-widget-text-editor\" data-id=\"b98f6ae\" data-element_type=\"widget\" data-e-type=\"widget\" data-widget_type=\"text-editor.default\">\n\t\t\t\t<div class=\"elementor-widget-container\">\n\t\t\t\t\t\t\t\t\t<p><a href=\"https:\/\/salecina.ch\/it\/contatti-prenotazioni\/\"><strong>CONTATTI &amp; PRENOTAZIONI<\/strong><\/a><\/p>\n<p><a href=\"https:\/\/salecina.ch\/it\/prezzi-prenotazioni\/\">prezzi &amp; prenotazioni<\/a><\/p>\n<p><a href=\"https:\/\/salecina.ch\/it\/arrivo-informazioni\/\">arrivo &amp; informazioni<\/a><\/p>\n<p><a href=\"https:\/\/salecina.ch\/it\/link-faq\/\">link &amp; FAQ<\/a><\/p>\n\t\t\t\t\t\t\t\t<\/div>\n\t\t\t\t<\/div>\n\t\t\t\t\t<\/div>\n\t\t<\/div>\n\t\t\t\t<div class=\"elementor-column elementor-col-16 elementor-top-column elementor-element elementor-element-7cfd3b26\" data-id=\"7cfd3b26\" data-element_type=\"column\" data-e-type=\"column\">\n\t\t\t<div class=\"elementor-widget-wrap elementor-element-populated\">\n\t\t\t\t\t\t<div class=\"elementor-element elementor-element-1a324a9f elementor-widget elementor-widget-text-editor\" data-id=\"1a324a9f\" data-element_type=\"widget\" data-e-type=\"widget\" data-widget_type=\"text-editor.default\">\n\t\t\t\t<div class=\"elementor-widget-container\">\n\t\t\t\t\t\t\t\t\t<p><a href=\"https:\/\/salecina.ch\/\">\u00a9 Salecina 2021<\/a><\/p>\n\t\t\t\t\t\t\t\t<\/div>\n\t\t\t\t<\/div>\n\t\t\t\t<div class=\"elementor-element elementor-element-52230b28 elementor-shape-square e-grid-align-left elementor-grid-0 elementor-widget elementor-widget-social-icons\" data-id=\"52230b28\" data-element_type=\"widget\" data-e-type=\"widget\" data-widget_type=\"social-icons.default\">\n\t\t\t\t<div class=\"elementor-widget-container\">\n\t\t\t\t\t\t\t<div class=\"elementor-social-icons-wrapper elementor-grid\" role=\"list\">\n\t\t\t\t\t\t\t<span class=\"elementor-grid-item\" role=\"listitem\">\n\t\t\t\t\t<a class=\"elementor-icon elementor-social-icon elementor-social-icon-facebook elementor-animation-shrink elementor-repeater-item-f267571\" target=\"_blank\">\n\t\t\t\t\t\t<span class=\"elementor-screen-only\">Facebook<\/span>\n\t\t\t\t\t\t<i aria-hidden=\"true\" class=\"fab fa-facebook\"><\/i>\t\t\t\t\t<\/a>\n\t\t\t\t<\/span>\n\t\t\t\t\t\t\t<span class=\"elementor-grid-item\" role=\"listitem\">\n\t\t\t\t\t<a class=\"elementor-icon elementor-social-icon elementor-social-icon-twitter elementor-animation-shrink elementor-repeater-item-18f95d2\" target=\"_blank\">\n\t\t\t\t\t\t<span class=\"elementor-screen-only\">Twitter<\/span>\n\t\t\t\t\t\t<i aria-hidden=\"true\" class=\"fab fa-twitter\"><\/i>\t\t\t\t\t<\/a>\n\t\t\t\t<\/span>\n\t\t\t\t\t<\/div>\n\t\t\t\t\t\t<\/div>\n\t\t\t\t<\/div>\n\t\t\t\t\t<\/div>\n\t\t<\/div>\n\t\t\t\t\t<\/div>\n\t\t<\/section>\n\t\t\t\t<section class=\"elementor-section elementor-top-section elementor-element elementor-element-73e9dd7a elementor-section-boxed elementor-section-height-default elementor-section-height-default\" data-id=\"73e9dd7a\" data-element_type=\"section\" data-e-type=\"section\">\n\t\t\t\t\t\t<div class=\"elementor-container elementor-column-gap-default\">\n\t\t\t\t\t<div class=\"elementor-column elementor-col-100 elementor-top-column elementor-element elementor-element-756ccaff\" data-id=\"756ccaff\" data-element_type=\"column\" data-e-type=\"column\">\n\t\t\t<div class=\"elementor-widget-wrap elementor-element-populated\">\n\t\t\t\t\t\t<div class=\"elementor-element elementor-element-1af7ed8a elementor-widget elementor-widget-text-editor\" data-id=\"1af7ed8a\" data-element_type=\"widget\" data-e-type=\"widget\" data-widget_type=\"text-editor.default\">\n\t\t\t\t<div class=\"elementor-widget-container\">\n\t\t\t\t\t\t\t\t\t<p><strong>Salecina \u2013<\/strong> Ferien- und Bildungszentrum \/ Centro di vacanze e formazione <a href=\"mailto:info@salecina.ch\">info@salecina.ch<\/a><\/p>\n\t\t\t\t\t\t\t\t<\/div>\n\t\t\t\t<\/div>\n\t\t\t\t\t<\/div>\n\t\t<\/div>\n\t\t\t\t\t<\/div>\n\t\t<\/section>\n\t\t\t\t<\/div>\n\t\t","protected":false},"excerpt":{"rendered":"<p>Link esterni www.bergell-blog.ch Das Bergell ist eine faszinierende Landschaft. Hier anzukommen f\u00fchlt sich wie ein Geschenk an: Meist steht ein sanftes Licht im Tal, die Ger\u00fcche nach Bergwald, Wiesenbl\u00fcten und Fr\u00fcchten aus den G\u00e4rten sind intensiv. Dazu diese Farben: helles Steingrau, strahlendes Blau, leichte Ocker-T\u00f6ne, sanftes Gelbgr\u00fcn, gelegentlich ein intensiveres Rostrot. Jedesmal ist man \u00fcberw\u00e4ltigt. [&hellip;]<\/p>\n","protected":false},"author":1,"featured_media":0,"parent":0,"menu_order":16,"comment_status":"closed","ping_status":"closed","template":"elementor_header_footer","meta":{"footnotes":""},"class_list":["post-3736","page","type-page","status-publish","hentry"],"yoast_head":"<!-- This site is optimized with the Yoast SEO plugin v28.3 - https:\/\/yoast.com\/product\/yoast-seo-wordpress\/ -->\n<title>link &amp; FAQ &#8212; Salecina<\/title>\n<meta name=\"robots\" content=\"index, follow, max-snippet:-1, max-image-preview:large, max-video-preview:-1\" \/>\n<link rel=\"canonical\" href=\"https:\/\/salecina.ch\/links-faq\/\" \/>\n<meta property=\"og:locale\" content=\"it_IT\" \/>\n<meta property=\"og:type\" content=\"article\" \/>\n<meta property=\"og:title\" content=\"link &amp; FAQ &#8212; Salecina\" \/>\n<meta property=\"og:description\" content=\"Link esterni www.bergell-blog.ch Das Bergell ist eine faszinierende Landschaft. Hier anzukommen f\u00fchlt sich wie ein Geschenk an: Meist steht ein sanftes Licht im Tal, die Ger\u00fcche nach Bergwald, Wiesenbl\u00fcten und Fr\u00fcchten aus den G\u00e4rten sind intensiv. Dazu diese Farben: helles Steingrau, strahlendes Blau, leichte Ocker-T\u00f6ne, sanftes Gelbgr\u00fcn, gelegentlich ein intensiveres Rostrot. Jedesmal ist man \u00fcberw\u00e4ltigt. [&hellip;]\" \/>\n<meta property=\"og:url\" content=\"https:\/\/salecina.ch\/links-faq\/\" \/>\n<meta property=\"og:site_name\" content=\"Salecina\" \/>\n<meta property=\"article:modified_time\" content=\"2024-02-19T13:27:58+00:00\" \/>\n<meta property=\"og:image\" content=\"https:\/\/salecina.ch\/wp-content\/uploads\/2021\/08\/buchen.jpg\" \/>\n<meta name=\"twitter:card\" content=\"summary_large_image\" \/>\n<meta name=\"twitter:label1\" content=\"Tempo di lettura stimato\" \/>\n\t<meta name=\"twitter:data1\" content=\"13 minuti\" \/>\n<script type=\"application\/ld+json\" class=\"yoast-schema-graph\">{\"@context\":\"https:\\\/\\\/schema.org\",\"@graph\":[{\"@type\":\"WebPage\",\"@id\":\"https:\\\/\\\/salecina.ch\\\/links-faq\\\/\",\"url\":\"https:\\\/\\\/salecina.ch\\\/links-faq\\\/\",\"name\":\"link &amp; FAQ &#8212; Salecina\",\"isPartOf\":{\"@id\":\"https:\\\/\\\/salecina.ch\\\/#website\"},\"primaryImageOfPage\":{\"@id\":\"https:\\\/\\\/salecina.ch\\\/links-faq\\\/#primaryimage\"},\"image\":{\"@id\":\"https:\\\/\\\/salecina.ch\\\/links-faq\\\/#primaryimage\"},\"thumbnailUrl\":\"https:\\\/\\\/salecina.ch\\\/wp-content\\\/uploads\\\/2021\\\/08\\\/buchen.jpg\",\"datePublished\":\"2021-08-20T11:44:40+00:00\",\"dateModified\":\"2024-02-19T13:27:58+00:00\",\"breadcrumb\":{\"@id\":\"https:\\\/\\\/salecina.ch\\\/links-faq\\\/#breadcrumb\"},\"inLanguage\":\"it-IT\",\"potentialAction\":[{\"@type\":\"ReadAction\",\"target\":[\"https:\\\/\\\/salecina.ch\\\/links-faq\\\/\"]}]},{\"@type\":\"ImageObject\",\"inLanguage\":\"it-IT\",\"@id\":\"https:\\\/\\\/salecina.ch\\\/links-faq\\\/#primaryimage\",\"url\":\"https:\\\/\\\/salecina.ch\\\/wp-content\\\/uploads\\\/2021\\\/08\\\/buchen.jpg\",\"contentUrl\":\"https:\\\/\\\/salecina.ch\\\/wp-content\\\/uploads\\\/2021\\\/08\\\/buchen.jpg\"},{\"@type\":\"BreadcrumbList\",\"@id\":\"https:\\\/\\\/salecina.ch\\\/links-faq\\\/#breadcrumb\",\"itemListElement\":[{\"@type\":\"ListItem\",\"position\":1,\"name\":\"Startseite\",\"item\":\"https:\\\/\\\/salecina.ch\\\/it\\\/\"},{\"@type\":\"ListItem\",\"position\":2,\"name\":\"link &amp; FAQ\"}]},{\"@type\":\"WebSite\",\"@id\":\"https:\\\/\\\/salecina.ch\\\/#website\",\"url\":\"https:\\\/\\\/salecina.ch\\\/\",\"name\":\"Salecina\",\"description\":\"\",\"publisher\":{\"@id\":\"https:\\\/\\\/salecina.ch\\\/#organization\"},\"potentialAction\":[{\"@type\":\"SearchAction\",\"target\":{\"@type\":\"EntryPoint\",\"urlTemplate\":\"https:\\\/\\\/salecina.ch\\\/?s={search_term_string}\"},\"query-input\":{\"@type\":\"PropertyValueSpecification\",\"valueRequired\":true,\"valueName\":\"search_term_string\"}}],\"inLanguage\":\"it-IT\"},{\"@type\":\"Organization\",\"@id\":\"https:\\\/\\\/salecina.ch\\\/#organization\",\"name\":\"Stiftung Salecina\",\"url\":\"https:\\\/\\\/salecina.ch\\\/\",\"logo\":{\"@type\":\"ImageObject\",\"inLanguage\":\"it-IT\",\"@id\":\"https:\\\/\\\/salecina.ch\\\/#\\\/schema\\\/logo\\\/image\\\/\",\"url\":\"https:\\\/\\\/salecina.ch\\\/wp-content\\\/uploads\\\/2021\\\/07\\\/Logo-Salecina-definitiv-mit-Text.svg\",\"contentUrl\":\"https:\\\/\\\/salecina.ch\\\/wp-content\\\/uploads\\\/2021\\\/07\\\/Logo-Salecina-definitiv-mit-Text.svg\",\"width\":274,\"height\":117,\"caption\":\"Stiftung Salecina\"},\"image\":{\"@id\":\"https:\\\/\\\/salecina.ch\\\/#\\\/schema\\\/logo\\\/image\\\/\"}}]}<\/script>\n<!-- \/ Yoast SEO plugin. -->","yoast_head_json":{"title":"link &amp; FAQ &#8212; Salecina","robots":{"index":"index","follow":"follow","max-snippet":"max-snippet:-1","max-image-preview":"max-image-preview:large","max-video-preview":"max-video-preview:-1"},"canonical":"https:\/\/salecina.ch\/links-faq\/","og_locale":"it_IT","og_type":"article","og_title":"link &amp; FAQ &#8212; Salecina","og_description":"Link esterni www.bergell-blog.ch Das Bergell ist eine faszinierende Landschaft. Hier anzukommen f\u00fchlt sich wie ein Geschenk an: Meist steht ein sanftes Licht im Tal, die Ger\u00fcche nach Bergwald, Wiesenbl\u00fcten und Fr\u00fcchten aus den G\u00e4rten sind intensiv. Dazu diese Farben: helles Steingrau, strahlendes Blau, leichte Ocker-T\u00f6ne, sanftes Gelbgr\u00fcn, gelegentlich ein intensiveres Rostrot. Jedesmal ist man \u00fcberw\u00e4ltigt. [&hellip;]","og_url":"https:\/\/salecina.ch\/links-faq\/","og_site_name":"Salecina","article_modified_time":"2024-02-19T13:27:58+00:00","og_image":[{"url":"https:\/\/salecina.ch\/wp-content\/uploads\/2021\/08\/buchen.jpg","type":"","width":"","height":""}],"twitter_card":"summary_large_image","twitter_misc":{"Tempo di lettura stimato":"13 minuti"},"schema":{"@context":"https:\/\/schema.org","@graph":[{"@type":"WebPage","@id":"https:\/\/salecina.ch\/links-faq\/","url":"https:\/\/salecina.ch\/links-faq\/","name":"link &amp; FAQ &#8212; Salecina","isPartOf":{"@id":"https:\/\/salecina.ch\/#website"},"primaryImageOfPage":{"@id":"https:\/\/salecina.ch\/links-faq\/#primaryimage"},"image":{"@id":"https:\/\/salecina.ch\/links-faq\/#primaryimage"},"thumbnailUrl":"https:\/\/salecina.ch\/wp-content\/uploads\/2021\/08\/buchen.jpg","datePublished":"2021-08-20T11:44:40+00:00","dateModified":"2024-02-19T13:27:58+00:00","breadcrumb":{"@id":"https:\/\/salecina.ch\/links-faq\/#breadcrumb"},"inLanguage":"it-IT","potentialAction":[{"@type":"ReadAction","target":["https:\/\/salecina.ch\/links-faq\/"]}]},{"@type":"ImageObject","inLanguage":"it-IT","@id":"https:\/\/salecina.ch\/links-faq\/#primaryimage","url":"https:\/\/salecina.ch\/wp-content\/uploads\/2021\/08\/buchen.jpg","contentUrl":"https:\/\/salecina.ch\/wp-content\/uploads\/2021\/08\/buchen.jpg"},{"@type":"BreadcrumbList","@id":"https:\/\/salecina.ch\/links-faq\/#breadcrumb","itemListElement":[{"@type":"ListItem","position":1,"name":"Startseite","item":"https:\/\/salecina.ch\/it\/"},{"@type":"ListItem","position":2,"name":"link &amp; FAQ"}]},{"@type":"WebSite","@id":"https:\/\/salecina.ch\/#website","url":"https:\/\/salecina.ch\/","name":"Salecina","description":"","publisher":{"@id":"https:\/\/salecina.ch\/#organization"},"potentialAction":[{"@type":"SearchAction","target":{"@type":"EntryPoint","urlTemplate":"https:\/\/salecina.ch\/?s={search_term_string}"},"query-input":{"@type":"PropertyValueSpecification","valueRequired":true,"valueName":"search_term_string"}}],"inLanguage":"it-IT"},{"@type":"Organization","@id":"https:\/\/salecina.ch\/#organization","name":"Stiftung Salecina","url":"https:\/\/salecina.ch\/","logo":{"@type":"ImageObject","inLanguage":"it-IT","@id":"https:\/\/salecina.ch\/#\/schema\/logo\/image\/","url":"https:\/\/salecina.ch\/wp-content\/uploads\/2021\/07\/Logo-Salecina-definitiv-mit-Text.svg","contentUrl":"https:\/\/salecina.ch\/wp-content\/uploads\/2021\/07\/Logo-Salecina-definitiv-mit-Text.svg","width":274,"height":117,"caption":"Stiftung Salecina"},"image":{"@id":"https:\/\/salecina.ch\/#\/schema\/logo\/image\/"}}]}},"_links":{"self":[{"href":"https:\/\/salecina.ch\/it\/wp-json\/wp\/v2\/pages\/3736","targetHints":{"allow":["GET"]}}],"collection":[{"href":"https:\/\/salecina.ch\/it\/wp-json\/wp\/v2\/pages"}],"about":[{"href":"https:\/\/salecina.ch\/it\/wp-json\/wp\/v2\/types\/page"}],"author":[{"embeddable":true,"href":"https:\/\/salecina.ch\/it\/wp-json\/wp\/v2\/users\/1"}],"replies":[{"embeddable":true,"href":"https:\/\/salecina.ch\/it\/wp-json\/wp\/v2\/comments?post=3736"}],"version-history":[{"count":47,"href":"https:\/\/salecina.ch\/it\/wp-json\/wp\/v2\/pages\/3736\/revisions"}],"predecessor-version":[{"id":8369,"href":"https:\/\/salecina.ch\/it\/wp-json\/wp\/v2\/pages\/3736\/revisions\/8369"}],"wp:attachment":[{"href":"https:\/\/salecina.ch\/it\/wp-json\/wp\/v2\/media?parent=3736"}],"curies":[{"name":"wp","href":"https:\/\/api.w.org\/{rel}","templated":true}]}}