{"id":3718,"date":"2021-08-20T11:12:40","date_gmt":"2021-08-20T11:12:40","guid":{"rendered":"https:\/\/salecina.ch\/arrivo-informazioni\/"},"modified":"2026-03-07T14:15:53","modified_gmt":"2026-03-07T14:15:53","slug":"arrivo-informazioni","status":"publish","type":"page","link":"https:\/\/salecina.ch\/it\/arrivo-informazioni\/","title":{"rendered":"arrivo &amp; informazioni"},"content":{"rendered":"\t\t<div data-elementor-type=\"wp-page\" data-elementor-id=\"3718\" class=\"elementor elementor-3718\" data-elementor-post-type=\"page\">\n\t\t\t\t\t\t<section class=\"elementor-section elementor-top-section elementor-element elementor-element-3f989d12 elementor-section-full_width elementor-section-stretched elementor-section-height-default elementor-section-height-default\" data-id=\"3f989d12\" data-element_type=\"section\" data-e-type=\"section\" data-settings=\"{&quot;stretch_section&quot;:&quot;section-stretched&quot;}\">\n\t\t\t\t\t\t<div class=\"elementor-container elementor-column-gap-default\">\n\t\t\t\t\t<div class=\"elementor-column elementor-col-100 elementor-top-column elementor-element elementor-element-602ee376\" data-id=\"602ee376\" data-element_type=\"column\" data-e-type=\"column\">\n\t\t\t<div class=\"elementor-widget-wrap elementor-element-populated\">\n\t\t\t\t\t\t<div class=\"elementor-element elementor-element-12d0c7d8 elementor-widget elementor-widget-shortcode\" data-id=\"12d0c7d8\" data-element_type=\"widget\" data-e-type=\"widget\" data-widget_type=\"shortcode.default\">\n\t\t\t\t<div class=\"elementor-widget-container\">\n\t\t\t\t\t\t\t<div class=\"elementor-shortcode\">\t\t<div data-elementor-type=\"page\" data-elementor-id=\"485\" class=\"elementor elementor-485\" data-elementor-post-type=\"elementor_library\">\n\t\t\t\t\t\t<section data-dce-background-color=\"#222222\" class=\"elementor-section elementor-top-section elementor-element elementor-element-d80febe elementor-section-full_width elementor-section-content-top elementor-section-stretched elementor-section-height-default elementor-section-height-default\" data-id=\"d80febe\" data-element_type=\"section\" data-e-type=\"section\" data-settings=\"{&quot;background_background&quot;:&quot;classic&quot;,&quot;stretch_section&quot;:&quot;section-stretched&quot;,&quot;sticky&quot;:&quot;top&quot;,&quot;sticky_on&quot;:[&quot;widescreen&quot;,&quot;desktop&quot;,&quot;laptop&quot;,&quot;tablet_extra&quot;,&quot;tablet&quot;,&quot;mobile_extra&quot;,&quot;mobile&quot;],&quot;sticky_offset&quot;:0,&quot;sticky_effects_offset&quot;:0,&quot;sticky_anchor_link_offset&quot;:0}\">\n\t\t\t\t\t\t<div class=\"elementor-container elementor-column-gap-default\">\n\t\t\t\t\t<div class=\"elementor-column elementor-col-100 elementor-top-column elementor-element elementor-element-2fa430a\" data-id=\"2fa430a\" data-element_type=\"column\" data-e-type=\"column\">\n\t\t\t<div class=\"elementor-widget-wrap elementor-element-populated\">\n\t\t\t\t\t\t<div class=\"elementor-element elementor-element-39a0e59 elementor-nav-menu__align-center elementor-nav-menu--stretch elementor-nav-menu--dropdown-tablet elementor-nav-menu__text-align-aside elementor-nav-menu--toggle elementor-nav-menu--burger elementor-widget elementor-widget-nav-menu\" data-id=\"39a0e59\" data-element_type=\"widget\" data-e-type=\"widget\" data-settings=\"{&quot;full_width&quot;:&quot;stretch&quot;,&quot;sticky&quot;:&quot;top&quot;,&quot;layout&quot;:&quot;horizontal&quot;,&quot;submenu_icon&quot;:{&quot;value&quot;:&quot;&lt;i class=\\&quot;fas fa-caret-down\\&quot; aria-hidden=\\&quot;true\\&quot;&gt;&lt;\\\/i&gt;&quot;,&quot;library&quot;:&quot;fa-solid&quot;},&quot;toggle&quot;:&quot;burger&quot;,&quot;sticky_on&quot;:[&quot;widescreen&quot;,&quot;desktop&quot;,&quot;laptop&quot;,&quot;tablet_extra&quot;,&quot;tablet&quot;,&quot;mobile_extra&quot;,&quot;mobile&quot;],&quot;sticky_offset&quot;:0,&quot;sticky_effects_offset&quot;:0,&quot;sticky_anchor_link_offset&quot;:0}\" data-widget_type=\"nav-menu.default\">\n\t\t\t\t<div class=\"elementor-widget-container\">\n\t\t\t\t\t\t\t\t<nav aria-label=\"Menu\" class=\"elementor-nav-menu--main elementor-nav-menu__container elementor-nav-menu--layout-horizontal e--pointer-overline e--animation-fade\">\n\t\t\t\t<ul id=\"menu-1-39a0e59\" class=\"elementor-nav-menu\"><li class=\"menu-item menu-item-type-custom menu-item-object-custom menu-item-3774\"><a href=\"#\" class=\"elementor-item elementor-item-anchor\"><img decoding=\"async\" src=\"https:\/\/salecina.ch\/wp-content\/uploads\/2021\/08\/Logo-Salecina-definitiv-1.svg\" style=\"height:auto; width:5vw; background-color:#FFFFFF;\"><\/a><\/li>\n<li class=\"menu-item menu-item-type-custom menu-item-object-custom menu-item-5115\"><a target=\"_blank\" href=\"https:\/\/hostels.assd.com\/crs4.php?goto=10&#038;cust=410526&#038;type=040&#038;langcrs=X\" class=\"elementor-item\">PRENOTAZIONI<\/a><\/li>\n<li class=\"menu-item menu-item-type-post_type menu-item-object-page menu-item-home menu-item-823\"><a href=\"https:\/\/salecina.ch\/it\/\" class=\"elementor-item\">SALECINA<\/a><\/li>\n<li class=\"menu-item menu-item-type-post_type menu-item-object-page menu-item-has-children menu-item-501\"><a href=\"https:\/\/salecina.ch\/it\/mangiare-dormire\/\" class=\"elementor-item\">MANGIARE &amp; DORMIRE<\/a>\n<ul class=\"sub-menu elementor-nav-menu--dropdown\">\n\t<li class=\"menu-item menu-item-type-post_type menu-item-object-page menu-item-824\"><a href=\"https:\/\/salecina.ch\/it\/personale-ospiti\/\" class=\"elementor-sub-item\">personale &amp; ospiti<\/a><\/li>\n\t<li class=\"menu-item menu-item-type-post_type menu-item-object-page menu-item-3509\"><a href=\"https:\/\/salecina.ch\/it\/camere-servizi\/\" class=\"elementor-sub-item\">camere &amp; servizi<\/a><\/li>\n<\/ul>\n<\/li>\n<li class=\"menu-item menu-item-type-post_type menu-item-object-page menu-item-has-children menu-item-3525\"><a href=\"https:\/\/salecina.ch\/it\/incontro-movimento\/\" class=\"elementor-item\">INCONTRO &amp; MOVIMENTO<\/a>\n<ul class=\"sub-menu elementor-nav-menu--dropdown\">\n\t<li class=\"menu-item menu-item-type-post_type menu-item-object-page menu-item-3531\"><a href=\"https:\/\/salecina.ch\/it\/persone-idee\/\" class=\"elementor-sub-item\">persone &amp; idee<\/a><\/li>\n\t<li class=\"menu-item menu-item-type-post_type menu-item-object-page menu-item-3551\"><a href=\"https:\/\/salecina.ch\/it\/politica-cultura\/\" class=\"elementor-sub-item\">politica &amp; cultura<\/a><\/li>\n\t<li class=\"menu-item menu-item-type-post_type menu-item-object-page menu-item-3572\"><a href=\"https:\/\/salecina.ch\/it\/agenda-eventi\/\" class=\"elementor-sub-item\">agenda &amp; eventi<\/a><\/li>\n\t<li class=\"menu-item menu-item-type-post_type menu-item-object-page menu-item-3597\"><a href=\"https:\/\/salecina.ch\/it\/foto-media\/\" class=\"elementor-sub-item\">foto &amp; media<\/a><\/li>\n<\/ul>\n<\/li>\n<li class=\"menu-item menu-item-type-post_type menu-item-object-page menu-item-has-children menu-item-3665\"><a href=\"https:\/\/salecina.ch\/it\/casa-storia\/\" class=\"elementor-item\">CASA &amp; STORIA<\/a>\n<ul class=\"sub-menu elementor-nav-menu--dropdown\">\n\t<li class=\"menu-item menu-item-type-post_type menu-item-object-page menu-item-3677\"><a href=\"https:\/\/salecina.ch\/it\/posizione-ambiente\/\" class=\"elementor-sub-item\">posizione &amp; ambiente<\/a><\/li>\n\t<li class=\"menu-item menu-item-type-post_type menu-item-object-page menu-item-3691\"><a href=\"https:\/\/salecina.ch\/it\/storia-storie\/\" class=\"elementor-sub-item\">storia &amp; storie<\/a><\/li>\n\t<li class=\"menu-item menu-item-type-post_type menu-item-object-page menu-item-3696\"><a href=\"https:\/\/salecina.ch\/it\/team-idea\/\" class=\"elementor-sub-item\">team &amp; idea<\/a><\/li>\n<\/ul>\n<\/li>\n<li class=\"menu-item menu-item-type-post_type menu-item-object-page menu-item-has-children menu-item-3711\"><a href=\"https:\/\/salecina.ch\/it\/contatti-prenotazioni\/\" class=\"elementor-item\">CONTATTI &#038; INFO<\/a>\n<ul class=\"sub-menu elementor-nav-menu--dropdown\">\n\t<li class=\"menu-item menu-item-type-post_type menu-item-object-page menu-item-3717\"><a href=\"https:\/\/salecina.ch\/it\/prezzi-prenotazioni\/\" class=\"elementor-sub-item\">prezzi<\/a><\/li>\n\t<li class=\"menu-item menu-item-type-post_type menu-item-object-page menu-item-3735\"><a href=\"https:\/\/salecina.ch\/it\/arrivo-informazioni\/\" class=\"elementor-sub-item\">arrivo &amp; informazioni<\/a><\/li>\n\t<li class=\"menu-item menu-item-type-post_type menu-item-object-page menu-item-3754\"><a href=\"https:\/\/salecina.ch\/it\/link-faq\/\" class=\"elementor-sub-item\">link &amp; FAQ<\/a><\/li>\n<\/ul>\n<\/li>\n<li class=\"menu-item wpml-ls-slot-5 wpml-ls-item wpml-ls-item-de wpml-ls-menu-item wpml-ls-first-item menu-item-type-wpml_ls_menu_item menu-item-object-wpml_ls_menu_item menu-item-wpml-ls-5-de\"><a href=\"https:\/\/salecina.ch\" class=\"elementor-item\"><img decoding=\"async\"\n            class=\"wpml-ls-flag\"\n            src=\"https:\/\/salecina.ch\/wp-content\/plugins\/sitepress-multilingual-cms\/res\/flags\/de.png\"\n            alt=\"Tedesco\"\n            \n            \n    \/><\/a><\/li>\n<li class=\"menu-item wpml-ls-slot-5 wpml-ls-item wpml-ls-item-fr wpml-ls-menu-item menu-item-type-wpml_ls_menu_item menu-item-object-wpml_ls_menu_item menu-item-wpml-ls-5-fr\"><a href=\"https:\/\/salecina.ch\/fr\/\" class=\"elementor-item\"><img decoding=\"async\"\n            class=\"wpml-ls-flag\"\n            src=\"https:\/\/salecina.ch\/wp-content\/plugins\/sitepress-multilingual-cms\/res\/flags\/fr.png\"\n            alt=\"Francese\"\n            \n            \n    \/><\/a><\/li>\n<li class=\"menu-item wpml-ls-slot-5 wpml-ls-item wpml-ls-item-en wpml-ls-menu-item wpml-ls-last-item menu-item-type-wpml_ls_menu_item menu-item-object-wpml_ls_menu_item menu-item-wpml-ls-5-en\"><a href=\"https:\/\/salecina.ch\/en\/\" class=\"elementor-item\"><img decoding=\"async\"\n            class=\"wpml-ls-flag\"\n            src=\"https:\/\/salecina.ch\/wp-content\/plugins\/sitepress-multilingual-cms\/res\/flags\/en.png\"\n            alt=\"Inglese\"\n            \n            \n    \/><\/a><\/li>\n<\/ul>\t\t\t<\/nav>\n\t\t\t\t\t<div class=\"elementor-menu-toggle\" role=\"button\" tabindex=\"0\" aria-label=\"Menu di commutazione\" aria-expanded=\"false\">\n\t\t\t<i aria-hidden=\"true\" role=\"presentation\" class=\"elementor-menu-toggle__icon--open eicon-menu-bar\"><\/i><i aria-hidden=\"true\" role=\"presentation\" class=\"elementor-menu-toggle__icon--close eicon-close\"><\/i>\t\t<\/div>\n\t\t\t\t\t<nav class=\"elementor-nav-menu--dropdown elementor-nav-menu__container\" aria-hidden=\"true\">\n\t\t\t\t<ul id=\"menu-2-39a0e59\" class=\"elementor-nav-menu\"><li class=\"menu-item menu-item-type-custom menu-item-object-custom menu-item-3774\"><a href=\"#\" class=\"elementor-item elementor-item-anchor\" tabindex=\"-1\"><img decoding=\"async\" src=\"https:\/\/salecina.ch\/wp-content\/uploads\/2021\/08\/Logo-Salecina-definitiv-1.svg\" style=\"height:auto; width:5vw; background-color:#FFFFFF;\"><\/a><\/li>\n<li class=\"menu-item menu-item-type-custom menu-item-object-custom menu-item-5115\"><a target=\"_blank\" href=\"https:\/\/hostels.assd.com\/crs4.php?goto=10&#038;cust=410526&#038;type=040&#038;langcrs=X\" class=\"elementor-item\" tabindex=\"-1\">PRENOTAZIONI<\/a><\/li>\n<li class=\"menu-item menu-item-type-post_type menu-item-object-page menu-item-home menu-item-823\"><a href=\"https:\/\/salecina.ch\/it\/\" class=\"elementor-item\" tabindex=\"-1\">SALECINA<\/a><\/li>\n<li class=\"menu-item menu-item-type-post_type menu-item-object-page menu-item-has-children menu-item-501\"><a href=\"https:\/\/salecina.ch\/it\/mangiare-dormire\/\" class=\"elementor-item\" tabindex=\"-1\">MANGIARE &amp; DORMIRE<\/a>\n<ul class=\"sub-menu elementor-nav-menu--dropdown\">\n\t<li class=\"menu-item menu-item-type-post_type menu-item-object-page menu-item-824\"><a href=\"https:\/\/salecina.ch\/it\/personale-ospiti\/\" class=\"elementor-sub-item\" tabindex=\"-1\">personale &amp; ospiti<\/a><\/li>\n\t<li class=\"menu-item menu-item-type-post_type menu-item-object-page menu-item-3509\"><a href=\"https:\/\/salecina.ch\/it\/camere-servizi\/\" class=\"elementor-sub-item\" tabindex=\"-1\">camere &amp; servizi<\/a><\/li>\n<\/ul>\n<\/li>\n<li class=\"menu-item menu-item-type-post_type menu-item-object-page menu-item-has-children menu-item-3525\"><a href=\"https:\/\/salecina.ch\/it\/incontro-movimento\/\" class=\"elementor-item\" tabindex=\"-1\">INCONTRO &amp; MOVIMENTO<\/a>\n<ul class=\"sub-menu elementor-nav-menu--dropdown\">\n\t<li class=\"menu-item menu-item-type-post_type menu-item-object-page menu-item-3531\"><a href=\"https:\/\/salecina.ch\/it\/persone-idee\/\" class=\"elementor-sub-item\" tabindex=\"-1\">persone &amp; idee<\/a><\/li>\n\t<li class=\"menu-item menu-item-type-post_type menu-item-object-page menu-item-3551\"><a href=\"https:\/\/salecina.ch\/it\/politica-cultura\/\" class=\"elementor-sub-item\" tabindex=\"-1\">politica &amp; cultura<\/a><\/li>\n\t<li class=\"menu-item menu-item-type-post_type menu-item-object-page menu-item-3572\"><a href=\"https:\/\/salecina.ch\/it\/agenda-eventi\/\" class=\"elementor-sub-item\" tabindex=\"-1\">agenda &amp; eventi<\/a><\/li>\n\t<li class=\"menu-item menu-item-type-post_type menu-item-object-page menu-item-3597\"><a href=\"https:\/\/salecina.ch\/it\/foto-media\/\" class=\"elementor-sub-item\" tabindex=\"-1\">foto &amp; media<\/a><\/li>\n<\/ul>\n<\/li>\n<li class=\"menu-item menu-item-type-post_type menu-item-object-page menu-item-has-children menu-item-3665\"><a href=\"https:\/\/salecina.ch\/it\/casa-storia\/\" class=\"elementor-item\" tabindex=\"-1\">CASA &amp; STORIA<\/a>\n<ul class=\"sub-menu elementor-nav-menu--dropdown\">\n\t<li class=\"menu-item menu-item-type-post_type menu-item-object-page menu-item-3677\"><a href=\"https:\/\/salecina.ch\/it\/posizione-ambiente\/\" class=\"elementor-sub-item\" tabindex=\"-1\">posizione &amp; ambiente<\/a><\/li>\n\t<li class=\"menu-item menu-item-type-post_type menu-item-object-page menu-item-3691\"><a href=\"https:\/\/salecina.ch\/it\/storia-storie\/\" class=\"elementor-sub-item\" tabindex=\"-1\">storia &amp; storie<\/a><\/li>\n\t<li class=\"menu-item menu-item-type-post_type menu-item-object-page menu-item-3696\"><a href=\"https:\/\/salecina.ch\/it\/team-idea\/\" class=\"elementor-sub-item\" tabindex=\"-1\">team &amp; idea<\/a><\/li>\n<\/ul>\n<\/li>\n<li class=\"menu-item menu-item-type-post_type menu-item-object-page menu-item-has-children menu-item-3711\"><a href=\"https:\/\/salecina.ch\/it\/contatti-prenotazioni\/\" class=\"elementor-item\" tabindex=\"-1\">CONTATTI &#038; INFO<\/a>\n<ul class=\"sub-menu elementor-nav-menu--dropdown\">\n\t<li class=\"menu-item menu-item-type-post_type menu-item-object-page menu-item-3717\"><a href=\"https:\/\/salecina.ch\/it\/prezzi-prenotazioni\/\" class=\"elementor-sub-item\" tabindex=\"-1\">prezzi<\/a><\/li>\n\t<li class=\"menu-item menu-item-type-post_type menu-item-object-page menu-item-3735\"><a href=\"https:\/\/salecina.ch\/it\/arrivo-informazioni\/\" class=\"elementor-sub-item\" tabindex=\"-1\">arrivo &amp; informazioni<\/a><\/li>\n\t<li class=\"menu-item menu-item-type-post_type menu-item-object-page menu-item-3754\"><a href=\"https:\/\/salecina.ch\/it\/link-faq\/\" class=\"elementor-sub-item\" tabindex=\"-1\">link &amp; FAQ<\/a><\/li>\n<\/ul>\n<\/li>\n<li class=\"menu-item wpml-ls-slot-5 wpml-ls-item wpml-ls-item-de wpml-ls-menu-item wpml-ls-first-item menu-item-type-wpml_ls_menu_item menu-item-object-wpml_ls_menu_item menu-item-wpml-ls-5-de\"><a href=\"https:\/\/salecina.ch\" class=\"elementor-item\" tabindex=\"-1\"><img decoding=\"async\"\n            class=\"wpml-ls-flag\"\n            src=\"https:\/\/salecina.ch\/wp-content\/plugins\/sitepress-multilingual-cms\/res\/flags\/de.png\"\n            alt=\"Tedesco\"\n            \n            \n    \/><\/a><\/li>\n<li class=\"menu-item wpml-ls-slot-5 wpml-ls-item wpml-ls-item-fr wpml-ls-menu-item menu-item-type-wpml_ls_menu_item menu-item-object-wpml_ls_menu_item menu-item-wpml-ls-5-fr\"><a href=\"https:\/\/salecina.ch\/fr\/\" class=\"elementor-item\" tabindex=\"-1\"><img decoding=\"async\"\n            class=\"wpml-ls-flag\"\n            src=\"https:\/\/salecina.ch\/wp-content\/plugins\/sitepress-multilingual-cms\/res\/flags\/fr.png\"\n            alt=\"Francese\"\n            \n            \n    \/><\/a><\/li>\n<li class=\"menu-item wpml-ls-slot-5 wpml-ls-item wpml-ls-item-en wpml-ls-menu-item wpml-ls-last-item menu-item-type-wpml_ls_menu_item menu-item-object-wpml_ls_menu_item menu-item-wpml-ls-5-en\"><a href=\"https:\/\/salecina.ch\/en\/\" class=\"elementor-item\" tabindex=\"-1\"><img decoding=\"async\"\n            class=\"wpml-ls-flag\"\n            src=\"https:\/\/salecina.ch\/wp-content\/plugins\/sitepress-multilingual-cms\/res\/flags\/en.png\"\n            alt=\"Inglese\"\n            \n            \n    \/><\/a><\/li>\n<\/ul>\t\t\t<\/nav>\n\t\t\t\t\t\t<\/div>\n\t\t\t\t<\/div>\n\t\t\t\t\t<\/div>\n\t\t<\/div>\n\t\t\t\t\t<\/div>\n\t\t<\/section>\n\t\t\t\t<\/div>\n\t\t<\/div>\n\t\t\t\t\t\t<\/div>\n\t\t\t\t<\/div>\n\t\t\t\t\t<\/div>\n\t\t<\/div>\n\t\t\t\t\t<\/div>\n\t\t<\/section>\n\t\t\t\t<section class=\"elementor-section elementor-top-section elementor-element elementor-element-4c64421a elementor-section-boxed elementor-section-height-default elementor-section-height-default\" data-id=\"4c64421a\" data-element_type=\"section\" data-e-type=\"section\">\n\t\t\t\t\t\t<div class=\"elementor-container elementor-column-gap-default\">\n\t\t\t\t\t<div class=\"elementor-column elementor-col-100 elementor-top-column elementor-element elementor-element-55b7c8bc\" data-id=\"55b7c8bc\" data-element_type=\"column\" data-e-type=\"column\">\n\t\t\t<div class=\"elementor-widget-wrap elementor-element-populated\">\n\t\t\t\t\t\t\t<\/div>\n\t\t<\/div>\n\t\t\t\t\t<\/div>\n\t\t<\/section>\n\t\t\t\t<section class=\"elementor-section elementor-top-section elementor-element elementor-element-5c98660b elementor-section-boxed elementor-section-height-default elementor-section-height-default\" data-id=\"5c98660b\" data-element_type=\"section\" data-e-type=\"section\" data-settings=\"{&quot;background_background&quot;:&quot;classic&quot;}\">\n\t\t\t\t\t\t<div class=\"elementor-container elementor-column-gap-default\">\n\t\t\t\t\t<div data-dce-background-color=\"#FFFFFF\" class=\"elementor-column elementor-col-100 elementor-top-column elementor-element elementor-element-456a848a\" data-id=\"456a848a\" data-element_type=\"column\" data-e-type=\"column\" data-settings=\"{&quot;background_background&quot;:&quot;classic&quot;}\">\n\t\t\t<div class=\"elementor-widget-wrap elementor-element-populated\">\n\t\t\t\t\t\t<section class=\"elementor-section elementor-inner-section elementor-element elementor-element-1367f1d9 elementor-section-boxed elementor-section-height-default elementor-section-height-default\" data-id=\"1367f1d9\" data-element_type=\"section\" data-e-type=\"section\">\n\t\t\t\t\t\t<div class=\"elementor-container elementor-column-gap-default\">\n\t\t\t\t\t<div class=\"elementor-column elementor-col-50 elementor-inner-column elementor-element elementor-element-31e68beb\" data-id=\"31e68beb\" data-element_type=\"column\" data-e-type=\"column\" data-settings=\"{&quot;background_background&quot;:&quot;classic&quot;}\">\n\t\t\t<div class=\"elementor-widget-wrap elementor-element-populated\">\n\t\t\t\t\t\t<div class=\"elementor-element elementor-element-5cd436e2 dce_masking-none elementor-widget elementor-widget-image\" data-id=\"5cd436e2\" data-element_type=\"widget\" data-e-type=\"widget\" data-widget_type=\"image.default\">\n\t\t\t\t<div class=\"elementor-widget-container\">\n\t\t\t\t\t\t\t\t\t\t\t\t\t\t\t<img fetchpriority=\"high\" decoding=\"async\" width=\"1000\" height=\"290\" src=\"https:\/\/salecina.ch\/wp-content\/uploads\/2021\/08\/2013-07-20_4_Alessandro_Perini-neu.jpg\" class=\"attachment-full size-full wp-image-2435\" alt=\"\" srcset=\"https:\/\/salecina.ch\/wp-content\/uploads\/2021\/08\/2013-07-20_4_Alessandro_Perini-neu.jpg 1000w, https:\/\/salecina.ch\/wp-content\/uploads\/2021\/08\/2013-07-20_4_Alessandro_Perini-neu-300x87.jpg 300w, https:\/\/salecina.ch\/wp-content\/uploads\/2021\/08\/2013-07-20_4_Alessandro_Perini-neu-768x223.jpg 768w\" sizes=\"(max-width: 1000px) 100vw, 1000px\" \/>\t\t\t\t\t\t\t\t\t\t\t\t\t\t\t<\/div>\n\t\t\t\t<\/div>\n\t\t\t\t<div class=\"elementor-element elementor-element-aca7575 elementor-widget elementor-widget-text-editor\" data-id=\"aca7575\" data-element_type=\"widget\" data-e-type=\"widget\" data-widget_type=\"text-editor.default\">\n\t\t\t\t<div class=\"elementor-widget-container\">\n\t\t\t\t\t\t\t\t\t<h4>Con i mezzi pubblici, perch\u00e9 il clima vale per noi!<\/h4><p>Salecina ha dichiarato l&#8217;emergenza climatica e sostiene l&#8217;obiettivo dello Sciopero climatico della Svizzera. Per raggiungere questo obiettivo, nella primavera del 2022 il Consiglio di Salecina ha adottato misure di protezione del clima di ampia portata. Ad esempio, vorremmo incentivare un maggior numero di ospiti a non utilizzare pi\u00f9 auto a benzina o diesel per spostarsi da e verso Salecina. \u00c8 qui che Salecina produce di gran lunga la maggior parte dei gas serra (83%).<\/p><p><strong>Contributo per la protezione del clima per gli ospiti che viaggiano in auto<\/strong><\/p><p>Il 1\u00b0 gennaio 2024 \u00e8 entrato in vigore il contributo per la protezione del clima richiesto a chi arriva a Salecina in automobile. Il contributo \u00e8 destinato ad alimentare il fondo di Salecina per il clima. \u00c8 riscosso per ogni veicolo, indipendentemente dal numero di passeggeri, e si basa sulla distanza percorsa (a partire da 60 franchi). Con questa misura, Salecina mira a ridurre gli spostamenti in automobile e a incoraggiare le persone a viaggiare con i mezzi di trasporto pubblici. Questo perch\u00e9 la maggior parte delle emissioni di CO2e che gravano sul bilancio climatico della casa \u00e8 generata dagli spostamenti in automobili a combustibile fossile da e per Salecina. Chi ha difficolt\u00e0 a usare i trasporti pubblici per motivi di et\u00e0, di malattia, di disabilit\u00e0, familiari o personali \u00e8 esentato dal versamento del contributo. L&#8217;esenzione si basa su un&#8217;autovalutazione e pu\u00f2 essere comunicata al team senza ulteriori spiegazioni. Le persone per le quali il viaggio in treno o in autopostale costituisce un ostacolo finanziario possono richiedere a Salecina un sostegno per utilizzare i mezzi pubblici, alimentato con il fondo per il clima. In futuro il fondo di Salecina per il clima servir\u00e0 anche a finanziare progetti della casa per la protezione del clima e iniziative di politica climatica.<\/p><h4>Con i mezzi pubblici:<\/h4><p><strong><span lang=\"it\"><span title=\"Mobilit\u00e4t vor Ort \">Mezzi pubblici inclusi nel soggiorno!<\/span><\/span><span id=\"result_box\" lang=\"it\"><span title=\"Mobilit\u00e4t vor Ort \"><br \/><\/span><\/span><\/strong><span id=\"result_box\" lang=\"it\"><span title=\"G\u00e4ste, welche zwei und mehr N\u00e4chte in Salecina verbringen erhalten den \u00f6ffentlichen Verkehr gleich mit dazu.\">Gli ospiti che trascorrono <strong>due o pi\u00f9 notti a Salecina<\/strong> otterranno il trasporto pubblico gratis\u00a0<span title=\"Ob mit dem Engadin Bus, dem Ortsbus St. Moritz, PostAuto oder der Rh\u00e4tischen Bahn \u2013 bist du w\u00e4hrend deines Aufenthaltes sorglos und komplett flexibel im Oberengadin unterwegs zwischen Maloja, Spinas, Cinuos-chel und Alp Gr\u00fcm.\">per tutto il soggiorno<\/span>\u00a0<span title=\"Ob mit dem Engadin Bus, dem Ortsbus St. Moritz, PostAuto oder der Rh\u00e4tischen Bahn \u2013 bist du w\u00e4hrend deines Aufenthaltes sorglos und komplett flexibel im Oberengadin unterwegs zwischen Maloja, Spinas, Cinuos-chel und Alp Gr\u00fcm.\">in Bregalia,\u00a0 Alta Engadina, tra Chiavenna, Maloja, Spinas, Cinuos-chel e Alp Gr\u00fcm,<\/span><\/span><\/span><span id=\"result_box\" lang=\"it\"><span title=\"Ob mit dem Engadin Bus, dem Ortsbus St. Moritz, PostAuto oder der Rh\u00e4tischen Bahn \u2013 bist du w\u00e4hrend deines Aufenthaltes sorglos und komplett flexibel im Oberengadin unterwegs zwischen Maloja, Spinas, Cinuos-chel und Alp Gr\u00fcm.\"> con il bus Engadin, l&#8217;autopostale,\u00a0il bus locale di St. Moritz\u00a0e la Ferrovia Retica. <strong>Il biglietto comprende l&#8217;arrivo e la partenza da e per Chiavenna e\/o St. Moritz<\/strong>. Qualche giorno prima del vostro arrivo riceverete una mail da Engadin Tourismus AG con il link per compilare e scaricare il biglietto.<\/span><\/span><\/p><p><strong>Arrivo dall&#8217;Italia<\/strong><span id=\"result_box\" lang=\"it\"><br \/>Con il treno da Milano (via Colico) fino alla stazione di Chiavenna. Dal piazzale della stazione parte il bus postale giallo verso la Svizzera in direzione St. Moritz. Da Chiavenna l&#8217;autobus viaggia ogni ora direttamente fino a Maloja. Arrivati a Maloja, scendete alla fermata C\u00e0 d&#8217;Mat\u00e9, oppure Maloja Posta. Se viaggiate coi mezzi pubblici e siete in possesso del nostro biglietto &#8220;mezzi pubblici inclusi&#8221; la tratta Chiavenna Maloja e ritorno non vi coster\u00e0 nulla. Altrimenti acquistate un normale biglietto <\/span><span id=\"result_box\" lang=\"it\">direttamente sull&#8217;autobus,<\/span><span id=\"result_box\" lang=\"it\"> alla stazione di Chiavenna oppure <\/span><span id=\"result_box\" lang=\"it\">online su www.sbb.ch.<\/span><\/p><p><span id=\"result_box\" lang=\"it\"><span title=\"Anreise ab der Schweiz (und Konstanz) \"><strong>Arrivo dalla Svizzera (e Costanza)<br \/><\/strong>Con il treno (via Coira) fino a St. Moritz, poi con il bus postale per Maloja (fermata\u00a0<\/span><\/span><span id=\"result_box\" lang=\"it\"><span title=\"Anreise ab der Schweiz (und Konstanz) \">&#8220;Maloja Posta&#8221;<\/span><\/span><span id=\"result_box\" lang=\"it\"><span title=\"Anreise ab der Schweiz (und Konstanz) \">, oppure\u00a0<\/span><\/span><span id=\"result_box\" lang=\"it\"><span title=\"Anreise ab der Schweiz (und Konstanz) \">&#8220;C\u00e0 d&#8217;Mat\u00e8&#8221;<\/span><\/span><span id=\"result_box\" lang=\"it\"><span title=\"Anreise ab der Schweiz (und Konstanz) \">).<br \/><\/span><span title=\"Vom Mittelland her wurde vor einigen Jahren durch die Einf\u00fchrung der schnellen Verbindungen \u00fcber den Vereinatunnel die Fahrt nach Maloja um eine halbe Stunde verk\u00fcrzt.\">L&#8217;introduzione del collegamento veloce attraverso il Tunnel della Vereina ha accorciato di mezz&#8217;ora il viaggio verso Maloja. <strong>Il biglietto &#8220;mezzi pubblici inclusi&#8221; vale in questo caso da (e per) Spinas.<\/strong><\/span><\/span><\/p><p><strong>Alternative per il viaggio d&#8217;arrivo:<\/strong>\u00a0si pu\u00f2 raggiungere Salecina attraverso il passo del Bernina arrivando dalla Valtellina, o attraverso il passo Julier passando da Lugano, oppure attraverso la valle dell&#8217;Inn da Landeck. Questi percorsi rendono il semplice viaggio verso Salecina un&#8217;esperienza paesaggistica sempre nuova ed emozionante.<br \/><strong>Il biglietto &#8220;mezzi pubblici inclusi&#8221; in questo caso \u00e8 valido da (e per) la fermata di Alp Gr\u00fcm.<\/strong><\/p><p><strong>Deposito bagagli<\/strong><br \/>Sul lato sinistro dell&#8217;edificio della posta c&#8217;\u00e8 un armadio chi funge da deposito bagagli. Se occorre chiedete il codice della chiave all&#8217;ufficio di Salecina. Effettuiamo un trasporto al giorno, solitamente verso sera.<\/p><h4>A piedi da Maloja a Salecina<\/h4><p><a href=\"https:\/\/salecina.ch\/wp-content\/uploads\/2021\/08\/Salecina_417.jpg\"><img decoding=\"async\" class=\"size-medium wp-image-2436 float-start me-2 alignleft\" src=\"https:\/\/salecina.ch\/wp-content\/uploads\/2021\/08\/Salecina_417-300x200.jpg\" alt=\"\" width=\"300\" height=\"200\" srcset=\"https:\/\/salecina.ch\/wp-content\/uploads\/2021\/08\/Salecina_417-300x200.jpg 300w, https:\/\/salecina.ch\/wp-content\/uploads\/2021\/08\/Salecina_417.jpg 640w\" sizes=\"(max-width: 300px) 100vw, 300px\" \/><\/a>Dalla fermata Maloja Posta ci vogliono 20 minuti a piedi per raggiungere Salecina lungo il sentiero per il lago Cavloccio e la Valle del Forno (vedi cartina<span class=\"tlid-translation translation\" lang=\"it\">).<br \/><\/span><\/p><p><span class=\"tlid-translation translation\" lang=\"it\">Ci sono due diversi sentieri per l&#8217;estate e per l&#8217;inverno che portano a Salecina. Dopo le prime nevicate e in primavera durante lo scioglimento della neve, per\u00f2, l&#8217;uso di entrambi i percorsi pu\u00f2 essere difficoltoso, quindi consigliamo di prendere la strada.<\/span><\/p><p><strong>Sentiero estivo (da maggio a fine novembre)<\/strong>:<br \/><a href=\"https:\/\/salecina.ch\/wp-content\/uploads\/2021\/08\/P1010884.jpg\"><img decoding=\"async\" class=\"alignnone size-medium wp-image-2440 float-start me-2\" src=\"https:\/\/salecina.ch\/wp-content\/uploads\/2021\/08\/P1010884-200x300.jpg\" alt=\"\" width=\"200\" height=\"300\" srcset=\"https:\/\/salecina.ch\/wp-content\/uploads\/2021\/08\/P1010884-200x300.jpg 200w, https:\/\/salecina.ch\/wp-content\/uploads\/2021\/08\/P1010884.jpg 427w\" sizes=\"(max-width: 200px) 100vw, 200px\" \/><\/a>Dalla fermata &#8220;Maloja\u00a0<span class=\"tlid-translation translation\" lang=\"it\">Cad&#8217;Mat\u00e9<\/span><span class=\"tlid-translation translation\" lang=\"it\">&#8220;, sulla destra del negozio di sport Giacometti, percorrete un tratto di strada asfaltata. Terminato l&#8217;asfalto seguite il sentiero sulla vostra destra. Dopo aver superato l&#8217;ultima casa sulla destra, pi\u00fa avanti troverete due piccoli ponti di legno e una vecchia stalla. Da qui potete riconoscere la casa di Salecina.<\/span><\/p><p><strong>Sentiero invernale (circa da Natale a met\u00e0 aprile):<\/strong><br \/>Dalla fermata &#8220;Maloja Posta&#8221;, o dalla fermata &#8220;Maloja\u00a0Cad&#8217;Mat\u00e9&#8221; seguite la strada principale in direzione della Bragaglia fino all&#8217;Hotel Kulm che si trova poco fuori dal villaggio, all&#8217;inizio del valico.<br \/>Circa 20 metri dopo l&#8217;Hotel Kulm inizia il sentiero invernale, sempre sulla sinistra della strada principale, segnato da pali rosa. Dopo circa 100 metri si incrociano le piste di fondo (segnate da pali azzurri), dopo pochi metri a un bivio si riprende il sentiero invernale, tenendo la destra. Il sentiero passa sotto lo skilift per bambini e incrocia ancora una volta le piste di fondo, seguite i pali rosa fino alla strada che, a sinistra, dopo circa 50 metri porta a Salecina.<\/p><p><strong>Lungo la strada (facile da trovare, ma da percorrere a piedi sulla strada del passo):<\/strong>\u00a0Consigliamo questo percorso a piedi di notte quando il sentiero escursionistico \u00e8 difficile da trovare o nei periodi di transizione tra una stagione e l\u2019altra, quando i sentieri non sono cos\u00ec accessibili. Portatevi una torcia perch\u00e9 non c&#8217;\u00e8 il marciapiede, ma camminate direttamente sulla strada del passo. Scendete dall&#8217;autobus a Maloja Posta o Maloja Cad&#8217;Mat\u00e9 e seguite la strada principale in direzione della Val Bregaglia, cio\u00e8 nella direzione da cui siete arrivati con l&#8217;autobus. Dopo l&#8217;Hotel Kulm, dove termina il marciapiede, proseguite sulla strada per circa 100 mt (attenzione alle macchine) fino a svoltare a sinistra in una strada asfaltata con indicazione \u201cSalecina\u201d. Seguendo questa strada si attraversa un ampio parcheggio e poi si prosegue su una stradina sterrata per altri 750m fino ad arrivare a Salecina.<\/p><p><span class=\"VIiyi\" lang=\"it\"><span class=\"JLqJ4b ChMk0b\" data-language-for-alternatives=\"it\" data-language-to-translate-into=\"de\" data-phrase-index=\"0\">Il nostro deposito bagagli non pu\u00f2 essere utilizzato fino a giugno 2021 a causa di lavori di ristrutturazione.<\/span>\u00a0<span class=\"JLqJ4b ChMk0b\" data-language-for-alternatives=\"it\" data-language-to-translate-into=\"de\" data-phrase-index=\"1\">Attualmente quindi effettuiamo il trasporto dei bagagli solo se \u00e8 strettamente necessario.<\/span>\u00a0<span class=\"JLqJ4b ChMk0b\" data-language-for-alternatives=\"it\" data-language-to-translate-into=\"de\" data-phrase-index=\"2\">Cercate di avere il bagaglio di dimensioni tali (e preferibilmente uno zaino anzich\u00e9 una valigia) da poterlo portare a piedi a Salecina in circa 20 minuti di cammino.<\/span>\u00a0<span class=\"JLqJ4b ChMk0b\" data-language-for-alternatives=\"it\" data-language-to-translate-into=\"de\" data-phrase-index=\"3\">In casi urgenti contattateci per tempo.<\/span><\/span><\/p><p><strong>In auto solo se assolutamente necessario:<\/strong><br \/>L&#8217;auto (a carburante fossile) \u00e8 indispensabile? A Salecina\u00a0 \u00e8 prevista una tariffa minima di CO2e di 60 euro da pagare per veicolo, indipendentemente dal numero di persone in auto e dalla durata del soggiorno.\u00a0<\/p><p><strong><img loading=\"lazy\" decoding=\"async\" class=\" size-medium wp-image-2444 float-start me-2\" src=\"https:\/\/salecina.ch\/wp-content\/uploads\/2021\/08\/Salecina-Film-97-300x200.jpg\" alt=\"\" width=\"300\" height=\"200\" srcset=\"https:\/\/salecina.ch\/wp-content\/uploads\/2021\/08\/Salecina-Film-97-300x200.jpg 300w, https:\/\/salecina.ch\/wp-content\/uploads\/2021\/08\/Salecina-Film-97.jpg 640w\" sizes=\"(max-width: 300px) 100vw, 300px\" \/><\/strong>Arrivando dall&#8217;Italia\/dalla Val Bregaglia:\u00a0in prossimit\u00e0 del passo Maloja la deviazione sulla destra \u00e8 segnalata con il cartello &#8220;Salecina&#8221; (cartello marrone) e &#8220;P 300m&#8221;, subito dopo il grande cartello con la descrizione di tutti i parcheggi del paese di Maloja.<\/p><p>Arrivando dall&#8217;Engadina: superato l&#8217;albergo (chiuso) Maloja Kulm, troverete la stessa deviazione &#8220;Salecina&#8221; (cartello marrone) e &#8220;P 300m&#8221; alla vostra sinistra.<\/p><p>Il posteggio gratuito si trova a 5 minuti a piedi dalla casa.<\/p><p>L&#8217;accesso con l&#8217;auto fino alla casa di Salecina \u00e8 permesso solo per il carico\/scarico dei bagagli.<\/p>\t\t\t\t\t\t\t\t<\/div>\n\t\t\t\t<\/div>\n\t\t\t\t<div class=\"elementor-element elementor-element-da9fc71 elementor-widget elementor-widget-html\" data-id=\"da9fc71\" data-element_type=\"widget\" data-e-type=\"widget\" data-widget_type=\"html.default\">\n\t\t\t\t<div class=\"elementor-widget-container\">\n\t\t\t\t\t<iframe src=\"https:\/\/www.google.com\/maps\/d\/embed?mid=1NlVkvIN3tiQN1pbxNFMOnWP9k8A\" width=\"640\" height=\"480\"><\/iframe>\t\t\t\t<\/div>\n\t\t\t\t<\/div>\n\t\t\t\t\t<\/div>\n\t\t<\/div>\n\t\t\t\t<div class=\"elementor-column elementor-col-50 elementor-inner-column elementor-element elementor-element-32ad441a\" data-id=\"32ad441a\" data-element_type=\"column\" data-e-type=\"column\">\n\t\t\t<div class=\"elementor-widget-wrap elementor-element-populated\">\n\t\t\t\t\t\t<div class=\"elementor-element elementor-element-cd0d4c2 dce_masking-none elementor-widget elementor-widget-image\" data-id=\"cd0d4c2\" data-element_type=\"widget\" data-e-type=\"widget\" data-widget_type=\"image.default\">\n\t\t\t\t<div class=\"elementor-widget-container\">\n\t\t\t\t\t\t\t\t\t\t\t\t\t\t\t\t<a href=\"https:\/\/salecina.ch\/wp-content\/uploads\/2021\/08\/Unbenannt-1-1.png\" data-elementor-open-lightbox=\"yes\" data-elementor-lightbox-title=\"Unbenannt-1\" data-e-action-hash=\"#elementor-action%3Aaction%3Dlightbox%26settings%3DeyJpZCI6MjQ2NywidXJsIjoiaHR0cHM6XC9cL3NhbGVjaW5hLmNoXC93cC1jb250ZW50XC91cGxvYWRzXC8yMDIxXC8wOFwvVW5iZW5hbm50LTEtMS5wbmcifQ%3D%3D\">\n\t\t\t\t\t\t\t<img loading=\"lazy\" decoding=\"async\" width=\"450\" height=\"636\" src=\"https:\/\/salecina.ch\/wp-content\/uploads\/2021\/08\/Unbenannt-1-1.png\" class=\"attachment-large size-large wp-image-2467\" alt=\"\" srcset=\"https:\/\/salecina.ch\/wp-content\/uploads\/2021\/08\/Unbenannt-1-1.png 450w, https:\/\/salecina.ch\/wp-content\/uploads\/2021\/08\/Unbenannt-1-1-212x300.png 212w\" sizes=\"(max-width: 450px) 100vw, 450px\" \/>\t\t\t\t\t\t\t\t<\/a>\n\t\t\t\t\t\t\t\t\t\t\t\t\t\t\t<\/div>\n\t\t\t\t<\/div>\n\t\t\t\t<div class=\"elementor-element elementor-element-37bab2d dce_masking-none elementor-widget elementor-widget-image\" data-id=\"37bab2d\" data-element_type=\"widget\" data-e-type=\"widget\" data-widget_type=\"image.default\">\n\t\t\t\t<div class=\"elementor-widget-container\">\n\t\t\t\t\t\t\t\t\t\t\t\t\t\t\t<img loading=\"lazy\" decoding=\"async\" width=\"275\" height=\"86\" src=\"https:\/\/salecina.ch\/wp-content\/uploads\/2021\/08\/Logo-Salecina-definitiv-RGB.png\" class=\"attachment-large size-large wp-image-2427\" alt=\"\" \/>\t\t\t\t\t\t\t\t\t\t\t\t\t\t\t<\/div>\n\t\t\t\t<\/div>\n\t\t\t\t<div class=\"elementor-element elementor-element-48b01b3 elementor-widget elementor-widget-text-editor\" data-id=\"48b01b3\" data-element_type=\"widget\" data-e-type=\"widget\" data-widget_type=\"text-editor.default\">\n\t\t\t\t<div class=\"elementor-widget-container\">\n\t\t\t\t\t\t\t\t\t<p>Ferien- und Bildungszentrum<br \/>Centro di vacanze e formazione<br \/>Via Cavlocc 29, CH-7516 Maloja<br \/>Tel: +41 (0)81 824 32 39 \/ Fax: +41 (0)81 824 35 75<br \/><a href=\"mailto:info@salecina.ch\">info@salecina.ch<\/a><\/p>\n\t\t\t\t\t\t\t\t<\/div>\n\t\t\t\t<\/div>\n\t\t\t\t<div data-dce-advanced-background-color=\"#DCDCDC\" class=\"elementor-element elementor-element-07b05c9 elementor-widget elementor-widget-text-editor\" data-id=\"07b05c9\" data-element_type=\"widget\" data-e-type=\"widget\" data-widget_type=\"text-editor.default\">\n\t\t\t\t<div class=\"elementor-widget-container\">\n\t\t\t\t\t\t\t\t\t<h3 style=\"line-height: 1.1; margin-top: 20px; margin-bottom: 10px; font-size: 24px;\">Link utili per i trasporti:<\/h3><ul><li>Ferrovie svizzere (pagine in IT, DE, EN, FR)<br \/><a href=\"http:\/\/www.ffs.ch\/home.html\" target=\"_blank\" rel=\"noopener\">http:\/\/www.ffs.ch\/home.html<\/a><\/li><li>Ferrovie italiane (pagine in IT, EN)<br \/><a href=\"http:\/\/www.trenitalia.com\/\" target=\"_blank\" rel=\"noopener\">http:\/\/www.trenitalia.com\/<\/a><\/li><li><a href=\"http:\/\/www.autopostale.ch\/\" target=\"_blank\" rel=\"noopener\">www.autopostale.ch<\/a>\u00a0(bus postale)<\/li><\/ul><h3><span style=\"font-size: 18pt;\">Meteo:<\/span><\/h3><p>Meteo Svizzera: <a href=\"http:\/\/www.meteoschweiz.admin.ch\/home.html?tab=overview\" target=\"_blank\" rel=\"noopener\">Lokalprognose Maloja<\/a><\/p><p>Meteo Italia: <a href=\"http:\/\/www.meteo.it\/\" target=\"_blank\" rel=\"noopener\">www.meteo.it<\/a><\/p>\t\t\t\t\t\t\t\t<\/div>\n\t\t\t\t<\/div>\n\t\t\t\t<div data-dce-advanced-background-color=\"#DCDCDC\" class=\"elementor-element elementor-element-8825378 elementor-widget elementor-widget-text-editor\" data-id=\"8825378\" data-element_type=\"widget\" data-e-type=\"widget\" data-widget_type=\"text-editor.default\">\n\t\t\t\t<div class=\"elementor-widget-container\">\n\t\t\t\t\t\t\t\t\t<h4>Diversi link utili:<\/h4>\n<ul>\n<li><a href=\"http:\/\/www.bregaglia.ch\/\" target=\"_blank\" rel=\"noopener\">www.bregaglia.ch\/<\/a> (IT, DE)<\/li>\n<li><a href=\"http:\/\/www.engadin.stmoritz.ch\/sommer\/de\/\" target=\"_blank\" rel=\"noopener\">www.engadin.stmoritz.ch\/sommer\/de\/<\/a> (IT, DE, EN, FR, NL, SE)<\/li>\n<li><a href=\"http:\/\/www.comune.chiavenna.so.it\/\" target=\"_blank\" rel=\"noopener\">www.comune.chiavenna.so.it\/<\/a><\/li>\n<\/ul>\n\t\t\t\t\t\t\t\t<\/div>\n\t\t\t\t<\/div>\n\t\t\t\t<div data-dce-advanced-background-color=\"#DCDCDC\" class=\"elementor-element elementor-element-94b2c8f elementor-widget elementor-widget-text-editor\" data-id=\"94b2c8f\" data-element_type=\"widget\" data-e-type=\"widget\" data-widget_type=\"text-editor.default\">\n\t\t\t\t<div class=\"elementor-widget-container\">\n\t\t\t\t\t\t\t\t\t<h4>Infrastrutture Maloja:<\/h4>\n<p>Ufficio postale, fermata bus, bancomat, ristoranti, bar, negozio alimentari, negozio di sport, garage meccanico, ufficio turistico.<\/p>\n\t\t\t\t\t\t\t\t<\/div>\n\t\t\t\t<\/div>\n\t\t\t\t\t<\/div>\n\t\t<\/div>\n\t\t\t\t\t<\/div>\n\t\t<\/section>\n\t\t\t\t\t<\/div>\n\t\t<\/div>\n\t\t\t\t\t<\/div>\n\t\t<\/section>\n\t\t\t\t<section class=\"elementor-section elementor-top-section elementor-element elementor-element-40f9a383 elementor-section-stretched elementor-hidden-phone elementor-section-boxed elementor-section-height-default elementor-section-height-default\" data-id=\"40f9a383\" data-element_type=\"section\" data-e-type=\"section\" data-settings=\"{&quot;stretch_section&quot;:&quot;section-stretched&quot;}\">\n\t\t\t\t\t\t<div class=\"elementor-container elementor-column-gap-default\">\n\t\t\t\t\t<div class=\"elementor-column elementor-col-16 elementor-top-column elementor-element elementor-element-50b30611\" data-id=\"50b30611\" data-element_type=\"column\" data-e-type=\"column\">\n\t\t\t<div class=\"elementor-widget-wrap elementor-element-populated\">\n\t\t\t\t\t\t<div class=\"elementor-element elementor-element-287cec71 elementor-widget elementor-widget-text-editor\" data-id=\"287cec71\" data-element_type=\"widget\" data-e-type=\"widget\" data-widget_type=\"text-editor.default\">\n\t\t\t\t<div class=\"elementor-widget-container\">\n\t\t\t\t\t\t\t\t\t<p><a href=\"https:\/\/salecina.ch\/it\/\"><strong>SALECINA<\/strong><\/a><\/p>\n\t\t\t\t\t\t\t\t<\/div>\n\t\t\t\t<\/div>\n\t\t\t\t\t<\/div>\n\t\t<\/div>\n\t\t\t\t<div class=\"elementor-column elementor-col-16 elementor-top-column elementor-element elementor-element-2dcc6a65\" data-id=\"2dcc6a65\" data-element_type=\"column\" data-e-type=\"column\">\n\t\t\t<div class=\"elementor-widget-wrap elementor-element-populated\">\n\t\t\t\t\t\t<div class=\"elementor-element elementor-element-624420f elementor-widget elementor-widget-text-editor\" data-id=\"624420f\" data-element_type=\"widget\" data-e-type=\"widget\" data-widget_type=\"text-editor.default\">\n\t\t\t\t<div class=\"elementor-widget-container\">\n\t\t\t\t\t\t\t\t\t<p><a href=\"https:\/\/salecina.ch\/it\/mangiare-dormire\/\"><strong>MANGIARE &amp; DORMIRE<\/strong><\/a><\/p>\n<p><a href=\"https:\/\/salecina.ch\/it\/personale-ospiti\/\">personale &amp; ospiti<\/a><\/p>\n<p><a href=\"https:\/\/salecina.ch\/it\/camere-servizi\/\">camere &amp; servizi<\/a><\/p>\n\t\t\t\t\t\t\t\t<\/div>\n\t\t\t\t<\/div>\n\t\t\t\t\t<\/div>\n\t\t<\/div>\n\t\t\t\t<div class=\"elementor-column elementor-col-16 elementor-top-column elementor-element elementor-element-678844d6\" data-id=\"678844d6\" data-element_type=\"column\" data-e-type=\"column\">\n\t\t\t<div class=\"elementor-widget-wrap elementor-element-populated\">\n\t\t\t\t\t\t<div class=\"elementor-element elementor-element-5af3d9d3 elementor-widget elementor-widget-text-editor\" data-id=\"5af3d9d3\" data-element_type=\"widget\" data-e-type=\"widget\" data-widget_type=\"text-editor.default\">\n\t\t\t\t<div class=\"elementor-widget-container\">\n\t\t\t\t\t\t\t\t\t<p><a href=\"https:\/\/salecina.ch\/it\/incontro-movimento\/\"><strong>INCONTRO &amp; MOVIMENTO<\/strong><\/a><\/p>\n<p><a href=\"https:\/\/salecina.ch\/it\/persone-idee\/\">persone &amp; idee<\/a><\/p>\n<p><a href=\"https:\/\/salecina.ch\/salecina\/begegnung-bewegung\/politik-kultur\/\">politica &amp; cultura<\/a><\/p>\n<p><a href=\"https:\/\/salecina.ch\/it\/agenda-eventi\/\">agenda &amp; eventi<\/a><\/p>\n<p><a href=\"https:\/\/salecina.ch\/it\/foto-media\/\">foto &amp; media<\/a><\/p>\n\t\t\t\t\t\t\t\t<\/div>\n\t\t\t\t<\/div>\n\t\t\t\t\t<\/div>\n\t\t<\/div>\n\t\t\t\t<div class=\"elementor-column elementor-col-16 elementor-top-column elementor-element elementor-element-434db477\" data-id=\"434db477\" data-element_type=\"column\" data-e-type=\"column\">\n\t\t\t<div class=\"elementor-widget-wrap elementor-element-populated\">\n\t\t\t\t\t\t<div class=\"elementor-element elementor-element-6d8fde96 elementor-widget elementor-widget-text-editor\" data-id=\"6d8fde96\" data-element_type=\"widget\" data-e-type=\"widget\" data-widget_type=\"text-editor.default\">\n\t\t\t\t<div class=\"elementor-widget-container\">\n\t\t\t\t\t\t\t\t\t<p><a href=\"https:\/\/salecina.ch\/it\/casa-storia\/\"><strong>CASA &amp; STORIA<\/strong><\/a><\/p>\n<p><a href=\"https:\/\/salecina.ch\/it\/posizione-ambiente\/\">posizione &amp; ambiente<\/a><\/p>\n<p><a href=\"https:\/\/salecina.ch\/salecina\/haus-geschichte\/geschichte-geschichten\/\">storia &amp; storie<\/a><\/p>\n<p><a href=\"https:\/\/salecina.ch\/it\/team-idea\/\">team &amp; idea<\/a><\/p>\n\t\t\t\t\t\t\t\t<\/div>\n\t\t\t\t<\/div>\n\t\t\t\t\t<\/div>\n\t\t<\/div>\n\t\t\t\t<div class=\"elementor-column elementor-col-16 elementor-top-column elementor-element elementor-element-a3d4786\" data-id=\"a3d4786\" data-element_type=\"column\" data-e-type=\"column\">\n\t\t\t<div class=\"elementor-widget-wrap elementor-element-populated\">\n\t\t\t\t\t\t<div class=\"elementor-element elementor-element-65fafd83 elementor-widget elementor-widget-text-editor\" data-id=\"65fafd83\" data-element_type=\"widget\" data-e-type=\"widget\" data-widget_type=\"text-editor.default\">\n\t\t\t\t<div class=\"elementor-widget-container\">\n\t\t\t\t\t\t\t\t\t<p><a href=\"https:\/\/salecina.ch\/it\/contatti-prenotazioni\/\"><strong>CONTATTI &amp; PRENOTAZIONI<\/strong><\/a><\/p>\n<p><a href=\"https:\/\/salecina.ch\/it\/prezzi-prenotazioni\/\">prezzi &amp; prenotazioni<\/a><\/p>\n<p><a href=\"https:\/\/salecina.ch\/it\/arrivo-informazioni\/\">arrivo &amp; informazioni<\/a><\/p>\n<p><a href=\"https:\/\/salecina.ch\/links-faq\/\">link &amp; FAQ<\/a><\/p>\n\t\t\t\t\t\t\t\t<\/div>\n\t\t\t\t<\/div>\n\t\t\t\t\t<\/div>\n\t\t<\/div>\n\t\t\t\t<div class=\"elementor-column elementor-col-16 elementor-top-column elementor-element elementor-element-6aa42169\" data-id=\"6aa42169\" data-element_type=\"column\" data-e-type=\"column\">\n\t\t\t<div class=\"elementor-widget-wrap elementor-element-populated\">\n\t\t\t\t\t\t<div class=\"elementor-element elementor-element-34fd22c6 elementor-widget elementor-widget-text-editor\" data-id=\"34fd22c6\" data-element_type=\"widget\" data-e-type=\"widget\" data-widget_type=\"text-editor.default\">\n\t\t\t\t<div class=\"elementor-widget-container\">\n\t\t\t\t\t\t\t\t\t<p><a href=\"https:\/\/salecina.ch\/\">\u00a9 Salecina 2021<\/a><\/p>\n\t\t\t\t\t\t\t\t<\/div>\n\t\t\t\t<\/div>\n\t\t\t\t<div class=\"elementor-element elementor-element-444c587c elementor-shape-square e-grid-align-left elementor-grid-0 elementor-widget elementor-widget-social-icons\" data-id=\"444c587c\" data-element_type=\"widget\" data-e-type=\"widget\" data-widget_type=\"social-icons.default\">\n\t\t\t\t<div class=\"elementor-widget-container\">\n\t\t\t\t\t\t\t<div class=\"elementor-social-icons-wrapper elementor-grid\" role=\"list\">\n\t\t\t\t\t\t\t<span class=\"elementor-grid-item\" role=\"listitem\">\n\t\t\t\t\t<a class=\"elementor-icon elementor-social-icon elementor-social-icon-facebook elementor-animation-shrink elementor-repeater-item-f267571\" target=\"_blank\">\n\t\t\t\t\t\t<span class=\"elementor-screen-only\">Facebook<\/span>\n\t\t\t\t\t\t<i aria-hidden=\"true\" class=\"fab fa-facebook\"><\/i>\t\t\t\t\t<\/a>\n\t\t\t\t<\/span>\n\t\t\t\t\t\t\t<span class=\"elementor-grid-item\" role=\"listitem\">\n\t\t\t\t\t<a class=\"elementor-icon elementor-social-icon elementor-social-icon-twitter elementor-animation-shrink elementor-repeater-item-18f95d2\" target=\"_blank\">\n\t\t\t\t\t\t<span class=\"elementor-screen-only\">Twitter<\/span>\n\t\t\t\t\t\t<i aria-hidden=\"true\" class=\"fab fa-twitter\"><\/i>\t\t\t\t\t<\/a>\n\t\t\t\t<\/span>\n\t\t\t\t\t<\/div>\n\t\t\t\t\t\t<\/div>\n\t\t\t\t<\/div>\n\t\t\t\t\t<\/div>\n\t\t<\/div>\n\t\t\t\t\t<\/div>\n\t\t<\/section>\n\t\t\t\t<section class=\"elementor-section elementor-top-section elementor-element elementor-element-444a6e50 elementor-section-boxed elementor-section-height-default elementor-section-height-default\" data-id=\"444a6e50\" data-element_type=\"section\" data-e-type=\"section\">\n\t\t\t\t\t\t<div class=\"elementor-container elementor-column-gap-default\">\n\t\t\t\t\t<div class=\"elementor-column elementor-col-100 elementor-top-column elementor-element elementor-element-3656d69c\" data-id=\"3656d69c\" data-element_type=\"column\" data-e-type=\"column\">\n\t\t\t<div class=\"elementor-widget-wrap elementor-element-populated\">\n\t\t\t\t\t\t<div class=\"elementor-element elementor-element-2fac52fe elementor-widget elementor-widget-text-editor\" data-id=\"2fac52fe\" data-element_type=\"widget\" data-e-type=\"widget\" data-widget_type=\"text-editor.default\">\n\t\t\t\t<div class=\"elementor-widget-container\">\n\t\t\t\t\t\t\t\t\t<p><strong>Salecina \u2013<\/strong> Ferien- und Bildungszentrum \/ Centro di vacanze e formazione <a href=\"mailto:info@salecina.ch\">info@salecina.ch<\/a><\/p>\n\t\t\t\t\t\t\t\t<\/div>\n\t\t\t\t<\/div>\n\t\t\t\t\t<\/div>\n\t\t<\/div>\n\t\t\t\t\t<\/div>\n\t\t<\/section>\n\t\t\t\t<\/div>\n\t\t","protected":false},"excerpt":{"rendered":"<p>Con i mezzi pubblici, perch\u00e9 il clima vale per noi! Salecina ha dichiarato l&#8217;emergenza climatica e sostiene l&#8217;obiettivo dello Sciopero climatico della Svizzera. Per raggiungere questo obiettivo, nella primavera del 2022 il Consiglio di Salecina ha adottato misure di protezione del clima di ampia portata. Ad esempio, vorremmo incentivare un maggior numero di ospiti a [&hellip;]<\/p>\n","protected":false},"author":1,"featured_media":0,"parent":0,"menu_order":15,"comment_status":"closed","ping_status":"closed","template":"elementor_header_footer","meta":{"footnotes":""},"class_list":["post-3718","page","type-page","status-publish","hentry"],"yoast_head":"<!-- This site is optimized with the Yoast SEO plugin v28.3 - https:\/\/yoast.com\/product\/yoast-seo-wordpress\/ -->\n<title>arrivo &amp; informazioni &#8212; Salecina<\/title>\n<meta name=\"robots\" content=\"index, follow, max-snippet:-1, max-image-preview:large, max-video-preview:-1\" \/>\n<link rel=\"canonical\" href=\"https:\/\/salecina.ch\/it\/arrivo-informazioni\/\" \/>\n<meta property=\"og:locale\" content=\"it_IT\" \/>\n<meta property=\"og:type\" content=\"article\" \/>\n<meta property=\"og:title\" content=\"arrivo &amp; informazioni &#8212; Salecina\" \/>\n<meta property=\"og:description\" content=\"Con i mezzi pubblici, perch\u00e9 il clima vale per noi! Salecina ha dichiarato l&#8217;emergenza climatica e sostiene l&#8217;obiettivo dello Sciopero climatico della Svizzera. Per raggiungere questo obiettivo, nella primavera del 2022 il Consiglio di Salecina ha adottato misure di protezione del clima di ampia portata. Ad esempio, vorremmo incentivare un maggior numero di ospiti a [&hellip;]\" \/>\n<meta property=\"og:url\" content=\"https:\/\/salecina.ch\/it\/arrivo-informazioni\/\" \/>\n<meta property=\"og:site_name\" content=\"Salecina\" \/>\n<meta property=\"article:modified_time\" content=\"2026-03-07T14:15:53+00:00\" \/>\n<meta property=\"og:image\" content=\"https:\/\/salecina.ch\/wp-content\/uploads\/2021\/08\/2013-07-20_4_Alessandro_Perini-neu.jpg\" \/>\n<meta name=\"twitter:card\" content=\"summary_large_image\" \/>\n<meta name=\"twitter:label1\" content=\"Tempo di lettura stimato\" \/>\n\t<meta name=\"twitter:data1\" content=\"7 minuti\" \/>\n<script type=\"application\/ld+json\" class=\"yoast-schema-graph\">{\"@context\":\"https:\\\/\\\/schema.org\",\"@graph\":[{\"@type\":\"WebPage\",\"@id\":\"https:\\\/\\\/salecina.ch\\\/it\\\/arrivo-informazioni\\\/\",\"url\":\"https:\\\/\\\/salecina.ch\\\/it\\\/arrivo-informazioni\\\/\",\"name\":\"arrivo &amp; informazioni &#8212; Salecina\",\"isPartOf\":{\"@id\":\"https:\\\/\\\/salecina.ch\\\/#website\"},\"primaryImageOfPage\":{\"@id\":\"https:\\\/\\\/salecina.ch\\\/it\\\/arrivo-informazioni\\\/#primaryimage\"},\"image\":{\"@id\":\"https:\\\/\\\/salecina.ch\\\/it\\\/arrivo-informazioni\\\/#primaryimage\"},\"thumbnailUrl\":\"https:\\\/\\\/salecina.ch\\\/wp-content\\\/uploads\\\/2021\\\/08\\\/2013-07-20_4_Alessandro_Perini-neu.jpg\",\"datePublished\":\"2021-08-20T11:12:40+00:00\",\"dateModified\":\"2026-03-07T14:15:53+00:00\",\"breadcrumb\":{\"@id\":\"https:\\\/\\\/salecina.ch\\\/it\\\/arrivo-informazioni\\\/#breadcrumb\"},\"inLanguage\":\"it-IT\",\"potentialAction\":[{\"@type\":\"ReadAction\",\"target\":[\"https:\\\/\\\/salecina.ch\\\/it\\\/arrivo-informazioni\\\/\"]}]},{\"@type\":\"ImageObject\",\"inLanguage\":\"it-IT\",\"@id\":\"https:\\\/\\\/salecina.ch\\\/it\\\/arrivo-informazioni\\\/#primaryimage\",\"url\":\"https:\\\/\\\/salecina.ch\\\/wp-content\\\/uploads\\\/2021\\\/08\\\/2013-07-20_4_Alessandro_Perini-neu.jpg\",\"contentUrl\":\"https:\\\/\\\/salecina.ch\\\/wp-content\\\/uploads\\\/2021\\\/08\\\/2013-07-20_4_Alessandro_Perini-neu.jpg\"},{\"@type\":\"BreadcrumbList\",\"@id\":\"https:\\\/\\\/salecina.ch\\\/it\\\/arrivo-informazioni\\\/#breadcrumb\",\"itemListElement\":[{\"@type\":\"ListItem\",\"position\":1,\"name\":\"Startseite\",\"item\":\"https:\\\/\\\/salecina.ch\\\/it\\\/\"},{\"@type\":\"ListItem\",\"position\":2,\"name\":\"arrivo &amp; informazioni\"}]},{\"@type\":\"WebSite\",\"@id\":\"https:\\\/\\\/salecina.ch\\\/#website\",\"url\":\"https:\\\/\\\/salecina.ch\\\/\",\"name\":\"Salecina\",\"description\":\"\",\"publisher\":{\"@id\":\"https:\\\/\\\/salecina.ch\\\/#organization\"},\"potentialAction\":[{\"@type\":\"SearchAction\",\"target\":{\"@type\":\"EntryPoint\",\"urlTemplate\":\"https:\\\/\\\/salecina.ch\\\/?s={search_term_string}\"},\"query-input\":{\"@type\":\"PropertyValueSpecification\",\"valueRequired\":true,\"valueName\":\"search_term_string\"}}],\"inLanguage\":\"it-IT\"},{\"@type\":\"Organization\",\"@id\":\"https:\\\/\\\/salecina.ch\\\/#organization\",\"name\":\"Stiftung Salecina\",\"url\":\"https:\\\/\\\/salecina.ch\\\/\",\"logo\":{\"@type\":\"ImageObject\",\"inLanguage\":\"it-IT\",\"@id\":\"https:\\\/\\\/salecina.ch\\\/#\\\/schema\\\/logo\\\/image\\\/\",\"url\":\"https:\\\/\\\/salecina.ch\\\/wp-content\\\/uploads\\\/2021\\\/07\\\/Logo-Salecina-definitiv-mit-Text.svg\",\"contentUrl\":\"https:\\\/\\\/salecina.ch\\\/wp-content\\\/uploads\\\/2021\\\/07\\\/Logo-Salecina-definitiv-mit-Text.svg\",\"width\":274,\"height\":117,\"caption\":\"Stiftung Salecina\"},\"image\":{\"@id\":\"https:\\\/\\\/salecina.ch\\\/#\\\/schema\\\/logo\\\/image\\\/\"}}]}<\/script>\n<!-- \/ Yoast SEO plugin. -->","yoast_head_json":{"title":"arrivo &amp; informazioni &#8212; Salecina","robots":{"index":"index","follow":"follow","max-snippet":"max-snippet:-1","max-image-preview":"max-image-preview:large","max-video-preview":"max-video-preview:-1"},"canonical":"https:\/\/salecina.ch\/it\/arrivo-informazioni\/","og_locale":"it_IT","og_type":"article","og_title":"arrivo &amp; informazioni &#8212; Salecina","og_description":"Con i mezzi pubblici, perch\u00e9 il clima vale per noi! Salecina ha dichiarato l&#8217;emergenza climatica e sostiene l&#8217;obiettivo dello Sciopero climatico della Svizzera. Per raggiungere questo obiettivo, nella primavera del 2022 il Consiglio di Salecina ha adottato misure di protezione del clima di ampia portata. Ad esempio, vorremmo incentivare un maggior numero di ospiti a [&hellip;]","og_url":"https:\/\/salecina.ch\/it\/arrivo-informazioni\/","og_site_name":"Salecina","article_modified_time":"2026-03-07T14:15:53+00:00","og_image":[{"url":"https:\/\/salecina.ch\/wp-content\/uploads\/2021\/08\/2013-07-20_4_Alessandro_Perini-neu.jpg","type":"","width":"","height":""}],"twitter_card":"summary_large_image","twitter_misc":{"Tempo di lettura stimato":"7 minuti"},"schema":{"@context":"https:\/\/schema.org","@graph":[{"@type":"WebPage","@id":"https:\/\/salecina.ch\/it\/arrivo-informazioni\/","url":"https:\/\/salecina.ch\/it\/arrivo-informazioni\/","name":"arrivo &amp; informazioni &#8212; Salecina","isPartOf":{"@id":"https:\/\/salecina.ch\/#website"},"primaryImageOfPage":{"@id":"https:\/\/salecina.ch\/it\/arrivo-informazioni\/#primaryimage"},"image":{"@id":"https:\/\/salecina.ch\/it\/arrivo-informazioni\/#primaryimage"},"thumbnailUrl":"https:\/\/salecina.ch\/wp-content\/uploads\/2021\/08\/2013-07-20_4_Alessandro_Perini-neu.jpg","datePublished":"2021-08-20T11:12:40+00:00","dateModified":"2026-03-07T14:15:53+00:00","breadcrumb":{"@id":"https:\/\/salecina.ch\/it\/arrivo-informazioni\/#breadcrumb"},"inLanguage":"it-IT","potentialAction":[{"@type":"ReadAction","target":["https:\/\/salecina.ch\/it\/arrivo-informazioni\/"]}]},{"@type":"ImageObject","inLanguage":"it-IT","@id":"https:\/\/salecina.ch\/it\/arrivo-informazioni\/#primaryimage","url":"https:\/\/salecina.ch\/wp-content\/uploads\/2021\/08\/2013-07-20_4_Alessandro_Perini-neu.jpg","contentUrl":"https:\/\/salecina.ch\/wp-content\/uploads\/2021\/08\/2013-07-20_4_Alessandro_Perini-neu.jpg"},{"@type":"BreadcrumbList","@id":"https:\/\/salecina.ch\/it\/arrivo-informazioni\/#breadcrumb","itemListElement":[{"@type":"ListItem","position":1,"name":"Startseite","item":"https:\/\/salecina.ch\/it\/"},{"@type":"ListItem","position":2,"name":"arrivo &amp; informazioni"}]},{"@type":"WebSite","@id":"https:\/\/salecina.ch\/#website","url":"https:\/\/salecina.ch\/","name":"Salecina","description":"","publisher":{"@id":"https:\/\/salecina.ch\/#organization"},"potentialAction":[{"@type":"SearchAction","target":{"@type":"EntryPoint","urlTemplate":"https:\/\/salecina.ch\/?s={search_term_string}"},"query-input":{"@type":"PropertyValueSpecification","valueRequired":true,"valueName":"search_term_string"}}],"inLanguage":"it-IT"},{"@type":"Organization","@id":"https:\/\/salecina.ch\/#organization","name":"Stiftung Salecina","url":"https:\/\/salecina.ch\/","logo":{"@type":"ImageObject","inLanguage":"it-IT","@id":"https:\/\/salecina.ch\/#\/schema\/logo\/image\/","url":"https:\/\/salecina.ch\/wp-content\/uploads\/2021\/07\/Logo-Salecina-definitiv-mit-Text.svg","contentUrl":"https:\/\/salecina.ch\/wp-content\/uploads\/2021\/07\/Logo-Salecina-definitiv-mit-Text.svg","width":274,"height":117,"caption":"Stiftung Salecina"},"image":{"@id":"https:\/\/salecina.ch\/#\/schema\/logo\/image\/"}}]}},"_links":{"self":[{"href":"https:\/\/salecina.ch\/it\/wp-json\/wp\/v2\/pages\/3718","targetHints":{"allow":["GET"]}}],"collection":[{"href":"https:\/\/salecina.ch\/it\/wp-json\/wp\/v2\/pages"}],"about":[{"href":"https:\/\/salecina.ch\/it\/wp-json\/wp\/v2\/types\/page"}],"author":[{"embeddable":true,"href":"https:\/\/salecina.ch\/it\/wp-json\/wp\/v2\/users\/1"}],"replies":[{"embeddable":true,"href":"https:\/\/salecina.ch\/it\/wp-json\/wp\/v2\/comments?post=3718"}],"version-history":[{"count":60,"href":"https:\/\/salecina.ch\/it\/wp-json\/wp\/v2\/pages\/3718\/revisions"}],"predecessor-version":[{"id":10483,"href":"https:\/\/salecina.ch\/it\/wp-json\/wp\/v2\/pages\/3718\/revisions\/10483"}],"wp:attachment":[{"href":"https:\/\/salecina.ch\/it\/wp-json\/wp\/v2\/media?parent=3718"}],"curies":[{"name":"wp","href":"https:\/\/api.w.org\/{rel}","templated":true}]}}