{"id":3692,"date":"2021-08-20T10:02:58","date_gmt":"2021-08-20T10:02:58","guid":{"rendered":"https:\/\/salecina.ch\/team-idea\/"},"modified":"2023-08-02T13:50:36","modified_gmt":"2023-08-02T13:50:36","slug":"team-idea","status":"publish","type":"page","link":"https:\/\/salecina.ch\/it\/team-idea\/","title":{"rendered":"team &amp; idea"},"content":{"rendered":"\t\t<div data-elementor-type=\"wp-page\" data-elementor-id=\"3692\" class=\"elementor elementor-3692\" data-elementor-post-type=\"page\">\n\t\t\t\t\t\t<section class=\"elementor-section elementor-top-section elementor-element elementor-element-751ce883 elementor-section-full_width elementor-section-stretched elementor-section-height-default elementor-section-height-default\" data-id=\"751ce883\" data-element_type=\"section\" data-e-type=\"section\" data-settings=\"{&quot;stretch_section&quot;:&quot;section-stretched&quot;}\">\n\t\t\t\t\t\t<div class=\"elementor-container elementor-column-gap-default\">\n\t\t\t\t\t<div class=\"elementor-column elementor-col-100 elementor-top-column elementor-element elementor-element-373e244b\" data-id=\"373e244b\" data-element_type=\"column\" data-e-type=\"column\">\n\t\t\t<div class=\"elementor-widget-wrap elementor-element-populated\">\n\t\t\t\t\t\t<div class=\"elementor-element elementor-element-777c6016 elementor-widget elementor-widget-shortcode\" data-id=\"777c6016\" data-element_type=\"widget\" data-e-type=\"widget\" data-widget_type=\"shortcode.default\">\n\t\t\t\t<div class=\"elementor-widget-container\">\n\t\t\t\t\t\t\t<div class=\"elementor-shortcode\">\t\t<div data-elementor-type=\"page\" data-elementor-id=\"485\" class=\"elementor elementor-485\" data-elementor-post-type=\"elementor_library\">\n\t\t\t\t\t\t<section data-dce-background-color=\"#222222\" class=\"elementor-section elementor-top-section elementor-element elementor-element-d80febe elementor-section-full_width elementor-section-content-top elementor-section-stretched elementor-section-height-default elementor-section-height-default\" data-id=\"d80febe\" data-element_type=\"section\" data-e-type=\"section\" data-settings=\"{&quot;background_background&quot;:&quot;classic&quot;,&quot;stretch_section&quot;:&quot;section-stretched&quot;,&quot;sticky&quot;:&quot;top&quot;,&quot;sticky_on&quot;:[&quot;widescreen&quot;,&quot;desktop&quot;,&quot;laptop&quot;,&quot;tablet_extra&quot;,&quot;tablet&quot;,&quot;mobile_extra&quot;,&quot;mobile&quot;],&quot;sticky_offset&quot;:0,&quot;sticky_effects_offset&quot;:0,&quot;sticky_anchor_link_offset&quot;:0}\">\n\t\t\t\t\t\t<div class=\"elementor-container elementor-column-gap-default\">\n\t\t\t\t\t<div class=\"elementor-column elementor-col-100 elementor-top-column elementor-element elementor-element-2fa430a\" data-id=\"2fa430a\" data-element_type=\"column\" data-e-type=\"column\">\n\t\t\t<div class=\"elementor-widget-wrap elementor-element-populated\">\n\t\t\t\t\t\t<div class=\"elementor-element elementor-element-39a0e59 elementor-nav-menu__align-center elementor-nav-menu--stretch elementor-nav-menu--dropdown-tablet elementor-nav-menu__text-align-aside elementor-nav-menu--toggle elementor-nav-menu--burger elementor-widget elementor-widget-nav-menu\" data-id=\"39a0e59\" data-element_type=\"widget\" data-e-type=\"widget\" data-settings=\"{&quot;full_width&quot;:&quot;stretch&quot;,&quot;sticky&quot;:&quot;top&quot;,&quot;layout&quot;:&quot;horizontal&quot;,&quot;submenu_icon&quot;:{&quot;value&quot;:&quot;&lt;i class=\\&quot;fas fa-caret-down\\&quot; aria-hidden=\\&quot;true\\&quot;&gt;&lt;\\\/i&gt;&quot;,&quot;library&quot;:&quot;fa-solid&quot;},&quot;toggle&quot;:&quot;burger&quot;,&quot;sticky_on&quot;:[&quot;widescreen&quot;,&quot;desktop&quot;,&quot;laptop&quot;,&quot;tablet_extra&quot;,&quot;tablet&quot;,&quot;mobile_extra&quot;,&quot;mobile&quot;],&quot;sticky_offset&quot;:0,&quot;sticky_effects_offset&quot;:0,&quot;sticky_anchor_link_offset&quot;:0}\" data-widget_type=\"nav-menu.default\">\n\t\t\t\t<div class=\"elementor-widget-container\">\n\t\t\t\t\t\t\t\t<nav aria-label=\"Menu\" class=\"elementor-nav-menu--main elementor-nav-menu__container elementor-nav-menu--layout-horizontal e--pointer-overline e--animation-fade\">\n\t\t\t\t<ul id=\"menu-1-39a0e59\" class=\"elementor-nav-menu\"><li class=\"menu-item menu-item-type-custom menu-item-object-custom menu-item-3774\"><a href=\"#\" class=\"elementor-item elementor-item-anchor\"><img decoding=\"async\" src=\"https:\/\/salecina.ch\/wp-content\/uploads\/2021\/08\/Logo-Salecina-definitiv-1.svg\" style=\"height:auto; width:5vw; background-color:#FFFFFF;\"><\/a><\/li>\n<li class=\"menu-item menu-item-type-custom menu-item-object-custom menu-item-5115\"><a target=\"_blank\" href=\"https:\/\/hostels.assd.com\/crs4.php?goto=10&#038;cust=410526&#038;type=040&#038;langcrs=X\" class=\"elementor-item\">PRENOTAZIONI<\/a><\/li>\n<li class=\"menu-item menu-item-type-post_type menu-item-object-page menu-item-home menu-item-823\"><a href=\"https:\/\/salecina.ch\/it\/\" class=\"elementor-item\">SALECINA<\/a><\/li>\n<li class=\"menu-item menu-item-type-post_type menu-item-object-page menu-item-has-children menu-item-501\"><a href=\"https:\/\/salecina.ch\/it\/mangiare-dormire\/\" class=\"elementor-item\">MANGIARE &amp; DORMIRE<\/a>\n<ul class=\"sub-menu elementor-nav-menu--dropdown\">\n\t<li class=\"menu-item menu-item-type-post_type menu-item-object-page menu-item-824\"><a href=\"https:\/\/salecina.ch\/it\/personale-ospiti\/\" class=\"elementor-sub-item\">personale &amp; ospiti<\/a><\/li>\n\t<li class=\"menu-item menu-item-type-post_type menu-item-object-page menu-item-3509\"><a href=\"https:\/\/salecina.ch\/it\/camere-servizi\/\" class=\"elementor-sub-item\">camere &amp; servizi<\/a><\/li>\n<\/ul>\n<\/li>\n<li class=\"menu-item menu-item-type-post_type menu-item-object-page menu-item-has-children menu-item-3525\"><a href=\"https:\/\/salecina.ch\/it\/incontro-movimento\/\" class=\"elementor-item\">INCONTRO &amp; MOVIMENTO<\/a>\n<ul class=\"sub-menu elementor-nav-menu--dropdown\">\n\t<li class=\"menu-item menu-item-type-post_type menu-item-object-page menu-item-3531\"><a href=\"https:\/\/salecina.ch\/it\/persone-idee\/\" class=\"elementor-sub-item\">persone &amp; idee<\/a><\/li>\n\t<li class=\"menu-item menu-item-type-post_type menu-item-object-page menu-item-3551\"><a href=\"https:\/\/salecina.ch\/it\/politica-cultura\/\" class=\"elementor-sub-item\">politica &amp; cultura<\/a><\/li>\n\t<li class=\"menu-item menu-item-type-post_type menu-item-object-page menu-item-3572\"><a href=\"https:\/\/salecina.ch\/it\/agenda-eventi\/\" class=\"elementor-sub-item\">agenda &amp; eventi<\/a><\/li>\n\t<li class=\"menu-item menu-item-type-post_type menu-item-object-page menu-item-3597\"><a href=\"https:\/\/salecina.ch\/it\/foto-media\/\" class=\"elementor-sub-item\">foto &amp; media<\/a><\/li>\n<\/ul>\n<\/li>\n<li class=\"menu-item menu-item-type-post_type menu-item-object-page menu-item-has-children menu-item-3665\"><a href=\"https:\/\/salecina.ch\/it\/casa-storia\/\" class=\"elementor-item\">CASA &amp; STORIA<\/a>\n<ul class=\"sub-menu elementor-nav-menu--dropdown\">\n\t<li class=\"menu-item menu-item-type-post_type menu-item-object-page menu-item-3677\"><a href=\"https:\/\/salecina.ch\/it\/posizione-ambiente\/\" class=\"elementor-sub-item\">posizione &amp; ambiente<\/a><\/li>\n\t<li class=\"menu-item menu-item-type-post_type menu-item-object-page menu-item-3691\"><a href=\"https:\/\/salecina.ch\/it\/storia-storie\/\" class=\"elementor-sub-item\">storia &amp; storie<\/a><\/li>\n\t<li class=\"menu-item menu-item-type-post_type menu-item-object-page menu-item-3696\"><a href=\"https:\/\/salecina.ch\/it\/team-idea\/\" class=\"elementor-sub-item\">team &amp; idea<\/a><\/li>\n<\/ul>\n<\/li>\n<li class=\"menu-item menu-item-type-post_type menu-item-object-page menu-item-has-children menu-item-3711\"><a href=\"https:\/\/salecina.ch\/it\/contatti-prenotazioni\/\" class=\"elementor-item\">CONTATTI &#038; INFO<\/a>\n<ul class=\"sub-menu elementor-nav-menu--dropdown\">\n\t<li class=\"menu-item menu-item-type-post_type menu-item-object-page menu-item-3717\"><a href=\"https:\/\/salecina.ch\/it\/prezzi-prenotazioni\/\" class=\"elementor-sub-item\">prezzi<\/a><\/li>\n\t<li class=\"menu-item menu-item-type-post_type menu-item-object-page menu-item-3735\"><a href=\"https:\/\/salecina.ch\/it\/arrivo-informazioni\/\" class=\"elementor-sub-item\">arrivo &amp; informazioni<\/a><\/li>\n\t<li class=\"menu-item menu-item-type-post_type menu-item-object-page menu-item-3754\"><a href=\"https:\/\/salecina.ch\/it\/link-faq\/\" class=\"elementor-sub-item\">link &amp; FAQ<\/a><\/li>\n<\/ul>\n<\/li>\n<li class=\"menu-item wpml-ls-slot-5 wpml-ls-item wpml-ls-item-de wpml-ls-menu-item wpml-ls-first-item menu-item-type-wpml_ls_menu_item menu-item-object-wpml_ls_menu_item menu-item-wpml-ls-5-de\"><a href=\"https:\/\/salecina.ch\" class=\"elementor-item\"><img decoding=\"async\"\n            class=\"wpml-ls-flag\"\n            src=\"https:\/\/salecina.ch\/wp-content\/plugins\/sitepress-multilingual-cms\/res\/flags\/de.png\"\n            alt=\"Tedesco\"\n            \n            \n    \/><\/a><\/li>\n<li class=\"menu-item wpml-ls-slot-5 wpml-ls-item wpml-ls-item-fr wpml-ls-menu-item menu-item-type-wpml_ls_menu_item menu-item-object-wpml_ls_menu_item menu-item-wpml-ls-5-fr\"><a href=\"https:\/\/salecina.ch\/fr\/\" class=\"elementor-item\"><img decoding=\"async\"\n            class=\"wpml-ls-flag\"\n            src=\"https:\/\/salecina.ch\/wp-content\/plugins\/sitepress-multilingual-cms\/res\/flags\/fr.png\"\n            alt=\"Francese\"\n            \n            \n    \/><\/a><\/li>\n<li class=\"menu-item wpml-ls-slot-5 wpml-ls-item wpml-ls-item-en wpml-ls-menu-item wpml-ls-last-item menu-item-type-wpml_ls_menu_item menu-item-object-wpml_ls_menu_item menu-item-wpml-ls-5-en\"><a href=\"https:\/\/salecina.ch\/en\/\" class=\"elementor-item\"><img decoding=\"async\"\n            class=\"wpml-ls-flag\"\n            src=\"https:\/\/salecina.ch\/wp-content\/plugins\/sitepress-multilingual-cms\/res\/flags\/en.png\"\n            alt=\"Inglese\"\n            \n            \n    \/><\/a><\/li>\n<\/ul>\t\t\t<\/nav>\n\t\t\t\t\t<div class=\"elementor-menu-toggle\" role=\"button\" tabindex=\"0\" aria-label=\"Menu di commutazione\" aria-expanded=\"false\">\n\t\t\t<i aria-hidden=\"true\" role=\"presentation\" class=\"elementor-menu-toggle__icon--open eicon-menu-bar\"><\/i><i aria-hidden=\"true\" role=\"presentation\" class=\"elementor-menu-toggle__icon--close eicon-close\"><\/i>\t\t<\/div>\n\t\t\t\t\t<nav class=\"elementor-nav-menu--dropdown elementor-nav-menu__container\" aria-hidden=\"true\">\n\t\t\t\t<ul id=\"menu-2-39a0e59\" class=\"elementor-nav-menu\"><li class=\"menu-item menu-item-type-custom menu-item-object-custom menu-item-3774\"><a href=\"#\" class=\"elementor-item elementor-item-anchor\" tabindex=\"-1\"><img decoding=\"async\" src=\"https:\/\/salecina.ch\/wp-content\/uploads\/2021\/08\/Logo-Salecina-definitiv-1.svg\" style=\"height:auto; width:5vw; background-color:#FFFFFF;\"><\/a><\/li>\n<li class=\"menu-item menu-item-type-custom menu-item-object-custom menu-item-5115\"><a target=\"_blank\" href=\"https:\/\/hostels.assd.com\/crs4.php?goto=10&#038;cust=410526&#038;type=040&#038;langcrs=X\" class=\"elementor-item\" tabindex=\"-1\">PRENOTAZIONI<\/a><\/li>\n<li class=\"menu-item menu-item-type-post_type menu-item-object-page menu-item-home menu-item-823\"><a href=\"https:\/\/salecina.ch\/it\/\" class=\"elementor-item\" tabindex=\"-1\">SALECINA<\/a><\/li>\n<li class=\"menu-item menu-item-type-post_type menu-item-object-page menu-item-has-children menu-item-501\"><a href=\"https:\/\/salecina.ch\/it\/mangiare-dormire\/\" class=\"elementor-item\" tabindex=\"-1\">MANGIARE &amp; DORMIRE<\/a>\n<ul class=\"sub-menu elementor-nav-menu--dropdown\">\n\t<li class=\"menu-item menu-item-type-post_type menu-item-object-page menu-item-824\"><a href=\"https:\/\/salecina.ch\/it\/personale-ospiti\/\" class=\"elementor-sub-item\" tabindex=\"-1\">personale &amp; ospiti<\/a><\/li>\n\t<li class=\"menu-item menu-item-type-post_type menu-item-object-page menu-item-3509\"><a href=\"https:\/\/salecina.ch\/it\/camere-servizi\/\" class=\"elementor-sub-item\" tabindex=\"-1\">camere &amp; servizi<\/a><\/li>\n<\/ul>\n<\/li>\n<li class=\"menu-item menu-item-type-post_type menu-item-object-page menu-item-has-children menu-item-3525\"><a href=\"https:\/\/salecina.ch\/it\/incontro-movimento\/\" class=\"elementor-item\" tabindex=\"-1\">INCONTRO &amp; MOVIMENTO<\/a>\n<ul class=\"sub-menu elementor-nav-menu--dropdown\">\n\t<li class=\"menu-item menu-item-type-post_type menu-item-object-page menu-item-3531\"><a href=\"https:\/\/salecina.ch\/it\/persone-idee\/\" class=\"elementor-sub-item\" tabindex=\"-1\">persone &amp; idee<\/a><\/li>\n\t<li class=\"menu-item menu-item-type-post_type menu-item-object-page menu-item-3551\"><a href=\"https:\/\/salecina.ch\/it\/politica-cultura\/\" class=\"elementor-sub-item\" tabindex=\"-1\">politica &amp; cultura<\/a><\/li>\n\t<li class=\"menu-item menu-item-type-post_type menu-item-object-page menu-item-3572\"><a href=\"https:\/\/salecina.ch\/it\/agenda-eventi\/\" class=\"elementor-sub-item\" tabindex=\"-1\">agenda &amp; eventi<\/a><\/li>\n\t<li class=\"menu-item menu-item-type-post_type menu-item-object-page menu-item-3597\"><a href=\"https:\/\/salecina.ch\/it\/foto-media\/\" class=\"elementor-sub-item\" tabindex=\"-1\">foto &amp; media<\/a><\/li>\n<\/ul>\n<\/li>\n<li class=\"menu-item menu-item-type-post_type menu-item-object-page menu-item-has-children menu-item-3665\"><a href=\"https:\/\/salecina.ch\/it\/casa-storia\/\" class=\"elementor-item\" tabindex=\"-1\">CASA &amp; STORIA<\/a>\n<ul class=\"sub-menu elementor-nav-menu--dropdown\">\n\t<li class=\"menu-item menu-item-type-post_type menu-item-object-page menu-item-3677\"><a href=\"https:\/\/salecina.ch\/it\/posizione-ambiente\/\" class=\"elementor-sub-item\" tabindex=\"-1\">posizione &amp; ambiente<\/a><\/li>\n\t<li class=\"menu-item menu-item-type-post_type menu-item-object-page menu-item-3691\"><a href=\"https:\/\/salecina.ch\/it\/storia-storie\/\" class=\"elementor-sub-item\" tabindex=\"-1\">storia &amp; storie<\/a><\/li>\n\t<li class=\"menu-item menu-item-type-post_type menu-item-object-page menu-item-3696\"><a href=\"https:\/\/salecina.ch\/it\/team-idea\/\" class=\"elementor-sub-item\" tabindex=\"-1\">team &amp; idea<\/a><\/li>\n<\/ul>\n<\/li>\n<li class=\"menu-item menu-item-type-post_type menu-item-object-page menu-item-has-children menu-item-3711\"><a href=\"https:\/\/salecina.ch\/it\/contatti-prenotazioni\/\" class=\"elementor-item\" tabindex=\"-1\">CONTATTI &#038; INFO<\/a>\n<ul class=\"sub-menu elementor-nav-menu--dropdown\">\n\t<li class=\"menu-item menu-item-type-post_type menu-item-object-page menu-item-3717\"><a href=\"https:\/\/salecina.ch\/it\/prezzi-prenotazioni\/\" class=\"elementor-sub-item\" tabindex=\"-1\">prezzi<\/a><\/li>\n\t<li class=\"menu-item menu-item-type-post_type menu-item-object-page menu-item-3735\"><a href=\"https:\/\/salecina.ch\/it\/arrivo-informazioni\/\" class=\"elementor-sub-item\" tabindex=\"-1\">arrivo &amp; informazioni<\/a><\/li>\n\t<li class=\"menu-item menu-item-type-post_type menu-item-object-page menu-item-3754\"><a href=\"https:\/\/salecina.ch\/it\/link-faq\/\" class=\"elementor-sub-item\" tabindex=\"-1\">link &amp; FAQ<\/a><\/li>\n<\/ul>\n<\/li>\n<li class=\"menu-item wpml-ls-slot-5 wpml-ls-item wpml-ls-item-de wpml-ls-menu-item wpml-ls-first-item menu-item-type-wpml_ls_menu_item menu-item-object-wpml_ls_menu_item menu-item-wpml-ls-5-de\"><a href=\"https:\/\/salecina.ch\" class=\"elementor-item\" tabindex=\"-1\"><img decoding=\"async\"\n            class=\"wpml-ls-flag\"\n            src=\"https:\/\/salecina.ch\/wp-content\/plugins\/sitepress-multilingual-cms\/res\/flags\/de.png\"\n            alt=\"Tedesco\"\n            \n            \n    \/><\/a><\/li>\n<li class=\"menu-item wpml-ls-slot-5 wpml-ls-item wpml-ls-item-fr wpml-ls-menu-item menu-item-type-wpml_ls_menu_item menu-item-object-wpml_ls_menu_item menu-item-wpml-ls-5-fr\"><a href=\"https:\/\/salecina.ch\/fr\/\" class=\"elementor-item\" tabindex=\"-1\"><img decoding=\"async\"\n            class=\"wpml-ls-flag\"\n            src=\"https:\/\/salecina.ch\/wp-content\/plugins\/sitepress-multilingual-cms\/res\/flags\/fr.png\"\n            alt=\"Francese\"\n            \n            \n    \/><\/a><\/li>\n<li class=\"menu-item wpml-ls-slot-5 wpml-ls-item wpml-ls-item-en wpml-ls-menu-item wpml-ls-last-item menu-item-type-wpml_ls_menu_item menu-item-object-wpml_ls_menu_item menu-item-wpml-ls-5-en\"><a href=\"https:\/\/salecina.ch\/en\/\" class=\"elementor-item\" tabindex=\"-1\"><img decoding=\"async\"\n            class=\"wpml-ls-flag\"\n            src=\"https:\/\/salecina.ch\/wp-content\/plugins\/sitepress-multilingual-cms\/res\/flags\/en.png\"\n            alt=\"Inglese\"\n            \n            \n    \/><\/a><\/li>\n<\/ul>\t\t\t<\/nav>\n\t\t\t\t\t\t<\/div>\n\t\t\t\t<\/div>\n\t\t\t\t\t<\/div>\n\t\t<\/div>\n\t\t\t\t\t<\/div>\n\t\t<\/section>\n\t\t\t\t<\/div>\n\t\t<\/div>\n\t\t\t\t\t\t<\/div>\n\t\t\t\t<\/div>\n\t\t\t\t\t<\/div>\n\t\t<\/div>\n\t\t\t\t\t<\/div>\n\t\t<\/section>\n\t\t\t\t<section class=\"elementor-section elementor-top-section elementor-element elementor-element-20f33d19 elementor-section-boxed elementor-section-height-default elementor-section-height-default\" data-id=\"20f33d19\" data-element_type=\"section\" data-e-type=\"section\">\n\t\t\t\t\t\t<div class=\"elementor-container elementor-column-gap-default\">\n\t\t\t\t\t<div class=\"elementor-column elementor-col-100 elementor-top-column elementor-element elementor-element-81c1148\" data-id=\"81c1148\" data-element_type=\"column\" data-e-type=\"column\">\n\t\t\t<div class=\"elementor-widget-wrap elementor-element-populated\">\n\t\t\t\t\t\t\t<\/div>\n\t\t<\/div>\n\t\t\t\t\t<\/div>\n\t\t<\/section>\n\t\t\t\t<section class=\"elementor-section elementor-top-section elementor-element elementor-element-e6a85a9 elementor-section-boxed elementor-section-height-default elementor-section-height-default\" data-id=\"e6a85a9\" data-element_type=\"section\" data-e-type=\"section\" data-settings=\"{&quot;background_background&quot;:&quot;classic&quot;}\">\n\t\t\t\t\t\t<div class=\"elementor-container elementor-column-gap-default\">\n\t\t\t\t\t<div data-dce-background-color=\"#FFFFFF\" class=\"elementor-column elementor-col-100 elementor-top-column elementor-element elementor-element-7475747c\" data-id=\"7475747c\" data-element_type=\"column\" data-e-type=\"column\" data-settings=\"{&quot;background_background&quot;:&quot;classic&quot;}\">\n\t\t\t<div class=\"elementor-widget-wrap elementor-element-populated\">\n\t\t\t\t\t\t<section class=\"elementor-section elementor-inner-section elementor-element elementor-element-383bd415 elementor-section-boxed elementor-section-height-default elementor-section-height-default\" data-id=\"383bd415\" data-element_type=\"section\" data-e-type=\"section\">\n\t\t\t\t\t\t<div class=\"elementor-container elementor-column-gap-default\">\n\t\t\t\t\t<div class=\"elementor-column elementor-col-50 elementor-inner-column elementor-element elementor-element-4153a276\" data-id=\"4153a276\" data-element_type=\"column\" data-e-type=\"column\" data-settings=\"{&quot;background_background&quot;:&quot;classic&quot;}\">\n\t\t\t<div class=\"elementor-widget-wrap elementor-element-populated\">\n\t\t\t\t\t\t<div class=\"elementor-element elementor-element-65a6ed03 dce_masking-none elementor-widget elementor-widget-image\" data-id=\"65a6ed03\" data-element_type=\"widget\" data-e-type=\"widget\" data-widget_type=\"image.default\">\n\t\t\t\t<div class=\"elementor-widget-container\">\n\t\t\t\t\t\t\t\t\t\t\t\t\t\t\t<img fetchpriority=\"high\" decoding=\"async\" width=\"1000\" height=\"290\" src=\"https:\/\/salecina.ch\/wp-content\/uploads\/2021\/08\/selbstverwaltung.jpg\" class=\"attachment-full size-full wp-image-2352\" alt=\"\" srcset=\"https:\/\/salecina.ch\/wp-content\/uploads\/2021\/08\/selbstverwaltung.jpg 1000w, https:\/\/salecina.ch\/wp-content\/uploads\/2021\/08\/selbstverwaltung-300x87.jpg 300w, https:\/\/salecina.ch\/wp-content\/uploads\/2021\/08\/selbstverwaltung-768x223.jpg 768w\" sizes=\"(max-width: 1000px) 100vw, 1000px\" \/>\t\t\t\t\t\t\t\t\t\t\t\t\t\t\t<\/div>\n\t\t\t\t<\/div>\n\t\t\t\t<div class=\"elementor-element elementor-element-691d822 elementor-widget elementor-widget-text-editor\" data-id=\"691d822\" data-element_type=\"widget\" data-e-type=\"widget\" data-widget_type=\"text-editor.default\">\n\t\t\t\t<div class=\"elementor-widget-container\">\n\t\t\t\t\t\t\t\t\t<h3>Autogestione<\/h3>\n<p>Sin dall&#8217;anno della fondazione nel 1972, la Casa di vacanze e formazione Salecina \u00e8 sempre stata autogestita. Quello che pu\u00f2 sembrare complicato, si realizza ormai da decenni ed \u00e8 motivo di attrazione per Salecina: <\/p>\n<p><a href=\"https:\/\/salecina.ch\/wp-content\/uploads\/2021\/08\/DSC_2251.jpg\"><img decoding=\"async\" class=\"alignnone wp-image-2333\" src=\"https:\/\/salecina.ch\/wp-content\/uploads\/2021\/08\/DSC_2251-300x200.jpg\" alt=\"\" width=\"434\" height=\"289\" srcset=\"https:\/\/salecina.ch\/wp-content\/uploads\/2021\/08\/DSC_2251-300x200.jpg 300w, https:\/\/salecina.ch\/wp-content\/uploads\/2021\/08\/DSC_2251.jpg 640w\" sizes=\"(max-width: 434px) 100vw, 434px\" \/><\/a><\/p>\n<ul>\n<li>Quattro membri del Team di gestione garantiscono la continuit\u00e0. Il Team si occupa di prenotazioni e contabilit\u00e0, acquisti e forniture alimentari. <\/li>\n<li>Una ventina di &#8220;Salecinesi&#8221; \u00e8 impegnata in commissioni che si occupano di pubblicit\u00e0, seminari, finanze, redazione del Notiziario, questioni edili e di gestione del personale.<\/li>\n<li>I membri del Team di gestione e delle commissioni formano il Consiglio di Salecina, il quale ha lo scopo di prendere tutte le decisioni importanti, soprattutto riguardo il programma, i prezzi e il personale.<\/li>\n<li>Dal punto di vista giuridico Salecina \u00e8 una fondazione. Il suo Consiglio si assume le responsabilit\u00e0 di fronte all&#8217;Autorit\u00e0 di vigilanza e garantisce il mantenimento del patrimonio della casa. <\/li>\n<\/ul>\n<p><a href=\"https:\/\/salecina.ch\/wp-content\/uploads\/2021\/08\/Salecina_Negative_012.jpg\"><img decoding=\"async\" class=\"wp-image-2329 float-start\" style=\"margin-right: 1rem; margin-bottom: 1rem;\" src=\"https:\/\/salecina.ch\/wp-content\/uploads\/2021\/08\/Salecina_Negative_012-300x200.jpg\" alt=\"\" width=\"217\" height=\"145\" srcset=\"https:\/\/salecina.ch\/wp-content\/uploads\/2021\/08\/Salecina_Negative_012-300x200.jpg 300w, https:\/\/salecina.ch\/wp-content\/uploads\/2021\/08\/Salecina_Negative_012.jpg 640w\" sizes=\"(max-width: 217px) 100vw, 217px\" \/><\/a><\/p>\n<p><a href=\"https:\/\/salecina.ch\/wp-content\/uploads\/2021\/08\/Salecina_Neg_56_051.jpg\"><img loading=\"lazy\" decoding=\"async\" class=\" wp-image-2325 float-start\" style=\"margin-right: 1rem;\" src=\"https:\/\/salecina.ch\/wp-content\/uploads\/2021\/08\/Salecina_Neg_56_051-300x200.jpg\" alt=\"\" width=\"217\" height=\"145\" srcset=\"https:\/\/salecina.ch\/wp-content\/uploads\/2021\/08\/Salecina_Neg_56_051-300x200.jpg 300w, https:\/\/salecina.ch\/wp-content\/uploads\/2021\/08\/Salecina_Neg_56_051.jpg 640w\" sizes=\"(max-width: 217px) 100vw, 217px\" \/><\/a><\/p>\n<p>Gli ospiti danno una mano, cucinando e svolgendo le pulizie. Salecina \u00e8 quindi una casa dove i presenti sono invitati a collaborare e a partecipare in modo attivo. Ovviamente gli stessi possono semplicemente fare vacanza o partecipare a un corso, possono per\u00f2 anche fare proposte, dare idee e proporre o realizzare eventi in autonomia.  <\/p>\n\t\t\t\t\t\t\t\t<\/div>\n\t\t\t\t<\/div>\n\t\t\t\t<section class=\"elementor-section elementor-inner-section elementor-element elementor-element-fdd9d32 elementor-section-boxed elementor-section-height-default elementor-section-height-default\" data-id=\"fdd9d32\" data-element_type=\"section\" data-e-type=\"section\">\n\t\t\t\t\t\t<div class=\"elementor-container elementor-column-gap-default\">\n\t\t\t\t\t<div class=\"elementor-column elementor-col-50 elementor-inner-column elementor-element elementor-element-44101b0\" data-id=\"44101b0\" data-element_type=\"column\" data-e-type=\"column\">\n\t\t\t<div class=\"elementor-widget-wrap elementor-element-populated\">\n\t\t\t\t\t\t<div class=\"elementor-element elementor-element-c7ce174 elementor-widget elementor-widget-text-editor\" data-id=\"c7ce174\" data-element_type=\"widget\" data-e-type=\"widget\" data-widget_type=\"text-editor.default\">\n\t\t\t\t<div class=\"elementor-widget-container\">\n\t\t\t\t\t\t\t\t\t<h3>Il Consiglio di Salecina<\/h3>\n<p>Per rendere funzionale l&#8217;autogestione e la collaborazione attiva sono state istituite le commissioni e il Consiglio di Salecina. Chi desidera collaborare si pu\u00f2 rendere disponibile in una delle commissioni a seconda delle proprie attitudini e interessi. Le Commissioni attualmente esistenti sono:  <\/p>\n<ul>\n<li>La Commissione INFO, che redige il notiziario della casa con informazioni su Salecina e la regione;<\/li>\n<li>La Commissione Pubblicit\u00e0, responsabile delle PR, del sito, dei Social Media, degli spot radiofonici e degli annunci promozionali su giornali e riviste;<\/li>\n<li>La Commissione Seminari, che stila il programma dei corsi e dei seminari, valuta le proposte che pervengono dagli ospiti e propone iniziative ed eventi;<\/li>\n<li>La Commissione Edile, che elabora proposte per la manutenzione della casa per renderla pi\u00f9 funzionale e accogliente;<\/li>\n<li>La Commissione Personale, che, insieme ai membri del Team di gestione, stabilisce come suddividere i compiti all&#8217;interno del Team e seleziona il personale da assumere nel Team;<\/li>\n<li>La Commissione Finanze, responsabile della pianificazione finanziaria generale e della stesura del Budget annuale.<\/li>\n<\/ul>\n<p>Il Consiglio, di cui fanno parte circa venticinque persone provenienti da Germania, Italia e Svizzera, \u00e8 l&#8217;organo che tiene in funzione Salecina ed \u00e8 composto dal Team di gestione, gli ospiti attivi e i nove membri del Consiglio della Fondazione. Le sedute plenarie sono bilingue, italiano e tedesco. <\/p>\n<p>Sei interessata\/o a una collaborazione attiva? Hai tempo e voglia di mettere a disposizione impegno e competenze come volontario? (si richiede una comprensione almeno passiva delle due lingue) <br \/>Basta mandare un&#8217;email a <a href=\"mailto:info@salecina.ch\" target=\"_blank\" rel=\"noopener\">info@salecina.ch<\/a>, Oggetto: collaborazione attiva. Sarai invitato al prossimo fine settimana di Consiglio. Il Consiglio si svolge due volte l&#8217;anno, in primavera e in autunno, dal venerd\u00ec sera alla domenica mezzogiorno.  <\/p>\n\t\t\t\t\t\t\t\t<\/div>\n\t\t\t\t<\/div>\n\t\t\t\t\t<\/div>\n\t\t<\/div>\n\t\t\t\t<div class=\"elementor-column elementor-col-50 elementor-inner-column elementor-element elementor-element-8d0353e\" data-id=\"8d0353e\" data-element_type=\"column\" data-e-type=\"column\">\n\t\t\t<div class=\"elementor-widget-wrap elementor-element-populated\">\n\t\t\t\t\t\t<div class=\"elementor-element elementor-element-8e32e0f elementor-widget elementor-widget-text-editor\" data-id=\"8e32e0f\" data-element_type=\"widget\" data-e-type=\"widget\" data-widget_type=\"text-editor.default\">\n\t\t\t\t<div class=\"elementor-widget-container\">\n\t\t\t\t\t\t\t\t\t<h3>Statuti<\/h3><p>Dal punto di vista giuridico Salecina \u00e8 una fondazione registrata nel Registro delle Imprese. Il Consiglio di fondazione rappresenta Salecina di fronte alla Sovrintendenza Cantonale e garantisce il mantenimento del patrimonio a lungo termine dell&#8217;immobile iniziale.<\/p><p>Lo scopo di Salecina \u00e8 esplicitato negli Statuti della Fondazione:<\/p><ul><li>Lo scopo della Fondazione \u00e8 quello di erigere una struttura di vacanza e formazione per le persone meno abbienti e per chi necessita di un periodo di riposo.<\/li><li>Con tale obiettivo la fondazione pu\u00f2 entrare in possesso di terreni o alienarli e prendere tutti i provvedimenti necessari a promuovere lo scopo della fondazione.<\/li><\/ul><p>&gt;<a href=\"https:\/\/salecina.ch\/wp-content\/uploads\/2021\/08\/Statuten_Salecina_def_it_2.pdf\" target=\"_blank\" rel=\"noopener\">Da scaricare: Statuto della Fondazione Salecina<\/a><\/p>\t\t\t\t\t\t\t\t<\/div>\n\t\t\t\t<\/div>\n\t\t\t\t\t<\/div>\n\t\t<\/div>\n\t\t\t\t\t<\/div>\n\t\t<\/section>\n\t\t\t\t\t<\/div>\n\t\t<\/div>\n\t\t\t\t<div class=\"elementor-column elementor-col-50 elementor-inner-column elementor-element elementor-element-739ce985\" data-id=\"739ce985\" data-element_type=\"column\" data-e-type=\"column\">\n\t\t\t<div class=\"elementor-widget-wrap elementor-element-populated\">\n\t\t\t\t\t\t<div data-dce-advanced-background-color=\"#DCDCDC\" class=\"elementor-element elementor-element-89a1e16 elementor-widget elementor-widget-text-editor\" data-id=\"89a1e16\" data-element_type=\"widget\" data-e-type=\"widget\" data-widget_type=\"text-editor.default\">\n\t\t\t\t<div class=\"elementor-widget-container\">\n\t\t\t\t\t\t\t\t\t<div id=\"ccm-layout-wrapper-36904\" class=\"ccm-layout-wrapper\"><div id=\"ccm-layout-rechtespalte-85-1\" class=\"ccm-layout ccm-layout-table ccm-layout-name-Rechtespalte-Layout-1 \"><div class=\"ccm-layout-row ccm-layout-row-1\"><div class=\"ccm-layout-85-col-1 ccm-layout-cell ccm-layout-col ccm-layout-col-1 first\"><div id=\"blockStyle4459RechtespalteLayout1Cell1971\" class=\"spaltenhintergrund schwarztitel blauerlink ccm-block-styles\"><h3>Il nostro Team<\/h3><p>Il team di gestione di Salecina \u00e8 composto da 4 persone inquadrate a livello contrattuale come dirigenti aziendali. Secondo il numero di ospiti presenti in casa, o delle esigenze organizzative, si lavora da soli o in copresenza.<\/p><\/div><\/div><\/div><\/div><\/div><div id=\"blockStyle4591Rechtespalte958\" class=\" ccm-block-styles\"><p>I componenti del team sono assunti come dipendenti della Fondazione Salecina, ma sono anche membri attivi del Consiglio di Salecina con diritto di voto. Le mansioni sono: l\u2019organizzazione delle prenotazioni (registrazione, gestione delle e-mail e delle telefonate); le pratiche burocratiche (registrazioni contabili, di cassa ecc.); le ordinazioni e l\u2019organizzazione del materiale per favorire la parte di autogestione degli ospiti; la cura della casa (intervento diretto o attraverso tecnici); le relazioni con ospiti, fornitori, interlocutori\u2026<\/p><\/div>\t\t\t\t\t\t\t\t<\/div>\n\t\t\t\t<\/div>\n\t\t\t\t\t<\/div>\n\t\t<\/div>\n\t\t\t\t\t<\/div>\n\t\t<\/section>\n\t\t\t\t\t<\/div>\n\t\t<\/div>\n\t\t\t\t\t<\/div>\n\t\t<\/section>\n\t\t\t\t<section class=\"elementor-section elementor-top-section elementor-element elementor-element-b420665 elementor-section-stretched elementor-hidden-phone elementor-section-boxed elementor-section-height-default elementor-section-height-default\" data-id=\"b420665\" data-element_type=\"section\" data-e-type=\"section\" data-settings=\"{&quot;stretch_section&quot;:&quot;section-stretched&quot;}\">\n\t\t\t\t\t\t<div class=\"elementor-container elementor-column-gap-default\">\n\t\t\t\t\t<div class=\"elementor-column elementor-col-16 elementor-top-column elementor-element elementor-element-533c17ee\" data-id=\"533c17ee\" data-element_type=\"column\" data-e-type=\"column\">\n\t\t\t<div class=\"elementor-widget-wrap elementor-element-populated\">\n\t\t\t\t\t\t<div class=\"elementor-element elementor-element-c953ca9 elementor-widget elementor-widget-text-editor\" data-id=\"c953ca9\" data-element_type=\"widget\" data-e-type=\"widget\" data-widget_type=\"text-editor.default\">\n\t\t\t\t<div class=\"elementor-widget-container\">\n\t\t\t\t\t\t\t\t\t<p><a href=\"https:\/\/salecina.ch\/it\/\"><strong>SALECINA<\/strong><\/a><\/p>\n\t\t\t\t\t\t\t\t<\/div>\n\t\t\t\t<\/div>\n\t\t\t\t\t<\/div>\n\t\t<\/div>\n\t\t\t\t<div class=\"elementor-column elementor-col-16 elementor-top-column elementor-element elementor-element-5d535466\" data-id=\"5d535466\" data-element_type=\"column\" data-e-type=\"column\">\n\t\t\t<div class=\"elementor-widget-wrap elementor-element-populated\">\n\t\t\t\t\t\t<div class=\"elementor-element elementor-element-74aa06ec elementor-widget elementor-widget-text-editor\" data-id=\"74aa06ec\" data-element_type=\"widget\" data-e-type=\"widget\" data-widget_type=\"text-editor.default\">\n\t\t\t\t<div class=\"elementor-widget-container\">\n\t\t\t\t\t\t\t\t\t<p><a href=\"https:\/\/salecina.ch\/it\/mangiare-dormire\/\"><strong>MANGIARE &amp; DORMIRE<\/strong><\/a><\/p>\n<p><a href=\"https:\/\/salecina.ch\/it\/personale-ospiti\/\">personale &amp; ospiti<\/a><\/p>\n<p><a href=\"https:\/\/salecina.ch\/it\/camere-servizi\/\">camere &amp; servizi<\/a><\/p>\n\t\t\t\t\t\t\t\t<\/div>\n\t\t\t\t<\/div>\n\t\t\t\t\t<\/div>\n\t\t<\/div>\n\t\t\t\t<div class=\"elementor-column elementor-col-16 elementor-top-column elementor-element elementor-element-340d2927\" data-id=\"340d2927\" data-element_type=\"column\" data-e-type=\"column\">\n\t\t\t<div class=\"elementor-widget-wrap elementor-element-populated\">\n\t\t\t\t\t\t<div class=\"elementor-element elementor-element-739f2c7d elementor-widget elementor-widget-text-editor\" data-id=\"739f2c7d\" data-element_type=\"widget\" data-e-type=\"widget\" data-widget_type=\"text-editor.default\">\n\t\t\t\t<div class=\"elementor-widget-container\">\n\t\t\t\t\t\t\t\t\t<p><a href=\"https:\/\/salecina.ch\/it\/incontro-movimento\/\"><strong>INCONTRO &amp; MOVIMENTO<\/strong><\/a><\/p>\n<p><a href=\"https:\/\/salecina.ch\/it\/persone-idee\/\">persone &amp; idee<\/a><\/p>\n<p><a href=\"https:\/\/salecina.ch\/salecina\/begegnung-bewegung\/politik-kultur\/\">politica &amp; cultura<\/a><\/p>\n<p><a href=\"https:\/\/salecina.ch\/it\/agenda-eventi\/\">agenda &amp; eventi<\/a><\/p>\n<p><a href=\"https:\/\/salecina.ch\/it\/foto-media\/\">foto &amp; media<\/a><\/p>\n\t\t\t\t\t\t\t\t<\/div>\n\t\t\t\t<\/div>\n\t\t\t\t\t<\/div>\n\t\t<\/div>\n\t\t\t\t<div class=\"elementor-column elementor-col-16 elementor-top-column elementor-element elementor-element-5ea4643d\" data-id=\"5ea4643d\" data-element_type=\"column\" data-e-type=\"column\">\n\t\t\t<div class=\"elementor-widget-wrap elementor-element-populated\">\n\t\t\t\t\t\t<div class=\"elementor-element elementor-element-54290605 elementor-widget elementor-widget-text-editor\" data-id=\"54290605\" data-element_type=\"widget\" data-e-type=\"widget\" data-widget_type=\"text-editor.default\">\n\t\t\t\t<div class=\"elementor-widget-container\">\n\t\t\t\t\t\t\t\t\t<p><a href=\"https:\/\/salecina.ch\/it\/casa-storia\/\"><strong>CASA &amp; STORIA<\/strong><\/a><\/p>\n<p><a href=\"https:\/\/salecina.ch\/it\/posizione-ambiente\/\">posizione &amp; ambiente<\/a><\/p>\n<p><a href=\"https:\/\/salecina.ch\/salecina\/haus-geschichte\/geschichte-geschichten\/\">storia &amp; storie<\/a><\/p>\n<p><a href=\"https:\/\/salecina.ch\/it\/team-idea\/\">team &amp; idea<\/a><\/p>\n\t\t\t\t\t\t\t\t<\/div>\n\t\t\t\t<\/div>\n\t\t\t\t\t<\/div>\n\t\t<\/div>\n\t\t\t\t<div class=\"elementor-column elementor-col-16 elementor-top-column elementor-element elementor-element-5c207033\" data-id=\"5c207033\" data-element_type=\"column\" data-e-type=\"column\">\n\t\t\t<div class=\"elementor-widget-wrap elementor-element-populated\">\n\t\t\t\t\t\t<div class=\"elementor-element elementor-element-248dce8a elementor-widget elementor-widget-text-editor\" data-id=\"248dce8a\" data-element_type=\"widget\" data-e-type=\"widget\" data-widget_type=\"text-editor.default\">\n\t\t\t\t<div class=\"elementor-widget-container\">\n\t\t\t\t\t\t\t\t\t<p><a href=\"https:\/\/salecina.ch\/kontakt-buchen\/\"><strong>CONTATTI &amp; PRENOTAZIONI<\/strong><\/a><\/p>\n<p><a href=\"https:\/\/salecina.ch\/preise-buchen\/\">prezzi &amp; prenotazioni<\/a><\/p>\n<p><a href=\"https:\/\/salecina.ch\/anreise-infos\/\">arrivo &amp; informazioni<\/a><\/p>\n<p><a href=\"https:\/\/salecina.ch\/links-faq\/\">link &amp; FAQ<\/a><\/p>\n\t\t\t\t\t\t\t\t<\/div>\n\t\t\t\t<\/div>\n\t\t\t\t\t<\/div>\n\t\t<\/div>\n\t\t\t\t<div class=\"elementor-column elementor-col-16 elementor-top-column elementor-element elementor-element-e0772f5\" data-id=\"e0772f5\" data-element_type=\"column\" data-e-type=\"column\">\n\t\t\t<div class=\"elementor-widget-wrap elementor-element-populated\">\n\t\t\t\t\t\t<div class=\"elementor-element elementor-element-4dfbe850 elementor-widget elementor-widget-text-editor\" data-id=\"4dfbe850\" data-element_type=\"widget\" data-e-type=\"widget\" data-widget_type=\"text-editor.default\">\n\t\t\t\t<div class=\"elementor-widget-container\">\n\t\t\t\t\t\t\t\t\t<p><a href=\"https:\/\/salecina.ch\/\">\u00a9 Salecina 2021<\/a><\/p>\n\t\t\t\t\t\t\t\t<\/div>\n\t\t\t\t<\/div>\n\t\t\t\t<div class=\"elementor-element elementor-element-3118e4a elementor-shape-square e-grid-align-left elementor-grid-0 elementor-widget elementor-widget-social-icons\" data-id=\"3118e4a\" data-element_type=\"widget\" data-e-type=\"widget\" data-widget_type=\"social-icons.default\">\n\t\t\t\t<div class=\"elementor-widget-container\">\n\t\t\t\t\t\t\t<div class=\"elementor-social-icons-wrapper elementor-grid\" role=\"list\">\n\t\t\t\t\t\t\t<span class=\"elementor-grid-item\" role=\"listitem\">\n\t\t\t\t\t<a class=\"elementor-icon elementor-social-icon elementor-social-icon-facebook elementor-animation-shrink elementor-repeater-item-f267571\" target=\"_blank\">\n\t\t\t\t\t\t<span class=\"elementor-screen-only\">Facebook<\/span>\n\t\t\t\t\t\t<i aria-hidden=\"true\" class=\"fab fa-facebook\"><\/i>\t\t\t\t\t<\/a>\n\t\t\t\t<\/span>\n\t\t\t\t\t\t\t<span class=\"elementor-grid-item\" role=\"listitem\">\n\t\t\t\t\t<a class=\"elementor-icon elementor-social-icon elementor-social-icon-twitter elementor-animation-shrink elementor-repeater-item-18f95d2\" target=\"_blank\">\n\t\t\t\t\t\t<span class=\"elementor-screen-only\">Twitter<\/span>\n\t\t\t\t\t\t<i aria-hidden=\"true\" class=\"fab fa-twitter\"><\/i>\t\t\t\t\t<\/a>\n\t\t\t\t<\/span>\n\t\t\t\t\t<\/div>\n\t\t\t\t\t\t<\/div>\n\t\t\t\t<\/div>\n\t\t\t\t\t<\/div>\n\t\t<\/div>\n\t\t\t\t\t<\/div>\n\t\t<\/section>\n\t\t\t\t<section class=\"elementor-section elementor-top-section elementor-element elementor-element-2164970e elementor-section-boxed elementor-section-height-default elementor-section-height-default\" data-id=\"2164970e\" data-element_type=\"section\" data-e-type=\"section\">\n\t\t\t\t\t\t<div class=\"elementor-container elementor-column-gap-default\">\n\t\t\t\t\t<div class=\"elementor-column elementor-col-100 elementor-top-column elementor-element elementor-element-1bf7faa7\" data-id=\"1bf7faa7\" data-element_type=\"column\" data-e-type=\"column\">\n\t\t\t<div class=\"elementor-widget-wrap elementor-element-populated\">\n\t\t\t\t\t\t<div class=\"elementor-element elementor-element-5a5ef811 elementor-widget elementor-widget-text-editor\" data-id=\"5a5ef811\" data-element_type=\"widget\" data-e-type=\"widget\" data-widget_type=\"text-editor.default\">\n\t\t\t\t<div class=\"elementor-widget-container\">\n\t\t\t\t\t\t\t\t\t<p><strong>Salecina \u2013<\/strong> Ferien- und Bildungszentrum \/ Centro di vacanze e formazione <a href=\"mailto:info@salecina.ch\">info@salecina.ch<\/a><\/p>\n\t\t\t\t\t\t\t\t<\/div>\n\t\t\t\t<\/div>\n\t\t\t\t\t<\/div>\n\t\t<\/div>\n\t\t\t\t\t<\/div>\n\t\t<\/section>\n\t\t\t\t<\/div>\n\t\t","protected":false},"excerpt":{"rendered":"<p>Autogestione Sin dall&#8217;anno della fondazione nel 1972, la Casa di vacanze e formazione Salecina \u00e8 sempre stata autogestita. Quello che pu\u00f2 sembrare complicato, si realizza ormai da decenni ed \u00e8 motivo di attrazione per Salecina: Quattro membri del Team di gestione garantiscono la continuit\u00e0. Il Team si occupa di prenotazioni e contabilit\u00e0, acquisti e forniture [&hellip;]<\/p>\n","protected":false},"author":1,"featured_media":0,"parent":0,"menu_order":12,"comment_status":"closed","ping_status":"closed","template":"elementor_header_footer","meta":{"footnotes":""},"class_list":["post-3692","page","type-page","status-publish","hentry"],"yoast_head":"<!-- This site is optimized with the Yoast SEO plugin v28.3 - https:\/\/yoast.com\/product\/yoast-seo-wordpress\/ -->\n<title>team &amp; idea &#8212; Salecina<\/title>\n<meta name=\"robots\" content=\"index, follow, max-snippet:-1, max-image-preview:large, max-video-preview:-1\" \/>\n<link rel=\"canonical\" href=\"https:\/\/salecina.ch\/it\/team-idea\/\" \/>\n<meta property=\"og:locale\" content=\"it_IT\" \/>\n<meta property=\"og:type\" content=\"article\" \/>\n<meta property=\"og:title\" content=\"team &amp; idea &#8212; Salecina\" \/>\n<meta property=\"og:description\" content=\"Autogestione Sin dall&#8217;anno della fondazione nel 1972, la Casa di vacanze e formazione Salecina \u00e8 sempre stata autogestita. Quello che pu\u00f2 sembrare complicato, si realizza ormai da decenni ed \u00e8 motivo di attrazione per Salecina: Quattro membri del Team di gestione garantiscono la continuit\u00e0. Il Team si occupa di prenotazioni e contabilit\u00e0, acquisti e forniture [&hellip;]\" \/>\n<meta property=\"og:url\" content=\"https:\/\/salecina.ch\/it\/team-idea\/\" \/>\n<meta property=\"og:site_name\" content=\"Salecina\" \/>\n<meta property=\"article:modified_time\" content=\"2023-08-02T13:50:36+00:00\" \/>\n<meta property=\"og:image\" content=\"https:\/\/salecina.ch\/wp-content\/uploads\/2021\/08\/selbstverwaltung.jpg\" \/>\n<meta name=\"twitter:card\" content=\"summary_large_image\" \/>\n<meta name=\"twitter:label1\" content=\"Tempo di lettura stimato\" \/>\n\t<meta name=\"twitter:data1\" content=\"4 minuti\" \/>\n<script type=\"application\/ld+json\" class=\"yoast-schema-graph\">{\"@context\":\"https:\\\/\\\/schema.org\",\"@graph\":[{\"@type\":\"WebPage\",\"@id\":\"https:\\\/\\\/salecina.ch\\\/it\\\/team-idea\\\/\",\"url\":\"https:\\\/\\\/salecina.ch\\\/it\\\/team-idea\\\/\",\"name\":\"team &amp; idea &#8212; Salecina\",\"isPartOf\":{\"@id\":\"https:\\\/\\\/salecina.ch\\\/#website\"},\"primaryImageOfPage\":{\"@id\":\"https:\\\/\\\/salecina.ch\\\/it\\\/team-idea\\\/#primaryimage\"},\"image\":{\"@id\":\"https:\\\/\\\/salecina.ch\\\/it\\\/team-idea\\\/#primaryimage\"},\"thumbnailUrl\":\"https:\\\/\\\/salecina.ch\\\/wp-content\\\/uploads\\\/2021\\\/08\\\/selbstverwaltung.jpg\",\"datePublished\":\"2021-08-20T10:02:58+00:00\",\"dateModified\":\"2023-08-02T13:50:36+00:00\",\"breadcrumb\":{\"@id\":\"https:\\\/\\\/salecina.ch\\\/it\\\/team-idea\\\/#breadcrumb\"},\"inLanguage\":\"it-IT\",\"potentialAction\":[{\"@type\":\"ReadAction\",\"target\":[\"https:\\\/\\\/salecina.ch\\\/it\\\/team-idea\\\/\"]}]},{\"@type\":\"ImageObject\",\"inLanguage\":\"it-IT\",\"@id\":\"https:\\\/\\\/salecina.ch\\\/it\\\/team-idea\\\/#primaryimage\",\"url\":\"https:\\\/\\\/salecina.ch\\\/wp-content\\\/uploads\\\/2021\\\/08\\\/selbstverwaltung.jpg\",\"contentUrl\":\"https:\\\/\\\/salecina.ch\\\/wp-content\\\/uploads\\\/2021\\\/08\\\/selbstverwaltung.jpg\"},{\"@type\":\"BreadcrumbList\",\"@id\":\"https:\\\/\\\/salecina.ch\\\/it\\\/team-idea\\\/#breadcrumb\",\"itemListElement\":[{\"@type\":\"ListItem\",\"position\":1,\"name\":\"Startseite\",\"item\":\"https:\\\/\\\/salecina.ch\\\/it\\\/\"},{\"@type\":\"ListItem\",\"position\":2,\"name\":\"team &amp; idea\"}]},{\"@type\":\"WebSite\",\"@id\":\"https:\\\/\\\/salecina.ch\\\/#website\",\"url\":\"https:\\\/\\\/salecina.ch\\\/\",\"name\":\"Salecina\",\"description\":\"\",\"publisher\":{\"@id\":\"https:\\\/\\\/salecina.ch\\\/#organization\"},\"potentialAction\":[{\"@type\":\"SearchAction\",\"target\":{\"@type\":\"EntryPoint\",\"urlTemplate\":\"https:\\\/\\\/salecina.ch\\\/?s={search_term_string}\"},\"query-input\":{\"@type\":\"PropertyValueSpecification\",\"valueRequired\":true,\"valueName\":\"search_term_string\"}}],\"inLanguage\":\"it-IT\"},{\"@type\":\"Organization\",\"@id\":\"https:\\\/\\\/salecina.ch\\\/#organization\",\"name\":\"Stiftung Salecina\",\"url\":\"https:\\\/\\\/salecina.ch\\\/\",\"logo\":{\"@type\":\"ImageObject\",\"inLanguage\":\"it-IT\",\"@id\":\"https:\\\/\\\/salecina.ch\\\/#\\\/schema\\\/logo\\\/image\\\/\",\"url\":\"https:\\\/\\\/salecina.ch\\\/wp-content\\\/uploads\\\/2021\\\/07\\\/Logo-Salecina-definitiv-mit-Text.svg\",\"contentUrl\":\"https:\\\/\\\/salecina.ch\\\/wp-content\\\/uploads\\\/2021\\\/07\\\/Logo-Salecina-definitiv-mit-Text.svg\",\"width\":274,\"height\":117,\"caption\":\"Stiftung Salecina\"},\"image\":{\"@id\":\"https:\\\/\\\/salecina.ch\\\/#\\\/schema\\\/logo\\\/image\\\/\"}}]}<\/script>\n<!-- \/ Yoast SEO plugin. -->","yoast_head_json":{"title":"team &amp; idea &#8212; Salecina","robots":{"index":"index","follow":"follow","max-snippet":"max-snippet:-1","max-image-preview":"max-image-preview:large","max-video-preview":"max-video-preview:-1"},"canonical":"https:\/\/salecina.ch\/it\/team-idea\/","og_locale":"it_IT","og_type":"article","og_title":"team &amp; idea &#8212; Salecina","og_description":"Autogestione Sin dall&#8217;anno della fondazione nel 1972, la Casa di vacanze e formazione Salecina \u00e8 sempre stata autogestita. Quello che pu\u00f2 sembrare complicato, si realizza ormai da decenni ed \u00e8 motivo di attrazione per Salecina: Quattro membri del Team di gestione garantiscono la continuit\u00e0. Il Team si occupa di prenotazioni e contabilit\u00e0, acquisti e forniture [&hellip;]","og_url":"https:\/\/salecina.ch\/it\/team-idea\/","og_site_name":"Salecina","article_modified_time":"2023-08-02T13:50:36+00:00","og_image":[{"url":"https:\/\/salecina.ch\/wp-content\/uploads\/2021\/08\/selbstverwaltung.jpg","type":"","width":"","height":""}],"twitter_card":"summary_large_image","twitter_misc":{"Tempo di lettura stimato":"4 minuti"},"schema":{"@context":"https:\/\/schema.org","@graph":[{"@type":"WebPage","@id":"https:\/\/salecina.ch\/it\/team-idea\/","url":"https:\/\/salecina.ch\/it\/team-idea\/","name":"team &amp; idea &#8212; Salecina","isPartOf":{"@id":"https:\/\/salecina.ch\/#website"},"primaryImageOfPage":{"@id":"https:\/\/salecina.ch\/it\/team-idea\/#primaryimage"},"image":{"@id":"https:\/\/salecina.ch\/it\/team-idea\/#primaryimage"},"thumbnailUrl":"https:\/\/salecina.ch\/wp-content\/uploads\/2021\/08\/selbstverwaltung.jpg","datePublished":"2021-08-20T10:02:58+00:00","dateModified":"2023-08-02T13:50:36+00:00","breadcrumb":{"@id":"https:\/\/salecina.ch\/it\/team-idea\/#breadcrumb"},"inLanguage":"it-IT","potentialAction":[{"@type":"ReadAction","target":["https:\/\/salecina.ch\/it\/team-idea\/"]}]},{"@type":"ImageObject","inLanguage":"it-IT","@id":"https:\/\/salecina.ch\/it\/team-idea\/#primaryimage","url":"https:\/\/salecina.ch\/wp-content\/uploads\/2021\/08\/selbstverwaltung.jpg","contentUrl":"https:\/\/salecina.ch\/wp-content\/uploads\/2021\/08\/selbstverwaltung.jpg"},{"@type":"BreadcrumbList","@id":"https:\/\/salecina.ch\/it\/team-idea\/#breadcrumb","itemListElement":[{"@type":"ListItem","position":1,"name":"Startseite","item":"https:\/\/salecina.ch\/it\/"},{"@type":"ListItem","position":2,"name":"team &amp; idea"}]},{"@type":"WebSite","@id":"https:\/\/salecina.ch\/#website","url":"https:\/\/salecina.ch\/","name":"Salecina","description":"","publisher":{"@id":"https:\/\/salecina.ch\/#organization"},"potentialAction":[{"@type":"SearchAction","target":{"@type":"EntryPoint","urlTemplate":"https:\/\/salecina.ch\/?s={search_term_string}"},"query-input":{"@type":"PropertyValueSpecification","valueRequired":true,"valueName":"search_term_string"}}],"inLanguage":"it-IT"},{"@type":"Organization","@id":"https:\/\/salecina.ch\/#organization","name":"Stiftung Salecina","url":"https:\/\/salecina.ch\/","logo":{"@type":"ImageObject","inLanguage":"it-IT","@id":"https:\/\/salecina.ch\/#\/schema\/logo\/image\/","url":"https:\/\/salecina.ch\/wp-content\/uploads\/2021\/07\/Logo-Salecina-definitiv-mit-Text.svg","contentUrl":"https:\/\/salecina.ch\/wp-content\/uploads\/2021\/07\/Logo-Salecina-definitiv-mit-Text.svg","width":274,"height":117,"caption":"Stiftung Salecina"},"image":{"@id":"https:\/\/salecina.ch\/#\/schema\/logo\/image\/"}}]}},"_links":{"self":[{"href":"https:\/\/salecina.ch\/it\/wp-json\/wp\/v2\/pages\/3692","targetHints":{"allow":["GET"]}}],"collection":[{"href":"https:\/\/salecina.ch\/it\/wp-json\/wp\/v2\/pages"}],"about":[{"href":"https:\/\/salecina.ch\/it\/wp-json\/wp\/v2\/types\/page"}],"author":[{"embeddable":true,"href":"https:\/\/salecina.ch\/it\/wp-json\/wp\/v2\/users\/1"}],"replies":[{"embeddable":true,"href":"https:\/\/salecina.ch\/it\/wp-json\/wp\/v2\/comments?post=3692"}],"version-history":[{"count":40,"href":"https:\/\/salecina.ch\/it\/wp-json\/wp\/v2\/pages\/3692\/revisions"}],"predecessor-version":[{"id":9182,"href":"https:\/\/salecina.ch\/it\/wp-json\/wp\/v2\/pages\/3692\/revisions\/9182"}],"wp:attachment":[{"href":"https:\/\/salecina.ch\/it\/wp-json\/wp\/v2\/media?parent=3692"}],"curies":[{"name":"wp","href":"https:\/\/api.w.org\/{rel}","templated":true}]}}