{"id":3679,"date":"2021-08-20T09:41:15","date_gmt":"2021-08-20T09:41:15","guid":{"rendered":"https:\/\/salecina.ch\/storia-storie\/"},"modified":"2023-08-02T13:50:19","modified_gmt":"2023-08-02T13:50:19","slug":"storia-storie","status":"publish","type":"page","link":"https:\/\/salecina.ch\/it\/storia-storie\/","title":{"rendered":"storia &amp; storie"},"content":{"rendered":"\t\t<div data-elementor-type=\"wp-page\" data-elementor-id=\"3679\" class=\"elementor elementor-3679\" data-elementor-post-type=\"page\">\n\t\t\t\t\t\t<section class=\"elementor-section elementor-top-section elementor-element elementor-element-79987dff elementor-section-full_width elementor-section-stretched elementor-section-height-default elementor-section-height-default\" data-id=\"79987dff\" data-element_type=\"section\" data-e-type=\"section\" data-settings=\"{&quot;stretch_section&quot;:&quot;section-stretched&quot;}\">\n\t\t\t\t\t\t<div class=\"elementor-container elementor-column-gap-default\">\n\t\t\t\t\t<div class=\"elementor-column elementor-col-100 elementor-top-column elementor-element elementor-element-6817cc7f\" data-id=\"6817cc7f\" data-element_type=\"column\" data-e-type=\"column\">\n\t\t\t<div class=\"elementor-widget-wrap elementor-element-populated\">\n\t\t\t\t\t\t<div class=\"elementor-element elementor-element-522734a3 elementor-widget elementor-widget-shortcode\" data-id=\"522734a3\" data-element_type=\"widget\" data-e-type=\"widget\" data-widget_type=\"shortcode.default\">\n\t\t\t\t<div class=\"elementor-widget-container\">\n\t\t\t\t\t\t\t<div class=\"elementor-shortcode\">\t\t<div data-elementor-type=\"page\" data-elementor-id=\"485\" class=\"elementor elementor-485\" data-elementor-post-type=\"elementor_library\">\n\t\t\t\t\t\t<section data-dce-background-color=\"#222222\" class=\"elementor-section elementor-top-section elementor-element elementor-element-d80febe elementor-section-full_width elementor-section-content-top elementor-section-stretched elementor-section-height-default elementor-section-height-default\" data-id=\"d80febe\" data-element_type=\"section\" data-e-type=\"section\" data-settings=\"{&quot;background_background&quot;:&quot;classic&quot;,&quot;stretch_section&quot;:&quot;section-stretched&quot;,&quot;sticky&quot;:&quot;top&quot;,&quot;sticky_on&quot;:[&quot;widescreen&quot;,&quot;desktop&quot;,&quot;laptop&quot;,&quot;tablet_extra&quot;,&quot;tablet&quot;,&quot;mobile_extra&quot;,&quot;mobile&quot;],&quot;sticky_offset&quot;:0,&quot;sticky_effects_offset&quot;:0,&quot;sticky_anchor_link_offset&quot;:0}\">\n\t\t\t\t\t\t<div class=\"elementor-container elementor-column-gap-default\">\n\t\t\t\t\t<div class=\"elementor-column elementor-col-100 elementor-top-column elementor-element elementor-element-2fa430a\" data-id=\"2fa430a\" data-element_type=\"column\" data-e-type=\"column\">\n\t\t\t<div class=\"elementor-widget-wrap elementor-element-populated\">\n\t\t\t\t\t\t<div class=\"elementor-element elementor-element-39a0e59 elementor-nav-menu__align-center elementor-nav-menu--stretch elementor-nav-menu--dropdown-tablet elementor-nav-menu__text-align-aside elementor-nav-menu--toggle elementor-nav-menu--burger elementor-widget elementor-widget-nav-menu\" data-id=\"39a0e59\" data-element_type=\"widget\" data-e-type=\"widget\" data-settings=\"{&quot;full_width&quot;:&quot;stretch&quot;,&quot;sticky&quot;:&quot;top&quot;,&quot;layout&quot;:&quot;horizontal&quot;,&quot;submenu_icon&quot;:{&quot;value&quot;:&quot;&lt;i class=\\&quot;fas fa-caret-down\\&quot; aria-hidden=\\&quot;true\\&quot;&gt;&lt;\\\/i&gt;&quot;,&quot;library&quot;:&quot;fa-solid&quot;},&quot;toggle&quot;:&quot;burger&quot;,&quot;sticky_on&quot;:[&quot;widescreen&quot;,&quot;desktop&quot;,&quot;laptop&quot;,&quot;tablet_extra&quot;,&quot;tablet&quot;,&quot;mobile_extra&quot;,&quot;mobile&quot;],&quot;sticky_offset&quot;:0,&quot;sticky_effects_offset&quot;:0,&quot;sticky_anchor_link_offset&quot;:0}\" data-widget_type=\"nav-menu.default\">\n\t\t\t\t<div class=\"elementor-widget-container\">\n\t\t\t\t\t\t\t\t<nav aria-label=\"Menu\" class=\"elementor-nav-menu--main elementor-nav-menu__container elementor-nav-menu--layout-horizontal e--pointer-overline e--animation-fade\">\n\t\t\t\t<ul id=\"menu-1-39a0e59\" class=\"elementor-nav-menu\"><li class=\"menu-item menu-item-type-custom menu-item-object-custom menu-item-3774\"><a href=\"#\" class=\"elementor-item elementor-item-anchor\"><img decoding=\"async\" src=\"https:\/\/salecina.ch\/wp-content\/uploads\/2021\/08\/Logo-Salecina-definitiv-1.svg\" style=\"height:auto; width:5vw; background-color:#FFFFFF;\"><\/a><\/li>\n<li class=\"menu-item menu-item-type-custom menu-item-object-custom menu-item-5115\"><a target=\"_blank\" href=\"https:\/\/hostels.assd.com\/crs4.php?goto=10&#038;cust=410526&#038;type=040&#038;langcrs=X\" class=\"elementor-item\">PRENOTAZIONI<\/a><\/li>\n<li class=\"menu-item menu-item-type-post_type menu-item-object-page menu-item-home menu-item-823\"><a href=\"https:\/\/salecina.ch\/it\/\" class=\"elementor-item\">SALECINA<\/a><\/li>\n<li class=\"menu-item menu-item-type-post_type menu-item-object-page menu-item-has-children menu-item-501\"><a href=\"https:\/\/salecina.ch\/it\/mangiare-dormire\/\" class=\"elementor-item\">MANGIARE &amp; DORMIRE<\/a>\n<ul class=\"sub-menu elementor-nav-menu--dropdown\">\n\t<li class=\"menu-item menu-item-type-post_type menu-item-object-page menu-item-824\"><a href=\"https:\/\/salecina.ch\/it\/personale-ospiti\/\" class=\"elementor-sub-item\">personale &amp; ospiti<\/a><\/li>\n\t<li class=\"menu-item menu-item-type-post_type menu-item-object-page menu-item-3509\"><a href=\"https:\/\/salecina.ch\/it\/camere-servizi\/\" class=\"elementor-sub-item\">camere &amp; servizi<\/a><\/li>\n<\/ul>\n<\/li>\n<li class=\"menu-item menu-item-type-post_type menu-item-object-page menu-item-has-children menu-item-3525\"><a href=\"https:\/\/salecina.ch\/it\/incontro-movimento\/\" class=\"elementor-item\">INCONTRO &amp; MOVIMENTO<\/a>\n<ul class=\"sub-menu elementor-nav-menu--dropdown\">\n\t<li class=\"menu-item menu-item-type-post_type menu-item-object-page menu-item-3531\"><a href=\"https:\/\/salecina.ch\/it\/persone-idee\/\" class=\"elementor-sub-item\">persone &amp; idee<\/a><\/li>\n\t<li class=\"menu-item menu-item-type-post_type menu-item-object-page menu-item-3551\"><a href=\"https:\/\/salecina.ch\/it\/politica-cultura\/\" class=\"elementor-sub-item\">politica &amp; cultura<\/a><\/li>\n\t<li class=\"menu-item menu-item-type-post_type menu-item-object-page menu-item-3572\"><a href=\"https:\/\/salecina.ch\/it\/agenda-eventi\/\" class=\"elementor-sub-item\">agenda &amp; eventi<\/a><\/li>\n\t<li class=\"menu-item menu-item-type-post_type menu-item-object-page menu-item-3597\"><a href=\"https:\/\/salecina.ch\/it\/foto-media\/\" class=\"elementor-sub-item\">foto &amp; media<\/a><\/li>\n<\/ul>\n<\/li>\n<li class=\"menu-item menu-item-type-post_type menu-item-object-page menu-item-has-children menu-item-3665\"><a href=\"https:\/\/salecina.ch\/it\/casa-storia\/\" class=\"elementor-item\">CASA &amp; STORIA<\/a>\n<ul class=\"sub-menu elementor-nav-menu--dropdown\">\n\t<li class=\"menu-item menu-item-type-post_type menu-item-object-page menu-item-3677\"><a href=\"https:\/\/salecina.ch\/it\/posizione-ambiente\/\" class=\"elementor-sub-item\">posizione &amp; ambiente<\/a><\/li>\n\t<li class=\"menu-item menu-item-type-post_type menu-item-object-page menu-item-3691\"><a href=\"https:\/\/salecina.ch\/it\/storia-storie\/\" class=\"elementor-sub-item\">storia &amp; storie<\/a><\/li>\n\t<li class=\"menu-item menu-item-type-post_type menu-item-object-page menu-item-3696\"><a href=\"https:\/\/salecina.ch\/it\/team-idea\/\" class=\"elementor-sub-item\">team &amp; idea<\/a><\/li>\n<\/ul>\n<\/li>\n<li class=\"menu-item menu-item-type-post_type menu-item-object-page menu-item-has-children menu-item-3711\"><a href=\"https:\/\/salecina.ch\/it\/contatti-prenotazioni\/\" class=\"elementor-item\">CONTATTI &#038; INFO<\/a>\n<ul class=\"sub-menu elementor-nav-menu--dropdown\">\n\t<li class=\"menu-item menu-item-type-post_type menu-item-object-page menu-item-3717\"><a href=\"https:\/\/salecina.ch\/it\/prezzi-prenotazioni\/\" class=\"elementor-sub-item\">prezzi<\/a><\/li>\n\t<li class=\"menu-item menu-item-type-post_type menu-item-object-page menu-item-3735\"><a href=\"https:\/\/salecina.ch\/it\/arrivo-informazioni\/\" class=\"elementor-sub-item\">arrivo &amp; informazioni<\/a><\/li>\n\t<li class=\"menu-item menu-item-type-post_type menu-item-object-page menu-item-3754\"><a href=\"https:\/\/salecina.ch\/it\/link-faq\/\" class=\"elementor-sub-item\">link &amp; FAQ<\/a><\/li>\n<\/ul>\n<\/li>\n<li class=\"menu-item wpml-ls-slot-5 wpml-ls-item wpml-ls-item-de wpml-ls-menu-item wpml-ls-first-item menu-item-type-wpml_ls_menu_item menu-item-object-wpml_ls_menu_item menu-item-wpml-ls-5-de\"><a href=\"https:\/\/salecina.ch\" class=\"elementor-item\"><img decoding=\"async\"\n            class=\"wpml-ls-flag\"\n            src=\"https:\/\/salecina.ch\/wp-content\/plugins\/sitepress-multilingual-cms\/res\/flags\/de.png\"\n            alt=\"Tedesco\"\n            \n            \n    \/><\/a><\/li>\n<li class=\"menu-item wpml-ls-slot-5 wpml-ls-item wpml-ls-item-fr wpml-ls-menu-item menu-item-type-wpml_ls_menu_item menu-item-object-wpml_ls_menu_item menu-item-wpml-ls-5-fr\"><a href=\"https:\/\/salecina.ch\/fr\/\" class=\"elementor-item\"><img decoding=\"async\"\n            class=\"wpml-ls-flag\"\n            src=\"https:\/\/salecina.ch\/wp-content\/plugins\/sitepress-multilingual-cms\/res\/flags\/fr.png\"\n            alt=\"Francese\"\n            \n            \n    \/><\/a><\/li>\n<li class=\"menu-item wpml-ls-slot-5 wpml-ls-item wpml-ls-item-en wpml-ls-menu-item wpml-ls-last-item menu-item-type-wpml_ls_menu_item menu-item-object-wpml_ls_menu_item menu-item-wpml-ls-5-en\"><a href=\"https:\/\/salecina.ch\/en\/\" class=\"elementor-item\"><img decoding=\"async\"\n            class=\"wpml-ls-flag\"\n            src=\"https:\/\/salecina.ch\/wp-content\/plugins\/sitepress-multilingual-cms\/res\/flags\/en.png\"\n            alt=\"Inglese\"\n            \n            \n    \/><\/a><\/li>\n<\/ul>\t\t\t<\/nav>\n\t\t\t\t\t<div class=\"elementor-menu-toggle\" role=\"button\" tabindex=\"0\" aria-label=\"Menu di commutazione\" aria-expanded=\"false\">\n\t\t\t<i aria-hidden=\"true\" role=\"presentation\" class=\"elementor-menu-toggle__icon--open eicon-menu-bar\"><\/i><i aria-hidden=\"true\" role=\"presentation\" class=\"elementor-menu-toggle__icon--close eicon-close\"><\/i>\t\t<\/div>\n\t\t\t\t\t<nav class=\"elementor-nav-menu--dropdown elementor-nav-menu__container\" aria-hidden=\"true\">\n\t\t\t\t<ul id=\"menu-2-39a0e59\" class=\"elementor-nav-menu\"><li class=\"menu-item menu-item-type-custom menu-item-object-custom menu-item-3774\"><a href=\"#\" class=\"elementor-item elementor-item-anchor\" tabindex=\"-1\"><img decoding=\"async\" src=\"https:\/\/salecina.ch\/wp-content\/uploads\/2021\/08\/Logo-Salecina-definitiv-1.svg\" style=\"height:auto; width:5vw; background-color:#FFFFFF;\"><\/a><\/li>\n<li class=\"menu-item menu-item-type-custom menu-item-object-custom menu-item-5115\"><a target=\"_blank\" href=\"https:\/\/hostels.assd.com\/crs4.php?goto=10&#038;cust=410526&#038;type=040&#038;langcrs=X\" class=\"elementor-item\" tabindex=\"-1\">PRENOTAZIONI<\/a><\/li>\n<li class=\"menu-item menu-item-type-post_type menu-item-object-page menu-item-home menu-item-823\"><a href=\"https:\/\/salecina.ch\/it\/\" class=\"elementor-item\" tabindex=\"-1\">SALECINA<\/a><\/li>\n<li class=\"menu-item menu-item-type-post_type menu-item-object-page menu-item-has-children menu-item-501\"><a href=\"https:\/\/salecina.ch\/it\/mangiare-dormire\/\" class=\"elementor-item\" tabindex=\"-1\">MANGIARE &amp; DORMIRE<\/a>\n<ul class=\"sub-menu elementor-nav-menu--dropdown\">\n\t<li class=\"menu-item menu-item-type-post_type menu-item-object-page menu-item-824\"><a href=\"https:\/\/salecina.ch\/it\/personale-ospiti\/\" class=\"elementor-sub-item\" tabindex=\"-1\">personale &amp; ospiti<\/a><\/li>\n\t<li class=\"menu-item menu-item-type-post_type menu-item-object-page menu-item-3509\"><a href=\"https:\/\/salecina.ch\/it\/camere-servizi\/\" class=\"elementor-sub-item\" tabindex=\"-1\">camere &amp; servizi<\/a><\/li>\n<\/ul>\n<\/li>\n<li class=\"menu-item menu-item-type-post_type menu-item-object-page menu-item-has-children menu-item-3525\"><a href=\"https:\/\/salecina.ch\/it\/incontro-movimento\/\" class=\"elementor-item\" tabindex=\"-1\">INCONTRO &amp; MOVIMENTO<\/a>\n<ul class=\"sub-menu elementor-nav-menu--dropdown\">\n\t<li class=\"menu-item menu-item-type-post_type menu-item-object-page menu-item-3531\"><a href=\"https:\/\/salecina.ch\/it\/persone-idee\/\" class=\"elementor-sub-item\" tabindex=\"-1\">persone &amp; idee<\/a><\/li>\n\t<li class=\"menu-item menu-item-type-post_type menu-item-object-page menu-item-3551\"><a href=\"https:\/\/salecina.ch\/it\/politica-cultura\/\" class=\"elementor-sub-item\" tabindex=\"-1\">politica &amp; cultura<\/a><\/li>\n\t<li class=\"menu-item menu-item-type-post_type menu-item-object-page menu-item-3572\"><a href=\"https:\/\/salecina.ch\/it\/agenda-eventi\/\" class=\"elementor-sub-item\" tabindex=\"-1\">agenda &amp; eventi<\/a><\/li>\n\t<li class=\"menu-item menu-item-type-post_type menu-item-object-page menu-item-3597\"><a href=\"https:\/\/salecina.ch\/it\/foto-media\/\" class=\"elementor-sub-item\" tabindex=\"-1\">foto &amp; media<\/a><\/li>\n<\/ul>\n<\/li>\n<li class=\"menu-item menu-item-type-post_type menu-item-object-page menu-item-has-children menu-item-3665\"><a href=\"https:\/\/salecina.ch\/it\/casa-storia\/\" class=\"elementor-item\" tabindex=\"-1\">CASA &amp; STORIA<\/a>\n<ul class=\"sub-menu elementor-nav-menu--dropdown\">\n\t<li class=\"menu-item menu-item-type-post_type menu-item-object-page menu-item-3677\"><a href=\"https:\/\/salecina.ch\/it\/posizione-ambiente\/\" class=\"elementor-sub-item\" tabindex=\"-1\">posizione &amp; ambiente<\/a><\/li>\n\t<li class=\"menu-item menu-item-type-post_type menu-item-object-page menu-item-3691\"><a href=\"https:\/\/salecina.ch\/it\/storia-storie\/\" class=\"elementor-sub-item\" tabindex=\"-1\">storia &amp; storie<\/a><\/li>\n\t<li class=\"menu-item menu-item-type-post_type menu-item-object-page menu-item-3696\"><a href=\"https:\/\/salecina.ch\/it\/team-idea\/\" class=\"elementor-sub-item\" tabindex=\"-1\">team &amp; idea<\/a><\/li>\n<\/ul>\n<\/li>\n<li class=\"menu-item menu-item-type-post_type menu-item-object-page menu-item-has-children menu-item-3711\"><a href=\"https:\/\/salecina.ch\/it\/contatti-prenotazioni\/\" class=\"elementor-item\" tabindex=\"-1\">CONTATTI &#038; INFO<\/a>\n<ul class=\"sub-menu elementor-nav-menu--dropdown\">\n\t<li class=\"menu-item menu-item-type-post_type menu-item-object-page menu-item-3717\"><a href=\"https:\/\/salecina.ch\/it\/prezzi-prenotazioni\/\" class=\"elementor-sub-item\" tabindex=\"-1\">prezzi<\/a><\/li>\n\t<li class=\"menu-item menu-item-type-post_type menu-item-object-page menu-item-3735\"><a href=\"https:\/\/salecina.ch\/it\/arrivo-informazioni\/\" class=\"elementor-sub-item\" tabindex=\"-1\">arrivo &amp; informazioni<\/a><\/li>\n\t<li class=\"menu-item menu-item-type-post_type menu-item-object-page menu-item-3754\"><a href=\"https:\/\/salecina.ch\/it\/link-faq\/\" class=\"elementor-sub-item\" tabindex=\"-1\">link &amp; FAQ<\/a><\/li>\n<\/ul>\n<\/li>\n<li class=\"menu-item wpml-ls-slot-5 wpml-ls-item wpml-ls-item-de wpml-ls-menu-item wpml-ls-first-item menu-item-type-wpml_ls_menu_item menu-item-object-wpml_ls_menu_item menu-item-wpml-ls-5-de\"><a href=\"https:\/\/salecina.ch\" class=\"elementor-item\" tabindex=\"-1\"><img decoding=\"async\"\n            class=\"wpml-ls-flag\"\n            src=\"https:\/\/salecina.ch\/wp-content\/plugins\/sitepress-multilingual-cms\/res\/flags\/de.png\"\n            alt=\"Tedesco\"\n            \n            \n    \/><\/a><\/li>\n<li class=\"menu-item wpml-ls-slot-5 wpml-ls-item wpml-ls-item-fr wpml-ls-menu-item menu-item-type-wpml_ls_menu_item menu-item-object-wpml_ls_menu_item menu-item-wpml-ls-5-fr\"><a href=\"https:\/\/salecina.ch\/fr\/\" class=\"elementor-item\" tabindex=\"-1\"><img decoding=\"async\"\n            class=\"wpml-ls-flag\"\n            src=\"https:\/\/salecina.ch\/wp-content\/plugins\/sitepress-multilingual-cms\/res\/flags\/fr.png\"\n            alt=\"Francese\"\n            \n            \n    \/><\/a><\/li>\n<li class=\"menu-item wpml-ls-slot-5 wpml-ls-item wpml-ls-item-en wpml-ls-menu-item wpml-ls-last-item menu-item-type-wpml_ls_menu_item menu-item-object-wpml_ls_menu_item menu-item-wpml-ls-5-en\"><a href=\"https:\/\/salecina.ch\/en\/\" class=\"elementor-item\" tabindex=\"-1\"><img decoding=\"async\"\n            class=\"wpml-ls-flag\"\n            src=\"https:\/\/salecina.ch\/wp-content\/plugins\/sitepress-multilingual-cms\/res\/flags\/en.png\"\n            alt=\"Inglese\"\n            \n            \n    \/><\/a><\/li>\n<\/ul>\t\t\t<\/nav>\n\t\t\t\t\t\t<\/div>\n\t\t\t\t<\/div>\n\t\t\t\t\t<\/div>\n\t\t<\/div>\n\t\t\t\t\t<\/div>\n\t\t<\/section>\n\t\t\t\t<\/div>\n\t\t<\/div>\n\t\t\t\t\t\t<\/div>\n\t\t\t\t<\/div>\n\t\t\t\t\t<\/div>\n\t\t<\/div>\n\t\t\t\t\t<\/div>\n\t\t<\/section>\n\t\t\t\t<section class=\"elementor-section elementor-top-section elementor-element elementor-element-732fd163 elementor-section-boxed elementor-section-height-default elementor-section-height-default\" data-id=\"732fd163\" data-element_type=\"section\" data-e-type=\"section\">\n\t\t\t\t\t\t<div class=\"elementor-container elementor-column-gap-default\">\n\t\t\t\t\t<div class=\"elementor-column elementor-col-100 elementor-top-column elementor-element elementor-element-665754f2\" data-id=\"665754f2\" data-element_type=\"column\" data-e-type=\"column\">\n\t\t\t<div class=\"elementor-widget-wrap elementor-element-populated\">\n\t\t\t\t\t\t\t<\/div>\n\t\t<\/div>\n\t\t\t\t\t<\/div>\n\t\t<\/section>\n\t\t\t\t<section class=\"elementor-section elementor-top-section elementor-element elementor-element-5b905f86 elementor-section-boxed elementor-section-height-default elementor-section-height-default\" data-id=\"5b905f86\" data-element_type=\"section\" data-e-type=\"section\" data-settings=\"{&quot;background_background&quot;:&quot;classic&quot;}\">\n\t\t\t\t\t\t<div class=\"elementor-container elementor-column-gap-default\">\n\t\t\t\t\t<div data-dce-background-color=\"#FFFFFF\" class=\"elementor-column elementor-col-100 elementor-top-column elementor-element elementor-element-6534f0c2\" data-id=\"6534f0c2\" data-element_type=\"column\" data-e-type=\"column\" data-settings=\"{&quot;background_background&quot;:&quot;classic&quot;}\">\n\t\t\t<div class=\"elementor-widget-wrap elementor-element-populated\">\n\t\t\t\t\t\t<section class=\"elementor-section elementor-inner-section elementor-element elementor-element-1807071c elementor-section-boxed elementor-section-height-default elementor-section-height-default\" data-id=\"1807071c\" data-element_type=\"section\" data-e-type=\"section\">\n\t\t\t\t\t\t<div class=\"elementor-container elementor-column-gap-default\">\n\t\t\t\t\t<div class=\"elementor-column elementor-col-50 elementor-inner-column elementor-element elementor-element-aff503c\" data-id=\"aff503c\" data-element_type=\"column\" data-e-type=\"column\" data-settings=\"{&quot;background_background&quot;:&quot;classic&quot;}\">\n\t\t\t<div class=\"elementor-widget-wrap elementor-element-populated\">\n\t\t\t\t\t\t<div class=\"elementor-element elementor-element-54c34199 dce_masking-none elementor-widget elementor-widget-image\" data-id=\"54c34199\" data-element_type=\"widget\" data-e-type=\"widget\" data-widget_type=\"image.default\">\n\t\t\t\t<div class=\"elementor-widget-container\">\n\t\t\t\t\t\t\t\t\t\t\t\t\t\t\t<img fetchpriority=\"high\" decoding=\"async\" width=\"1000\" height=\"290\" src=\"https:\/\/salecina.ch\/wp-content\/uploads\/2021\/08\/geschichte.jpg\" class=\"attachment-full size-full wp-image-2218\" alt=\"\" srcset=\"https:\/\/salecina.ch\/wp-content\/uploads\/2021\/08\/geschichte.jpg 1000w, https:\/\/salecina.ch\/wp-content\/uploads\/2021\/08\/geschichte-300x87.jpg 300w, https:\/\/salecina.ch\/wp-content\/uploads\/2021\/08\/geschichte-768x223.jpg 768w\" sizes=\"(max-width: 1000px) 100vw, 1000px\" \/>\t\t\t\t\t\t\t\t\t\t\t\t\t\t\t<\/div>\n\t\t\t\t<\/div>\n\t\t\t\t<div class=\"elementor-element elementor-element-570a8f5 elementor-widget elementor-widget-text-editor\" data-id=\"570a8f5\" data-element_type=\"widget\" data-e-type=\"widget\" data-widget_type=\"text-editor.default\">\n\t\t\t\t<div class=\"elementor-widget-container\">\n\t\t\t\t\t\t\t\t\t<div class=\"ccm-layout-117-col-1 ccm-layout-cell ccm-layout-col ccm-layout-col-1 first\"><div class=\"ccm-layout-col-spacing\"><div id=\"blockStyle1343LinkespalteLayout1Cell1Layout2Cell1645\" class=\" ccm-block-styles\"><p>Piz Salacina \u00e8 un monte non lontano dal confine italo-svizzero, al passo del Maloja, che collega l\u2019Engadina alla profonda val Bregaglia. Ai suoi piedi si trova una fattoria antica dai muri spessi e con un solido tetto di pietra, sorta pi\u00f9 di 300 anni fa. Dal 1972 questa costruzione un po\u2019 discosta dal Maloja si chiama \u00abSalecina\u00bb.<\/p><\/div><\/div><\/div><p>Molte persone, soprattutto giovani provenienti da tutta Europa, hanno trascorso qui le loro vacanze, hanno partecipato a seminari o convegni e conosciuto altre persone, amici e amiche. Salecina \u00e8 diventato un luogo di incontro internazionale per persone impegnate e attive politicamente, un luogo di sperimentazione per i movimenti progressisti, ecologici, di sinistra e di solidariet\u00e0.<\/p>\t\t\t\t\t\t\t\t<\/div>\n\t\t\t\t<\/div>\n\t\t\t\t<div class=\"elementor-element elementor-element-f2fdec4 elementor-widget elementor-widget-text-editor\" data-id=\"f2fdec4\" data-element_type=\"widget\" data-e-type=\"widget\" data-widget_type=\"text-editor.default\">\n\t\t\t\t<div class=\"elementor-widget-container\">\n\t\t\t\t\t\t\t\t\t<h3>Dai primi anni<\/h3><p>\u00abCreazione di una casa di vacanze per persone con pochi mezzi e bisognose di sostegno\u00bb cos\u00ec si legge nell\u2019atto costitutivo della fondazione di Salecina. La data \u00e8 il 12 luglio 1971, l\u2019anno in cui venne acquistato l\u2019immobile di Orden. Tuttavia, contrariamente a quanto scritto ufficialmente nell\u2019atto costitutivo, i fondatori Theo e Amalie Pinkus-De Sassi avevano in mente fin dall\u2019inizio non solo un centro di carattere sociale, ma anche e soprattutto un centro politico.<\/p><p><img decoding=\"async\" class=\"size-medium wp-image-2207 float-start\" style=\"margin-right: 1rem;\" src=\"https:\/\/salecina.ch\/wp-content\/uploads\/2021\/08\/Kopie_von_Salecina_Negative_003-300x200.jpg\" alt=\"\" width=\"300\" height=\"200\" srcset=\"https:\/\/salecina.ch\/wp-content\/uploads\/2021\/08\/Kopie_von_Salecina_Negative_003-300x200.jpg 300w, https:\/\/salecina.ch\/wp-content\/uploads\/2021\/08\/Kopie_von_Salecina_Negative_003.jpg 640w\" sizes=\"(max-width: 300px) 100vw, 300px\" \/><\/p><p>Theo e Amalie hanno sempre sognato una casa di vacanze in comune da qualche parte in montagna e all\u2019inizio degli anni Settanta hanno avuto sorprendentemente la possibilit\u00e0 di realizzare questo sogno. Theo Pinkus: \u00abNel 1970 un amico che volle rimanere anonimo ci promise che, in caso avessimo trovato una casa adatta, avremmo ricevuto un contributo di 200.000 franchi. Questa offerta non era legata ad alcuna condizione. Aveva semplicemente fiducia in noi, ci conosceva come persone di sinistra e di \u201cAmici della natura\u201d e sapeva che la nuova generazione del 1968 politicizzata a sinistra aveva un rapporto piuttosto contradditorio con le istituzioni del movimento operaio tradizionale. Cominciammo a cercare qualche cosa di adatto, tra l\u2019altro in Engadina.\u00bb<\/p><p><img decoding=\"async\" class=\"wp-image-2223 float-start\" style=\"margin-right: 1rem; margin-left: 1rem;\" src=\"https:\/\/salecina.ch\/wp-content\/uploads\/2021\/08\/Theo_Pinkus_1909-1991-Bild1.jpg\" alt=\"\" width=\"248\" height=\"161\" \/>Finalmente trovarono la casa \u00abOrden dent\u00bb \u2013 c\u2019erano solo due stanze riscaldate: la cucina e la Stube con la stufa di maiolica appena restaurata. Negoziarono con i proprietari Baldini e si giunse a un contratto di acquisto interessante in cui si dichiarava che non potevamo in nessun caso gestire un chiosco n\u00e9 un locale notturno n\u00e9 un cinema e neppure una chiesa. \u00abBaldini dichiar\u00f2 espressamente che naturalmente qualche volta avremmo potuto proiettare un film sul Vietnam.\u00bb<\/p><p><em>Da scaricare: <a href=\"https:\/\/salecina.ch\/wp-content\/uploads\/2021\/08\/Erinnerungen_Pinkus_italiano.pdf\" target=\"_blank\" rel=\"noopener\">\u00abAmalie e Theo Pinkus-De Sassi \u2013 Salecina \u2013 Un pezzo di utopia anticipata?\u00bb<\/a><\/em><\/p>\t\t\t\t\t\t\t\t<\/div>\n\t\t\t\t<\/div>\n\t\t\t\t<section class=\"elementor-section elementor-inner-section elementor-element elementor-element-3d726c9 elementor-section-boxed elementor-section-height-default elementor-section-height-default\" data-id=\"3d726c9\" data-element_type=\"section\" data-e-type=\"section\">\n\t\t\t\t\t\t<div class=\"elementor-container elementor-column-gap-default\">\n\t\t\t\t\t<div class=\"elementor-column elementor-col-50 elementor-inner-column elementor-element elementor-element-3240c19\" data-id=\"3240c19\" data-element_type=\"column\" data-e-type=\"column\">\n\t\t\t<div class=\"elementor-widget-wrap elementor-element-populated\">\n\t\t\t\t\t\t<div class=\"elementor-element elementor-element-d76262b elementor-widget elementor-widget-text-editor\" data-id=\"d76262b\" data-element_type=\"widget\" data-e-type=\"widget\" data-widget_type=\"text-editor.default\">\n\t\t\t\t<div class=\"elementor-widget-container\">\n\t\t\t\t\t\t\t\t\t<h4>I poliziotti spioni<\/h4><p>Nell\u2019autunno del 1989 cadeva il muro di Berlino, l\u2019iniziativa per l\u2019abolizione dell\u2019esercito raggiungeva in Svizzera il risultato sensazionale del 35,6 % di voti positivi ed esplodeva lo scandalo sull\u2019attivit\u00e0 spionistica dello Stato svizzero. L\u2019indignazione e la pressione furono tali che il governo fu costretto ad inviare alle 30.000 persone controllate copia dei fascicoli che le riguardavano, anche se ampiamente decorate dai segni della censura. Salecina ricevette le copie dei fascicoli nel 1991, poi nel 1994 le copie dei relativi rapporti e dossiers, il pacco pesava tre chili.<\/p><p>Salecina aveva sempre messo in conto la possibilit\u00e0 di essere controllata. C\u2019erano stati anche alcuni indizi evidenti. Alcuni insegnanti berlinesi erano stati convocati dall\u2019autorit\u00e0 scolastica perch\u00e9 avevano soggiornato a Salecina. Alcune donne grigionesi dopo la loro partecipazione a un seminario a Salecina avevano ricevuto la visita di un poliziotto che le metteva in guardia contro il pericolo di avere relazioni amorose con terroristi tedeschi. E durante il rapimento Schleyer erano arrivati a Salecina due poliziotti tedeschi della sicurezza dello Stato. Ma non si avevano le prove di un controllo sistematico.<\/p><p>Particolarmente sospetta doveva sembrare la settimana della flora, che venne controllata regolarmente al contrario di molte settimane escursionistiche. Un poliziotto esperto deve aver individuato dietro questo nome troppo semplice un incontro particolarmente clandestino&#8230;<\/p><p><em>Da scaricare: <a href=\"https:\/\/salecina.ch\/wp-content\/uploads\/2021\/08\/schnueffelpolizei_italiano.pdf\" target=\"_blank\" rel=\"noopener\">\u00abJ\u00fcrg Frischknecht \u2013 La spesa \u00e8 del tutto sproporzionata al risultato\u00bb<\/a><\/em><\/p><p><img loading=\"lazy\" decoding=\"async\" class=\"alignnone wp-image-2227\" src=\"https:\/\/salecina.ch\/wp-content\/uploads\/2021\/08\/Schnueffelstaat-211x300.jpg\" alt=\"\" width=\"478\" height=\"680\" srcset=\"https:\/\/salecina.ch\/wp-content\/uploads\/2021\/08\/Schnueffelstaat-211x300.jpg 211w, https:\/\/salecina.ch\/wp-content\/uploads\/2021\/08\/Schnueffelstaat.jpg 640w\" sizes=\"(max-width: 478px) 100vw, 478px\" \/><\/p>\t\t\t\t\t\t\t\t<\/div>\n\t\t\t\t<\/div>\n\t\t\t\t<div data-dce-advanced-background-color=\"#DCDCDC\" class=\"elementor-element elementor-element-09aa85e elementor-widget elementor-widget-text-editor\" data-id=\"09aa85e\" data-element_type=\"widget\" data-e-type=\"widget\" data-widget_type=\"text-editor.default\">\n\t\t\t\t<div class=\"elementor-widget-container\">\n\t\t\t\t\t\t\t\t\t<p><img loading=\"lazy\" decoding=\"async\" class=\" wp-image-2211\" src=\"https:\/\/salecina.ch\/wp-content\/uploads\/2021\/08\/gruendung-300x200.jpg\" alt=\"\" width=\"422\" height=\"281\" srcset=\"https:\/\/salecina.ch\/wp-content\/uploads\/2021\/08\/gruendung-300x200.jpg 300w, https:\/\/salecina.ch\/wp-content\/uploads\/2021\/08\/gruendung.jpg 640w\" sizes=\"(max-width: 422px) 100vw, 422px\" \/><\/p><h4>Ricostruzione: estate 1972<\/h4><p>Amalie Pinkus: \u00abL\u2019atmosfera era davvero molto particolare. Quando fu finito il camino, venne issata la bandiera rossa per il festeggiamento. La not\u00f2 il consigliere nazionale e poi consigliere federale liberale Rudolf Friedrich, che faceva una passeggiata nei dintorni. Si arrabbi\u00f2 in modo tale che il 22 gennaio 1974 scrisse nel servizio stampa del partito liberale una colonna dal titolo \u201cBandiere rosse nel vento del Maloja\u201d, che venne ripresa da numerosi giornali svizzeri. Questo conflitto sulla bandiera fu l\u2019apice delle nostre iniziali difficolt\u00e0. Alcuni abitanti della regione attaccarono Salecina. Durante una riunione del Consiglio comunale venne perfino presentata una protesta contro Salecina. Si disse che avremmo cominciato a cambiare nome alle strade. Alcuni che lavoravano alla ristrutturazione avevano messo per gioco sui sentieri intorno alla casa delle targhe con i nomi incisi nel legno: Via della Rivoluzione, Via Karl Marx e Via Ho-chi-Minh \u2026. Per la bandiera sul camino fu chiamata la polizia di Silvaplana. Ma il poliziotto non volle intervenire, la bandiera si trovava in fin dei conti su una propriet\u00e0 privata, qui ognuno poteva appendere quello che voleva.\u00bb\u00a0<\/p>\t\t\t\t\t\t\t\t<\/div>\n\t\t\t\t<\/div>\n\t\t\t\t\t<\/div>\n\t\t<\/div>\n\t\t\t\t<div class=\"elementor-column elementor-col-50 elementor-inner-column elementor-element elementor-element-263e8e3\" data-id=\"263e8e3\" data-element_type=\"column\" data-e-type=\"column\">\n\t\t\t<div class=\"elementor-widget-wrap elementor-element-populated\">\n\t\t\t\t\t\t<div class=\"elementor-element elementor-element-c1324c6 elementor-widget elementor-widget-text-editor\" data-id=\"c1324c6\" data-element_type=\"widget\" data-e-type=\"widget\" data-widget_type=\"text-editor.default\">\n\t\t\t\t<div class=\"elementor-widget-container\">\n\t\t\t\t\t\t\t\t\t<p><img loading=\"lazy\" decoding=\"async\" class=\" wp-image-2203\" src=\"https:\/\/salecina.ch\/wp-content\/uploads\/2021\/08\/Salecina_Negative_151-1-300x200.jpg\" alt=\"\" width=\"444\" height=\"296\" srcset=\"https:\/\/salecina.ch\/wp-content\/uploads\/2021\/08\/Salecina_Negative_151-1-300x200.jpg 300w, https:\/\/salecina.ch\/wp-content\/uploads\/2021\/08\/Salecina_Negative_151-1.jpg 640w\" sizes=\"(max-width: 444px) 100vw, 444px\" \/><\/p><h4>Theo Pinkus: il suo credo<\/h4><p>\u00abIo ero sempre dell\u2019opinione che a Salecina si dovessero conciliare formazione e vacanze. La zona invita a fare passeggiate, a salire sulle montagne, a camminare in val Bregaglia. Perch\u00e9 non collegare tutto ci\u00f2 con conversazioni e discussioni? A questo si aggiunge la straordinaria posizione di Salecina, al confine tra cultura tedesca, ladina e italiana, vicino al confine italo-svizzero e alla sorgente dell\u2019Inn, che \u00e8 contemporaneamente spartiacque tra Mare del Nord, Mar Adriatico e Mar Nero. Salecina deve essere un centro internazionale, che supera e abbatte confini, non solo confini di Stato. \u201cAttraversamento di confini\u201d, questo per Salecina \u00e8 una sorta di programma. Salecina deve motivare le persone ad essere politicamente attive al di l\u00e0 dei confini dei partiti. Si dovrebbero discutere i problemi e le possibilit\u00e0 di risolverli anche con compagne e compagni di altri paesi, con altre esperienze.\u00bb<\/p><p><em>Da scaricare:<a href=\"https:\/\/salecina.ch\/wp-content\/uploads\/2021\/08\/intervista_WOZ_italiano.pdf\" target=\"_blank\" rel=\"noopener\"> Intervista con Theo Pinkus e Anna Ratti del team dei capicasa. publicato sul settimanale WOZ di Zurigo il 15. Juni<\/a><\/em><\/p><p><em>1984 Theo Pinkus \u00e8 stato un pubblicista, editore e libraio svizzero: <a href=\"https:\/\/it.wikipedia.org\/wiki\/Theo_Pinkus\" target=\"_blank\" rel=\"noopener\">per saperne di pi\u00f9&#8230;<\/a><\/em><\/p>\t\t\t\t\t\t\t\t<\/div>\n\t\t\t\t<\/div>\n\t\t\t\t<div data-dce-advanced-background-color=\"#CFF0CC\" class=\"elementor-element elementor-element-deb798c elementor-widget elementor-widget-text-editor\" data-id=\"deb798c\" data-element_type=\"widget\" data-e-type=\"widget\" data-widget_type=\"text-editor.default\">\n\t\t\t\t<div class=\"elementor-widget-container\">\n\t\t\t\t\t\t\t\t\t<h3><img loading=\"lazy\" decoding=\"async\" class=\"alignnone wp-image-2199\" src=\"https:\/\/salecina.ch\/wp-content\/uploads\/2021\/08\/0-U1-300x200.jpg\" alt=\"\" width=\"485\" height=\"323\" srcset=\"https:\/\/salecina.ch\/wp-content\/uploads\/2021\/08\/0-U1-300x200.jpg 300w, https:\/\/salecina.ch\/wp-content\/uploads\/2021\/08\/0-U1.jpg 640w\" sizes=\"(max-width: 485px) 100vw, 485px\" \/><\/h3>\n<h3><span style=\"color: #ffcc00;\">C<\/span><span style=\"color: #ff6600;\">u<\/span><span style=\"color: #ff0000;\">l<\/span><span style=\"color: #cc99ff;\">u<\/span><span style=\"color: #3366ff;\">r<\/span><\/h3>\n<p>Nell&#8217;estate del 1995 il Consiglio di Salecina si svolse eccezionalmente nelle montagne del Canton Uri, gli Eggberge. Fu l&#8217;occasione per confrontarsi su come festeggiare il 25\u00b0 anniversario di Salecina. Heini Conrad ebbe l&#8217;idea di un&#8217;installazione artistica sul muro di contenimento della diga, inaugurata ufficialmente nel 1972 e impressa nella nostra visuale poich\u00e9 il 1972 fu anche l&#8217;anno di fondazione di Salecina.  <\/p>\n<p>Nel settembre del 1996 il Consiglio di Salecina approv\u00f2 il progetto &#8220;Culur&#8221; di Gottfried Honegger. I suoi primi anni di vita li aveva trascorsi a Sent, nella Bassa Engadina, e ora che era un artista rinomato a livello internazionale e un socialista convinto, Honegger decise che per il progetto salecinese di sinistra non avrebbe voluto alcun onorario. Inoltre &#8220;Culur&#8221; venne finanziato con la vendita di un&#8217;altra sua opera. L&#8217;installazione, la prima opera pubblica dell&#8217;artista nel Cantone dei Grigioni, fu ufficialmente inaugurata e regalata al pubblico il 9 agosto 1997.   <\/p>\n\t\t\t\t\t\t\t\t<\/div>\n\t\t\t\t<\/div>\n\t\t\t\t\t<\/div>\n\t\t<\/div>\n\t\t\t\t\t<\/div>\n\t\t<\/section>\n\t\t\t\t\t<\/div>\n\t\t<\/div>\n\t\t\t\t<div class=\"elementor-column elementor-col-50 elementor-inner-column elementor-element elementor-element-11c60c03\" data-id=\"11c60c03\" data-element_type=\"column\" data-e-type=\"column\">\n\t\t\t<div class=\"elementor-widget-wrap elementor-element-populated\">\n\t\t\t\t\t\t<div data-dce-advanced-background-color=\"#DCDCDC\" class=\"elementor-element elementor-element-bbaab0e elementor-widget elementor-widget-text-editor\" data-id=\"bbaab0e\" data-element_type=\"widget\" data-e-type=\"widget\" data-widget_type=\"text-editor.default\">\n\t\t\t\t<div class=\"elementor-widget-container\">\n\t\t\t\t\t\t\t\t\t<h3><img loading=\"lazy\" decoding=\"async\" class=\"alignnone wp-image-2219\" src=\"https:\/\/salecina.ch\/wp-content\/uploads\/2021\/08\/breve-storica-300x200.jpg\" alt=\"\" width=\"447\" height=\"298\" srcset=\"https:\/\/salecina.ch\/wp-content\/uploads\/2021\/08\/breve-storica-300x200.jpg 300w, https:\/\/salecina.ch\/wp-content\/uploads\/2021\/08\/breve-storica.jpg 640w\" sizes=\"(max-width: 447px) 100vw, 447px\" \/><\/h3>\n<h3>Cronologia<\/h3>\n<p><strong>1685<\/strong> &#8211; Oltre 100 anni prima della rivoluzione francese costruzione della casa contadina a Orden dent (attualmente ufficio, cucina, sala da pranzo piccola).<\/p>\n<p><strong>1750<\/strong> &#8211; Costruzione della stalla (oggi dormitorio). Il bel tetto in piode \u00e8 ancora quello attuale!<\/p>\n<p><strong>1884<\/strong> &#8211; La costruzione dell&#8217;albergo di lusso Kursaal Palace fa di Maloja una destinazione turistica. <\/p>\n<p><strong>1971<\/strong> &#8211; Il 12 luglio Amalie e Theo Pinkus creano la Fondazione Salecina. Il nome della Fondazione si rif\u00e0 al vicino Piz Salecina. Il 28 dicembre la Fondazione acquista l&#8217;immobile di Orden per 180&#8217;000 franchi dalla famiglia bregagliotta Baldini, emigrata fuori valle. L&#8217;affittuario, il contadino Clal\u00fcna, l&#8217;aveva abbandonata per motivi di salute. <\/p>\n<p><strong>24.1.1972: <\/strong>Die Schweizer Schn\u00fcffelpolizei er\u00f6ffnet die umfangreiche Salecina-Fiche.<\/p>\n<p><strong>1972\/73<\/strong> &#8211; Un gruppo di volontari trasforma la casa contadina in un centro di formazione e di vacanze con 56 posti letto in dormitori. &#8220;Figlia&#8221; del Sessantotto, Salecina \u00e8 indipendente da partiti e organizzazioni. Il &#8220;luogo del caso organizzato&#8221; (cit.Theo Pinkus) diventa un punto d&#8217;incontro per il movimento di sinistra, alternativo, femminista.<\/p>\n<p><img loading=\"lazy\" decoding=\"async\" class=\"alignnone wp-image-1999\" src=\"https:\/\/salecina.ch\/wp-content\/uploads\/2021\/08\/MaxFrisch5-300x200.jpg\" alt=\"\" width=\"422\" height=\"281\" srcset=\"https:\/\/salecina.ch\/wp-content\/uploads\/2021\/08\/MaxFrisch5-300x200.jpg 300w, https:\/\/salecina.ch\/wp-content\/uploads\/2021\/08\/MaxFrisch5.jpg 640w\" sizes=\"(max-width: 422px) 100vw, 422px\" \/><\/p>\n<p>Partecipanti illustri dei seminari danno visibilit\u00e0 a Salecina. Nell&#8217;estate del 1976 si incontrano a Salecina <strong>Herbert Marcuse e Max Frisch<\/strong>. Quest&#8217;ultimo ricever\u00e0 poco dopo il prestigioso Premio per la pace dell&#8217;Editoria tedesca. 10&#8217;000 franchi spetteranno a Salecina, che salder\u00e0 cos\u00ec gli ultimi debiti dovuti alla prima ristrutturazione.<\/p><\/p>\n\t\t\t\t\t\t\t\t<\/div>\n\t\t\t\t<\/div>\n\t\t\t\t<div data-dce-advanced-background-color=\"#DCDCDC\" class=\"elementor-element elementor-element-38bc4c4 elementor-widget elementor-widget-toggle\" data-id=\"38bc4c4\" data-element_type=\"widget\" data-e-type=\"widget\" data-widget_type=\"toggle.default\">\n\t\t\t\t<div class=\"elementor-widget-container\">\n\t\t\t\t\t\t\t<div class=\"elementor-toggle\">\n\t\t\t\t\t\t\t<div class=\"elementor-toggle-item\">\n\t\t\t\t\t<div id=\"elementor-tab-title-5941\" class=\"elementor-tab-title\" data-tab=\"1\" role=\"button\" aria-controls=\"elementor-tab-content-5941\" aria-expanded=\"false\">\n\t\t\t\t\t\t\t\t\t\t\t\t<span class=\"elementor-toggle-icon elementor-toggle-icon-left\" aria-hidden=\"true\">\n\t\t\t\t\t\t\t\t\t\t\t\t\t\t\t<span class=\"elementor-toggle-icon-closed\"><i class=\"fas fa-caret-right\"><\/i><\/span>\n\t\t\t\t\t\t\t\t<span class=\"elementor-toggle-icon-opened\"><i class=\"elementor-toggle-icon-opened fas fa-caret-up\"><\/i><\/span>\n\t\t\t\t\t\t\t\t\t\t\t\t\t<\/span>\n\t\t\t\t\t\t\t\t\t\t\t\t<a class=\"elementor-toggle-title\" tabindex=\"0\">Continuazione<\/a>\n\t\t\t\t\t<\/div>\n\n\t\t\t\t\t<div id=\"elementor-tab-content-5941\" class=\"elementor-tab-content elementor-clearfix\" data-tab=\"1\" role=\"region\" aria-labelledby=\"elementor-tab-title-5941\"><p><strong>1978<\/strong> &#8211; Il Consiglio di Salecina decide di trasformare la stalla vuota in un nuovo dormitorio. In lunghe discussioni controverse nasce il concetto che verr\u00e0 poi realizzato. I tempi per la ristrutturazione della stalla si prolungano, poich\u00e9 Orden dent sar\u00e0 attribuito solo nel 1981 alla zona dei maggesi.<\/p><p><strong>Januar 1979:<\/strong> Erstmals erscheint das Mitteilungsblatt \u00abSalecina\u00bb, das seither viertelj\u00e4hrlich in italienischer und deutscher Sprache \u00fcber Salecina informiert.<\/p><p><strong>1982\/84<\/strong> &#8211; Dei volontari trasformano la stalla in un dormitorio e l&#8217;edificio principale viene ristrutturato.<\/p><p><strong>1987<\/strong> &#8211; La casa editrice Limmat di Zurigo pubblica la biografia \u00abLeben im Widerspruch \u2013 Amalie und Theo Pinkus-De Sassi\u00bb, scritta da Rudolf M. L\u00fcscher e Werner Schweizer.<\/p><p><strong>1991 e 1996<\/strong> &#8211; Muore Theo Pinkus. Cinque anni pi\u00f9 tardi muore Amalie Pinkus-De Sassi, presidente onoraria della Fondazione Salecina.<\/p><p><strong>1992<\/strong> &#8211; Salecina decide di adottare il riscaldamento a legna, scelta che costa pi\u00f9 dell&#8217;acquisto dell&#8217;immobile.<\/p><p><strong>1996<\/strong> &#8211; Un fine settimana dedicato al futuro e una bella festa aprono i festeggiamenti per il 25\u00b0 compleanno di Salecina.<\/p><p><strong>1997<\/strong> &#8211; Per il doppio giubileo &#8220;25 anni di Salecina&#8221; e &#8220;25 anni della diga di Orden&#8221;, l&#8217;artista Gottfried Honegger crea l&#8217;installazione &#8220;Culur&#8221;. Viene pubblicato il volume &#8220;Salecina \u2013 Ein Bildungs- und Ferienzentrum f\u00fcr uns&#8230;&#8221; (79 pagine).<\/p><p><strong>2001<\/strong> Per un anno intero il Consiglio di Salecina e ospiti impegnati discutono idee e proposte di ristrutturazione. In ottobre i frutti sono maturi: ecco il progetto di Markus Brunner, architetto e membro del Consiglio di Salecina.<\/p><p><strong>2001<\/strong> Per un anno intero il Consiglio di Salecina e ospiti impegnati discutono idee e proposte di ristrutturazione. In ottobre i frutti sono maturi: ecco il progetto di Markus Brunner, architetto e membro del Consiglio di Salecina.<\/p><p><strong>2002<\/strong> Da aprile a giugno l&#8217;architetto Rodolfo Fasciati di Vicosoprano guider\u00e0 i lavori di trasformazione del dormitorio.<\/p><p>Negli anni che seguono, dal 2002 al 2010, Salecina affronta una serie di rinnovamenti costanti e continui, che vanno a modificare le strutture create dai volontari al seguito di Theo.<\/p><p>Le settimane delle pulizie vedono ancora gli ospiti in prima fila, ma gli interventi sono ormai affidati ad esperti provenienti prevalentemente dalla zona.<\/p><p><strong>2003<\/strong> &#8211; Viene proposto ed approvato il rifacimento della facciata, sotto la supervisione esperta di Diego Giovanoli. Si sostituiscono inoltre le mitiche strutture da rifugio con nuovi comodissimi letti.<\/p><p><strong>2005<\/strong> &#8211; Si mette mano al sito Internet, ormai strumento di comunicazione imprescindibile per diffondere l\u2019idea Salecina. Il 2005 \u00e8 anche l\u2019anno in cui si concretizza l\u2019offerta di prezzi particolari per seminari politici autorganizzati, come pure, grazie alle donazioni degli Amici, i soggiorni speciali per genitori &#8220;single&#8221;, per offrire possibilit\u00e0 di vacanze a chi non se le pu\u00f2 permettere, nello spirito della nostra Fondazione. Sono di quest\u2019anno due seminari particolarmente indicativi delle direzioni in cui ci muoviamo come luogo di dibattito della sinistra europea : &#8220;La frontiera sud dei Grigioni 1943 \/1945&#8221; dedicato ad E. Castiglioni e alle vicende di quegli anni e &#8220;Warming up&#8221; seminario rappresentante ben sei nazioni sulle problematiche del movimento Lesbian Gay.<\/p><p><strong>2008<\/strong> &#8211; Viene istituito il bilinguismo (italiano e tedesco) nel Consiglio, nel Direttivo, nei verbali, nei documenti ufficiali e non, nei seminari. Una nuova attenzione, molto forte, viene dedicata all\u2019inserimento della lingua italiana, presente da sempre nella nostra storia, ma vissuta sempre pi\u00f9 come parte viva ed importante di questo centro come fondazione culturale.<\/p><p>Nello stesso anno si delibera il cambiamento del sistema di riscaldamento: si passa dalla vecchia caldaia a legna che ha visto generazioni di volontari al suo servizio a spostare tonnellate di ciocchi, ad un pi\u00f9 moderno ed efficiente sistema a &#8220;cippato&#8221;, automatico, ma soprattutto ancora pi\u00f9 rispettoso dell\u2019ambiente.<\/p><p>Qualsiasi cambiamento avvenuto in questi anni ha sempre avuto come obiettivo l&#8217;abbassamento del consumo energetico, la non nocivit\u00e0 dei materiali, il sostegno della cosiddetta &#8220;filiera corta&#8221;, il consumo privilegiato dei prodotti biologici e a km zero. Per questo Salecina \u00e8 stata inserita nel novero delle strutture ricettive meritevoli degli stambecchi del Verein Oekomarkt Graubunden.<\/p><p>Si guardava al futuro, nel 2008, e per questo tra il 25 e il 27 aprile si tiene un workshop dedicato alle prospettive della Fondazione e a come i suoi ospiti la immaginano: centro culturale per la regione, ma ancora struttura rinnovata con soluzioni che accrescano il comfort delle zone comuni, (nella filosofia del &#8220;sentirsi a casa&#8221;) per non dimenticare un cartone animato che ci descrive tutti.<\/p><p><strong>2009 e 2010<\/strong> &#8211; Vedono avanzare il rinnovamento (l\u2019ingresso, l\u2019illuminazione, le scale), ma anche due grandi feste per i 100 anni dalla nascita dei fondatori Theo ed Amalia. Il 20 agosto 2009 Salecina offre, a tutti quelli che hanno seguito il suo sogno, musica, un filmato dedicato a Theo, una discussione sulla sua forte personalit\u00e0, fuochi artificiali e una cena con i suoi cibi preferiti.<\/p><p><strong>2010: <\/strong>Die Diversa \u00e8 la celebrazione dedicata ad Amalia, tenutasi nel luglio 2010. Il suo essere una persona ricca, generosa e sicuramente schiva, in bilico tra pi\u00f9 culture, attenta alle problematiche delle donne, ci \u00e8 stato raccontato da amiche che l\u2019avevano conosciuta, durante una passeggiata biografica verso il Cavloch, dove musica, canti e &#8220;cose buone&#8221;, ricreavano lo spirito utopistico ed ingenuo dei primi filmati di Amalia e suo marito.<\/p><p><strong>2012<\/strong>: A giugno si svolge il 40. anniversario di Salecina. Oltre a cibo, canti e musica vengono organizzati diversi workshop con le seguenti tematiche : economia solidale, arteterapia, coro, escursione geografica, Femminismo e collettivi femminili nel 1972 e un workshop per bambini\/e. Una tavola rotonda si dedica alla domanda sul futuro del modello di Salecina. Alcuni di questi workshop verranno proposti l\u2019anno successivo come seminari. Sono presenti oltre 100 ospiti e amici\/amiche della zona. E&#8217; stata realizzata un libretto con racconti, poesie e immagini inviati da ospiti di Salecina <em><a title=\"Reader 40 Jahre Salecina Endfassung.pdf\" href=\"https:\/\/salecina.ch\/wp-content\/uploads\/2021\/08\/Reader_40_Jahre_Salecina_Endfassung.pdf\" target=\"_blank\" rel=\"noopener\">, scaricare qui il pdf<\/a><\/em><\/p><p>Nello stesso anno lo scopo della Fondazione Salecina viene riformulato. Il nuovo testo \u00e8 : La Fondazione ha come scopo la gestione di un centro di formazione e vacanze autogestito in Orden dent, Maloja. Il Centro si pone vicino ai movimenti progressisti e offre soggiorni economicamente accessibili.<\/p><p><em>Da scaricare: <a href=\"https:\/\/salecina.ch\/wp-content\/uploads\/2021\/08\/Chronik-italiano.pdf\" target=\"_blank\" rel=\"noopener\">Salecina nel corso degli anni 1971-1996 (PDF<\/a>)<\/em><\/p><\/div>\n\t\t\t\t<\/div>\n\t\t\t\t\t\t\t\t<\/div>\n\t\t\t\t\t\t<\/div>\n\t\t\t\t<\/div>\n\t\t\t\t\t<\/div>\n\t\t<\/div>\n\t\t\t\t\t<\/div>\n\t\t<\/section>\n\t\t\t\t\t<\/div>\n\t\t<\/div>\n\t\t\t\t\t<\/div>\n\t\t<\/section>\n\t\t\t\t<section class=\"elementor-section elementor-top-section elementor-element elementor-element-32065a94 elementor-section-stretched elementor-hidden-phone elementor-section-boxed elementor-section-height-default elementor-section-height-default\" data-id=\"32065a94\" data-element_type=\"section\" data-e-type=\"section\" data-settings=\"{&quot;stretch_section&quot;:&quot;section-stretched&quot;}\">\n\t\t\t\t\t\t<div class=\"elementor-container elementor-column-gap-default\">\n\t\t\t\t\t<div class=\"elementor-column elementor-col-16 elementor-top-column elementor-element elementor-element-21aede14\" data-id=\"21aede14\" data-element_type=\"column\" data-e-type=\"column\">\n\t\t\t<div class=\"elementor-widget-wrap elementor-element-populated\">\n\t\t\t\t\t\t<div class=\"elementor-element elementor-element-5093ab1b elementor-widget elementor-widget-text-editor\" data-id=\"5093ab1b\" data-element_type=\"widget\" data-e-type=\"widget\" data-widget_type=\"text-editor.default\">\n\t\t\t\t<div class=\"elementor-widget-container\">\n\t\t\t\t\t\t\t\t\t<p><a href=\"https:\/\/salecina.ch\/it\/\"><strong>SALECINA<\/strong><\/a><\/p>\n\t\t\t\t\t\t\t\t<\/div>\n\t\t\t\t<\/div>\n\t\t\t\t\t<\/div>\n\t\t<\/div>\n\t\t\t\t<div class=\"elementor-column elementor-col-16 elementor-top-column elementor-element elementor-element-7d317ad5\" data-id=\"7d317ad5\" data-element_type=\"column\" data-e-type=\"column\">\n\t\t\t<div class=\"elementor-widget-wrap elementor-element-populated\">\n\t\t\t\t\t\t<div class=\"elementor-element elementor-element-12ff3470 elementor-widget elementor-widget-text-editor\" data-id=\"12ff3470\" data-element_type=\"widget\" data-e-type=\"widget\" data-widget_type=\"text-editor.default\">\n\t\t\t\t<div class=\"elementor-widget-container\">\n\t\t\t\t\t\t\t\t\t<p><a href=\"https:\/\/salecina.ch\/it\/mangiare-dormire\/\"><strong>MANGIARE &amp; DORMIRE<\/strong><\/a><\/p>\n<p><a href=\"https:\/\/salecina.ch\/it\/personale-ospiti\/\">personale &amp; ospiti<\/a><\/p>\n<p><a href=\"https:\/\/salecina.ch\/it\/camere-servizi\/\">camere &amp; servizi<\/a><\/p>\n\t\t\t\t\t\t\t\t<\/div>\n\t\t\t\t<\/div>\n\t\t\t\t\t<\/div>\n\t\t<\/div>\n\t\t\t\t<div class=\"elementor-column elementor-col-16 elementor-top-column elementor-element elementor-element-47abaad2\" data-id=\"47abaad2\" data-element_type=\"column\" data-e-type=\"column\">\n\t\t\t<div class=\"elementor-widget-wrap elementor-element-populated\">\n\t\t\t\t\t\t<div class=\"elementor-element elementor-element-14a6492 elementor-widget elementor-widget-text-editor\" data-id=\"14a6492\" data-element_type=\"widget\" data-e-type=\"widget\" data-widget_type=\"text-editor.default\">\n\t\t\t\t<div class=\"elementor-widget-container\">\n\t\t\t\t\t\t\t\t\t<p><a href=\"https:\/\/salecina.ch\/it\/incontro-movimento\/\"><strong>INCONTRO &amp; MOVIMENTO<\/strong><\/a><\/p>\n<p><a href=\"https:\/\/salecina.ch\/it\/persone-idee\/\">persone &amp; idee<\/a><\/p>\n<p><a href=\"https:\/\/salecina.ch\/salecina\/begegnung-bewegung\/politik-kultur\/\">politica &amp; cultura<\/a><\/p>\n<p><a href=\"https:\/\/salecina.ch\/it\/agenda-eventi\/\">agenda &amp; eventi<\/a><\/p>\n<p><a href=\"https:\/\/salecina.ch\/it\/foto-media\/\">foto &amp; media<\/a><\/p>\n\t\t\t\t\t\t\t\t<\/div>\n\t\t\t\t<\/div>\n\t\t\t\t\t<\/div>\n\t\t<\/div>\n\t\t\t\t<div class=\"elementor-column elementor-col-16 elementor-top-column elementor-element elementor-element-230aaf94\" data-id=\"230aaf94\" data-element_type=\"column\" data-e-type=\"column\">\n\t\t\t<div class=\"elementor-widget-wrap elementor-element-populated\">\n\t\t\t\t\t\t<div class=\"elementor-element elementor-element-2313bde5 elementor-widget elementor-widget-text-editor\" data-id=\"2313bde5\" data-element_type=\"widget\" data-e-type=\"widget\" data-widget_type=\"text-editor.default\">\n\t\t\t\t<div class=\"elementor-widget-container\">\n\t\t\t\t\t\t\t\t\t<p><a href=\"https:\/\/salecina.ch\/it\/casa-storia\/\"><strong>CASA &amp; STORIA<\/strong><\/a><\/p>\n<p><a href=\"https:\/\/salecina.ch\/it\/posizione-ambiente\/\">posizione &amp; ambiente<\/a><\/p>\n<p><a href=\"https:\/\/salecina.ch\/salecina\/haus-geschichte\/geschichte-geschichten\/\">storia &amp; storie<\/a><\/p>\n<p><a href=\"https:\/\/salecina.ch\/team-geist\/\">team &amp; idea<\/a><\/p>\n\t\t\t\t\t\t\t\t<\/div>\n\t\t\t\t<\/div>\n\t\t\t\t\t<\/div>\n\t\t<\/div>\n\t\t\t\t<div class=\"elementor-column elementor-col-16 elementor-top-column elementor-element elementor-element-40d401b\" data-id=\"40d401b\" data-element_type=\"column\" data-e-type=\"column\">\n\t\t\t<div class=\"elementor-widget-wrap elementor-element-populated\">\n\t\t\t\t\t\t<div class=\"elementor-element elementor-element-4a881bd1 elementor-widget elementor-widget-text-editor\" data-id=\"4a881bd1\" data-element_type=\"widget\" data-e-type=\"widget\" data-widget_type=\"text-editor.default\">\n\t\t\t\t<div class=\"elementor-widget-container\">\n\t\t\t\t\t\t\t\t\t<p><a href=\"https:\/\/salecina.ch\/kontakt-buchen\/\"><strong>CONTATTI &amp; PRENOTAZIONI<\/strong><\/a><\/p>\n<p><a href=\"https:\/\/salecina.ch\/preise-buchen\/\">prezzi &amp; prenotazioni<\/a><\/p>\n<p><a href=\"https:\/\/salecina.ch\/anreise-infos\/\">arrivo &amp; informazioni<\/a><\/p>\n<p><a href=\"https:\/\/salecina.ch\/links-faq\/\">link &amp; FAQ<\/a><\/p>\n\t\t\t\t\t\t\t\t<\/div>\n\t\t\t\t<\/div>\n\t\t\t\t\t<\/div>\n\t\t<\/div>\n\t\t\t\t<div class=\"elementor-column elementor-col-16 elementor-top-column elementor-element elementor-element-464974\" data-id=\"464974\" data-element_type=\"column\" data-e-type=\"column\">\n\t\t\t<div class=\"elementor-widget-wrap elementor-element-populated\">\n\t\t\t\t\t\t<div class=\"elementor-element elementor-element-7c44fe36 elementor-widget elementor-widget-text-editor\" data-id=\"7c44fe36\" data-element_type=\"widget\" data-e-type=\"widget\" data-widget_type=\"text-editor.default\">\n\t\t\t\t<div class=\"elementor-widget-container\">\n\t\t\t\t\t\t\t\t\t<p><a href=\"https:\/\/salecina.ch\/\">\u00a9 Salecina 2021<\/a><\/p>\n\t\t\t\t\t\t\t\t<\/div>\n\t\t\t\t<\/div>\n\t\t\t\t<div class=\"elementor-element elementor-element-1412d6cf elementor-shape-square e-grid-align-left elementor-grid-0 elementor-widget elementor-widget-social-icons\" data-id=\"1412d6cf\" data-element_type=\"widget\" data-e-type=\"widget\" data-widget_type=\"social-icons.default\">\n\t\t\t\t<div class=\"elementor-widget-container\">\n\t\t\t\t\t\t\t<div class=\"elementor-social-icons-wrapper elementor-grid\" role=\"list\">\n\t\t\t\t\t\t\t<span class=\"elementor-grid-item\" role=\"listitem\">\n\t\t\t\t\t<a class=\"elementor-icon elementor-social-icon elementor-social-icon-facebook elementor-animation-shrink elementor-repeater-item-f267571\" target=\"_blank\">\n\t\t\t\t\t\t<span class=\"elementor-screen-only\">Facebook<\/span>\n\t\t\t\t\t\t<i aria-hidden=\"true\" class=\"fab fa-facebook\"><\/i>\t\t\t\t\t<\/a>\n\t\t\t\t<\/span>\n\t\t\t\t\t\t\t<span class=\"elementor-grid-item\" role=\"listitem\">\n\t\t\t\t\t<a class=\"elementor-icon elementor-social-icon elementor-social-icon-twitter elementor-animation-shrink elementor-repeater-item-18f95d2\" target=\"_blank\">\n\t\t\t\t\t\t<span class=\"elementor-screen-only\">Twitter<\/span>\n\t\t\t\t\t\t<i aria-hidden=\"true\" class=\"fab fa-twitter\"><\/i>\t\t\t\t\t<\/a>\n\t\t\t\t<\/span>\n\t\t\t\t\t<\/div>\n\t\t\t\t\t\t<\/div>\n\t\t\t\t<\/div>\n\t\t\t\t\t<\/div>\n\t\t<\/div>\n\t\t\t\t\t<\/div>\n\t\t<\/section>\n\t\t\t\t<section class=\"elementor-section elementor-top-section elementor-element elementor-element-162ca286 elementor-section-boxed elementor-section-height-default elementor-section-height-default\" data-id=\"162ca286\" data-element_type=\"section\" data-e-type=\"section\">\n\t\t\t\t\t\t<div class=\"elementor-container elementor-column-gap-default\">\n\t\t\t\t\t<div class=\"elementor-column elementor-col-100 elementor-top-column elementor-element elementor-element-4f2726ba\" data-id=\"4f2726ba\" data-element_type=\"column\" data-e-type=\"column\">\n\t\t\t<div class=\"elementor-widget-wrap elementor-element-populated\">\n\t\t\t\t\t\t<div class=\"elementor-element elementor-element-4c663d12 elementor-widget elementor-widget-text-editor\" data-id=\"4c663d12\" data-element_type=\"widget\" data-e-type=\"widget\" data-widget_type=\"text-editor.default\">\n\t\t\t\t<div class=\"elementor-widget-container\">\n\t\t\t\t\t\t\t\t\t<p><strong>Salecina \u2013<\/strong> Ferien- und Bildungszentrum \/ Centro di vacanze e formazione <a href=\"mailto:info@salecina.ch\">info@salecina.ch<\/a><\/p>\n\t\t\t\t\t\t\t\t<\/div>\n\t\t\t\t<\/div>\n\t\t\t\t\t<\/div>\n\t\t<\/div>\n\t\t\t\t\t<\/div>\n\t\t<\/section>\n\t\t\t\t<\/div>\n\t\t","protected":false},"excerpt":{"rendered":"<p>Piz Salacina \u00e8 un monte non lontano dal confine italo-svizzero, al passo del Maloja, che collega l\u2019Engadina alla profonda val Bregaglia. Ai suoi piedi si trova una fattoria antica dai muri spessi e con un solido tetto di pietra, sorta pi\u00f9 di 300 anni fa. Dal 1972 questa costruzione un po\u2019 discosta dal Maloja si [&hellip;]<\/p>\n","protected":false},"author":1,"featured_media":0,"parent":0,"menu_order":11,"comment_status":"closed","ping_status":"closed","template":"elementor_header_footer","meta":{"footnotes":""},"class_list":["post-3679","page","type-page","status-publish","hentry"],"yoast_head":"<!-- This site is optimized with the Yoast SEO plugin v28.3 - https:\/\/yoast.com\/product\/yoast-seo-wordpress\/ -->\n<title>storia &amp; storie &#8212; Salecina<\/title>\n<meta name=\"robots\" content=\"index, follow, max-snippet:-1, max-image-preview:large, max-video-preview:-1\" \/>\n<link rel=\"canonical\" href=\"https:\/\/salecina.ch\/it\/storia-storie\/\" \/>\n<meta property=\"og:locale\" content=\"it_IT\" \/>\n<meta property=\"og:type\" content=\"article\" \/>\n<meta property=\"og:title\" content=\"storia &amp; storie &#8212; Salecina\" \/>\n<meta property=\"og:description\" content=\"Piz Salacina \u00e8 un monte non lontano dal confine italo-svizzero, al passo del Maloja, che collega l\u2019Engadina alla profonda val Bregaglia. Ai suoi piedi si trova una fattoria antica dai muri spessi e con un solido tetto di pietra, sorta pi\u00f9 di 300 anni fa. Dal 1972 questa costruzione un po\u2019 discosta dal Maloja si [&hellip;]\" \/>\n<meta property=\"og:url\" content=\"https:\/\/salecina.ch\/it\/storia-storie\/\" \/>\n<meta property=\"og:site_name\" content=\"Salecina\" \/>\n<meta property=\"article:modified_time\" content=\"2023-08-02T13:50:19+00:00\" \/>\n<meta property=\"og:image\" content=\"https:\/\/salecina.ch\/wp-content\/uploads\/2021\/08\/geschichte.jpg\" \/>\n<meta name=\"twitter:card\" content=\"summary_large_image\" \/>\n<meta name=\"twitter:label1\" content=\"Tempo di lettura stimato\" \/>\n\t<meta name=\"twitter:data1\" content=\"12 minuti\" \/>\n<script type=\"application\/ld+json\" class=\"yoast-schema-graph\">{\"@context\":\"https:\\\/\\\/schema.org\",\"@graph\":[{\"@type\":\"WebPage\",\"@id\":\"https:\\\/\\\/salecina.ch\\\/it\\\/storia-storie\\\/\",\"url\":\"https:\\\/\\\/salecina.ch\\\/it\\\/storia-storie\\\/\",\"name\":\"storia &amp; storie &#8212; Salecina\",\"isPartOf\":{\"@id\":\"https:\\\/\\\/salecina.ch\\\/#website\"},\"primaryImageOfPage\":{\"@id\":\"https:\\\/\\\/salecina.ch\\\/it\\\/storia-storie\\\/#primaryimage\"},\"image\":{\"@id\":\"https:\\\/\\\/salecina.ch\\\/it\\\/storia-storie\\\/#primaryimage\"},\"thumbnailUrl\":\"https:\\\/\\\/salecina.ch\\\/wp-content\\\/uploads\\\/2021\\\/08\\\/geschichte.jpg\",\"datePublished\":\"2021-08-20T09:41:15+00:00\",\"dateModified\":\"2023-08-02T13:50:19+00:00\",\"breadcrumb\":{\"@id\":\"https:\\\/\\\/salecina.ch\\\/it\\\/storia-storie\\\/#breadcrumb\"},\"inLanguage\":\"it-IT\",\"potentialAction\":[{\"@type\":\"ReadAction\",\"target\":[\"https:\\\/\\\/salecina.ch\\\/it\\\/storia-storie\\\/\"]}]},{\"@type\":\"ImageObject\",\"inLanguage\":\"it-IT\",\"@id\":\"https:\\\/\\\/salecina.ch\\\/it\\\/storia-storie\\\/#primaryimage\",\"url\":\"https:\\\/\\\/salecina.ch\\\/wp-content\\\/uploads\\\/2021\\\/08\\\/geschichte.jpg\",\"contentUrl\":\"https:\\\/\\\/salecina.ch\\\/wp-content\\\/uploads\\\/2021\\\/08\\\/geschichte.jpg\"},{\"@type\":\"BreadcrumbList\",\"@id\":\"https:\\\/\\\/salecina.ch\\\/it\\\/storia-storie\\\/#breadcrumb\",\"itemListElement\":[{\"@type\":\"ListItem\",\"position\":1,\"name\":\"Startseite\",\"item\":\"https:\\\/\\\/salecina.ch\\\/it\\\/\"},{\"@type\":\"ListItem\",\"position\":2,\"name\":\"storia &amp; storie\"}]},{\"@type\":\"WebSite\",\"@id\":\"https:\\\/\\\/salecina.ch\\\/#website\",\"url\":\"https:\\\/\\\/salecina.ch\\\/\",\"name\":\"Salecina\",\"description\":\"\",\"publisher\":{\"@id\":\"https:\\\/\\\/salecina.ch\\\/#organization\"},\"potentialAction\":[{\"@type\":\"SearchAction\",\"target\":{\"@type\":\"EntryPoint\",\"urlTemplate\":\"https:\\\/\\\/salecina.ch\\\/?s={search_term_string}\"},\"query-input\":{\"@type\":\"PropertyValueSpecification\",\"valueRequired\":true,\"valueName\":\"search_term_string\"}}],\"inLanguage\":\"it-IT\"},{\"@type\":\"Organization\",\"@id\":\"https:\\\/\\\/salecina.ch\\\/#organization\",\"name\":\"Stiftung Salecina\",\"url\":\"https:\\\/\\\/salecina.ch\\\/\",\"logo\":{\"@type\":\"ImageObject\",\"inLanguage\":\"it-IT\",\"@id\":\"https:\\\/\\\/salecina.ch\\\/#\\\/schema\\\/logo\\\/image\\\/\",\"url\":\"https:\\\/\\\/salecina.ch\\\/wp-content\\\/uploads\\\/2021\\\/07\\\/Logo-Salecina-definitiv-mit-Text.svg\",\"contentUrl\":\"https:\\\/\\\/salecina.ch\\\/wp-content\\\/uploads\\\/2021\\\/07\\\/Logo-Salecina-definitiv-mit-Text.svg\",\"width\":274,\"height\":117,\"caption\":\"Stiftung Salecina\"},\"image\":{\"@id\":\"https:\\\/\\\/salecina.ch\\\/#\\\/schema\\\/logo\\\/image\\\/\"}}]}<\/script>\n<!-- \/ Yoast SEO plugin. -->","yoast_head_json":{"title":"storia &amp; storie &#8212; Salecina","robots":{"index":"index","follow":"follow","max-snippet":"max-snippet:-1","max-image-preview":"max-image-preview:large","max-video-preview":"max-video-preview:-1"},"canonical":"https:\/\/salecina.ch\/it\/storia-storie\/","og_locale":"it_IT","og_type":"article","og_title":"storia &amp; storie &#8212; Salecina","og_description":"Piz Salacina \u00e8 un monte non lontano dal confine italo-svizzero, al passo del Maloja, che collega l\u2019Engadina alla profonda val Bregaglia. Ai suoi piedi si trova una fattoria antica dai muri spessi e con un solido tetto di pietra, sorta pi\u00f9 di 300 anni fa. Dal 1972 questa costruzione un po\u2019 discosta dal Maloja si [&hellip;]","og_url":"https:\/\/salecina.ch\/it\/storia-storie\/","og_site_name":"Salecina","article_modified_time":"2023-08-02T13:50:19+00:00","og_image":[{"url":"https:\/\/salecina.ch\/wp-content\/uploads\/2021\/08\/geschichte.jpg","type":"","width":"","height":""}],"twitter_card":"summary_large_image","twitter_misc":{"Tempo di lettura stimato":"12 minuti"},"schema":{"@context":"https:\/\/schema.org","@graph":[{"@type":"WebPage","@id":"https:\/\/salecina.ch\/it\/storia-storie\/","url":"https:\/\/salecina.ch\/it\/storia-storie\/","name":"storia &amp; storie &#8212; Salecina","isPartOf":{"@id":"https:\/\/salecina.ch\/#website"},"primaryImageOfPage":{"@id":"https:\/\/salecina.ch\/it\/storia-storie\/#primaryimage"},"image":{"@id":"https:\/\/salecina.ch\/it\/storia-storie\/#primaryimage"},"thumbnailUrl":"https:\/\/salecina.ch\/wp-content\/uploads\/2021\/08\/geschichte.jpg","datePublished":"2021-08-20T09:41:15+00:00","dateModified":"2023-08-02T13:50:19+00:00","breadcrumb":{"@id":"https:\/\/salecina.ch\/it\/storia-storie\/#breadcrumb"},"inLanguage":"it-IT","potentialAction":[{"@type":"ReadAction","target":["https:\/\/salecina.ch\/it\/storia-storie\/"]}]},{"@type":"ImageObject","inLanguage":"it-IT","@id":"https:\/\/salecina.ch\/it\/storia-storie\/#primaryimage","url":"https:\/\/salecina.ch\/wp-content\/uploads\/2021\/08\/geschichte.jpg","contentUrl":"https:\/\/salecina.ch\/wp-content\/uploads\/2021\/08\/geschichte.jpg"},{"@type":"BreadcrumbList","@id":"https:\/\/salecina.ch\/it\/storia-storie\/#breadcrumb","itemListElement":[{"@type":"ListItem","position":1,"name":"Startseite","item":"https:\/\/salecina.ch\/it\/"},{"@type":"ListItem","position":2,"name":"storia &amp; storie"}]},{"@type":"WebSite","@id":"https:\/\/salecina.ch\/#website","url":"https:\/\/salecina.ch\/","name":"Salecina","description":"","publisher":{"@id":"https:\/\/salecina.ch\/#organization"},"potentialAction":[{"@type":"SearchAction","target":{"@type":"EntryPoint","urlTemplate":"https:\/\/salecina.ch\/?s={search_term_string}"},"query-input":{"@type":"PropertyValueSpecification","valueRequired":true,"valueName":"search_term_string"}}],"inLanguage":"it-IT"},{"@type":"Organization","@id":"https:\/\/salecina.ch\/#organization","name":"Stiftung Salecina","url":"https:\/\/salecina.ch\/","logo":{"@type":"ImageObject","inLanguage":"it-IT","@id":"https:\/\/salecina.ch\/#\/schema\/logo\/image\/","url":"https:\/\/salecina.ch\/wp-content\/uploads\/2021\/07\/Logo-Salecina-definitiv-mit-Text.svg","contentUrl":"https:\/\/salecina.ch\/wp-content\/uploads\/2021\/07\/Logo-Salecina-definitiv-mit-Text.svg","width":274,"height":117,"caption":"Stiftung Salecina"},"image":{"@id":"https:\/\/salecina.ch\/#\/schema\/logo\/image\/"}}]}},"_links":{"self":[{"href":"https:\/\/salecina.ch\/it\/wp-json\/wp\/v2\/pages\/3679","targetHints":{"allow":["GET"]}}],"collection":[{"href":"https:\/\/salecina.ch\/it\/wp-json\/wp\/v2\/pages"}],"about":[{"href":"https:\/\/salecina.ch\/it\/wp-json\/wp\/v2\/types\/page"}],"author":[{"embeddable":true,"href":"https:\/\/salecina.ch\/it\/wp-json\/wp\/v2\/users\/1"}],"replies":[{"embeddable":true,"href":"https:\/\/salecina.ch\/it\/wp-json\/wp\/v2\/comments?post=3679"}],"version-history":[{"count":28,"href":"https:\/\/salecina.ch\/it\/wp-json\/wp\/v2\/pages\/3679\/revisions"}],"predecessor-version":[{"id":7751,"href":"https:\/\/salecina.ch\/it\/wp-json\/wp\/v2\/pages\/3679\/revisions\/7751"}],"wp:attachment":[{"href":"https:\/\/salecina.ch\/it\/wp-json\/wp\/v2\/media?parent=3679"}],"curies":[{"name":"wp","href":"https:\/\/api.w.org\/{rel}","templated":true}]}}