{"id":3673,"date":"2021-08-18T15:18:05","date_gmt":"2021-08-18T15:18:05","guid":{"rendered":"https:\/\/salecina.ch\/posizione-ambiente\/"},"modified":"2023-08-02T13:50:05","modified_gmt":"2023-08-02T13:50:05","slug":"posizione-ambiente","status":"publish","type":"page","link":"https:\/\/salecina.ch\/it\/posizione-ambiente\/","title":{"rendered":"posizione &amp; ambiente"},"content":{"rendered":"\t\t<div data-elementor-type=\"wp-page\" data-elementor-id=\"3673\" class=\"elementor elementor-3673\" data-elementor-post-type=\"page\">\n\t\t\t\t\t\t<section class=\"elementor-section elementor-top-section elementor-element elementor-element-74fef53b elementor-section-full_width elementor-section-stretched elementor-section-height-default elementor-section-height-default\" data-id=\"74fef53b\" data-element_type=\"section\" data-e-type=\"section\" data-settings=\"{&quot;stretch_section&quot;:&quot;section-stretched&quot;}\">\n\t\t\t\t\t\t<div class=\"elementor-container elementor-column-gap-default\">\n\t\t\t\t\t<div class=\"elementor-column elementor-col-100 elementor-top-column elementor-element elementor-element-64499765\" data-id=\"64499765\" data-element_type=\"column\" data-e-type=\"column\">\n\t\t\t<div class=\"elementor-widget-wrap elementor-element-populated\">\n\t\t\t\t\t\t<div class=\"elementor-element elementor-element-339d8525 elementor-widget elementor-widget-shortcode\" data-id=\"339d8525\" data-element_type=\"widget\" data-e-type=\"widget\" data-widget_type=\"shortcode.default\">\n\t\t\t\t<div class=\"elementor-widget-container\">\n\t\t\t\t\t\t\t<div class=\"elementor-shortcode\">\t\t<div data-elementor-type=\"page\" data-elementor-id=\"485\" class=\"elementor elementor-485\" data-elementor-post-type=\"elementor_library\">\n\t\t\t\t\t\t<section data-dce-background-color=\"#222222\" class=\"elementor-section elementor-top-section elementor-element elementor-element-d80febe elementor-section-full_width elementor-section-content-top elementor-section-stretched elementor-section-height-default elementor-section-height-default\" data-id=\"d80febe\" data-element_type=\"section\" data-e-type=\"section\" data-settings=\"{&quot;background_background&quot;:&quot;classic&quot;,&quot;stretch_section&quot;:&quot;section-stretched&quot;,&quot;sticky&quot;:&quot;top&quot;,&quot;sticky_on&quot;:[&quot;widescreen&quot;,&quot;desktop&quot;,&quot;laptop&quot;,&quot;tablet_extra&quot;,&quot;tablet&quot;,&quot;mobile_extra&quot;,&quot;mobile&quot;],&quot;sticky_offset&quot;:0,&quot;sticky_effects_offset&quot;:0,&quot;sticky_anchor_link_offset&quot;:0}\">\n\t\t\t\t\t\t<div class=\"elementor-container elementor-column-gap-default\">\n\t\t\t\t\t<div class=\"elementor-column elementor-col-100 elementor-top-column elementor-element elementor-element-2fa430a\" data-id=\"2fa430a\" data-element_type=\"column\" data-e-type=\"column\">\n\t\t\t<div class=\"elementor-widget-wrap elementor-element-populated\">\n\t\t\t\t\t\t<div class=\"elementor-element elementor-element-39a0e59 elementor-nav-menu__align-center elementor-nav-menu--stretch elementor-nav-menu--dropdown-tablet elementor-nav-menu__text-align-aside elementor-nav-menu--toggle elementor-nav-menu--burger elementor-widget elementor-widget-nav-menu\" data-id=\"39a0e59\" data-element_type=\"widget\" data-e-type=\"widget\" data-settings=\"{&quot;full_width&quot;:&quot;stretch&quot;,&quot;sticky&quot;:&quot;top&quot;,&quot;layout&quot;:&quot;horizontal&quot;,&quot;submenu_icon&quot;:{&quot;value&quot;:&quot;&lt;i class=\\&quot;fas fa-caret-down\\&quot; aria-hidden=\\&quot;true\\&quot;&gt;&lt;\\\/i&gt;&quot;,&quot;library&quot;:&quot;fa-solid&quot;},&quot;toggle&quot;:&quot;burger&quot;,&quot;sticky_on&quot;:[&quot;widescreen&quot;,&quot;desktop&quot;,&quot;laptop&quot;,&quot;tablet_extra&quot;,&quot;tablet&quot;,&quot;mobile_extra&quot;,&quot;mobile&quot;],&quot;sticky_offset&quot;:0,&quot;sticky_effects_offset&quot;:0,&quot;sticky_anchor_link_offset&quot;:0}\" data-widget_type=\"nav-menu.default\">\n\t\t\t\t<div class=\"elementor-widget-container\">\n\t\t\t\t\t\t\t\t<nav aria-label=\"Menu\" class=\"elementor-nav-menu--main elementor-nav-menu__container elementor-nav-menu--layout-horizontal e--pointer-overline e--animation-fade\">\n\t\t\t\t<ul id=\"menu-1-39a0e59\" class=\"elementor-nav-menu\"><li class=\"menu-item menu-item-type-custom menu-item-object-custom menu-item-3774\"><a href=\"#\" class=\"elementor-item elementor-item-anchor\"><img decoding=\"async\" src=\"https:\/\/salecina.ch\/wp-content\/uploads\/2021\/08\/Logo-Salecina-definitiv-1.svg\" style=\"height:auto; width:5vw; background-color:#FFFFFF;\"><\/a><\/li>\n<li class=\"menu-item menu-item-type-custom menu-item-object-custom menu-item-5115\"><a target=\"_blank\" href=\"https:\/\/hostels.assd.com\/crs4.php?goto=10&#038;cust=410526&#038;type=040&#038;langcrs=X\" class=\"elementor-item\">PRENOTAZIONI<\/a><\/li>\n<li class=\"menu-item menu-item-type-post_type menu-item-object-page menu-item-home menu-item-823\"><a href=\"https:\/\/salecina.ch\/it\/\" class=\"elementor-item\">SALECINA<\/a><\/li>\n<li class=\"menu-item menu-item-type-post_type menu-item-object-page menu-item-has-children menu-item-501\"><a href=\"https:\/\/salecina.ch\/it\/mangiare-dormire\/\" class=\"elementor-item\">MANGIARE &amp; DORMIRE<\/a>\n<ul class=\"sub-menu elementor-nav-menu--dropdown\">\n\t<li class=\"menu-item menu-item-type-post_type menu-item-object-page menu-item-824\"><a href=\"https:\/\/salecina.ch\/it\/personale-ospiti\/\" class=\"elementor-sub-item\">personale &amp; ospiti<\/a><\/li>\n\t<li class=\"menu-item menu-item-type-post_type menu-item-object-page menu-item-3509\"><a href=\"https:\/\/salecina.ch\/it\/camere-servizi\/\" class=\"elementor-sub-item\">camere &amp; servizi<\/a><\/li>\n<\/ul>\n<\/li>\n<li class=\"menu-item menu-item-type-post_type menu-item-object-page menu-item-has-children menu-item-3525\"><a href=\"https:\/\/salecina.ch\/it\/incontro-movimento\/\" class=\"elementor-item\">INCONTRO &amp; MOVIMENTO<\/a>\n<ul class=\"sub-menu elementor-nav-menu--dropdown\">\n\t<li class=\"menu-item menu-item-type-post_type menu-item-object-page menu-item-3531\"><a href=\"https:\/\/salecina.ch\/it\/persone-idee\/\" class=\"elementor-sub-item\">persone &amp; idee<\/a><\/li>\n\t<li class=\"menu-item menu-item-type-post_type menu-item-object-page menu-item-3551\"><a href=\"https:\/\/salecina.ch\/it\/politica-cultura\/\" class=\"elementor-sub-item\">politica &amp; cultura<\/a><\/li>\n\t<li class=\"menu-item menu-item-type-post_type menu-item-object-page menu-item-3572\"><a href=\"https:\/\/salecina.ch\/it\/agenda-eventi\/\" class=\"elementor-sub-item\">agenda &amp; eventi<\/a><\/li>\n\t<li class=\"menu-item menu-item-type-post_type menu-item-object-page menu-item-3597\"><a href=\"https:\/\/salecina.ch\/it\/foto-media\/\" class=\"elementor-sub-item\">foto &amp; media<\/a><\/li>\n<\/ul>\n<\/li>\n<li class=\"menu-item menu-item-type-post_type menu-item-object-page menu-item-has-children menu-item-3665\"><a href=\"https:\/\/salecina.ch\/it\/casa-storia\/\" class=\"elementor-item\">CASA &amp; STORIA<\/a>\n<ul class=\"sub-menu elementor-nav-menu--dropdown\">\n\t<li class=\"menu-item menu-item-type-post_type menu-item-object-page menu-item-3677\"><a href=\"https:\/\/salecina.ch\/it\/posizione-ambiente\/\" class=\"elementor-sub-item\">posizione &amp; ambiente<\/a><\/li>\n\t<li class=\"menu-item menu-item-type-post_type menu-item-object-page menu-item-3691\"><a href=\"https:\/\/salecina.ch\/it\/storia-storie\/\" class=\"elementor-sub-item\">storia &amp; storie<\/a><\/li>\n\t<li class=\"menu-item menu-item-type-post_type menu-item-object-page menu-item-3696\"><a href=\"https:\/\/salecina.ch\/it\/team-idea\/\" class=\"elementor-sub-item\">team &amp; idea<\/a><\/li>\n<\/ul>\n<\/li>\n<li class=\"menu-item menu-item-type-post_type menu-item-object-page menu-item-has-children menu-item-3711\"><a href=\"https:\/\/salecina.ch\/it\/contatti-prenotazioni\/\" class=\"elementor-item\">CONTATTI &#038; INFO<\/a>\n<ul class=\"sub-menu elementor-nav-menu--dropdown\">\n\t<li class=\"menu-item menu-item-type-post_type menu-item-object-page menu-item-3717\"><a href=\"https:\/\/salecina.ch\/it\/prezzi-prenotazioni\/\" class=\"elementor-sub-item\">prezzi<\/a><\/li>\n\t<li class=\"menu-item menu-item-type-post_type menu-item-object-page menu-item-3735\"><a href=\"https:\/\/salecina.ch\/it\/arrivo-informazioni\/\" class=\"elementor-sub-item\">arrivo &amp; informazioni<\/a><\/li>\n\t<li class=\"menu-item menu-item-type-post_type menu-item-object-page menu-item-3754\"><a href=\"https:\/\/salecina.ch\/it\/link-faq\/\" class=\"elementor-sub-item\">link &amp; FAQ<\/a><\/li>\n<\/ul>\n<\/li>\n<li class=\"menu-item wpml-ls-slot-5 wpml-ls-item wpml-ls-item-de wpml-ls-menu-item wpml-ls-first-item menu-item-type-wpml_ls_menu_item menu-item-object-wpml_ls_menu_item menu-item-wpml-ls-5-de\"><a href=\"https:\/\/salecina.ch\" class=\"elementor-item\"><img decoding=\"async\"\n            class=\"wpml-ls-flag\"\n            src=\"https:\/\/salecina.ch\/wp-content\/plugins\/sitepress-multilingual-cms\/res\/flags\/de.png\"\n            alt=\"Tedesco\"\n            \n            \n    \/><\/a><\/li>\n<li class=\"menu-item wpml-ls-slot-5 wpml-ls-item wpml-ls-item-fr wpml-ls-menu-item menu-item-type-wpml_ls_menu_item menu-item-object-wpml_ls_menu_item menu-item-wpml-ls-5-fr\"><a href=\"https:\/\/salecina.ch\/fr\/\" class=\"elementor-item\"><img decoding=\"async\"\n            class=\"wpml-ls-flag\"\n            src=\"https:\/\/salecina.ch\/wp-content\/plugins\/sitepress-multilingual-cms\/res\/flags\/fr.png\"\n            alt=\"Francese\"\n            \n            \n    \/><\/a><\/li>\n<li class=\"menu-item wpml-ls-slot-5 wpml-ls-item wpml-ls-item-en wpml-ls-menu-item wpml-ls-last-item menu-item-type-wpml_ls_menu_item menu-item-object-wpml_ls_menu_item menu-item-wpml-ls-5-en\"><a href=\"https:\/\/salecina.ch\/en\/\" class=\"elementor-item\"><img decoding=\"async\"\n            class=\"wpml-ls-flag\"\n            src=\"https:\/\/salecina.ch\/wp-content\/plugins\/sitepress-multilingual-cms\/res\/flags\/en.png\"\n            alt=\"Inglese\"\n            \n            \n    \/><\/a><\/li>\n<\/ul>\t\t\t<\/nav>\n\t\t\t\t\t<div class=\"elementor-menu-toggle\" role=\"button\" tabindex=\"0\" aria-label=\"Menu di commutazione\" aria-expanded=\"false\">\n\t\t\t<i aria-hidden=\"true\" role=\"presentation\" class=\"elementor-menu-toggle__icon--open eicon-menu-bar\"><\/i><i aria-hidden=\"true\" role=\"presentation\" class=\"elementor-menu-toggle__icon--close eicon-close\"><\/i>\t\t<\/div>\n\t\t\t\t\t<nav class=\"elementor-nav-menu--dropdown elementor-nav-menu__container\" aria-hidden=\"true\">\n\t\t\t\t<ul id=\"menu-2-39a0e59\" class=\"elementor-nav-menu\"><li class=\"menu-item menu-item-type-custom menu-item-object-custom menu-item-3774\"><a href=\"#\" class=\"elementor-item elementor-item-anchor\" tabindex=\"-1\"><img decoding=\"async\" src=\"https:\/\/salecina.ch\/wp-content\/uploads\/2021\/08\/Logo-Salecina-definitiv-1.svg\" style=\"height:auto; width:5vw; background-color:#FFFFFF;\"><\/a><\/li>\n<li class=\"menu-item menu-item-type-custom menu-item-object-custom menu-item-5115\"><a target=\"_blank\" href=\"https:\/\/hostels.assd.com\/crs4.php?goto=10&#038;cust=410526&#038;type=040&#038;langcrs=X\" class=\"elementor-item\" tabindex=\"-1\">PRENOTAZIONI<\/a><\/li>\n<li class=\"menu-item menu-item-type-post_type menu-item-object-page menu-item-home menu-item-823\"><a href=\"https:\/\/salecina.ch\/it\/\" class=\"elementor-item\" tabindex=\"-1\">SALECINA<\/a><\/li>\n<li class=\"menu-item menu-item-type-post_type menu-item-object-page menu-item-has-children menu-item-501\"><a href=\"https:\/\/salecina.ch\/it\/mangiare-dormire\/\" class=\"elementor-item\" tabindex=\"-1\">MANGIARE &amp; DORMIRE<\/a>\n<ul class=\"sub-menu elementor-nav-menu--dropdown\">\n\t<li class=\"menu-item menu-item-type-post_type menu-item-object-page menu-item-824\"><a href=\"https:\/\/salecina.ch\/it\/personale-ospiti\/\" class=\"elementor-sub-item\" tabindex=\"-1\">personale &amp; ospiti<\/a><\/li>\n\t<li class=\"menu-item menu-item-type-post_type menu-item-object-page menu-item-3509\"><a href=\"https:\/\/salecina.ch\/it\/camere-servizi\/\" class=\"elementor-sub-item\" tabindex=\"-1\">camere &amp; servizi<\/a><\/li>\n<\/ul>\n<\/li>\n<li class=\"menu-item menu-item-type-post_type menu-item-object-page menu-item-has-children menu-item-3525\"><a href=\"https:\/\/salecina.ch\/it\/incontro-movimento\/\" class=\"elementor-item\" tabindex=\"-1\">INCONTRO &amp; MOVIMENTO<\/a>\n<ul class=\"sub-menu elementor-nav-menu--dropdown\">\n\t<li class=\"menu-item menu-item-type-post_type menu-item-object-page menu-item-3531\"><a href=\"https:\/\/salecina.ch\/it\/persone-idee\/\" class=\"elementor-sub-item\" tabindex=\"-1\">persone &amp; idee<\/a><\/li>\n\t<li class=\"menu-item menu-item-type-post_type menu-item-object-page menu-item-3551\"><a href=\"https:\/\/salecina.ch\/it\/politica-cultura\/\" class=\"elementor-sub-item\" tabindex=\"-1\">politica &amp; cultura<\/a><\/li>\n\t<li class=\"menu-item menu-item-type-post_type menu-item-object-page menu-item-3572\"><a href=\"https:\/\/salecina.ch\/it\/agenda-eventi\/\" class=\"elementor-sub-item\" tabindex=\"-1\">agenda &amp; eventi<\/a><\/li>\n\t<li class=\"menu-item menu-item-type-post_type menu-item-object-page menu-item-3597\"><a href=\"https:\/\/salecina.ch\/it\/foto-media\/\" class=\"elementor-sub-item\" tabindex=\"-1\">foto &amp; media<\/a><\/li>\n<\/ul>\n<\/li>\n<li class=\"menu-item menu-item-type-post_type menu-item-object-page menu-item-has-children menu-item-3665\"><a href=\"https:\/\/salecina.ch\/it\/casa-storia\/\" class=\"elementor-item\" tabindex=\"-1\">CASA &amp; STORIA<\/a>\n<ul class=\"sub-menu elementor-nav-menu--dropdown\">\n\t<li class=\"menu-item menu-item-type-post_type menu-item-object-page menu-item-3677\"><a href=\"https:\/\/salecina.ch\/it\/posizione-ambiente\/\" class=\"elementor-sub-item\" tabindex=\"-1\">posizione &amp; ambiente<\/a><\/li>\n\t<li class=\"menu-item menu-item-type-post_type menu-item-object-page menu-item-3691\"><a href=\"https:\/\/salecina.ch\/it\/storia-storie\/\" class=\"elementor-sub-item\" tabindex=\"-1\">storia &amp; storie<\/a><\/li>\n\t<li class=\"menu-item menu-item-type-post_type menu-item-object-page menu-item-3696\"><a href=\"https:\/\/salecina.ch\/it\/team-idea\/\" class=\"elementor-sub-item\" tabindex=\"-1\">team &amp; idea<\/a><\/li>\n<\/ul>\n<\/li>\n<li class=\"menu-item menu-item-type-post_type menu-item-object-page menu-item-has-children menu-item-3711\"><a href=\"https:\/\/salecina.ch\/it\/contatti-prenotazioni\/\" class=\"elementor-item\" tabindex=\"-1\">CONTATTI &#038; INFO<\/a>\n<ul class=\"sub-menu elementor-nav-menu--dropdown\">\n\t<li class=\"menu-item menu-item-type-post_type menu-item-object-page menu-item-3717\"><a href=\"https:\/\/salecina.ch\/it\/prezzi-prenotazioni\/\" class=\"elementor-sub-item\" tabindex=\"-1\">prezzi<\/a><\/li>\n\t<li class=\"menu-item menu-item-type-post_type menu-item-object-page menu-item-3735\"><a href=\"https:\/\/salecina.ch\/it\/arrivo-informazioni\/\" class=\"elementor-sub-item\" tabindex=\"-1\">arrivo &amp; informazioni<\/a><\/li>\n\t<li class=\"menu-item menu-item-type-post_type menu-item-object-page menu-item-3754\"><a href=\"https:\/\/salecina.ch\/it\/link-faq\/\" class=\"elementor-sub-item\" tabindex=\"-1\">link &amp; FAQ<\/a><\/li>\n<\/ul>\n<\/li>\n<li class=\"menu-item wpml-ls-slot-5 wpml-ls-item wpml-ls-item-de wpml-ls-menu-item wpml-ls-first-item menu-item-type-wpml_ls_menu_item menu-item-object-wpml_ls_menu_item menu-item-wpml-ls-5-de\"><a href=\"https:\/\/salecina.ch\" class=\"elementor-item\" tabindex=\"-1\"><img decoding=\"async\"\n            class=\"wpml-ls-flag\"\n            src=\"https:\/\/salecina.ch\/wp-content\/plugins\/sitepress-multilingual-cms\/res\/flags\/de.png\"\n            alt=\"Tedesco\"\n            \n            \n    \/><\/a><\/li>\n<li class=\"menu-item wpml-ls-slot-5 wpml-ls-item wpml-ls-item-fr wpml-ls-menu-item menu-item-type-wpml_ls_menu_item menu-item-object-wpml_ls_menu_item menu-item-wpml-ls-5-fr\"><a href=\"https:\/\/salecina.ch\/fr\/\" class=\"elementor-item\" tabindex=\"-1\"><img decoding=\"async\"\n            class=\"wpml-ls-flag\"\n            src=\"https:\/\/salecina.ch\/wp-content\/plugins\/sitepress-multilingual-cms\/res\/flags\/fr.png\"\n            alt=\"Francese\"\n            \n            \n    \/><\/a><\/li>\n<li class=\"menu-item wpml-ls-slot-5 wpml-ls-item wpml-ls-item-en wpml-ls-menu-item wpml-ls-last-item menu-item-type-wpml_ls_menu_item menu-item-object-wpml_ls_menu_item menu-item-wpml-ls-5-en\"><a href=\"https:\/\/salecina.ch\/en\/\" class=\"elementor-item\" tabindex=\"-1\"><img decoding=\"async\"\n            class=\"wpml-ls-flag\"\n            src=\"https:\/\/salecina.ch\/wp-content\/plugins\/sitepress-multilingual-cms\/res\/flags\/en.png\"\n            alt=\"Inglese\"\n            \n            \n    \/><\/a><\/li>\n<\/ul>\t\t\t<\/nav>\n\t\t\t\t\t\t<\/div>\n\t\t\t\t<\/div>\n\t\t\t\t\t<\/div>\n\t\t<\/div>\n\t\t\t\t\t<\/div>\n\t\t<\/section>\n\t\t\t\t<\/div>\n\t\t<\/div>\n\t\t\t\t\t\t<\/div>\n\t\t\t\t<\/div>\n\t\t\t\t\t<\/div>\n\t\t<\/div>\n\t\t\t\t\t<\/div>\n\t\t<\/section>\n\t\t\t\t<section class=\"elementor-section elementor-top-section elementor-element elementor-element-3bc4a849 elementor-section-boxed elementor-section-height-default elementor-section-height-default\" data-id=\"3bc4a849\" data-element_type=\"section\" data-e-type=\"section\">\n\t\t\t\t\t\t<div class=\"elementor-container elementor-column-gap-default\">\n\t\t\t\t\t<div class=\"elementor-column elementor-col-100 elementor-top-column elementor-element elementor-element-6f7d81b8\" data-id=\"6f7d81b8\" data-element_type=\"column\" data-e-type=\"column\">\n\t\t\t<div class=\"elementor-widget-wrap elementor-element-populated\">\n\t\t\t\t\t\t\t<\/div>\n\t\t<\/div>\n\t\t\t\t\t<\/div>\n\t\t<\/section>\n\t\t\t\t<section class=\"elementor-section elementor-top-section elementor-element elementor-element-10a9e634 elementor-section-boxed elementor-section-height-default elementor-section-height-default\" data-id=\"10a9e634\" data-element_type=\"section\" data-e-type=\"section\" data-settings=\"{&quot;background_background&quot;:&quot;classic&quot;}\">\n\t\t\t\t\t\t<div class=\"elementor-container elementor-column-gap-default\">\n\t\t\t\t\t<div data-dce-background-color=\"#FFFFFF\" class=\"elementor-column elementor-col-100 elementor-top-column elementor-element elementor-element-786e71b1\" data-id=\"786e71b1\" data-element_type=\"column\" data-e-type=\"column\" data-settings=\"{&quot;background_background&quot;:&quot;classic&quot;}\">\n\t\t\t<div class=\"elementor-widget-wrap elementor-element-populated\">\n\t\t\t\t\t\t<section class=\"elementor-section elementor-inner-section elementor-element elementor-element-1a86f3f4 elementor-section-boxed elementor-section-height-default elementor-section-height-default\" data-id=\"1a86f3f4\" data-element_type=\"section\" data-e-type=\"section\">\n\t\t\t\t\t\t<div class=\"elementor-container elementor-column-gap-default\">\n\t\t\t\t\t<div class=\"elementor-column elementor-col-50 elementor-inner-column elementor-element elementor-element-46282663\" data-id=\"46282663\" data-element_type=\"column\" data-e-type=\"column\" data-settings=\"{&quot;background_background&quot;:&quot;classic&quot;}\">\n\t\t\t<div class=\"elementor-widget-wrap elementor-element-populated\">\n\t\t\t\t\t\t<div class=\"elementor-element elementor-element-6b91d7ee dce_masking-none elementor-widget elementor-widget-image\" data-id=\"6b91d7ee\" data-element_type=\"widget\" data-e-type=\"widget\" data-widget_type=\"image.default\">\n\t\t\t\t<div class=\"elementor-widget-container\">\n\t\t\t\t\t\t\t\t\t\t\t\t\t\t\t<img fetchpriority=\"high\" decoding=\"async\" width=\"2560\" height=\"742\" src=\"https:\/\/salecina.ch\/wp-content\/uploads\/2021\/08\/2013-07-20_2_Alessandro_Perini-neu-scaled.jpg\" class=\"attachment-full size-full wp-image-2069\" alt=\"\" srcset=\"https:\/\/salecina.ch\/wp-content\/uploads\/2021\/08\/2013-07-20_2_Alessandro_Perini-neu-scaled.jpg 2560w, https:\/\/salecina.ch\/wp-content\/uploads\/2021\/08\/2013-07-20_2_Alessandro_Perini-neu-300x87.jpg 300w, https:\/\/salecina.ch\/wp-content\/uploads\/2021\/08\/2013-07-20_2_Alessandro_Perini-neu-1024x297.jpg 1024w, https:\/\/salecina.ch\/wp-content\/uploads\/2021\/08\/2013-07-20_2_Alessandro_Perini-neu-768x222.jpg 768w, https:\/\/salecina.ch\/wp-content\/uploads\/2021\/08\/2013-07-20_2_Alessandro_Perini-neu-1536x445.jpg 1536w, https:\/\/salecina.ch\/wp-content\/uploads\/2021\/08\/2013-07-20_2_Alessandro_Perini-neu-2048x593.jpg 2048w\" sizes=\"(max-width: 2560px) 100vw, 2560px\" \/>\t\t\t\t\t\t\t\t\t\t\t\t\t\t\t<\/div>\n\t\t\t\t<\/div>\n\t\t\t\t<div class=\"elementor-element elementor-element-a939b21 elementor-widget elementor-widget-text-editor\" data-id=\"a939b21\" data-element_type=\"widget\" data-e-type=\"widget\" data-widget_type=\"text-editor.default\">\n\t\t\t\t<div class=\"elementor-widget-container\">\n\t\t\t\t\t\t\t\t\t<div class=\"ccm-layout-114-col-1 ccm-layout-cell ccm-layout-col ccm-layout-col-1 first\">\n<div class=\"ccm-layout-col-spacing\">\n<div id=\"blockStyle1891LinkespalteLayout1Cell1Layout2Cell1784\" class=\" ccm-block-styles\">\n<p>L\u2019Alta Engadina, fortemente turisticizzata, con la sua fitta rete stradale e i parcheggi, l\u2019aereoporto di Samedan con impianti modernissimi, i palazzi dello sport e le offerte per un turismo &#8220;al top&#8221; e per tutte le esigenze immaginabili \u00e8 per fortuna lontana da Salecina. Molte di queste opportunit\u00e0 vengono per\u00f2 utilizzate volentieri anche da parecchi ospiti di Salecina. <\/p>\n<\/div>\n<\/div>\n<\/div>\n<div class=\"ccm-layout-114-col-2 ccm-layout-cell ccm-layout-col ccm-layout-col-2 last\">\n<div class=\"ccm-layout-col-spacing\">\n<p>La posizione di Salecina, circondata da prati e piste di fondo, \u00e8 ideale. Non esiste traffico locale, vietato negli anni Settanta dal Comune con grande soddisfazione della casa. Il flusso internazionale del Passo del Maloja \u00e8 abbastanza lontano da non disturbare il meraviglioso silenzio: potremmo ben meritare la palma d\u2019oro come primo progetto di turismo soft.<\/p>\n<\/div>\n<\/div>\n\t\t\t\t\t\t\t\t<\/div>\n\t\t\t\t<\/div>\n\t\t\t\t<div class=\"elementor-element elementor-element-6451019 elementor-widget elementor-widget-text-editor\" data-id=\"6451019\" data-element_type=\"widget\" data-e-type=\"widget\" data-widget_type=\"text-editor.default\">\n\t\t\t\t<div class=\"elementor-widget-container\">\n\t\t\t\t\t\t\t\t\t<h4>Alta Engadina\/Bregaglia<\/h4>\n<p>Geograficamente Salecina si trova sul confine tra l&#8217;Alta Engadina e la Bregaglia, dal punto di vista amministrativo appartiene alla Bregaglia, di lingua italiana. L&#8217;incantevole sentiero che collega il paese di Maloja alla casa si percorre in 20 minuti. La nostra struttura, distante da altre abitazioni, si trova nei pressi del fiume Orlegna, circondata da prati e al margine di un bosco di larici, immersa nell&#8217;aria frizzante di montagna.  <\/p>\n\t\t\t\t\t\t\t\t<\/div>\n\t\t\t\t<\/div>\n\t\t\t\t<div class=\"elementor-element elementor-element-1fb735a elementor-widget elementor-widget-gallery\" data-id=\"1fb735a\" data-element_type=\"widget\" data-e-type=\"widget\" data-settings=\"{&quot;columns&quot;:3,&quot;lazyload&quot;:&quot;yes&quot;,&quot;gallery_layout&quot;:&quot;grid&quot;,&quot;columns_tablet&quot;:2,&quot;columns_mobile&quot;:1,&quot;gap&quot;:{&quot;unit&quot;:&quot;px&quot;,&quot;size&quot;:10,&quot;sizes&quot;:[]},&quot;gap_widescreen&quot;:{&quot;unit&quot;:&quot;px&quot;,&quot;size&quot;:&quot;&quot;,&quot;sizes&quot;:[]},&quot;gap_laptop&quot;:{&quot;unit&quot;:&quot;px&quot;,&quot;size&quot;:10,&quot;sizes&quot;:[]},&quot;gap_tablet_extra&quot;:{&quot;unit&quot;:&quot;px&quot;,&quot;size&quot;:10,&quot;sizes&quot;:[]},&quot;gap_tablet&quot;:{&quot;unit&quot;:&quot;px&quot;,&quot;size&quot;:10,&quot;sizes&quot;:[]},&quot;gap_mobile_extra&quot;:{&quot;unit&quot;:&quot;px&quot;,&quot;size&quot;:10,&quot;sizes&quot;:[]},&quot;gap_mobile&quot;:{&quot;unit&quot;:&quot;px&quot;,&quot;size&quot;:10,&quot;sizes&quot;:[]},&quot;link_to&quot;:&quot;file&quot;,&quot;aspect_ratio&quot;:&quot;3:2&quot;,&quot;overlay_background&quot;:&quot;yes&quot;,&quot;content_hover_animation&quot;:&quot;fade-in&quot;}\" data-widget_type=\"gallery.default\">\n\t\t\t\t<div class=\"elementor-widget-container\">\n\t\t\t\t\t\t\t<div class=\"elementor-gallery__container\">\n\t\t\t\t\t\t\t<a class=\"e-gallery-item elementor-gallery-item elementor-animated-content\" href=\"https:\/\/salecina.ch\/wp-content\/uploads\/2021\/08\/2009-00-00_Landschaft12.jpg\" data-elementor-open-lightbox=\"yes\" data-elementor-lightbox-slideshow=\"1fb735a\" data-elementor-lightbox-title=\"2009-00-00_Landschaft12\" data-e-action-hash=\"#elementor-action%3Aaction%3Dlightbox%26settings%3DeyJpZCI6MjA4MSwidXJsIjoiaHR0cHM6XC9cL3NhbGVjaW5hLmNoXC93cC1jb250ZW50XC91cGxvYWRzXC8yMDIxXC8wOFwvMjAwOS0wMC0wMF9MYW5kc2NoYWZ0MTIuanBnIiwic2xpZGVzaG93IjoiMWZiNzM1YSJ9\">\n\t\t\t\t\t<div class=\"e-gallery-image elementor-gallery-item__image\" data-thumbnail=\"https:\/\/salecina.ch\/wp-content\/uploads\/2021\/08\/2009-00-00_Landschaft12-300x200.jpg\" data-width=\"300\" data-height=\"200\" aria-label=\"\" role=\"img\" ><\/div>\n\t\t\t\t\t\t\t\t\t\t\t<div class=\"elementor-gallery-item__overlay\"><\/div>\n\t\t\t\t\t\t\t\t\t\t\t\t\t\t<\/a>\n\t\t\t\t\t\t\t<a class=\"e-gallery-item elementor-gallery-item elementor-animated-content\" href=\"https:\/\/salecina.ch\/wp-content\/uploads\/2021\/08\/68X9061.jpg\" data-elementor-open-lightbox=\"yes\" data-elementor-lightbox-slideshow=\"1fb735a\" data-elementor-lightbox-title=\"AppleMark\" data-e-action-hash=\"#elementor-action%3Aaction%3Dlightbox%26settings%3DeyJpZCI6MjA3NywidXJsIjoiaHR0cHM6XC9cL3NhbGVjaW5hLmNoXC93cC1jb250ZW50XC91cGxvYWRzXC8yMDIxXC8wOFwvNjhYOTA2MS5qcGciLCJzbGlkZXNob3ciOiIxZmI3MzVhIn0%3D\">\n\t\t\t\t\t<div class=\"e-gallery-image elementor-gallery-item__image\" data-thumbnail=\"https:\/\/salecina.ch\/wp-content\/uploads\/2021\/08\/68X9061-300x200.jpg\" data-width=\"300\" data-height=\"200\" aria-label=\"\" role=\"img\" ><\/div>\n\t\t\t\t\t\t\t\t\t\t\t<div class=\"elementor-gallery-item__overlay\"><\/div>\n\t\t\t\t\t\t\t\t\t\t\t\t\t\t<\/a>\n\t\t\t\t\t<\/div>\n\t\t\t\t\t<\/div>\n\t\t\t\t<\/div>\n\t\t\t\t<div class=\"elementor-element elementor-element-f7037c1 elementor-widget elementor-widget-text-editor\" data-id=\"f7037c1\" data-element_type=\"widget\" data-e-type=\"widget\" data-widget_type=\"text-editor.default\">\n\t\t\t\t<div class=\"elementor-widget-container\">\n\t\t\t\t\t\t\t\t\t<h4>Montagne<\/h4>\n<p>Le montagne che circondano la casa sono imponenti, alcune superano i 3000 metri di altitudine, il Bernina si eleva oltre i 4000 metri. Molte cime sono adatte a scalatori esperti. <\/p>\n\t\t\t\t\t\t\t\t<\/div>\n\t\t\t\t<\/div>\n\t\t\t\t<div class=\"elementor-element elementor-element-182c4eb elementor-widget elementor-widget-gallery\" data-id=\"182c4eb\" data-element_type=\"widget\" data-e-type=\"widget\" data-settings=\"{&quot;columns&quot;:3,&quot;lazyload&quot;:&quot;yes&quot;,&quot;gallery_layout&quot;:&quot;grid&quot;,&quot;columns_tablet&quot;:2,&quot;columns_mobile&quot;:1,&quot;gap&quot;:{&quot;unit&quot;:&quot;px&quot;,&quot;size&quot;:10,&quot;sizes&quot;:[]},&quot;gap_widescreen&quot;:{&quot;unit&quot;:&quot;px&quot;,&quot;size&quot;:&quot;&quot;,&quot;sizes&quot;:[]},&quot;gap_laptop&quot;:{&quot;unit&quot;:&quot;px&quot;,&quot;size&quot;:10,&quot;sizes&quot;:[]},&quot;gap_tablet_extra&quot;:{&quot;unit&quot;:&quot;px&quot;,&quot;size&quot;:10,&quot;sizes&quot;:[]},&quot;gap_tablet&quot;:{&quot;unit&quot;:&quot;px&quot;,&quot;size&quot;:10,&quot;sizes&quot;:[]},&quot;gap_mobile_extra&quot;:{&quot;unit&quot;:&quot;px&quot;,&quot;size&quot;:10,&quot;sizes&quot;:[]},&quot;gap_mobile&quot;:{&quot;unit&quot;:&quot;px&quot;,&quot;size&quot;:10,&quot;sizes&quot;:[]},&quot;link_to&quot;:&quot;file&quot;,&quot;aspect_ratio&quot;:&quot;3:2&quot;,&quot;overlay_background&quot;:&quot;yes&quot;,&quot;content_hover_animation&quot;:&quot;fade-in&quot;}\" data-widget_type=\"gallery.default\">\n\t\t\t\t<div class=\"elementor-widget-container\">\n\t\t\t\t\t\t\t<div class=\"elementor-gallery__container\">\n\t\t\t\t\t\t\t<a class=\"e-gallery-item elementor-gallery-item elementor-animated-content\" href=\"https:\/\/salecina.ch\/wp-content\/uploads\/2021\/08\/DSC06270.jpg\" data-elementor-open-lightbox=\"yes\" data-elementor-lightbox-slideshow=\"182c4eb\" data-elementor-lightbox-title=\"DSC06270\" data-e-action-hash=\"#elementor-action%3Aaction%3Dlightbox%26settings%3DeyJpZCI6MjA4OSwidXJsIjoiaHR0cHM6XC9cL3NhbGVjaW5hLmNoXC93cC1jb250ZW50XC91cGxvYWRzXC8yMDIxXC8wOFwvRFNDMDYyNzAuanBnIiwic2xpZGVzaG93IjoiMTgyYzRlYiJ9\">\n\t\t\t\t\t<div class=\"e-gallery-image elementor-gallery-item__image\" data-thumbnail=\"https:\/\/salecina.ch\/wp-content\/uploads\/2021\/08\/DSC06270-300x200.jpg\" data-width=\"300\" data-height=\"200\" aria-label=\"\" role=\"img\" ><\/div>\n\t\t\t\t\t\t\t\t\t\t\t<div class=\"elementor-gallery-item__overlay\"><\/div>\n\t\t\t\t\t\t\t\t\t\t\t\t\t\t<\/a>\n\t\t\t\t\t\t\t<a class=\"e-gallery-item elementor-gallery-item elementor-animated-content\" href=\"https:\/\/salecina.ch\/wp-content\/uploads\/2021\/08\/Salecina_2013_124.jpg\" data-elementor-open-lightbox=\"yes\" data-elementor-lightbox-slideshow=\"182c4eb\" data-elementor-lightbox-title=\"Salecina_2013_124\" data-e-action-hash=\"#elementor-action%3Aaction%3Dlightbox%26settings%3DeyJpZCI6MjA4NSwidXJsIjoiaHR0cHM6XC9cL3NhbGVjaW5hLmNoXC93cC1jb250ZW50XC91cGxvYWRzXC8yMDIxXC8wOFwvU2FsZWNpbmFfMjAxM18xMjQuanBnIiwic2xpZGVzaG93IjoiMTgyYzRlYiJ9\">\n\t\t\t\t\t<div class=\"e-gallery-image elementor-gallery-item__image\" data-thumbnail=\"https:\/\/salecina.ch\/wp-content\/uploads\/2021\/08\/Salecina_2013_124-300x200.jpg\" data-width=\"300\" data-height=\"200\" aria-label=\"\" role=\"img\" ><\/div>\n\t\t\t\t\t\t\t\t\t\t\t<div class=\"elementor-gallery-item__overlay\"><\/div>\n\t\t\t\t\t\t\t\t\t\t\t\t\t\t<\/a>\n\t\t\t\t\t<\/div>\n\t\t\t\t\t<\/div>\n\t\t\t\t<\/div>\n\t\t\t\t<div class=\"elementor-element elementor-element-e1a24e5 elementor-widget elementor-widget-text-editor\" data-id=\"e1a24e5\" data-element_type=\"widget\" data-e-type=\"widget\" data-widget_type=\"text-editor.default\">\n\t\t\t\t<div class=\"elementor-widget-container\">\n\t\t\t\t\t\t\t\t\t<h4>Ghiacciai<\/h4>\n<p>I ghiacciai dell&#8217;Alta Engadina e le palme dell&#8217;Italia (Chiavenna) distano solo pochi chilometri tra loro. Gli autobus locali li collegano quotidianamente. Chi desidera, anche solo una volta nella vita, ammirare un ghiacciaio come quello del Forno pu\u00f2 iniziare l&#8217;escursione partendo direttamente dalla casa di Salecina!  <\/p>\n\t\t\t\t\t\t\t\t<\/div>\n\t\t\t\t<\/div>\n\t\t\t\t<div class=\"elementor-element elementor-element-5d1faed elementor-widget elementor-widget-gallery\" data-id=\"5d1faed\" data-element_type=\"widget\" data-e-type=\"widget\" data-settings=\"{&quot;columns&quot;:3,&quot;lazyload&quot;:&quot;yes&quot;,&quot;gallery_layout&quot;:&quot;grid&quot;,&quot;columns_tablet&quot;:2,&quot;columns_mobile&quot;:1,&quot;gap&quot;:{&quot;unit&quot;:&quot;px&quot;,&quot;size&quot;:10,&quot;sizes&quot;:[]},&quot;gap_widescreen&quot;:{&quot;unit&quot;:&quot;px&quot;,&quot;size&quot;:&quot;&quot;,&quot;sizes&quot;:[]},&quot;gap_laptop&quot;:{&quot;unit&quot;:&quot;px&quot;,&quot;size&quot;:10,&quot;sizes&quot;:[]},&quot;gap_tablet_extra&quot;:{&quot;unit&quot;:&quot;px&quot;,&quot;size&quot;:10,&quot;sizes&quot;:[]},&quot;gap_tablet&quot;:{&quot;unit&quot;:&quot;px&quot;,&quot;size&quot;:10,&quot;sizes&quot;:[]},&quot;gap_mobile_extra&quot;:{&quot;unit&quot;:&quot;px&quot;,&quot;size&quot;:10,&quot;sizes&quot;:[]},&quot;gap_mobile&quot;:{&quot;unit&quot;:&quot;px&quot;,&quot;size&quot;:10,&quot;sizes&quot;:[]},&quot;link_to&quot;:&quot;file&quot;,&quot;aspect_ratio&quot;:&quot;3:2&quot;,&quot;overlay_background&quot;:&quot;yes&quot;,&quot;content_hover_animation&quot;:&quot;fade-in&quot;}\" data-widget_type=\"gallery.default\">\n\t\t\t\t<div class=\"elementor-widget-container\">\n\t\t\t\t\t\t\t<div class=\"elementor-gallery__container\">\n\t\t\t\t\t\t\t<a class=\"e-gallery-item elementor-gallery-item elementor-animated-content\" href=\"https:\/\/salecina.ch\/wp-content\/uploads\/2021\/08\/Salecina_317.jpg\" data-elementor-open-lightbox=\"yes\" data-elementor-lightbox-slideshow=\"5d1faed\" data-elementor-lightbox-title=\"Salecina\" data-e-action-hash=\"#elementor-action%3Aaction%3Dlightbox%26settings%3DeyJpZCI6MjA5NywidXJsIjoiaHR0cHM6XC9cL3NhbGVjaW5hLmNoXC93cC1jb250ZW50XC91cGxvYWRzXC8yMDIxXC8wOFwvU2FsZWNpbmFfMzE3LmpwZyIsInNsaWRlc2hvdyI6IjVkMWZhZWQifQ%3D%3D\">\n\t\t\t\t\t<div class=\"e-gallery-image elementor-gallery-item__image\" data-thumbnail=\"https:\/\/salecina.ch\/wp-content\/uploads\/2021\/08\/Salecina_317-300x200.jpg\" data-width=\"300\" data-height=\"200\" aria-label=\"\" role=\"img\" ><\/div>\n\t\t\t\t\t\t\t\t\t\t\t<div class=\"elementor-gallery-item__overlay\"><\/div>\n\t\t\t\t\t\t\t\t\t\t\t\t\t\t<\/a>\n\t\t\t\t\t\t\t<a class=\"e-gallery-item elementor-gallery-item elementor-animated-content\" href=\"https:\/\/salecina.ch\/wp-content\/uploads\/2021\/08\/palmen.jpg\" data-elementor-open-lightbox=\"yes\" data-elementor-lightbox-slideshow=\"5d1faed\" data-elementor-lightbox-title=\"palmen\" data-e-action-hash=\"#elementor-action%3Aaction%3Dlightbox%26settings%3DeyJpZCI6MjA5MywidXJsIjoiaHR0cHM6XC9cL3NhbGVjaW5hLmNoXC93cC1jb250ZW50XC91cGxvYWRzXC8yMDIxXC8wOFwvcGFsbWVuLmpwZyIsInNsaWRlc2hvdyI6IjVkMWZhZWQifQ%3D%3D\">\n\t\t\t\t\t<div class=\"e-gallery-image elementor-gallery-item__image\" data-thumbnail=\"https:\/\/salecina.ch\/wp-content\/uploads\/2021\/08\/palmen-300x200.jpg\" data-width=\"300\" data-height=\"200\" aria-label=\"\" role=\"img\" ><\/div>\n\t\t\t\t\t\t\t\t\t\t\t<div class=\"elementor-gallery-item__overlay\"><\/div>\n\t\t\t\t\t\t\t\t\t\t\t\t\t\t<\/a>\n\t\t\t\t\t<\/div>\n\t\t\t\t\t<\/div>\n\t\t\t\t<\/div>\n\t\t\t\t<div class=\"elementor-element elementor-element-5d0a084 elementor-widget elementor-widget-text-editor\" data-id=\"5d0a084\" data-element_type=\"widget\" data-e-type=\"widget\" data-widget_type=\"text-editor.default\">\n\t\t\t\t<div class=\"elementor-widget-container\">\n\t\t\t\t\t\t\t\t\t<h4>Fiumi e laghi<\/h4>\n<p>Sulle montagne attorno a Salecina si trovano le sorgenti di fiumi importanti, primo tra tutti l&#8217;Inn, che modella il meraviglioso paesaggio lacustre dell&#8217;Alta Engadina. Sulle sponde dei laghi si sviluppano rinomati luoghi di villeggiatura come Sils-Maria, St. Moritz e Pontresina. Sul lago ghiacciato e nei dintorni, da Maloja a S-chanf, ogni anno, la seconda domenica di marzo, ha luogo l&#8217;ormai famosa maratona di sci di fondo.   <\/p>\n\t\t\t\t\t\t\t\t<\/div>\n\t\t\t\t<\/div>\n\t\t\t\t<div class=\"elementor-element elementor-element-2aab28e elementor-widget elementor-widget-gallery\" data-id=\"2aab28e\" data-element_type=\"widget\" data-e-type=\"widget\" data-settings=\"{&quot;columns&quot;:3,&quot;lazyload&quot;:&quot;yes&quot;,&quot;gallery_layout&quot;:&quot;grid&quot;,&quot;columns_tablet&quot;:2,&quot;columns_mobile&quot;:1,&quot;gap&quot;:{&quot;unit&quot;:&quot;px&quot;,&quot;size&quot;:10,&quot;sizes&quot;:[]},&quot;gap_widescreen&quot;:{&quot;unit&quot;:&quot;px&quot;,&quot;size&quot;:&quot;&quot;,&quot;sizes&quot;:[]},&quot;gap_laptop&quot;:{&quot;unit&quot;:&quot;px&quot;,&quot;size&quot;:10,&quot;sizes&quot;:[]},&quot;gap_tablet_extra&quot;:{&quot;unit&quot;:&quot;px&quot;,&quot;size&quot;:10,&quot;sizes&quot;:[]},&quot;gap_tablet&quot;:{&quot;unit&quot;:&quot;px&quot;,&quot;size&quot;:10,&quot;sizes&quot;:[]},&quot;gap_mobile_extra&quot;:{&quot;unit&quot;:&quot;px&quot;,&quot;size&quot;:10,&quot;sizes&quot;:[]},&quot;gap_mobile&quot;:{&quot;unit&quot;:&quot;px&quot;,&quot;size&quot;:10,&quot;sizes&quot;:[]},&quot;link_to&quot;:&quot;file&quot;,&quot;aspect_ratio&quot;:&quot;3:2&quot;,&quot;overlay_background&quot;:&quot;yes&quot;,&quot;content_hover_animation&quot;:&quot;fade-in&quot;}\" data-widget_type=\"gallery.default\">\n\t\t\t\t<div class=\"elementor-widget-container\">\n\t\t\t\t\t\t\t<div class=\"elementor-gallery__container\">\n\t\t\t\t\t\t\t<a class=\"e-gallery-item elementor-gallery-item elementor-animated-content\" href=\"https:\/\/salecina.ch\/wp-content\/uploads\/2021\/08\/DSC_2267.jpg\" data-elementor-open-lightbox=\"yes\" data-elementor-lightbox-slideshow=\"2aab28e\" data-elementor-lightbox-title=\"DSC_2267\" data-e-action-hash=\"#elementor-action%3Aaction%3Dlightbox%26settings%3DeyJpZCI6MjEwMSwidXJsIjoiaHR0cHM6XC9cL3NhbGVjaW5hLmNoXC93cC1jb250ZW50XC91cGxvYWRzXC8yMDIxXC8wOFwvRFNDXzIyNjcuanBnIiwic2xpZGVzaG93IjoiMmFhYjI4ZSJ9\">\n\t\t\t\t\t<div class=\"e-gallery-image elementor-gallery-item__image\" data-thumbnail=\"https:\/\/salecina.ch\/wp-content\/uploads\/2021\/08\/DSC_2267-300x200.jpg\" data-width=\"300\" data-height=\"200\" aria-label=\"\" role=\"img\" ><\/div>\n\t\t\t\t\t\t\t\t\t\t\t<div class=\"elementor-gallery-item__overlay\"><\/div>\n\t\t\t\t\t\t\t\t\t\t\t\t\t\t<\/a>\n\t\t\t\t\t\t\t<a class=\"e-gallery-item elementor-gallery-item elementor-animated-content\" href=\"https:\/\/salecina.ch\/wp-content\/uploads\/2021\/08\/Salecina_2013_061.jpg\" data-elementor-open-lightbox=\"yes\" data-elementor-lightbox-slideshow=\"2aab28e\" data-elementor-lightbox-title=\"Salecina_2013_061\" data-e-action-hash=\"#elementor-action%3Aaction%3Dlightbox%26settings%3DeyJpZCI6MjEwNSwidXJsIjoiaHR0cHM6XC9cL3NhbGVjaW5hLmNoXC93cC1jb250ZW50XC91cGxvYWRzXC8yMDIxXC8wOFwvU2FsZWNpbmFfMjAxM18wNjEuanBnIiwic2xpZGVzaG93IjoiMmFhYjI4ZSJ9\">\n\t\t\t\t\t<div class=\"e-gallery-image elementor-gallery-item__image\" data-thumbnail=\"https:\/\/salecina.ch\/wp-content\/uploads\/2021\/08\/Salecina_2013_061-300x200.jpg\" data-width=\"300\" data-height=\"200\" aria-label=\"\" role=\"img\" ><\/div>\n\t\t\t\t\t\t\t\t\t\t\t<div class=\"elementor-gallery-item__overlay\"><\/div>\n\t\t\t\t\t\t\t\t\t\t\t\t\t\t<\/a>\n\t\t\t\t\t\t\t<a class=\"e-gallery-item elementor-gallery-item elementor-animated-content\" href=\"https:\/\/salecina.ch\/wp-content\/uploads\/2021\/08\/2009-00-00_Landschaftt.jpg\" data-elementor-open-lightbox=\"yes\" data-elementor-lightbox-slideshow=\"2aab28e\" data-elementor-lightbox-title=\"2009-00-00_Landschaftt\" data-e-action-hash=\"#elementor-action%3Aaction%3Dlightbox%26settings%3DeyJpZCI6MjEwOSwidXJsIjoiaHR0cHM6XC9cL3NhbGVjaW5hLmNoXC93cC1jb250ZW50XC91cGxvYWRzXC8yMDIxXC8wOFwvMjAwOS0wMC0wMF9MYW5kc2NoYWZ0dC5qcGciLCJzbGlkZXNob3ciOiIyYWFiMjhlIn0%3D\">\n\t\t\t\t\t<div class=\"e-gallery-image elementor-gallery-item__image\" data-thumbnail=\"https:\/\/salecina.ch\/wp-content\/uploads\/2021\/08\/2009-00-00_Landschaftt-300x200.jpg\" data-width=\"300\" data-height=\"200\" aria-label=\"\" role=\"img\" ><\/div>\n\t\t\t\t\t\t\t\t\t\t\t<div class=\"elementor-gallery-item__overlay\"><\/div>\n\t\t\t\t\t\t\t\t\t\t\t\t\t\t<\/a>\n\t\t\t\t\t<\/div>\n\t\t\t\t\t<\/div>\n\t\t\t\t<\/div>\n\t\t\t\t<div class=\"elementor-element elementor-element-0bd9fc3 elementor-widget elementor-widget-text-editor\" data-id=\"0bd9fc3\" data-element_type=\"widget\" data-e-type=\"widget\" data-widget_type=\"text-editor.default\">\n\t\t\t\t<div class=\"elementor-widget-container\">\n\t\t\t\t\t\t\t\t\t<h4>Sport e natura<\/h4>\n<p>A Salecina si possono praticare tutti gli sport di montagna invernali ed estivi, oppure semplicemente passeggiare sulle meravigliose rive dei laghi.<br \/>Gli impianti di risalita pi\u00f9 interessanti della Svizzera, come quelle del Corvatsch o del Diavolezza, si raggiungono con facilit\u00e0 e in breve tempo con l&#8217;autobus.<br \/>La pista di sci di fondo passa proprio di fianco alla nostra casa.<\/p>\n\t\t\t\t\t\t\t\t<\/div>\n\t\t\t\t<\/div>\n\t\t\t\t<div class=\"elementor-element elementor-element-69102c0 elementor-widget elementor-widget-gallery\" data-id=\"69102c0\" data-element_type=\"widget\" data-e-type=\"widget\" data-settings=\"{&quot;columns&quot;:3,&quot;lazyload&quot;:&quot;yes&quot;,&quot;gallery_layout&quot;:&quot;grid&quot;,&quot;columns_tablet&quot;:2,&quot;columns_mobile&quot;:1,&quot;gap&quot;:{&quot;unit&quot;:&quot;px&quot;,&quot;size&quot;:10,&quot;sizes&quot;:[]},&quot;gap_widescreen&quot;:{&quot;unit&quot;:&quot;px&quot;,&quot;size&quot;:&quot;&quot;,&quot;sizes&quot;:[]},&quot;gap_laptop&quot;:{&quot;unit&quot;:&quot;px&quot;,&quot;size&quot;:10,&quot;sizes&quot;:[]},&quot;gap_tablet_extra&quot;:{&quot;unit&quot;:&quot;px&quot;,&quot;size&quot;:10,&quot;sizes&quot;:[]},&quot;gap_tablet&quot;:{&quot;unit&quot;:&quot;px&quot;,&quot;size&quot;:10,&quot;sizes&quot;:[]},&quot;gap_mobile_extra&quot;:{&quot;unit&quot;:&quot;px&quot;,&quot;size&quot;:10,&quot;sizes&quot;:[]},&quot;gap_mobile&quot;:{&quot;unit&quot;:&quot;px&quot;,&quot;size&quot;:10,&quot;sizes&quot;:[]},&quot;link_to&quot;:&quot;file&quot;,&quot;aspect_ratio&quot;:&quot;3:2&quot;,&quot;overlay_background&quot;:&quot;yes&quot;,&quot;content_hover_animation&quot;:&quot;fade-in&quot;}\" data-widget_type=\"gallery.default\">\n\t\t\t\t<div class=\"elementor-widget-container\">\n\t\t\t\t\t\t\t<div class=\"elementor-gallery__container\">\n\t\t\t\t\t\t\t<a class=\"e-gallery-item elementor-gallery-item elementor-animated-content\" href=\"https:\/\/salecina.ch\/wp-content\/uploads\/2021\/08\/gennaio_2014-2.jpg\" data-elementor-open-lightbox=\"yes\" data-elementor-lightbox-slideshow=\"69102c0\" data-elementor-lightbox-title=\"OLYMPUS DIGITAL CAMERA\" data-e-action-hash=\"#elementor-action%3Aaction%3Dlightbox%26settings%3DeyJpZCI6MjExMywidXJsIjoiaHR0cHM6XC9cL3NhbGVjaW5hLmNoXC93cC1jb250ZW50XC91cGxvYWRzXC8yMDIxXC8wOFwvZ2VubmFpb18yMDE0LTIuanBnIiwic2xpZGVzaG93IjoiNjkxMDJjMCJ9\">\n\t\t\t\t\t<div class=\"e-gallery-image elementor-gallery-item__image\" data-thumbnail=\"https:\/\/salecina.ch\/wp-content\/uploads\/2021\/08\/gennaio_2014-2-300x200.jpg\" data-width=\"300\" data-height=\"200\" aria-label=\"\" role=\"img\" ><\/div>\n\t\t\t\t\t\t\t\t\t\t\t<div class=\"elementor-gallery-item__overlay\"><\/div>\n\t\t\t\t\t\t\t\t\t\t\t\t\t\t<\/a>\n\t\t\t\t\t\t\t<a class=\"e-gallery-item elementor-gallery-item elementor-animated-content\" href=\"https:\/\/salecina.ch\/wp-content\/uploads\/2021\/08\/Corvatsch_Bergstation.jpg\" data-elementor-open-lightbox=\"yes\" data-elementor-lightbox-slideshow=\"69102c0\" data-elementor-lightbox-title=\"Corvatsch_Bergstation\" data-e-action-hash=\"#elementor-action%3Aaction%3Dlightbox%26settings%3DeyJpZCI6MjExNywidXJsIjoiaHR0cHM6XC9cL3NhbGVjaW5hLmNoXC93cC1jb250ZW50XC91cGxvYWRzXC8yMDIxXC8wOFwvQ29ydmF0c2NoX0JlcmdzdGF0aW9uLmpwZyIsInNsaWRlc2hvdyI6IjY5MTAyYzAifQ%3D%3D\">\n\t\t\t\t\t<div class=\"e-gallery-image elementor-gallery-item__image\" data-thumbnail=\"https:\/\/salecina.ch\/wp-content\/uploads\/2021\/08\/Corvatsch_Bergstation-300x200.jpg\" data-width=\"300\" data-height=\"200\" aria-label=\"\" role=\"img\" ><\/div>\n\t\t\t\t\t\t\t\t\t\t\t<div class=\"elementor-gallery-item__overlay\"><\/div>\n\t\t\t\t\t\t\t\t\t\t\t\t\t\t<\/a>\n\t\t\t\t\t<\/div>\n\t\t\t\t\t<\/div>\n\t\t\t\t<\/div>\n\t\t\t\t<div class=\"elementor-element elementor-element-f5ad1a7 elementor-widget elementor-widget-text-editor\" data-id=\"f5ad1a7\" data-element_type=\"widget\" data-e-type=\"widget\" data-widget_type=\"text-editor.default\">\n\t\t\t\t<div class=\"elementor-widget-container\">\n\t\t\t\t\t\t\t\t\t<h4>Bregaglia<\/h4>\n<p>Paesini dall&#8217;atmosfera dell&#8217;Italia settentrionale, come Soglio, situati a ridosso di irte montagne, delineano il paesaggio.<\/p>\n\t\t\t\t\t\t\t\t<\/div>\n\t\t\t\t<\/div>\n\t\t\t\t<div class=\"elementor-element elementor-element-fa4420e elementor-widget elementor-widget-gallery\" data-id=\"fa4420e\" data-element_type=\"widget\" data-e-type=\"widget\" data-settings=\"{&quot;columns&quot;:3,&quot;lazyload&quot;:&quot;yes&quot;,&quot;gallery_layout&quot;:&quot;grid&quot;,&quot;columns_tablet&quot;:2,&quot;columns_mobile&quot;:1,&quot;gap&quot;:{&quot;unit&quot;:&quot;px&quot;,&quot;size&quot;:10,&quot;sizes&quot;:[]},&quot;gap_widescreen&quot;:{&quot;unit&quot;:&quot;px&quot;,&quot;size&quot;:&quot;&quot;,&quot;sizes&quot;:[]},&quot;gap_laptop&quot;:{&quot;unit&quot;:&quot;px&quot;,&quot;size&quot;:10,&quot;sizes&quot;:[]},&quot;gap_tablet_extra&quot;:{&quot;unit&quot;:&quot;px&quot;,&quot;size&quot;:10,&quot;sizes&quot;:[]},&quot;gap_tablet&quot;:{&quot;unit&quot;:&quot;px&quot;,&quot;size&quot;:10,&quot;sizes&quot;:[]},&quot;gap_mobile_extra&quot;:{&quot;unit&quot;:&quot;px&quot;,&quot;size&quot;:10,&quot;sizes&quot;:[]},&quot;gap_mobile&quot;:{&quot;unit&quot;:&quot;px&quot;,&quot;size&quot;:10,&quot;sizes&quot;:[]},&quot;link_to&quot;:&quot;file&quot;,&quot;aspect_ratio&quot;:&quot;3:2&quot;,&quot;overlay_background&quot;:&quot;yes&quot;,&quot;content_hover_animation&quot;:&quot;fade-in&quot;}\" data-widget_type=\"gallery.default\">\n\t\t\t\t<div class=\"elementor-widget-container\">\n\t\t\t\t\t\t\t<div class=\"elementor-gallery__container\">\n\t\t\t\t\t\t\t<a class=\"e-gallery-item elementor-gallery-item elementor-animated-content\" href=\"https:\/\/salecina.ch\/wp-content\/uploads\/2021\/08\/soglio.jpg\" data-elementor-open-lightbox=\"yes\" data-elementor-lightbox-slideshow=\"fa4420e\" data-elementor-lightbox-title=\"soglio\" data-e-action-hash=\"#elementor-action%3Aaction%3Dlightbox%26settings%3DeyJpZCI6MjEyMSwidXJsIjoiaHR0cHM6XC9cL3NhbGVjaW5hLmNoXC93cC1jb250ZW50XC91cGxvYWRzXC8yMDIxXC8wOFwvc29nbGlvLmpwZyIsInNsaWRlc2hvdyI6ImZhNDQyMGUifQ%3D%3D\">\n\t\t\t\t\t<div class=\"e-gallery-image elementor-gallery-item__image\" data-thumbnail=\"https:\/\/salecina.ch\/wp-content\/uploads\/2021\/08\/soglio-300x200.jpg\" data-width=\"300\" data-height=\"200\" aria-label=\"\" role=\"img\" ><\/div>\n\t\t\t\t\t\t\t\t\t\t\t<div class=\"elementor-gallery-item__overlay\"><\/div>\n\t\t\t\t\t\t\t\t\t\t\t\t\t\t<\/a>\n\t\t\t\t\t<\/div>\n\t\t\t\t\t<\/div>\n\t\t\t\t<\/div>\n\t\t\t\t<div class=\"elementor-element elementor-element-3d214c7 elementor-widget elementor-widget-text-editor\" data-id=\"3d214c7\" data-element_type=\"widget\" data-e-type=\"widget\" data-widget_type=\"text-editor.default\">\n\t\t\t\t<div class=\"elementor-widget-container\">\n\t\t\t\t\t\t\t\t\t<h4>Italia<\/h4>\n<p>A 20 km da Salecina si trova il confine italo-svizzero e, poco oltre, Chiavenna, graziosa cittadina alpina.<\/p>\n\t\t\t\t\t\t\t\t<\/div>\n\t\t\t\t<\/div>\n\t\t\t\t<div class=\"elementor-element elementor-element-41b5765 elementor-widget elementor-widget-gallery\" data-id=\"41b5765\" data-element_type=\"widget\" data-e-type=\"widget\" data-settings=\"{&quot;columns&quot;:3,&quot;lazyload&quot;:&quot;yes&quot;,&quot;gallery_layout&quot;:&quot;grid&quot;,&quot;columns_tablet&quot;:2,&quot;columns_mobile&quot;:1,&quot;gap&quot;:{&quot;unit&quot;:&quot;px&quot;,&quot;size&quot;:10,&quot;sizes&quot;:[]},&quot;gap_widescreen&quot;:{&quot;unit&quot;:&quot;px&quot;,&quot;size&quot;:&quot;&quot;,&quot;sizes&quot;:[]},&quot;gap_laptop&quot;:{&quot;unit&quot;:&quot;px&quot;,&quot;size&quot;:10,&quot;sizes&quot;:[]},&quot;gap_tablet_extra&quot;:{&quot;unit&quot;:&quot;px&quot;,&quot;size&quot;:10,&quot;sizes&quot;:[]},&quot;gap_tablet&quot;:{&quot;unit&quot;:&quot;px&quot;,&quot;size&quot;:10,&quot;sizes&quot;:[]},&quot;gap_mobile_extra&quot;:{&quot;unit&quot;:&quot;px&quot;,&quot;size&quot;:10,&quot;sizes&quot;:[]},&quot;gap_mobile&quot;:{&quot;unit&quot;:&quot;px&quot;,&quot;size&quot;:10,&quot;sizes&quot;:[]},&quot;link_to&quot;:&quot;file&quot;,&quot;aspect_ratio&quot;:&quot;3:2&quot;,&quot;overlay_background&quot;:&quot;yes&quot;,&quot;content_hover_animation&quot;:&quot;fade-in&quot;}\" data-widget_type=\"gallery.default\">\n\t\t\t\t<div class=\"elementor-widget-container\">\n\t\t\t\t\t\t\t<div class=\"elementor-gallery__container\">\n\t\t\t\t\t\t\t<a class=\"e-gallery-item elementor-gallery-item elementor-animated-content\" href=\"https:\/\/salecina.ch\/wp-content\/uploads\/2021\/08\/Salecina_2013_084.jpg\" data-elementor-open-lightbox=\"yes\" data-elementor-lightbox-slideshow=\"41b5765\" data-elementor-lightbox-title=\"Salecina_2013_084\" data-e-action-hash=\"#elementor-action%3Aaction%3Dlightbox%26settings%3DeyJpZCI6MjEyOSwidXJsIjoiaHR0cHM6XC9cL3NhbGVjaW5hLmNoXC93cC1jb250ZW50XC91cGxvYWRzXC8yMDIxXC8wOFwvU2FsZWNpbmFfMjAxM18wODQuanBnIiwic2xpZGVzaG93IjoiNDFiNTc2NSJ9\">\n\t\t\t\t\t<div class=\"e-gallery-image elementor-gallery-item__image\" data-thumbnail=\"https:\/\/salecina.ch\/wp-content\/uploads\/2021\/08\/Salecina_2013_084-300x200.jpg\" data-width=\"300\" data-height=\"200\" aria-label=\"\" role=\"img\" ><\/div>\n\t\t\t\t\t\t\t\t\t\t\t<div class=\"elementor-gallery-item__overlay\"><\/div>\n\t\t\t\t\t\t\t\t\t\t\t\t\t\t<\/a>\n\t\t\t\t\t\t\t<a class=\"e-gallery-item elementor-gallery-item elementor-animated-content\" href=\"https:\/\/salecina.ch\/wp-content\/uploads\/2021\/08\/Salecina_2013_085.jpg\" data-elementor-open-lightbox=\"yes\" data-elementor-lightbox-slideshow=\"41b5765\" data-elementor-lightbox-title=\"Salecina_2013_085\" data-e-action-hash=\"#elementor-action%3Aaction%3Dlightbox%26settings%3DeyJpZCI6MjEyNSwidXJsIjoiaHR0cHM6XC9cL3NhbGVjaW5hLmNoXC93cC1jb250ZW50XC91cGxvYWRzXC8yMDIxXC8wOFwvU2FsZWNpbmFfMjAxM18wODUuanBnIiwic2xpZGVzaG93IjoiNDFiNTc2NSJ9\">\n\t\t\t\t\t<div class=\"e-gallery-image elementor-gallery-item__image\" data-thumbnail=\"https:\/\/salecina.ch\/wp-content\/uploads\/2021\/08\/Salecina_2013_085-300x200.jpg\" data-width=\"300\" data-height=\"200\" aria-label=\"\" role=\"img\" ><\/div>\n\t\t\t\t\t\t\t\t\t\t\t<div class=\"elementor-gallery-item__overlay\"><\/div>\n\t\t\t\t\t\t\t\t\t\t\t\t\t\t<\/a>\n\t\t\t\t\t<\/div>\n\t\t\t\t\t<\/div>\n\t\t\t\t<\/div>\n\t\t\t\t\t<\/div>\n\t\t<\/div>\n\t\t\t\t<div class=\"elementor-column elementor-col-50 elementor-inner-column elementor-element elementor-element-3f194272\" data-id=\"3f194272\" data-element_type=\"column\" data-e-type=\"column\">\n\t\t\t<div class=\"elementor-widget-wrap elementor-element-populated\">\n\t\t\t\t\t\t<div data-dce-advanced-background-color=\"#DCDCDC\" class=\"elementor-element elementor-element-5a50781 elementor-widget elementor-widget-text-editor\" data-id=\"5a50781\" data-element_type=\"widget\" data-e-type=\"widget\" data-widget_type=\"text-editor.default\">\n\t\t\t\t<div class=\"elementor-widget-container\">\n\t\t\t\t\t\t\t\t\t<h3><img decoding=\"async\" class=\" wp-image-2161 aligncenter\" src=\"https:\/\/salecina.ch\/wp-content\/uploads\/2021\/08\/df763104d4-300x200.jpg\" alt=\"\" width=\"389\" height=\"259\" srcset=\"https:\/\/salecina.ch\/wp-content\/uploads\/2021\/08\/df763104d4-300x200.jpg 300w, https:\/\/salecina.ch\/wp-content\/uploads\/2021\/08\/df763104d4.jpg 375w\" sizes=\"(max-width: 389px) 100vw, 389px\" \/><\/h3>\n<h3>Premio Wakker 2015<\/h3>\n<p>La Val Bregaglia, valle del Sud del Canton Grigioni, dal 2010 Comune unico Bregaglia, \u00e8 stata insignita del <a href=\"http:\/\/www.heimatschutz.ch\/wakkerpreis\" target=\"_blank\" rel=\"noopener\">premio Wakker 2015<\/a> dall&#8217;Heimatschutz Svizzero (Ente per la protezione del patrimonio artistico e naturale) con un&#8217;importante motivazione. Il Comune Bregaglia ha saputo individuare i suoi punti di forza nel prezioso patrimonio edilizio esistente e nel paesaggio antropico ben preservato. <\/p>\n<p>In effetti la Bregaglia pu\u00f2 essere presa come esempio riuscito di una fusione di Comuni di una valle in una zona periferica della Svizzera. L&#8217;unificazione avvenuta nel 2010 degli allora cinque comuni bregagliotti ha permesso alla comunit\u00e0 di sviluppare una strategia complessiva per il futuro. Il progetto si prefigge di includere ospiti potenziali e persone del posto, mantendo e migliorando l&#8217;attrattivit\u00e0 di un luogo dove sia possibile vivere e lavorare.  <\/p>\n\t\t\t\t\t\t\t\t<\/div>\n\t\t\t\t<\/div>\n\t\t\t\t<div data-dce-advanced-background-color=\"#DCDCDC\" class=\"elementor-element elementor-element-de0a44b elementor-widget elementor-widget-text-editor\" data-id=\"de0a44b\" data-element_type=\"widget\" data-e-type=\"widget\" data-widget_type=\"text-editor.default\">\n\t\t\t\t<div class=\"elementor-widget-container\">\n\t\t\t\t\t\t\t\t\t<h3><img decoding=\"async\" class=\" wp-image-2157 aligncenter\" src=\"https:\/\/salecina.ch\/wp-content\/uploads\/2021\/08\/inverno-2014-01-08-10h00m24s84-300x169.png\" alt=\"\" width=\"369\" height=\"208\" srcset=\"https:\/\/salecina.ch\/wp-content\/uploads\/2021\/08\/inverno-2014-01-08-10h00m24s84-300x169.png 300w, https:\/\/salecina.ch\/wp-content\/uploads\/2021\/08\/inverno-2014-01-08-10h00m24s84.png 640w\" sizes=\"(max-width: 369px) 100vw, 369px\" \/><\/h3><h3>Salecina per tutte le stagioni<\/h3><p>Salecina \u00e8 aperta tutto l&#8217;anno. Per i mesi di alta stagione (febbraio-marzo e luglio-agosto) consigliamo di prenotare con anticipo. Altrimenti di solito c&#8217;\u00e8 posto anche per chi decide di passare a trovarci all&#8217;ultimo momento. I periodi tra fine aprile e met\u00e0 giugno e tra fine ottobre e prima di Natale sono i pi\u00f9 adatti per una vacanza tranquilla e riposante. In questi lassi di tempo c&#8217;\u00e8 spazio anche per gruppi numerosi, delle scolaresche e per convegni.<\/p><p>Da dicembre a met\u00e0 maggio Salecina e Maloja sono immerse nella neve. Sopra i 1800 m. di altitudine anche in estate possono verificarsi improvvisi episodi di freddo, consigliamo quindi di portare sempre anche un abbigliamento caldo e scarpe adatte. Non \u00e8 invece necessario portare il sacco a pelo (anche se, per motivi ecologici, per chi pernotta una sola notte \u00e8 possibile e consigliato) perch\u00e9 coperte di lana, piumini, cuscini e lenzuola sono a disposizione.<\/p><h5>Arrivo &amp; informazioni:<\/h5><p><a title=\"arrivo &amp; informazioni\" href=\"https:\/\/salecina.ch\/it\/arrivo-informazioni\/\">Eccovi tutte le informazioni: &gt;&gt;qui&#8230;<\/a><\/p>\t\t\t\t\t\t\t\t<\/div>\n\t\t\t\t<\/div>\n\t\t\t\t<div class=\"elementor-element elementor-element-aab8a93 elementor-widget elementor-widget-text-editor\" data-id=\"aab8a93\" data-element_type=\"widget\" data-e-type=\"widget\" data-widget_type=\"text-editor.default\">\n\t\t\t\t<div class=\"elementor-widget-container\">\n\t\t\t\t\t\t\t\t\t<h4>Diversi link utili:<\/h4>\n<ul>\n<li><a href=\"http:\/\/www.bregaglia.ch\/\" target=\"_blank\" rel=\"noopener\">www.bregaglia.ch\/<\/a> (IT, DE)<\/li>\n<li><a href=\"http:\/\/www.labregaglia.ch\/\" target=\"_blank\" rel=\"noopener\">www.labregaglia.ch\/ (IT)<\/a><\/li>\n<li><a href=\"https:\/\/biennale-bregaglia.ch\/\" target=\"_blank\" rel=\"noopener\">www.biennale-bregaglia.ch (DE)<\/a><\/li>\n<li><a href=\"http:\/\/www.engadin.stmoritz.ch\/sommer\/it\/\" target=\"_blank\" rel=\"noopener\">www.engadin.stmoritz.ch\/sommer\/it\/<\/a><br \/>(IT, DE, EN, FR, NL, SE)<\/li>\n<li><a href=\"https:\/\/www.gr.ch\/IT\/Seiten\/welcome.aspx\" target=\"_blank\" rel=\"noopener\">www.gr.ch\/IT\/Seiten\/welcome.aspx<\/a><\/li>\n<li><a href=\"http:\/\/www.comune.chiavenna.so.it\/\" target=\"_blank\" rel=\"noopener\">www.comune.chiavenna.so.it\/<\/a><\/li>\n<li>\n<div class=\"ccm-layout-90-col-2 ccm-layout-cell ccm-layout-col ccm-layout-col-2 last\">\n<div class=\"ccm-layout-col-spacing\">\n<div id=\"blockStyle3637LinkespalteLayout2Cell1Layout2Cell2454\" class=\"schwarztitel blauerlink ccm-block-styles\">\n<p><a href=\"http:\/\/bergell-blog.ch\/\">www.bergell-blog.ch<\/a> (DE)<\/p>\n<\/div>\n<\/div>\n<\/div>\n<\/li>\n<\/ul>\n\t\t\t\t\t\t\t\t<\/div>\n\t\t\t\t<\/div>\n\t\t\t\t\t<\/div>\n\t\t<\/div>\n\t\t\t\t\t<\/div>\n\t\t<\/section>\n\t\t\t\t\t<\/div>\n\t\t<\/div>\n\t\t\t\t\t<\/div>\n\t\t<\/section>\n\t\t\t\t<section class=\"elementor-section elementor-top-section elementor-element elementor-element-68dc32cb elementor-section-stretched elementor-hidden-phone elementor-section-boxed elementor-section-height-default elementor-section-height-default\" data-id=\"68dc32cb\" data-element_type=\"section\" data-e-type=\"section\" data-settings=\"{&quot;stretch_section&quot;:&quot;section-stretched&quot;}\">\n\t\t\t\t\t\t<div class=\"elementor-container elementor-column-gap-default\">\n\t\t\t\t\t<div class=\"elementor-column elementor-col-16 elementor-top-column elementor-element elementor-element-44f46a43\" data-id=\"44f46a43\" data-element_type=\"column\" data-e-type=\"column\">\n\t\t\t<div class=\"elementor-widget-wrap elementor-element-populated\">\n\t\t\t\t\t\t<div class=\"elementor-element elementor-element-18aa0856 elementor-widget elementor-widget-text-editor\" data-id=\"18aa0856\" data-element_type=\"widget\" data-e-type=\"widget\" data-widget_type=\"text-editor.default\">\n\t\t\t\t<div class=\"elementor-widget-container\">\n\t\t\t\t\t\t\t\t\t<p><a href=\"https:\/\/salecina.ch\/it\/\"><strong>SALECINA<\/strong><\/a><\/p>\n\t\t\t\t\t\t\t\t<\/div>\n\t\t\t\t<\/div>\n\t\t\t\t\t<\/div>\n\t\t<\/div>\n\t\t\t\t<div class=\"elementor-column elementor-col-16 elementor-top-column elementor-element elementor-element-455a32c3\" data-id=\"455a32c3\" data-element_type=\"column\" data-e-type=\"column\">\n\t\t\t<div class=\"elementor-widget-wrap elementor-element-populated\">\n\t\t\t\t\t\t<div class=\"elementor-element elementor-element-15ada3b5 elementor-widget elementor-widget-text-editor\" data-id=\"15ada3b5\" data-element_type=\"widget\" data-e-type=\"widget\" data-widget_type=\"text-editor.default\">\n\t\t\t\t<div class=\"elementor-widget-container\">\n\t\t\t\t\t\t\t\t\t<p><a href=\"https:\/\/salecina.ch\/it\/mangiare-dormire\/\"><strong>MANGIARE &amp; DORMIRE<\/strong><\/a><\/p>\n<p><a href=\"https:\/\/salecina.ch\/it\/personale-ospiti\/\">personale &amp; ospiti<\/a><\/p>\n<p><a href=\"https:\/\/salecina.ch\/it\/camere-servizi\/\">camere &amp; servizi<\/a><\/p>\n\t\t\t\t\t\t\t\t<\/div>\n\t\t\t\t<\/div>\n\t\t\t\t\t<\/div>\n\t\t<\/div>\n\t\t\t\t<div class=\"elementor-column elementor-col-16 elementor-top-column elementor-element elementor-element-463dbb2b\" data-id=\"463dbb2b\" data-element_type=\"column\" data-e-type=\"column\">\n\t\t\t<div class=\"elementor-widget-wrap elementor-element-populated\">\n\t\t\t\t\t\t<div class=\"elementor-element elementor-element-47891cef elementor-widget elementor-widget-text-editor\" data-id=\"47891cef\" data-element_type=\"widget\" data-e-type=\"widget\" data-widget_type=\"text-editor.default\">\n\t\t\t\t<div class=\"elementor-widget-container\">\n\t\t\t\t\t\t\t\t\t<p><a href=\"https:\/\/salecina.ch\/it\/incontro-movimento\/\"><strong>INCONTRO &amp; MOVIMENTO<\/strong><\/a><\/p>\n<p><a href=\"https:\/\/salecina.ch\/it\/persone-idee\/\">persone &amp; idee<\/a><\/p>\n<p><a href=\"https:\/\/salecina.ch\/salecina\/begegnung-bewegung\/politik-kultur\/\">politica &amp; cultura<\/a><\/p>\n<p><a href=\"https:\/\/salecina.ch\/it\/agenda-eventi\/\">agenda &amp; eventi<\/a><\/p>\n<p><a href=\"https:\/\/salecina.ch\/it\/foto-media\/\">foto &amp; media<\/a><\/p>\n\t\t\t\t\t\t\t\t<\/div>\n\t\t\t\t<\/div>\n\t\t\t\t\t<\/div>\n\t\t<\/div>\n\t\t\t\t<div class=\"elementor-column elementor-col-16 elementor-top-column elementor-element elementor-element-4468d9\" data-id=\"4468d9\" data-element_type=\"column\" data-e-type=\"column\">\n\t\t\t<div class=\"elementor-widget-wrap elementor-element-populated\">\n\t\t\t\t\t\t<div class=\"elementor-element elementor-element-7a948ece elementor-widget elementor-widget-text-editor\" data-id=\"7a948ece\" data-element_type=\"widget\" data-e-type=\"widget\" data-widget_type=\"text-editor.default\">\n\t\t\t\t<div class=\"elementor-widget-container\">\n\t\t\t\t\t\t\t\t\t<p><a href=\"https:\/\/salecina.ch\/it\/casa-storia\/\"><strong>CASA &amp; STORIA<\/strong><\/a><\/p>\n<p><a href=\"https:\/\/salecina.ch\/it\/posizione-ambiente\/\">posizione &amp; ambiente<\/a><\/p>\n<p><a href=\"https:\/\/salecina.ch\/salecina\/haus-geschichte\/geschichte-geschichten\/\">storia &amp; storie<\/a><\/p>\n<p><a href=\"https:\/\/salecina.ch\/team-geist\/\">team &amp; idea<\/a><\/p>\n\t\t\t\t\t\t\t\t<\/div>\n\t\t\t\t<\/div>\n\t\t\t\t\t<\/div>\n\t\t<\/div>\n\t\t\t\t<div class=\"elementor-column elementor-col-16 elementor-top-column elementor-element elementor-element-72b0fc08\" data-id=\"72b0fc08\" data-element_type=\"column\" data-e-type=\"column\">\n\t\t\t<div class=\"elementor-widget-wrap elementor-element-populated\">\n\t\t\t\t\t\t<div class=\"elementor-element elementor-element-2d0795af elementor-widget elementor-widget-text-editor\" data-id=\"2d0795af\" data-element_type=\"widget\" data-e-type=\"widget\" data-widget_type=\"text-editor.default\">\n\t\t\t\t<div class=\"elementor-widget-container\">\n\t\t\t\t\t\t\t\t\t<p><a href=\"https:\/\/salecina.ch\/kontakt-buchen\/\"><strong>CONTATTI &amp; PRENOTAZIONI<\/strong><\/a><\/p>\n<p><a href=\"https:\/\/salecina.ch\/preise-buchen\/\">prezzi &amp; prenotazioni<\/a><\/p>\n<p><a href=\"https:\/\/salecina.ch\/anreise-infos\/\">arrivo &amp; informazioni<\/a><\/p>\n<p><a href=\"https:\/\/salecina.ch\/links-faq\/\">link &amp; FAQ<\/a><\/p>\n\t\t\t\t\t\t\t\t<\/div>\n\t\t\t\t<\/div>\n\t\t\t\t\t<\/div>\n\t\t<\/div>\n\t\t\t\t<div class=\"elementor-column elementor-col-16 elementor-top-column elementor-element elementor-element-33db08ec\" data-id=\"33db08ec\" data-element_type=\"column\" data-e-type=\"column\">\n\t\t\t<div class=\"elementor-widget-wrap elementor-element-populated\">\n\t\t\t\t\t\t<div class=\"elementor-element elementor-element-3a80121c elementor-widget elementor-widget-text-editor\" data-id=\"3a80121c\" data-element_type=\"widget\" data-e-type=\"widget\" data-widget_type=\"text-editor.default\">\n\t\t\t\t<div class=\"elementor-widget-container\">\n\t\t\t\t\t\t\t\t\t<p><a href=\"https:\/\/salecina.ch\/\">\u00a9 Salecina 2021<\/a><\/p>\n\t\t\t\t\t\t\t\t<\/div>\n\t\t\t\t<\/div>\n\t\t\t\t<div class=\"elementor-element elementor-element-4929747b elementor-shape-square e-grid-align-left elementor-grid-0 elementor-widget elementor-widget-social-icons\" data-id=\"4929747b\" data-element_type=\"widget\" data-e-type=\"widget\" data-widget_type=\"social-icons.default\">\n\t\t\t\t<div class=\"elementor-widget-container\">\n\t\t\t\t\t\t\t<div class=\"elementor-social-icons-wrapper elementor-grid\" role=\"list\">\n\t\t\t\t\t\t\t<span class=\"elementor-grid-item\" role=\"listitem\">\n\t\t\t\t\t<a class=\"elementor-icon elementor-social-icon elementor-social-icon-facebook elementor-animation-shrink elementor-repeater-item-f267571\" target=\"_blank\">\n\t\t\t\t\t\t<span class=\"elementor-screen-only\">Facebook<\/span>\n\t\t\t\t\t\t<i aria-hidden=\"true\" class=\"fab fa-facebook\"><\/i>\t\t\t\t\t<\/a>\n\t\t\t\t<\/span>\n\t\t\t\t\t\t\t<span class=\"elementor-grid-item\" role=\"listitem\">\n\t\t\t\t\t<a class=\"elementor-icon elementor-social-icon elementor-social-icon-twitter elementor-animation-shrink elementor-repeater-item-18f95d2\" target=\"_blank\">\n\t\t\t\t\t\t<span class=\"elementor-screen-only\">Twitter<\/span>\n\t\t\t\t\t\t<i aria-hidden=\"true\" class=\"fab fa-twitter\"><\/i>\t\t\t\t\t<\/a>\n\t\t\t\t<\/span>\n\t\t\t\t\t<\/div>\n\t\t\t\t\t\t<\/div>\n\t\t\t\t<\/div>\n\t\t\t\t\t<\/div>\n\t\t<\/div>\n\t\t\t\t\t<\/div>\n\t\t<\/section>\n\t\t\t\t<section class=\"elementor-section elementor-top-section elementor-element elementor-element-2ef1c890 elementor-section-boxed elementor-section-height-default elementor-section-height-default\" data-id=\"2ef1c890\" data-element_type=\"section\" data-e-type=\"section\">\n\t\t\t\t\t\t<div class=\"elementor-container elementor-column-gap-default\">\n\t\t\t\t\t<div class=\"elementor-column elementor-col-100 elementor-top-column elementor-element elementor-element-62e6f53c\" data-id=\"62e6f53c\" data-element_type=\"column\" data-e-type=\"column\">\n\t\t\t<div class=\"elementor-widget-wrap elementor-element-populated\">\n\t\t\t\t\t\t<div class=\"elementor-element elementor-element-223ce23d elementor-widget elementor-widget-text-editor\" data-id=\"223ce23d\" data-element_type=\"widget\" data-e-type=\"widget\" data-widget_type=\"text-editor.default\">\n\t\t\t\t<div class=\"elementor-widget-container\">\n\t\t\t\t\t\t\t\t\t<p><strong>Salecina \u2013<\/strong> Ferien- und Bildungszentrum \/ Centro di vacanze e formazione <a href=\"mailto:info@salecina.ch\">info@salecina.ch<\/a><\/p>\n\t\t\t\t\t\t\t\t<\/div>\n\t\t\t\t<\/div>\n\t\t\t\t\t<\/div>\n\t\t<\/div>\n\t\t\t\t\t<\/div>\n\t\t<\/section>\n\t\t\t\t<section class=\"elementor-section elementor-top-section elementor-element elementor-element-34d332ad elementor-section-boxed elementor-section-height-default elementor-section-height-default\" data-id=\"34d332ad\" data-element_type=\"section\" data-e-type=\"section\">\n\t\t\t\t\t\t<div class=\"elementor-container elementor-column-gap-default\">\n\t\t\t\t\t<div class=\"elementor-column elementor-col-100 elementor-top-column elementor-element elementor-element-79ef1219\" data-id=\"79ef1219\" data-element_type=\"column\" data-e-type=\"column\">\n\t\t\t<div class=\"elementor-widget-wrap\">\n\t\t\t\t\t\t\t<\/div>\n\t\t<\/div>\n\t\t\t\t\t<\/div>\n\t\t<\/section>\n\t\t\t\t<\/div>\n\t\t","protected":false},"excerpt":{"rendered":"<p>L\u2019Alta Engadina, fortemente turisticizzata, con la sua fitta rete stradale e i parcheggi, l\u2019aereoporto di Samedan con impianti modernissimi, i palazzi dello sport e le offerte per un turismo &#8220;al top&#8221; e per tutte le esigenze immaginabili \u00e8 per fortuna lontana da Salecina. Molte di queste opportunit\u00e0 vengono per\u00f2 utilizzate volentieri anche da parecchi ospiti [&hellip;]<\/p>\n","protected":false},"author":1,"featured_media":0,"parent":0,"menu_order":10,"comment_status":"closed","ping_status":"closed","template":"elementor_header_footer","meta":{"footnotes":""},"class_list":["post-3673","page","type-page","status-publish","hentry"],"yoast_head":"<!-- This site is optimized with the Yoast SEO plugin v28.3 - https:\/\/yoast.com\/product\/yoast-seo-wordpress\/ -->\n<title>posizione &amp; ambiente &#8212; Salecina<\/title>\n<meta name=\"robots\" content=\"index, follow, max-snippet:-1, max-image-preview:large, max-video-preview:-1\" \/>\n<link rel=\"canonical\" href=\"https:\/\/salecina.ch\/it\/posizione-ambiente\/\" \/>\n<meta property=\"og:locale\" content=\"it_IT\" \/>\n<meta property=\"og:type\" content=\"article\" \/>\n<meta property=\"og:title\" content=\"posizione &amp; ambiente &#8212; Salecina\" \/>\n<meta property=\"og:description\" content=\"L\u2019Alta Engadina, fortemente turisticizzata, con la sua fitta rete stradale e i parcheggi, l\u2019aereoporto di Samedan con impianti modernissimi, i palazzi dello sport e le offerte per un turismo &#8220;al top&#8221; e per tutte le esigenze immaginabili \u00e8 per fortuna lontana da Salecina. Molte di queste opportunit\u00e0 vengono per\u00f2 utilizzate volentieri anche da parecchi ospiti [&hellip;]\" \/>\n<meta property=\"og:url\" content=\"https:\/\/salecina.ch\/it\/posizione-ambiente\/\" \/>\n<meta property=\"og:site_name\" content=\"Salecina\" \/>\n<meta property=\"article:modified_time\" content=\"2023-08-02T13:50:05+00:00\" \/>\n<meta property=\"og:image\" content=\"https:\/\/salecina.ch\/wp-content\/uploads\/2021\/08\/2013-07-20_2_Alessandro_Perini-neu-scaled.jpg\" \/>\n<meta name=\"twitter:card\" content=\"summary_large_image\" \/>\n<meta name=\"twitter:label1\" content=\"Tempo di lettura stimato\" \/>\n\t<meta name=\"twitter:data1\" content=\"4 minuti\" \/>\n<script type=\"application\/ld+json\" class=\"yoast-schema-graph\">{\"@context\":\"https:\\\/\\\/schema.org\",\"@graph\":[{\"@type\":\"WebPage\",\"@id\":\"https:\\\/\\\/salecina.ch\\\/it\\\/posizione-ambiente\\\/\",\"url\":\"https:\\\/\\\/salecina.ch\\\/it\\\/posizione-ambiente\\\/\",\"name\":\"posizione &amp; ambiente &#8212; Salecina\",\"isPartOf\":{\"@id\":\"https:\\\/\\\/salecina.ch\\\/#website\"},\"primaryImageOfPage\":{\"@id\":\"https:\\\/\\\/salecina.ch\\\/it\\\/posizione-ambiente\\\/#primaryimage\"},\"image\":{\"@id\":\"https:\\\/\\\/salecina.ch\\\/it\\\/posizione-ambiente\\\/#primaryimage\"},\"thumbnailUrl\":\"https:\\\/\\\/salecina.ch\\\/wp-content\\\/uploads\\\/2021\\\/08\\\/2013-07-20_2_Alessandro_Perini-neu-scaled.jpg\",\"datePublished\":\"2021-08-18T15:18:05+00:00\",\"dateModified\":\"2023-08-02T13:50:05+00:00\",\"breadcrumb\":{\"@id\":\"https:\\\/\\\/salecina.ch\\\/it\\\/posizione-ambiente\\\/#breadcrumb\"},\"inLanguage\":\"it-IT\",\"potentialAction\":[{\"@type\":\"ReadAction\",\"target\":[\"https:\\\/\\\/salecina.ch\\\/it\\\/posizione-ambiente\\\/\"]}]},{\"@type\":\"ImageObject\",\"inLanguage\":\"it-IT\",\"@id\":\"https:\\\/\\\/salecina.ch\\\/it\\\/posizione-ambiente\\\/#primaryimage\",\"url\":\"https:\\\/\\\/salecina.ch\\\/wp-content\\\/uploads\\\/2021\\\/08\\\/2013-07-20_2_Alessandro_Perini-neu-scaled.jpg\",\"contentUrl\":\"https:\\\/\\\/salecina.ch\\\/wp-content\\\/uploads\\\/2021\\\/08\\\/2013-07-20_2_Alessandro_Perini-neu-scaled.jpg\"},{\"@type\":\"BreadcrumbList\",\"@id\":\"https:\\\/\\\/salecina.ch\\\/it\\\/posizione-ambiente\\\/#breadcrumb\",\"itemListElement\":[{\"@type\":\"ListItem\",\"position\":1,\"name\":\"Startseite\",\"item\":\"https:\\\/\\\/salecina.ch\\\/it\\\/\"},{\"@type\":\"ListItem\",\"position\":2,\"name\":\"posizione &amp; ambiente\"}]},{\"@type\":\"WebSite\",\"@id\":\"https:\\\/\\\/salecina.ch\\\/#website\",\"url\":\"https:\\\/\\\/salecina.ch\\\/\",\"name\":\"Salecina\",\"description\":\"\",\"publisher\":{\"@id\":\"https:\\\/\\\/salecina.ch\\\/#organization\"},\"potentialAction\":[{\"@type\":\"SearchAction\",\"target\":{\"@type\":\"EntryPoint\",\"urlTemplate\":\"https:\\\/\\\/salecina.ch\\\/?s={search_term_string}\"},\"query-input\":{\"@type\":\"PropertyValueSpecification\",\"valueRequired\":true,\"valueName\":\"search_term_string\"}}],\"inLanguage\":\"it-IT\"},{\"@type\":\"Organization\",\"@id\":\"https:\\\/\\\/salecina.ch\\\/#organization\",\"name\":\"Stiftung Salecina\",\"url\":\"https:\\\/\\\/salecina.ch\\\/\",\"logo\":{\"@type\":\"ImageObject\",\"inLanguage\":\"it-IT\",\"@id\":\"https:\\\/\\\/salecina.ch\\\/#\\\/schema\\\/logo\\\/image\\\/\",\"url\":\"https:\\\/\\\/salecina.ch\\\/wp-content\\\/uploads\\\/2021\\\/07\\\/Logo-Salecina-definitiv-mit-Text.svg\",\"contentUrl\":\"https:\\\/\\\/salecina.ch\\\/wp-content\\\/uploads\\\/2021\\\/07\\\/Logo-Salecina-definitiv-mit-Text.svg\",\"width\":274,\"height\":117,\"caption\":\"Stiftung Salecina\"},\"image\":{\"@id\":\"https:\\\/\\\/salecina.ch\\\/#\\\/schema\\\/logo\\\/image\\\/\"}}]}<\/script>\n<!-- \/ Yoast SEO plugin. -->","yoast_head_json":{"title":"posizione &amp; ambiente &#8212; Salecina","robots":{"index":"index","follow":"follow","max-snippet":"max-snippet:-1","max-image-preview":"max-image-preview:large","max-video-preview":"max-video-preview:-1"},"canonical":"https:\/\/salecina.ch\/it\/posizione-ambiente\/","og_locale":"it_IT","og_type":"article","og_title":"posizione &amp; ambiente &#8212; Salecina","og_description":"L\u2019Alta Engadina, fortemente turisticizzata, con la sua fitta rete stradale e i parcheggi, l\u2019aereoporto di Samedan con impianti modernissimi, i palazzi dello sport e le offerte per un turismo &#8220;al top&#8221; e per tutte le esigenze immaginabili \u00e8 per fortuna lontana da Salecina. Molte di queste opportunit\u00e0 vengono per\u00f2 utilizzate volentieri anche da parecchi ospiti [&hellip;]","og_url":"https:\/\/salecina.ch\/it\/posizione-ambiente\/","og_site_name":"Salecina","article_modified_time":"2023-08-02T13:50:05+00:00","og_image":[{"url":"https:\/\/salecina.ch\/wp-content\/uploads\/2021\/08\/2013-07-20_2_Alessandro_Perini-neu-scaled.jpg","type":"","width":"","height":""}],"twitter_card":"summary_large_image","twitter_misc":{"Tempo di lettura stimato":"4 minuti"},"schema":{"@context":"https:\/\/schema.org","@graph":[{"@type":"WebPage","@id":"https:\/\/salecina.ch\/it\/posizione-ambiente\/","url":"https:\/\/salecina.ch\/it\/posizione-ambiente\/","name":"posizione &amp; ambiente &#8212; Salecina","isPartOf":{"@id":"https:\/\/salecina.ch\/#website"},"primaryImageOfPage":{"@id":"https:\/\/salecina.ch\/it\/posizione-ambiente\/#primaryimage"},"image":{"@id":"https:\/\/salecina.ch\/it\/posizione-ambiente\/#primaryimage"},"thumbnailUrl":"https:\/\/salecina.ch\/wp-content\/uploads\/2021\/08\/2013-07-20_2_Alessandro_Perini-neu-scaled.jpg","datePublished":"2021-08-18T15:18:05+00:00","dateModified":"2023-08-02T13:50:05+00:00","breadcrumb":{"@id":"https:\/\/salecina.ch\/it\/posizione-ambiente\/#breadcrumb"},"inLanguage":"it-IT","potentialAction":[{"@type":"ReadAction","target":["https:\/\/salecina.ch\/it\/posizione-ambiente\/"]}]},{"@type":"ImageObject","inLanguage":"it-IT","@id":"https:\/\/salecina.ch\/it\/posizione-ambiente\/#primaryimage","url":"https:\/\/salecina.ch\/wp-content\/uploads\/2021\/08\/2013-07-20_2_Alessandro_Perini-neu-scaled.jpg","contentUrl":"https:\/\/salecina.ch\/wp-content\/uploads\/2021\/08\/2013-07-20_2_Alessandro_Perini-neu-scaled.jpg"},{"@type":"BreadcrumbList","@id":"https:\/\/salecina.ch\/it\/posizione-ambiente\/#breadcrumb","itemListElement":[{"@type":"ListItem","position":1,"name":"Startseite","item":"https:\/\/salecina.ch\/it\/"},{"@type":"ListItem","position":2,"name":"posizione &amp; ambiente"}]},{"@type":"WebSite","@id":"https:\/\/salecina.ch\/#website","url":"https:\/\/salecina.ch\/","name":"Salecina","description":"","publisher":{"@id":"https:\/\/salecina.ch\/#organization"},"potentialAction":[{"@type":"SearchAction","target":{"@type":"EntryPoint","urlTemplate":"https:\/\/salecina.ch\/?s={search_term_string}"},"query-input":{"@type":"PropertyValueSpecification","valueRequired":true,"valueName":"search_term_string"}}],"inLanguage":"it-IT"},{"@type":"Organization","@id":"https:\/\/salecina.ch\/#organization","name":"Stiftung Salecina","url":"https:\/\/salecina.ch\/","logo":{"@type":"ImageObject","inLanguage":"it-IT","@id":"https:\/\/salecina.ch\/#\/schema\/logo\/image\/","url":"https:\/\/salecina.ch\/wp-content\/uploads\/2021\/07\/Logo-Salecina-definitiv-mit-Text.svg","contentUrl":"https:\/\/salecina.ch\/wp-content\/uploads\/2021\/07\/Logo-Salecina-definitiv-mit-Text.svg","width":274,"height":117,"caption":"Stiftung Salecina"},"image":{"@id":"https:\/\/salecina.ch\/#\/schema\/logo\/image\/"}}]}},"_links":{"self":[{"href":"https:\/\/salecina.ch\/it\/wp-json\/wp\/v2\/pages\/3673","targetHints":{"allow":["GET"]}}],"collection":[{"href":"https:\/\/salecina.ch\/it\/wp-json\/wp\/v2\/pages"}],"about":[{"href":"https:\/\/salecina.ch\/it\/wp-json\/wp\/v2\/types\/page"}],"author":[{"embeddable":true,"href":"https:\/\/salecina.ch\/it\/wp-json\/wp\/v2\/users\/1"}],"replies":[{"embeddable":true,"href":"https:\/\/salecina.ch\/it\/wp-json\/wp\/v2\/comments?post=3673"}],"version-history":[{"count":9,"href":"https:\/\/salecina.ch\/it\/wp-json\/wp\/v2\/pages\/3673\/revisions"}],"predecessor-version":[{"id":7748,"href":"https:\/\/salecina.ch\/it\/wp-json\/wp\/v2\/pages\/3673\/revisions\/7748"}],"wp:attachment":[{"href":"https:\/\/salecina.ch\/it\/wp-json\/wp\/v2\/media?parent=3673"}],"curies":[{"name":"wp","href":"https:\/\/api.w.org\/{rel}","templated":true}]}}