{"id":3553,"date":"2021-08-07T11:31:17","date_gmt":"2021-08-07T11:31:17","guid":{"rendered":"https:\/\/salecina.ch\/agenda-eventi\/"},"modified":"2026-01-25T13:25:39","modified_gmt":"2026-01-25T13:25:39","slug":"agenda-eventi","status":"publish","type":"page","link":"https:\/\/salecina.ch\/it\/agenda-eventi\/","title":{"rendered":"agenda &amp; eventi"},"content":{"rendered":"\t\t<div data-elementor-type=\"wp-page\" data-elementor-id=\"3553\" class=\"elementor elementor-3553\" data-elementor-post-type=\"page\">\n\t\t\t\t\t\t<section class=\"elementor-section elementor-top-section elementor-element elementor-element-456ec50d elementor-section-full_width elementor-section-stretched elementor-section-height-default elementor-section-height-default\" data-id=\"456ec50d\" data-element_type=\"section\" data-e-type=\"section\" data-settings=\"{&quot;stretch_section&quot;:&quot;section-stretched&quot;}\">\n\t\t\t\t\t\t<div class=\"elementor-container elementor-column-gap-default\">\n\t\t\t\t\t<div class=\"elementor-column elementor-col-100 elementor-top-column elementor-element elementor-element-477d2327\" data-id=\"477d2327\" data-element_type=\"column\" data-e-type=\"column\">\n\t\t\t<div class=\"elementor-widget-wrap elementor-element-populated\">\n\t\t\t\t\t\t<div class=\"elementor-element elementor-element-682c89a8 elementor-widget elementor-widget-shortcode\" data-id=\"682c89a8\" data-element_type=\"widget\" data-e-type=\"widget\" data-widget_type=\"shortcode.default\">\n\t\t\t\t<div class=\"elementor-widget-container\">\n\t\t\t\t\t\t\t<div class=\"elementor-shortcode\">\t\t<div data-elementor-type=\"page\" data-elementor-id=\"485\" class=\"elementor elementor-485\" data-elementor-post-type=\"elementor_library\">\n\t\t\t\t\t\t<section data-dce-background-color=\"#222222\" class=\"elementor-section elementor-top-section elementor-element elementor-element-d80febe elementor-section-full_width elementor-section-content-top elementor-section-stretched elementor-section-height-default elementor-section-height-default\" data-id=\"d80febe\" data-element_type=\"section\" data-e-type=\"section\" data-settings=\"{&quot;background_background&quot;:&quot;classic&quot;,&quot;stretch_section&quot;:&quot;section-stretched&quot;,&quot;sticky&quot;:&quot;top&quot;,&quot;sticky_on&quot;:[&quot;widescreen&quot;,&quot;desktop&quot;,&quot;laptop&quot;,&quot;tablet_extra&quot;,&quot;tablet&quot;,&quot;mobile_extra&quot;,&quot;mobile&quot;],&quot;sticky_offset&quot;:0,&quot;sticky_effects_offset&quot;:0,&quot;sticky_anchor_link_offset&quot;:0}\">\n\t\t\t\t\t\t<div class=\"elementor-container elementor-column-gap-default\">\n\t\t\t\t\t<div class=\"elementor-column elementor-col-100 elementor-top-column elementor-element elementor-element-2fa430a\" data-id=\"2fa430a\" data-element_type=\"column\" data-e-type=\"column\">\n\t\t\t<div class=\"elementor-widget-wrap elementor-element-populated\">\n\t\t\t\t\t\t<div class=\"elementor-element elementor-element-39a0e59 elementor-nav-menu__align-center elementor-nav-menu--stretch elementor-nav-menu--dropdown-tablet elementor-nav-menu__text-align-aside elementor-nav-menu--toggle elementor-nav-menu--burger elementor-widget elementor-widget-nav-menu\" data-id=\"39a0e59\" data-element_type=\"widget\" data-e-type=\"widget\" data-settings=\"{&quot;full_width&quot;:&quot;stretch&quot;,&quot;sticky&quot;:&quot;top&quot;,&quot;layout&quot;:&quot;horizontal&quot;,&quot;submenu_icon&quot;:{&quot;value&quot;:&quot;&lt;i class=\\&quot;fas fa-caret-down\\&quot; aria-hidden=\\&quot;true\\&quot;&gt;&lt;\\\/i&gt;&quot;,&quot;library&quot;:&quot;fa-solid&quot;},&quot;toggle&quot;:&quot;burger&quot;,&quot;sticky_on&quot;:[&quot;widescreen&quot;,&quot;desktop&quot;,&quot;laptop&quot;,&quot;tablet_extra&quot;,&quot;tablet&quot;,&quot;mobile_extra&quot;,&quot;mobile&quot;],&quot;sticky_offset&quot;:0,&quot;sticky_effects_offset&quot;:0,&quot;sticky_anchor_link_offset&quot;:0}\" data-widget_type=\"nav-menu.default\">\n\t\t\t\t<div class=\"elementor-widget-container\">\n\t\t\t\t\t\t\t\t<nav aria-label=\"Menu\" class=\"elementor-nav-menu--main elementor-nav-menu__container elementor-nav-menu--layout-horizontal e--pointer-overline e--animation-fade\">\n\t\t\t\t<ul id=\"menu-1-39a0e59\" class=\"elementor-nav-menu\"><li class=\"menu-item menu-item-type-custom menu-item-object-custom menu-item-3774\"><a href=\"#\" class=\"elementor-item elementor-item-anchor\"><img decoding=\"async\" src=\"https:\/\/salecina.ch\/wp-content\/uploads\/2021\/08\/Logo-Salecina-definitiv-1.svg\" style=\"height:auto; width:5vw; background-color:#FFFFFF;\"><\/a><\/li>\n<li class=\"menu-item menu-item-type-custom menu-item-object-custom menu-item-5115\"><a target=\"_blank\" href=\"https:\/\/hostels.assd.com\/crs4.php?goto=10&#038;cust=410526&#038;type=040&#038;langcrs=X\" class=\"elementor-item\">PRENOTAZIONI<\/a><\/li>\n<li class=\"menu-item menu-item-type-post_type menu-item-object-page menu-item-home menu-item-823\"><a href=\"https:\/\/salecina.ch\/it\/\" class=\"elementor-item\">SALECINA<\/a><\/li>\n<li class=\"menu-item menu-item-type-post_type menu-item-object-page menu-item-has-children menu-item-501\"><a href=\"https:\/\/salecina.ch\/it\/mangiare-dormire\/\" class=\"elementor-item\">MANGIARE &amp; DORMIRE<\/a>\n<ul class=\"sub-menu elementor-nav-menu--dropdown\">\n\t<li class=\"menu-item menu-item-type-post_type menu-item-object-page menu-item-824\"><a href=\"https:\/\/salecina.ch\/it\/personale-ospiti\/\" class=\"elementor-sub-item\">personale &amp; ospiti<\/a><\/li>\n\t<li class=\"menu-item menu-item-type-post_type menu-item-object-page menu-item-3509\"><a href=\"https:\/\/salecina.ch\/it\/camere-servizi\/\" class=\"elementor-sub-item\">camere &amp; servizi<\/a><\/li>\n<\/ul>\n<\/li>\n<li class=\"menu-item menu-item-type-post_type menu-item-object-page menu-item-has-children menu-item-3525\"><a href=\"https:\/\/salecina.ch\/it\/incontro-movimento\/\" class=\"elementor-item\">INCONTRO &amp; MOVIMENTO<\/a>\n<ul class=\"sub-menu elementor-nav-menu--dropdown\">\n\t<li class=\"menu-item menu-item-type-post_type menu-item-object-page menu-item-3531\"><a href=\"https:\/\/salecina.ch\/it\/persone-idee\/\" class=\"elementor-sub-item\">persone &amp; idee<\/a><\/li>\n\t<li class=\"menu-item menu-item-type-post_type menu-item-object-page menu-item-3551\"><a href=\"https:\/\/salecina.ch\/it\/politica-cultura\/\" class=\"elementor-sub-item\">politica &amp; cultura<\/a><\/li>\n\t<li class=\"menu-item menu-item-type-post_type menu-item-object-page menu-item-3572\"><a href=\"https:\/\/salecina.ch\/it\/agenda-eventi\/\" class=\"elementor-sub-item\">agenda &amp; eventi<\/a><\/li>\n\t<li class=\"menu-item menu-item-type-post_type menu-item-object-page menu-item-3597\"><a href=\"https:\/\/salecina.ch\/it\/foto-media\/\" class=\"elementor-sub-item\">foto &amp; media<\/a><\/li>\n<\/ul>\n<\/li>\n<li class=\"menu-item menu-item-type-post_type menu-item-object-page menu-item-has-children menu-item-3665\"><a href=\"https:\/\/salecina.ch\/it\/casa-storia\/\" class=\"elementor-item\">CASA &amp; STORIA<\/a>\n<ul class=\"sub-menu elementor-nav-menu--dropdown\">\n\t<li class=\"menu-item menu-item-type-post_type menu-item-object-page menu-item-3677\"><a href=\"https:\/\/salecina.ch\/it\/posizione-ambiente\/\" class=\"elementor-sub-item\">posizione &amp; ambiente<\/a><\/li>\n\t<li class=\"menu-item menu-item-type-post_type menu-item-object-page menu-item-3691\"><a href=\"https:\/\/salecina.ch\/it\/storia-storie\/\" class=\"elementor-sub-item\">storia &amp; storie<\/a><\/li>\n\t<li class=\"menu-item menu-item-type-post_type menu-item-object-page menu-item-3696\"><a href=\"https:\/\/salecina.ch\/it\/team-idea\/\" class=\"elementor-sub-item\">team &amp; idea<\/a><\/li>\n<\/ul>\n<\/li>\n<li class=\"menu-item menu-item-type-post_type menu-item-object-page menu-item-has-children menu-item-3711\"><a href=\"https:\/\/salecina.ch\/it\/contatti-prenotazioni\/\" class=\"elementor-item\">CONTATTI &#038; INFO<\/a>\n<ul class=\"sub-menu elementor-nav-menu--dropdown\">\n\t<li class=\"menu-item menu-item-type-post_type menu-item-object-page menu-item-3717\"><a href=\"https:\/\/salecina.ch\/it\/prezzi-prenotazioni\/\" class=\"elementor-sub-item\">prezzi<\/a><\/li>\n\t<li class=\"menu-item menu-item-type-post_type menu-item-object-page menu-item-3735\"><a href=\"https:\/\/salecina.ch\/it\/arrivo-informazioni\/\" class=\"elementor-sub-item\">arrivo &amp; informazioni<\/a><\/li>\n\t<li class=\"menu-item menu-item-type-post_type menu-item-object-page menu-item-3754\"><a href=\"https:\/\/salecina.ch\/it\/link-faq\/\" class=\"elementor-sub-item\">link &amp; FAQ<\/a><\/li>\n<\/ul>\n<\/li>\n<li class=\"menu-item wpml-ls-slot-5 wpml-ls-item wpml-ls-item-de wpml-ls-menu-item wpml-ls-first-item menu-item-type-wpml_ls_menu_item menu-item-object-wpml_ls_menu_item menu-item-wpml-ls-5-de\"><a href=\"https:\/\/salecina.ch\" class=\"elementor-item\"><img decoding=\"async\"\n            class=\"wpml-ls-flag\"\n            src=\"https:\/\/salecina.ch\/wp-content\/plugins\/sitepress-multilingual-cms\/res\/flags\/de.png\"\n            alt=\"Tedesco\"\n            \n            \n    \/><\/a><\/li>\n<li class=\"menu-item wpml-ls-slot-5 wpml-ls-item wpml-ls-item-fr wpml-ls-menu-item menu-item-type-wpml_ls_menu_item menu-item-object-wpml_ls_menu_item menu-item-wpml-ls-5-fr\"><a href=\"https:\/\/salecina.ch\/fr\/\" class=\"elementor-item\"><img decoding=\"async\"\n            class=\"wpml-ls-flag\"\n            src=\"https:\/\/salecina.ch\/wp-content\/plugins\/sitepress-multilingual-cms\/res\/flags\/fr.png\"\n            alt=\"Francese\"\n            \n            \n    \/><\/a><\/li>\n<li class=\"menu-item wpml-ls-slot-5 wpml-ls-item wpml-ls-item-en wpml-ls-menu-item wpml-ls-last-item menu-item-type-wpml_ls_menu_item menu-item-object-wpml_ls_menu_item menu-item-wpml-ls-5-en\"><a href=\"https:\/\/salecina.ch\/en\/\" class=\"elementor-item\"><img decoding=\"async\"\n            class=\"wpml-ls-flag\"\n            src=\"https:\/\/salecina.ch\/wp-content\/plugins\/sitepress-multilingual-cms\/res\/flags\/en.png\"\n            alt=\"Inglese\"\n            \n            \n    \/><\/a><\/li>\n<\/ul>\t\t\t<\/nav>\n\t\t\t\t\t<div class=\"elementor-menu-toggle\" role=\"button\" tabindex=\"0\" aria-label=\"Menu di commutazione\" aria-expanded=\"false\">\n\t\t\t<i aria-hidden=\"true\" role=\"presentation\" class=\"elementor-menu-toggle__icon--open eicon-menu-bar\"><\/i><i aria-hidden=\"true\" role=\"presentation\" class=\"elementor-menu-toggle__icon--close eicon-close\"><\/i>\t\t<\/div>\n\t\t\t\t\t<nav class=\"elementor-nav-menu--dropdown elementor-nav-menu__container\" aria-hidden=\"true\">\n\t\t\t\t<ul id=\"menu-2-39a0e59\" class=\"elementor-nav-menu\"><li class=\"menu-item menu-item-type-custom menu-item-object-custom menu-item-3774\"><a href=\"#\" class=\"elementor-item elementor-item-anchor\" tabindex=\"-1\"><img decoding=\"async\" src=\"https:\/\/salecina.ch\/wp-content\/uploads\/2021\/08\/Logo-Salecina-definitiv-1.svg\" style=\"height:auto; width:5vw; background-color:#FFFFFF;\"><\/a><\/li>\n<li class=\"menu-item menu-item-type-custom menu-item-object-custom menu-item-5115\"><a target=\"_blank\" href=\"https:\/\/hostels.assd.com\/crs4.php?goto=10&#038;cust=410526&#038;type=040&#038;langcrs=X\" class=\"elementor-item\" tabindex=\"-1\">PRENOTAZIONI<\/a><\/li>\n<li class=\"menu-item menu-item-type-post_type menu-item-object-page menu-item-home menu-item-823\"><a href=\"https:\/\/salecina.ch\/it\/\" class=\"elementor-item\" tabindex=\"-1\">SALECINA<\/a><\/li>\n<li class=\"menu-item menu-item-type-post_type menu-item-object-page menu-item-has-children menu-item-501\"><a href=\"https:\/\/salecina.ch\/it\/mangiare-dormire\/\" class=\"elementor-item\" tabindex=\"-1\">MANGIARE &amp; DORMIRE<\/a>\n<ul class=\"sub-menu elementor-nav-menu--dropdown\">\n\t<li class=\"menu-item menu-item-type-post_type menu-item-object-page menu-item-824\"><a href=\"https:\/\/salecina.ch\/it\/personale-ospiti\/\" class=\"elementor-sub-item\" tabindex=\"-1\">personale &amp; ospiti<\/a><\/li>\n\t<li class=\"menu-item menu-item-type-post_type menu-item-object-page menu-item-3509\"><a href=\"https:\/\/salecina.ch\/it\/camere-servizi\/\" class=\"elementor-sub-item\" tabindex=\"-1\">camere &amp; servizi<\/a><\/li>\n<\/ul>\n<\/li>\n<li class=\"menu-item menu-item-type-post_type menu-item-object-page menu-item-has-children menu-item-3525\"><a href=\"https:\/\/salecina.ch\/it\/incontro-movimento\/\" class=\"elementor-item\" tabindex=\"-1\">INCONTRO &amp; MOVIMENTO<\/a>\n<ul class=\"sub-menu elementor-nav-menu--dropdown\">\n\t<li class=\"menu-item menu-item-type-post_type menu-item-object-page menu-item-3531\"><a href=\"https:\/\/salecina.ch\/it\/persone-idee\/\" class=\"elementor-sub-item\" tabindex=\"-1\">persone &amp; idee<\/a><\/li>\n\t<li class=\"menu-item menu-item-type-post_type menu-item-object-page menu-item-3551\"><a href=\"https:\/\/salecina.ch\/it\/politica-cultura\/\" class=\"elementor-sub-item\" tabindex=\"-1\">politica &amp; cultura<\/a><\/li>\n\t<li class=\"menu-item menu-item-type-post_type menu-item-object-page menu-item-3572\"><a href=\"https:\/\/salecina.ch\/it\/agenda-eventi\/\" class=\"elementor-sub-item\" tabindex=\"-1\">agenda &amp; eventi<\/a><\/li>\n\t<li class=\"menu-item menu-item-type-post_type menu-item-object-page menu-item-3597\"><a href=\"https:\/\/salecina.ch\/it\/foto-media\/\" class=\"elementor-sub-item\" tabindex=\"-1\">foto &amp; media<\/a><\/li>\n<\/ul>\n<\/li>\n<li class=\"menu-item menu-item-type-post_type menu-item-object-page menu-item-has-children menu-item-3665\"><a href=\"https:\/\/salecina.ch\/it\/casa-storia\/\" class=\"elementor-item\" tabindex=\"-1\">CASA &amp; STORIA<\/a>\n<ul class=\"sub-menu elementor-nav-menu--dropdown\">\n\t<li class=\"menu-item menu-item-type-post_type menu-item-object-page menu-item-3677\"><a href=\"https:\/\/salecina.ch\/it\/posizione-ambiente\/\" class=\"elementor-sub-item\" tabindex=\"-1\">posizione &amp; ambiente<\/a><\/li>\n\t<li class=\"menu-item menu-item-type-post_type menu-item-object-page menu-item-3691\"><a href=\"https:\/\/salecina.ch\/it\/storia-storie\/\" class=\"elementor-sub-item\" tabindex=\"-1\">storia &amp; storie<\/a><\/li>\n\t<li class=\"menu-item menu-item-type-post_type menu-item-object-page menu-item-3696\"><a href=\"https:\/\/salecina.ch\/it\/team-idea\/\" class=\"elementor-sub-item\" tabindex=\"-1\">team &amp; idea<\/a><\/li>\n<\/ul>\n<\/li>\n<li class=\"menu-item menu-item-type-post_type menu-item-object-page menu-item-has-children menu-item-3711\"><a href=\"https:\/\/salecina.ch\/it\/contatti-prenotazioni\/\" class=\"elementor-item\" tabindex=\"-1\">CONTATTI &#038; INFO<\/a>\n<ul class=\"sub-menu elementor-nav-menu--dropdown\">\n\t<li class=\"menu-item menu-item-type-post_type menu-item-object-page menu-item-3717\"><a href=\"https:\/\/salecina.ch\/it\/prezzi-prenotazioni\/\" class=\"elementor-sub-item\" tabindex=\"-1\">prezzi<\/a><\/li>\n\t<li class=\"menu-item menu-item-type-post_type menu-item-object-page menu-item-3735\"><a href=\"https:\/\/salecina.ch\/it\/arrivo-informazioni\/\" class=\"elementor-sub-item\" tabindex=\"-1\">arrivo &amp; informazioni<\/a><\/li>\n\t<li class=\"menu-item menu-item-type-post_type menu-item-object-page menu-item-3754\"><a href=\"https:\/\/salecina.ch\/it\/link-faq\/\" class=\"elementor-sub-item\" tabindex=\"-1\">link &amp; FAQ<\/a><\/li>\n<\/ul>\n<\/li>\n<li class=\"menu-item wpml-ls-slot-5 wpml-ls-item wpml-ls-item-de wpml-ls-menu-item wpml-ls-first-item menu-item-type-wpml_ls_menu_item menu-item-object-wpml_ls_menu_item menu-item-wpml-ls-5-de\"><a href=\"https:\/\/salecina.ch\" class=\"elementor-item\" tabindex=\"-1\"><img decoding=\"async\"\n            class=\"wpml-ls-flag\"\n            src=\"https:\/\/salecina.ch\/wp-content\/plugins\/sitepress-multilingual-cms\/res\/flags\/de.png\"\n            alt=\"Tedesco\"\n            \n            \n    \/><\/a><\/li>\n<li class=\"menu-item wpml-ls-slot-5 wpml-ls-item wpml-ls-item-fr wpml-ls-menu-item menu-item-type-wpml_ls_menu_item menu-item-object-wpml_ls_menu_item menu-item-wpml-ls-5-fr\"><a href=\"https:\/\/salecina.ch\/fr\/\" class=\"elementor-item\" tabindex=\"-1\"><img decoding=\"async\"\n            class=\"wpml-ls-flag\"\n            src=\"https:\/\/salecina.ch\/wp-content\/plugins\/sitepress-multilingual-cms\/res\/flags\/fr.png\"\n            alt=\"Francese\"\n            \n            \n    \/><\/a><\/li>\n<li class=\"menu-item wpml-ls-slot-5 wpml-ls-item wpml-ls-item-en wpml-ls-menu-item wpml-ls-last-item menu-item-type-wpml_ls_menu_item menu-item-object-wpml_ls_menu_item menu-item-wpml-ls-5-en\"><a href=\"https:\/\/salecina.ch\/en\/\" class=\"elementor-item\" tabindex=\"-1\"><img decoding=\"async\"\n            class=\"wpml-ls-flag\"\n            src=\"https:\/\/salecina.ch\/wp-content\/plugins\/sitepress-multilingual-cms\/res\/flags\/en.png\"\n            alt=\"Inglese\"\n            \n            \n    \/><\/a><\/li>\n<\/ul>\t\t\t<\/nav>\n\t\t\t\t\t\t<\/div>\n\t\t\t\t<\/div>\n\t\t\t\t\t<\/div>\n\t\t<\/div>\n\t\t\t\t\t<\/div>\n\t\t<\/section>\n\t\t\t\t<\/div>\n\t\t<\/div>\n\t\t\t\t\t\t<\/div>\n\t\t\t\t<\/div>\n\t\t\t\t\t<\/div>\n\t\t<\/div>\n\t\t\t\t\t<\/div>\n\t\t<\/section>\n\t\t\t\t<section class=\"elementor-section elementor-top-section elementor-element elementor-element-f99664c elementor-section-boxed elementor-section-height-default elementor-section-height-default\" data-id=\"f99664c\" data-element_type=\"section\" data-e-type=\"section\">\n\t\t\t\t\t\t<div class=\"elementor-container elementor-column-gap-default\">\n\t\t\t\t\t<div class=\"elementor-column elementor-col-100 elementor-top-column elementor-element elementor-element-5f1cd21e\" data-id=\"5f1cd21e\" data-element_type=\"column\" data-e-type=\"column\">\n\t\t\t<div class=\"elementor-widget-wrap elementor-element-populated\">\n\t\t\t\t\t\t\t<\/div>\n\t\t<\/div>\n\t\t\t\t\t<\/div>\n\t\t<\/section>\n\t\t\t\t<section class=\"elementor-section elementor-top-section elementor-element elementor-element-10394806 elementor-section-boxed elementor-section-height-default elementor-section-height-default\" data-id=\"10394806\" data-element_type=\"section\" data-e-type=\"section\" data-settings=\"{&quot;background_background&quot;:&quot;classic&quot;}\">\n\t\t\t\t\t\t<div class=\"elementor-container elementor-column-gap-default\">\n\t\t\t\t\t<div data-dce-background-color=\"#FFFFFF\" class=\"elementor-column elementor-col-100 elementor-top-column elementor-element elementor-element-7c7f41b9\" data-id=\"7c7f41b9\" data-element_type=\"column\" data-e-type=\"column\" data-settings=\"{&quot;background_background&quot;:&quot;classic&quot;}\">\n\t\t\t<div class=\"elementor-widget-wrap elementor-element-populated\">\n\t\t\t\t\t\t<section class=\"elementor-section elementor-inner-section elementor-element elementor-element-33435060 elementor-section-boxed elementor-section-height-default elementor-section-height-default\" data-id=\"33435060\" data-element_type=\"section\" data-e-type=\"section\">\n\t\t\t\t\t\t<div class=\"elementor-container elementor-column-gap-default\">\n\t\t\t\t\t<div class=\"elementor-column elementor-col-50 elementor-inner-column elementor-element elementor-element-1b584ee3\" data-id=\"1b584ee3\" data-element_type=\"column\" data-e-type=\"column\">\n\t\t\t<div class=\"elementor-widget-wrap elementor-element-populated\">\n\t\t\t\t\t\t<div class=\"elementor-element elementor-element-1a190e6d dce_masking-none elementor-widget elementor-widget-image\" data-id=\"1a190e6d\" data-element_type=\"widget\" data-e-type=\"widget\" data-widget_type=\"image.default\">\n\t\t\t\t<div class=\"elementor-widget-container\">\n\t\t\t\t\t\t\t\t\t\t\t\t\t\t\t<img fetchpriority=\"high\" decoding=\"async\" width=\"1000\" height=\"290\" src=\"https:\/\/salecina.ch\/wp-content\/uploads\/2021\/07\/feste.jpg\" class=\"attachment-full size-full wp-image-1315\" alt=\"\" srcset=\"https:\/\/salecina.ch\/wp-content\/uploads\/2021\/07\/feste.jpg 1000w, https:\/\/salecina.ch\/wp-content\/uploads\/2021\/07\/feste-300x87.jpg 300w, https:\/\/salecina.ch\/wp-content\/uploads\/2021\/07\/feste-768x223.jpg 768w\" sizes=\"(max-width: 1000px) 100vw, 1000px\" \/>\t\t\t\t\t\t\t\t\t\t\t\t\t\t\t<\/div>\n\t\t\t\t<\/div>\n\t\t\t\t<div class=\"elementor-element elementor-element-d2b08f9 dce-col-1 dce-col-tablet-1 dce-posts-layout-default dce-col-mobile-1 dce-align-left elementor-widget elementor-widget-dce-dynamicposts-v2\" data-id=\"d2b08f9\" data-element_type=\"widget\" data-e-type=\"widget\" data-settings=\"{&quot;style_items&quot;:&quot;default&quot;,&quot;grid_grid_type&quot;:&quot;flex&quot;}\" data-widget_type=\"dce-dynamicposts-v2.grid\">\n\t\t\t\t<div class=\"elementor-widget-container\">\n\t\t\t\t\t\n\t\t<div class=\"dce-fix-background-loop dce-posts-container dce-posts dce-dynamic-posts-collection  dce-skin-grid dce-skin-grid-flex\">\n\t\t\t\t\t\t<div class=\"dce-posts-wrapper dce-wrapper-grid\">\n\t\t\t\n\t\t<article class=\"post-10687 termin type-termin status-publish hentry dce-post dce-post-item dce-item-grid\" data-dce-post-id=\"10687\" data-dce-post-index=\"0\">\n\t\t\t<div class=\"dce-post-block\">\n\t\t<div class=\"dce-item dce-item_custommeta elementor-repeater-item-db4c169\"><div class=\"dce-post-custommeta\"><div class=\"dce-meta-item dce-meta-db4c169 dce-meta-text elementor-repeater-item-db4c169\"><div>von\/da 19. September 2026<\/div><\/div><\/div><\/div><div class=\"dce-item dce-item_custommeta elementor-repeater-item-7504304\"><div class=\"dce-post-custommeta dce-post-custommeta\"><div class=\"dce-meta-item dce-meta-db4c169 dce-meta-text elementor-repeater-item-db4c169 dce-meta-item dce-meta-7504304 dce-meta-text elementor-repeater-item-7504304\"><div>bis\/al 19. September 2026<\/div><\/div><\/div><\/div><div class=\"dce-item dce-item_title elementor-repeater-item-2921122\"><h3 class=\"dce-post-title\">Noplace<\/h3><\/div><div class=\"dce-item dce-item_custommeta elementor-repeater-item-f333175\"><div class=\"dce-post-custommeta dce-post-custommeta dce-post-custommeta\"><div class=\"dce-meta-item dce-meta-db4c169 dce-meta-text elementor-repeater-item-db4c169 dce-meta-item dce-meta-7504304 dce-meta-text elementor-repeater-item-7504304 dce-meta-item dce-meta-f333175 dce-meta-text elementor-repeater-item-f333175\"><div><p>Il 19 settembre si terr\u00e0 a Maloja \u2018Noplace\u2019, un evento collaterale rispetto alla Biennale Bregaglia 2026. Secondo uno schema sperimentale e sperimentato, senza una direzione dall\u2019alto, molti artisti arriveranno a Maloja portando le loro opere\/performance o creandone direttamente di nuove in diversi punti del villaggio. Salecina aderisce a Noplace in due modi: da una parte offrendo spazi agli artisti che desiderano esporre, dall\u2019altra dando loro ospitalit\u00e0 agli artisti. Il consiglio di Salecina ha deciso di offrire 15 posti gratuiti, e al momento gi\u00e0 esauriti; oltre a ci\u00f2 \u00e8 ovviamente possibile soggiornare a Salecina alle normali condizioni.<\/p>\n<p>Maggiori info sull\u2019evento al <a href=\"https:\/\/www.noplace.space\/\">sito web di Noplace<\/a>.<\/p>\n<\/div><\/div><\/div><\/div>\t\t\t<\/div>\n\t\t<\/article>\n\t\t\n\t\t<article class=\"post-8966 termin type-termin status-publish hentry dce-post dce-post-item dce-item-grid\" data-dce-post-id=\"8966\" data-dce-post-index=\"1\">\n\t\t\t<div class=\"dce-post-block\">\n\t\t<div class=\"dce-item dce-item_custommeta elementor-repeater-item-db4c169\"><div class=\"dce-post-custommeta dce-post-custommeta dce-post-custommeta dce-post-custommeta\"><div class=\"dce-meta-item dce-meta-db4c169 dce-meta-text elementor-repeater-item-db4c169\"><div>von\/da 22. September 2025<\/div><\/div><\/div><\/div><div class=\"dce-item dce-item_custommeta elementor-repeater-item-7504304\"><div class=\"dce-post-custommeta dce-post-custommeta dce-post-custommeta dce-post-custommeta dce-post-custommeta\"><div class=\"dce-meta-item dce-meta-db4c169 dce-meta-text elementor-repeater-item-db4c169 dce-meta-item dce-meta-7504304 dce-meta-text elementor-repeater-item-7504304\"><div>bis\/al 27. September 2025<\/div><\/div><\/div><\/div><div class=\"dce-item dce-item_title elementor-repeater-item-2921122\"><h3 class=\"dce-post-title\">Escursioni in Val Bregaglia<\/h3><\/div><div class=\"dce-item dce-item_custommeta elementor-repeater-item-f333175\"><div class=\"dce-post-custommeta dce-post-custommeta dce-post-custommeta dce-post-custommeta dce-post-custommeta dce-post-custommeta\"><div class=\"dce-meta-item dce-meta-db4c169 dce-meta-text elementor-repeater-item-db4c169 dce-meta-item dce-meta-7504304 dce-meta-text elementor-repeater-item-7504304 dce-meta-item dce-meta-f333175 dce-meta-text elementor-repeater-item-f333175\"><div><p><span class=\"fontstyle0\">Sobriet\u00e0 e bellezza: escursioni semplici per lasciarsi prendere dall\u2018atmosfera delle montagne della Bregaglia, esplorando valli laterali e godendo del paesaggio. Le escursioni non riguardano tanto le prestazioni atletiche, quanto piuttosto la possibilit\u00e0 di vivere la regione, la natura montana in modo suggestivo e sensibile.<\/span><\/p>\n<p><a href=\"https:\/\/salecina.ch\/wp-content\/uploads\/2025\/12\/Flyer-26_9-Escursioni-Bergell.pdf\">Per saperne di pi\u00f9&#8230;<\/a><\/p>\n<p>con Renata Rossi (guida alpina)<\/p>\n<\/div><\/div><\/div><\/div>\t\t\t<\/div>\n\t\t<\/article>\n\t\t\n\t\t<article class=\"post-8062 termin type-termin status-publish hentry dce-post dce-post-item dce-item-grid\" data-dce-post-id=\"8062\" data-dce-post-index=\"2\">\n\t\t\t<div class=\"dce-post-block\">\n\t\t<div class=\"dce-item dce-item_custommeta elementor-repeater-item-db4c169\"><div class=\"dce-post-custommeta dce-post-custommeta dce-post-custommeta dce-post-custommeta dce-post-custommeta dce-post-custommeta dce-post-custommeta\"><div class=\"dce-meta-item dce-meta-db4c169 dce-meta-text elementor-repeater-item-db4c169\"><div>von\/da 3. Oktober 2026<\/div><\/div><\/div><\/div><div class=\"dce-item dce-item_custommeta elementor-repeater-item-7504304\"><div class=\"dce-post-custommeta dce-post-custommeta dce-post-custommeta dce-post-custommeta dce-post-custommeta dce-post-custommeta dce-post-custommeta dce-post-custommeta\"><div class=\"dce-meta-item dce-meta-db4c169 dce-meta-text elementor-repeater-item-db4c169 dce-meta-item dce-meta-7504304 dce-meta-text elementor-repeater-item-7504304\"><div>bis\/al 10. Oktober 2026<\/div><\/div><\/div><\/div><div class=\"dce-item dce-item_title elementor-repeater-item-2921122\"><h3 class=\"dce-post-title\">Vacanze autunnali coi bambini I<\/h3><\/div><div class=\"dce-item dce-item_custommeta elementor-repeater-item-f333175\"><div class=\"dce-post-custommeta dce-post-custommeta dce-post-custommeta dce-post-custommeta dce-post-custommeta dce-post-custommeta dce-post-custommeta dce-post-custommeta dce-post-custommeta\"><div class=\"dce-meta-item dce-meta-db4c169 dce-meta-text elementor-repeater-item-db4c169 dce-meta-item dce-meta-7504304 dce-meta-text elementor-repeater-item-7504304 dce-meta-item dce-meta-f333175 dce-meta-text elementor-repeater-item-f333175\"><div><p><span class=\"fontstyle0\">Per famiglie di tutti i tipi, cio\u00e9 adulti con bambini e ragazzi che hanno voglia di trascorrere e autorganizzare una vacanza insieme ad altri nell\u2018autunno dorato dell\u2018Engadina.<\/span><\/p>\n<p><a href=\"https:\/\/salecina.ch\/wp-content\/uploads\/2023\/10\/Flyer-26_10-1-Wandern-mit-Kindern.pdf\">Per saperne di pi\u00f9\u2026<\/a><\/p>\n<\/div><\/div><\/div><\/div>\t\t\t<\/div>\n\t\t<\/article>\n\t\t\n\t\t<article class=\"post-10450 termin type-termin status-publish hentry dce-post dce-post-item dce-item-grid\" data-dce-post-id=\"10450\" data-dce-post-index=\"3\">\n\t\t\t<div class=\"dce-post-block\">\n\t\t<div class=\"dce-item dce-item_custommeta elementor-repeater-item-db4c169\"><div class=\"dce-post-custommeta dce-post-custommeta dce-post-custommeta dce-post-custommeta dce-post-custommeta dce-post-custommeta dce-post-custommeta dce-post-custommeta dce-post-custommeta dce-post-custommeta\"><div class=\"dce-meta-item dce-meta-db4c169 dce-meta-text elementor-repeater-item-db4c169\"><div>von\/da 24. Oktober 2026<\/div><\/div><\/div><\/div><div class=\"dce-item dce-item_custommeta elementor-repeater-item-7504304\"><div class=\"dce-post-custommeta dce-post-custommeta dce-post-custommeta dce-post-custommeta dce-post-custommeta dce-post-custommeta dce-post-custommeta dce-post-custommeta dce-post-custommeta dce-post-custommeta dce-post-custommeta\"><div class=\"dce-meta-item dce-meta-db4c169 dce-meta-text elementor-repeater-item-db4c169 dce-meta-item dce-meta-7504304 dce-meta-text elementor-repeater-item-7504304\"><div>bis\/al 31. Oktober 2026<\/div><\/div><\/div><\/div><div class=\"dce-item dce-item_title elementor-repeater-item-2921122\"><h3 class=\"dce-post-title\">Vacanze autunnali coi bambini II<\/h3><\/div><div class=\"dce-item dce-item_custommeta elementor-repeater-item-f333175\"><div class=\"dce-post-custommeta dce-post-custommeta dce-post-custommeta dce-post-custommeta dce-post-custommeta dce-post-custommeta dce-post-custommeta dce-post-custommeta dce-post-custommeta dce-post-custommeta dce-post-custommeta dce-post-custommeta\"><div class=\"dce-meta-item dce-meta-db4c169 dce-meta-text elementor-repeater-item-db4c169 dce-meta-item dce-meta-7504304 dce-meta-text elementor-repeater-item-7504304 dce-meta-item dce-meta-f333175 dce-meta-text elementor-repeater-item-f333175\"><div><div class=\"dce-item dce-item_custommeta elementor-repeater-item-f333175\">\n<div class=\"dce-post-custommeta dce-post-custommeta dce-post-custommeta dce-post-custommeta dce-post-custommeta dce-post-custommeta dce-post-custommeta dce-post-custommeta dce-post-custommeta dce-post-custommeta dce-post-custommeta dce-post-custommeta dce-post-custommeta dce-post-custommeta dce-post-custommeta dce-post-custommeta dce-post-custommeta dce-post-custommeta dce-post-custommeta dce-post-custommeta dce-post-custommeta dce-post-custommeta dce-post-custommeta dce-post-custommeta dce-post-custommeta dce-post-custommeta dce-post-custommeta dce-post-custommeta dce-post-custommeta dce-post-custommeta dce-post-custommeta dce-post-custommeta dce-post-custommeta dce-post-custommeta dce-post-custommeta dce-post-custommeta\">\n<div class=\"dce-meta-item dce-meta-db4c169 dce-meta-text elementor-repeater-item-db4c169 dce-meta-item dce-meta-7504304 dce-meta-text elementor-repeater-item-7504304 dce-meta-item dce-meta-f333175 dce-meta-text elementor-repeater-item-f333175\">\n<div>\n<p><span class=\"fontstyle0\">Per famiglie di tutti i tipi, cio\u00e9 adulti con bambini e ragazzi che hanno voglia di trascorrere e autorganizzare una vacanza insieme ad altri nell\u2018autunno dorato dell\u2018Engadina.<\/span><\/p>\n<p><a href=\"https:\/\/salecina.ch\/wp-content\/uploads\/2026\/02\/Flyer-26_10-2-vacanze-bambini-autum-II.pdf\">Per saperne di pi\u00f9\u2026<\/a><\/p>\n<\/div>\n<\/div>\n<\/div>\n<\/div>\n<\/div><\/div><\/div><\/div>\t\t\t<\/div>\n\t\t<\/article>\n\t\t\n\t\t<article class=\"post-4629 termin type-termin status-publish hentry dce-post dce-post-item dce-item-grid\" data-dce-post-id=\"4629\" data-dce-post-index=\"4\">\n\t\t\t<div class=\"dce-post-block\">\n\t\t<div class=\"dce-item dce-item_custommeta elementor-repeater-item-db4c169\"><div class=\"dce-post-custommeta dce-post-custommeta dce-post-custommeta dce-post-custommeta dce-post-custommeta dce-post-custommeta dce-post-custommeta dce-post-custommeta dce-post-custommeta dce-post-custommeta dce-post-custommeta dce-post-custommeta dce-post-custommeta\"><div class=\"dce-meta-item dce-meta-db4c169 dce-meta-text elementor-repeater-item-db4c169\"><div>von\/da 15. November 2026<\/div><\/div><\/div><\/div><div class=\"dce-item dce-item_custommeta elementor-repeater-item-7504304\"><div class=\"dce-post-custommeta dce-post-custommeta dce-post-custommeta dce-post-custommeta dce-post-custommeta dce-post-custommeta dce-post-custommeta dce-post-custommeta dce-post-custommeta dce-post-custommeta dce-post-custommeta dce-post-custommeta dce-post-custommeta dce-post-custommeta\"><div class=\"dce-meta-item dce-meta-db4c169 dce-meta-text elementor-repeater-item-db4c169 dce-meta-item dce-meta-7504304 dce-meta-text elementor-repeater-item-7504304\"><div>bis\/al 21. November 2026<\/div><\/div><\/div><\/div><div class=\"dce-item dce-item_title elementor-repeater-item-2921122\"><h3 class=\"dce-post-title\">Bella Salecina (settimana delle pulizie)<\/h3><\/div><div class=\"dce-item dce-item_custommeta elementor-repeater-item-f333175\"><div class=\"dce-post-custommeta dce-post-custommeta dce-post-custommeta dce-post-custommeta dce-post-custommeta dce-post-custommeta dce-post-custommeta dce-post-custommeta dce-post-custommeta dce-post-custommeta dce-post-custommeta dce-post-custommeta dce-post-custommeta dce-post-custommeta dce-post-custommeta\"><div class=\"dce-meta-item dce-meta-db4c169 dce-meta-text elementor-repeater-item-db4c169 dce-meta-item dce-meta-7504304 dce-meta-text elementor-repeater-item-7504304 dce-meta-item dce-meta-f333175 dce-meta-text elementor-repeater-item-f333175\"><div><p>Alcuni ospiti preparano Salecina per la prossima stagione.<br \/>\nIscrizioni da sei mesi prima dell\u2019inizio.<\/p>\n<p><a href=\"https:\/\/salecina.ch\/wp-content\/uploads\/2021\/11\/Flyer-26_11-BellaSalecina.pdf\">Per saperne di pi\u00f9\u2026<\/a><\/p>\n<p>Salecina-Team<\/p>\n<\/div><\/div><\/div><\/div>\t\t\t<\/div>\n\t\t<\/article>\n\t\t\n\t\t<article class=\"post-6431 termin type-termin status-publish hentry dce-post dce-post-item dce-item-grid\" data-dce-post-id=\"6431\" data-dce-post-index=\"5\">\n\t\t\t<div class=\"dce-post-block\">\n\t\t<div class=\"dce-item dce-item_custommeta elementor-repeater-item-db4c169\"><div class=\"dce-post-custommeta dce-post-custommeta dce-post-custommeta dce-post-custommeta dce-post-custommeta dce-post-custommeta dce-post-custommeta dce-post-custommeta dce-post-custommeta dce-post-custommeta dce-post-custommeta dce-post-custommeta dce-post-custommeta dce-post-custommeta dce-post-custommeta dce-post-custommeta\"><div class=\"dce-meta-item dce-meta-db4c169 dce-meta-text elementor-repeater-item-db4c169\"><div>von\/da 12. Januar 2027<\/div><\/div><\/div><\/div><div class=\"dce-item dce-item_custommeta elementor-repeater-item-7504304\"><div class=\"dce-post-custommeta dce-post-custommeta dce-post-custommeta dce-post-custommeta dce-post-custommeta dce-post-custommeta dce-post-custommeta dce-post-custommeta dce-post-custommeta dce-post-custommeta dce-post-custommeta dce-post-custommeta dce-post-custommeta dce-post-custommeta dce-post-custommeta dce-post-custommeta dce-post-custommeta\"><div class=\"dce-meta-item dce-meta-db4c169 dce-meta-text elementor-repeater-item-db4c169 dce-meta-item dce-meta-7504304 dce-meta-text elementor-repeater-item-7504304\"><div>bis\/al 16. Januar 2027<\/div><\/div><\/div><\/div><div class=\"dce-item dce-item_title elementor-repeater-item-2921122\"><h3 class=\"dce-post-title\">Ciaspolate di gennaio<\/h3><\/div><div class=\"dce-item dce-item_custommeta elementor-repeater-item-f333175\"><div class=\"dce-post-custommeta dce-post-custommeta dce-post-custommeta dce-post-custommeta dce-post-custommeta dce-post-custommeta dce-post-custommeta dce-post-custommeta dce-post-custommeta dce-post-custommeta dce-post-custommeta dce-post-custommeta dce-post-custommeta dce-post-custommeta dce-post-custommeta dce-post-custommeta dce-post-custommeta dce-post-custommeta\"><div class=\"dce-meta-item dce-meta-db4c169 dce-meta-text elementor-repeater-item-db4c169 dce-meta-item dce-meta-7504304 dce-meta-text elementor-repeater-item-7504304 dce-meta-item dce-meta-f333175 dce-meta-text elementor-repeater-item-f333175\"><div><p><span class=\"fontstyle0\">Le escursioni si svolgeranno nelle vicinanze di Salecina e si rivolgono a tutti coloro che vogliono addentrarsi, camminando in un ambiente intatto tra boschi, colline, ai piedi di montagne maestose, in un paesaggio invernale unico come quello dell\u2019Alta Engadina e della Bregaglia.<\/span><\/p>\n<p><a href=\"https:\/\/salecina.ch\/wp-content\/uploads\/2026\/05\/Flyer-27_01-ciaspolate-di-gennaio.pdf\" target=\"_blank\" rel=\"noopener\">Per saperne di pi\u00f9&#8230;<\/a><\/p>\n<p>Con Renata Rossi (Guida alpina)<\/p>\n<\/div><\/div><\/div><\/div>\t\t\t<\/div>\n\t\t<\/article>\n\t\t\n\t\t<article class=\"post-6427 termin type-termin status-publish hentry dce-post dce-post-item dce-item-grid\" data-dce-post-id=\"6427\" data-dce-post-index=\"6\">\n\t\t\t<div class=\"dce-post-block\">\n\t\t<div class=\"dce-item dce-item_custommeta elementor-repeater-item-db4c169\"><div class=\"dce-post-custommeta dce-post-custommeta dce-post-custommeta dce-post-custommeta dce-post-custommeta dce-post-custommeta dce-post-custommeta dce-post-custommeta dce-post-custommeta dce-post-custommeta dce-post-custommeta dce-post-custommeta dce-post-custommeta dce-post-custommeta dce-post-custommeta dce-post-custommeta dce-post-custommeta dce-post-custommeta dce-post-custommeta\"><div class=\"dce-meta-item dce-meta-db4c169 dce-meta-text elementor-repeater-item-db4c169\"><div>von\/da 21. Februar 2027<\/div><\/div><\/div><\/div><div class=\"dce-item dce-item_custommeta elementor-repeater-item-7504304\"><div class=\"dce-post-custommeta dce-post-custommeta dce-post-custommeta dce-post-custommeta dce-post-custommeta dce-post-custommeta dce-post-custommeta dce-post-custommeta dce-post-custommeta dce-post-custommeta dce-post-custommeta dce-post-custommeta dce-post-custommeta dce-post-custommeta dce-post-custommeta dce-post-custommeta dce-post-custommeta dce-post-custommeta dce-post-custommeta dce-post-custommeta\"><div class=\"dce-meta-item dce-meta-db4c169 dce-meta-text elementor-repeater-item-db4c169 dce-meta-item dce-meta-7504304 dce-meta-text elementor-repeater-item-7504304\"><div>bis\/al 27. Februar 2027<\/div><\/div><\/div><\/div><div class=\"dce-item dce-item_title elementor-repeater-item-2921122\"><h3 class=\"dce-post-title\">Sci alpinismo 60+<\/h3><\/div><div class=\"dce-item dce-item_custommeta elementor-repeater-item-f333175\"><div class=\"dce-post-custommeta dce-post-custommeta dce-post-custommeta dce-post-custommeta dce-post-custommeta dce-post-custommeta dce-post-custommeta dce-post-custommeta dce-post-custommeta dce-post-custommeta dce-post-custommeta dce-post-custommeta dce-post-custommeta dce-post-custommeta dce-post-custommeta dce-post-custommeta dce-post-custommeta dce-post-custommeta dce-post-custommeta dce-post-custommeta dce-post-custommeta\"><div class=\"dce-meta-item dce-meta-db4c169 dce-meta-text elementor-repeater-item-db4c169 dce-meta-item dce-meta-7504304 dce-meta-text elementor-repeater-item-7504304 dce-meta-item dce-meta-f333175 dce-meta-text elementor-repeater-item-f333175\"><div><p><span class=\"fontstyle0\">Nel silenzioso paesaggio invernale, ci muoviamo con passo ritmico: Il cammino \u00e8 il nostro obiettivo. La settimana inizia con gite brevi che possono allungarsi successivamente. \u00a0<\/span><\/p>\n<p><a href=\"https:\/\/salecina.ch\/wp-content\/uploads\/2022\/08\/Flyer-27_02-Scialpinismo-60-1.pdf\">Per saperne di pi\u00f9&#8230;<\/a><\/p>\n<p>Con Martin B\u00fchler (Guida alpina)<\/p>\n<\/div><\/div><\/div><\/div>\t\t\t<\/div>\n\t\t<\/article>\n\t\t\n\t\t<article class=\"post-8405 termin type-termin status-publish hentry dce-post dce-post-item dce-item-grid\" data-dce-post-id=\"8405\" data-dce-post-index=\"7\">\n\t\t\t<div class=\"dce-post-block\">\n\t\t<div class=\"dce-item dce-item_custommeta elementor-repeater-item-db4c169\"><div class=\"dce-post-custommeta dce-post-custommeta dce-post-custommeta dce-post-custommeta dce-post-custommeta dce-post-custommeta dce-post-custommeta dce-post-custommeta dce-post-custommeta dce-post-custommeta dce-post-custommeta dce-post-custommeta dce-post-custommeta dce-post-custommeta dce-post-custommeta dce-post-custommeta dce-post-custommeta dce-post-custommeta dce-post-custommeta dce-post-custommeta dce-post-custommeta dce-post-custommeta\"><div class=\"dce-meta-item dce-meta-db4c169 dce-meta-text elementor-repeater-item-db4c169\"><div>von\/da 14. M\u00e4rz 2027<\/div><\/div><\/div><\/div><div class=\"dce-item dce-item_custommeta elementor-repeater-item-7504304\"><div class=\"dce-post-custommeta dce-post-custommeta dce-post-custommeta dce-post-custommeta dce-post-custommeta dce-post-custommeta dce-post-custommeta dce-post-custommeta dce-post-custommeta dce-post-custommeta dce-post-custommeta dce-post-custommeta dce-post-custommeta dce-post-custommeta dce-post-custommeta dce-post-custommeta dce-post-custommeta dce-post-custommeta dce-post-custommeta dce-post-custommeta dce-post-custommeta dce-post-custommeta dce-post-custommeta\"><div class=\"dce-meta-item dce-meta-db4c169 dce-meta-text elementor-repeater-item-db4c169 dce-meta-item dce-meta-7504304 dce-meta-text elementor-repeater-item-7504304\"><div>bis\/al 21. M\u00e4rz 2027<\/div><\/div><\/div><\/div><div class=\"dce-item dce-item_title elementor-repeater-item-2921122\"><h3 class=\"dce-post-title\">Settimana di sci alpinismo per espert*<\/h3><\/div><div class=\"dce-item dce-item_custommeta elementor-repeater-item-f333175\"><div class=\"dce-post-custommeta dce-post-custommeta dce-post-custommeta dce-post-custommeta dce-post-custommeta dce-post-custommeta dce-post-custommeta dce-post-custommeta dce-post-custommeta dce-post-custommeta dce-post-custommeta dce-post-custommeta dce-post-custommeta dce-post-custommeta dce-post-custommeta dce-post-custommeta dce-post-custommeta dce-post-custommeta dce-post-custommeta dce-post-custommeta dce-post-custommeta dce-post-custommeta dce-post-custommeta dce-post-custommeta\"><div class=\"dce-meta-item dce-meta-db4c169 dce-meta-text elementor-repeater-item-db4c169 dce-meta-item dce-meta-7504304 dce-meta-text elementor-repeater-item-7504304 dce-meta-item dce-meta-f333175 dce-meta-text elementor-repeater-item-f333175\"><div><p>Lasciamo alle spalle le preoccupazioni della vita quotidiana e ammiriamo lo stupendo panorama altoengadinese ogni giorno da una cima diversa. Per poi gustarci una bella discesa nella neve fresca.<\/p>\n<p><a href=\"https:\/\/salecina.ch\/wp-content\/uploads\/2024\/07\/Flyer-27_03-Scialpinismo-per-esperti-2.pdf\">Per saperne di pi\u00f9&#8230;<\/a><\/p>\n<p>Con Martin B\u00fchler (guida alpina)<\/p>\n<\/div><\/div><\/div><\/div>\t\t\t<\/div>\n\t\t<\/article>\n\t\t\n\t\t<article class=\"post-7841 termin type-termin status-publish hentry dce-post dce-post-item dce-item-grid\" data-dce-post-id=\"7841\" data-dce-post-index=\"8\">\n\t\t\t<div class=\"dce-post-block\">\n\t\t<div class=\"dce-item dce-item_custommeta elementor-repeater-item-db4c169\"><div class=\"dce-post-custommeta dce-post-custommeta dce-post-custommeta dce-post-custommeta dce-post-custommeta dce-post-custommeta dce-post-custommeta dce-post-custommeta dce-post-custommeta dce-post-custommeta dce-post-custommeta dce-post-custommeta dce-post-custommeta dce-post-custommeta dce-post-custommeta dce-post-custommeta dce-post-custommeta dce-post-custommeta dce-post-custommeta dce-post-custommeta dce-post-custommeta dce-post-custommeta dce-post-custommeta dce-post-custommeta dce-post-custommeta\"><div class=\"dce-meta-item dce-meta-db4c169 dce-meta-text elementor-repeater-item-db4c169\"><div>von\/da 20. M\u00e4rz 2027<\/div><\/div><\/div><\/div><div class=\"dce-item dce-item_custommeta elementor-repeater-item-7504304\"><div class=\"dce-post-custommeta dce-post-custommeta dce-post-custommeta dce-post-custommeta dce-post-custommeta dce-post-custommeta dce-post-custommeta dce-post-custommeta dce-post-custommeta dce-post-custommeta dce-post-custommeta dce-post-custommeta dce-post-custommeta dce-post-custommeta dce-post-custommeta dce-post-custommeta dce-post-custommeta dce-post-custommeta dce-post-custommeta dce-post-custommeta dce-post-custommeta dce-post-custommeta dce-post-custommeta dce-post-custommeta dce-post-custommeta dce-post-custommeta\"><div class=\"dce-meta-item dce-meta-db4c169 dce-meta-text elementor-repeater-item-db4c169 dce-meta-item dce-meta-7504304 dce-meta-text elementor-repeater-item-7504304\"><div>bis\/al 27. M\u00e4rz 2027<\/div><\/div><\/div><\/div><div class=\"dce-item dce-item_title elementor-repeater-item-2921122\"><h3 class=\"dce-post-title\">Settimana di sci alpinismo con Erika<\/h3><\/div><div class=\"dce-item dce-item_custommeta elementor-repeater-item-f333175\"><div class=\"dce-post-custommeta dce-post-custommeta dce-post-custommeta dce-post-custommeta dce-post-custommeta dce-post-custommeta dce-post-custommeta dce-post-custommeta dce-post-custommeta dce-post-custommeta dce-post-custommeta dce-post-custommeta dce-post-custommeta dce-post-custommeta dce-post-custommeta dce-post-custommeta dce-post-custommeta dce-post-custommeta dce-post-custommeta dce-post-custommeta dce-post-custommeta dce-post-custommeta dce-post-custommeta dce-post-custommeta dce-post-custommeta dce-post-custommeta dce-post-custommeta\"><div class=\"dce-meta-item dce-meta-db4c169 dce-meta-text elementor-repeater-item-db4c169 dce-meta-item dce-meta-7504304 dce-meta-text elementor-repeater-item-7504304 dce-meta-item dce-meta-f333175 dce-meta-text elementor-repeater-item-f333175\"><div><p><span class=\"fontstyle0\">Introduzione alla pratica dello sci alpinismo. Sciare fuori pista, tecniche e strumentazioni per la ricerca in valanga: faremo questa formazione\u00a0<\/span>su pendii adatti che incontreremo durante le escursioni scialpinistiche. Le escursioni saranno adeguate alle condizioni meteorologiche e della neve.<\/p>\n<p><a href=\"https:\/\/salecina.ch\/wp-content\/uploads\/2023\/08\/Flyer-27_03-Skitouren-Erika-it.pdf\">Per saperne di pi\u00f9\u2026<\/a><\/p>\n<p>Con Erika B\u00fchler Seiz (guida alpina)<\/p>\n<\/div><\/div><\/div><\/div>\t\t\t<\/div>\n\t\t<\/article>\n\t\t\t\t\t<\/div>\n\t\t\t\t\t<\/div>\n\t\t\t\t\t\t<\/div>\n\t\t\t\t<\/div>\n\t\t\t\t\t<\/div>\n\t\t<\/div>\n\t\t\t\t<div class=\"elementor-column elementor-col-50 elementor-inner-column elementor-element elementor-element-4e7bd3a5\" data-id=\"4e7bd3a5\" data-element_type=\"column\" data-e-type=\"column\">\n\t\t\t<div class=\"elementor-widget-wrap elementor-element-populated\">\n\t\t\t\t\t\t<div class=\"elementor-element elementor-element-1ecb22e elementor-widget elementor-widget-text-editor\" data-id=\"1ecb22e\" data-element_type=\"widget\" data-e-type=\"widget\" data-widget_type=\"text-editor.default\">\n\t\t\t\t<div class=\"elementor-widget-container\">\n\t\t\t\t\t\t\t\t\t<p><strong><span style=\"color: #ff0000;\">ATTENZIONE: per tutti gli eventi, i seminari e i corsi \u00e8 necessario iscriversi via e-mail (non tramite prenotazione online). Grazie.<\/span><\/strong><\/p>\t\t\t\t\t\t\t\t<\/div>\n\t\t\t\t<\/div>\n\t\t\t\t<div class=\"elementor-element elementor-element-c9a7351 elementor-widget-divider--view-line elementor-widget elementor-widget-divider\" data-id=\"c9a7351\" data-element_type=\"widget\" data-e-type=\"widget\" data-widget_type=\"divider.default\">\n\t\t\t\t<div class=\"elementor-widget-container\">\n\t\t\t\t\t\t\t<div class=\"elementor-divider\">\n\t\t\t<span class=\"elementor-divider-separator\">\n\t\t\t\t\t\t<\/span>\n\t\t<\/div>\n\t\t\t\t\t\t<\/div>\n\t\t\t\t<\/div>\n\t\t\t\t<div class=\"elementor-element elementor-element-34f367d elementor-widget elementor-widget-text-editor\" data-id=\"34f367d\" data-element_type=\"widget\" data-e-type=\"widget\" data-widget_type=\"text-editor.default\">\n\t\t\t\t<div class=\"elementor-widget-container\">\n\t\t\t\t\t\t\t\t\t<p><a href=\"https:\/\/salecina.ch\/wp-content\/uploads\/2026\/01\/salecina-info_no.164-3.pdf\">Salecina-Info Nr. 164, dicembre 2025<\/a><br \/><strong><span style=\"color: #ff0000;\">con Programma Eventi 2026<\/span><\/strong><\/p>\t\t\t\t\t\t\t\t<\/div>\n\t\t\t\t<\/div>\n\t\t\t\t\t<\/div>\n\t\t<\/div>\n\t\t\t\t\t<\/div>\n\t\t<\/section>\n\t\t\t\t\t<\/div>\n\t\t<\/div>\n\t\t\t\t\t<\/div>\n\t\t<\/section>\n\t\t\t\t<\/div>\n\t\t","protected":false},"excerpt":{"rendered":"<p>von\/da 27. August 2025bis\/al 30. August 2025 Comunicazione Non Violenta Tre sessioni di CNV secondo il metodo Marshall Rosenberg: gioved\u00ec pomeriggio, venerd\u00ec e sabato mattina. con Christian Peters Per saperne di pi\u00f9&#8230; von\/da 6. September 2025bis\/al 13. September 2025 Escursioni queer-femministe Vacanze politiche in montagna. Escursioni, networking, scambi, feste, giochi e altro ancora! Sono invitate [&hellip;]<\/p>\n","protected":false},"author":1,"featured_media":0,"parent":0,"menu_order":7,"comment_status":"closed","ping_status":"closed","template":"elementor_header_footer","meta":{"footnotes":""},"class_list":["post-3553","page","type-page","status-publish","hentry"],"yoast_head":"<!-- This site is optimized with the Yoast SEO plugin v28.3 - https:\/\/yoast.com\/product\/yoast-seo-wordpress\/ -->\n<title>agenda &amp; eventi &#8212; Salecina<\/title>\n<meta name=\"robots\" content=\"index, follow, max-snippet:-1, max-image-preview:large, max-video-preview:-1\" \/>\n<link rel=\"canonical\" href=\"https:\/\/salecina.ch\/it\/agenda-eventi\/\" \/>\n<meta property=\"og:locale\" content=\"it_IT\" \/>\n<meta property=\"og:type\" content=\"article\" \/>\n<meta property=\"og:title\" content=\"agenda &amp; eventi &#8212; Salecina\" \/>\n<meta property=\"og:description\" content=\"von\/da 27. August 2025bis\/al 30. August 2025 Comunicazione Non Violenta Tre sessioni di CNV secondo il metodo Marshall Rosenberg: gioved\u00ec pomeriggio, venerd\u00ec e sabato mattina. con Christian Peters Per saperne di pi\u00f9&#8230; von\/da 6. September 2025bis\/al 13. September 2025 Escursioni queer-femministe Vacanze politiche in montagna. Escursioni, networking, scambi, feste, giochi e altro ancora! Sono invitate [&hellip;]\" \/>\n<meta property=\"og:url\" content=\"https:\/\/salecina.ch\/it\/agenda-eventi\/\" \/>\n<meta property=\"og:site_name\" content=\"Salecina\" \/>\n<meta property=\"article:modified_time\" content=\"2026-01-25T13:25:39+00:00\" \/>\n<meta property=\"og:image\" content=\"https:\/\/salecina.ch\/wp-content\/uploads\/2021\/07\/feste.jpg\" \/>\n<meta name=\"twitter:card\" content=\"summary_large_image\" \/>\n<meta name=\"twitter:label1\" content=\"Tempo di lettura stimato\" \/>\n\t<meta name=\"twitter:data1\" content=\"24 minuti\" \/>\n<script type=\"application\/ld+json\" class=\"yoast-schema-graph\">{\"@context\":\"https:\\\/\\\/schema.org\",\"@graph\":[{\"@type\":\"WebPage\",\"@id\":\"https:\\\/\\\/salecina.ch\\\/it\\\/agenda-eventi\\\/\",\"url\":\"https:\\\/\\\/salecina.ch\\\/it\\\/agenda-eventi\\\/\",\"name\":\"agenda &amp; eventi &#8212; Salecina\",\"isPartOf\":{\"@id\":\"https:\\\/\\\/salecina.ch\\\/#website\"},\"primaryImageOfPage\":{\"@id\":\"https:\\\/\\\/salecina.ch\\\/it\\\/agenda-eventi\\\/#primaryimage\"},\"image\":{\"@id\":\"https:\\\/\\\/salecina.ch\\\/it\\\/agenda-eventi\\\/#primaryimage\"},\"thumbnailUrl\":\"https:\\\/\\\/salecina.ch\\\/wp-content\\\/uploads\\\/2021\\\/07\\\/feste.jpg\",\"datePublished\":\"2021-08-07T11:31:17+00:00\",\"dateModified\":\"2026-01-25T13:25:39+00:00\",\"breadcrumb\":{\"@id\":\"https:\\\/\\\/salecina.ch\\\/it\\\/agenda-eventi\\\/#breadcrumb\"},\"inLanguage\":\"it-IT\",\"potentialAction\":[{\"@type\":\"ReadAction\",\"target\":[\"https:\\\/\\\/salecina.ch\\\/it\\\/agenda-eventi\\\/\"]}]},{\"@type\":\"ImageObject\",\"inLanguage\":\"it-IT\",\"@id\":\"https:\\\/\\\/salecina.ch\\\/it\\\/agenda-eventi\\\/#primaryimage\",\"url\":\"https:\\\/\\\/salecina.ch\\\/wp-content\\\/uploads\\\/2021\\\/07\\\/feste.jpg\",\"contentUrl\":\"https:\\\/\\\/salecina.ch\\\/wp-content\\\/uploads\\\/2021\\\/07\\\/feste.jpg\"},{\"@type\":\"BreadcrumbList\",\"@id\":\"https:\\\/\\\/salecina.ch\\\/it\\\/agenda-eventi\\\/#breadcrumb\",\"itemListElement\":[{\"@type\":\"ListItem\",\"position\":1,\"name\":\"Startseite\",\"item\":\"https:\\\/\\\/salecina.ch\\\/it\\\/\"},{\"@type\":\"ListItem\",\"position\":2,\"name\":\"agenda &amp; eventi\"}]},{\"@type\":\"WebSite\",\"@id\":\"https:\\\/\\\/salecina.ch\\\/#website\",\"url\":\"https:\\\/\\\/salecina.ch\\\/\",\"name\":\"Salecina\",\"description\":\"\",\"publisher\":{\"@id\":\"https:\\\/\\\/salecina.ch\\\/#organization\"},\"potentialAction\":[{\"@type\":\"SearchAction\",\"target\":{\"@type\":\"EntryPoint\",\"urlTemplate\":\"https:\\\/\\\/salecina.ch\\\/?s={search_term_string}\"},\"query-input\":{\"@type\":\"PropertyValueSpecification\",\"valueRequired\":true,\"valueName\":\"search_term_string\"}}],\"inLanguage\":\"it-IT\"},{\"@type\":\"Organization\",\"@id\":\"https:\\\/\\\/salecina.ch\\\/#organization\",\"name\":\"Stiftung Salecina\",\"url\":\"https:\\\/\\\/salecina.ch\\\/\",\"logo\":{\"@type\":\"ImageObject\",\"inLanguage\":\"it-IT\",\"@id\":\"https:\\\/\\\/salecina.ch\\\/#\\\/schema\\\/logo\\\/image\\\/\",\"url\":\"https:\\\/\\\/salecina.ch\\\/wp-content\\\/uploads\\\/2021\\\/07\\\/Logo-Salecina-definitiv-mit-Text.svg\",\"contentUrl\":\"https:\\\/\\\/salecina.ch\\\/wp-content\\\/uploads\\\/2021\\\/07\\\/Logo-Salecina-definitiv-mit-Text.svg\",\"width\":274,\"height\":117,\"caption\":\"Stiftung Salecina\"},\"image\":{\"@id\":\"https:\\\/\\\/salecina.ch\\\/#\\\/schema\\\/logo\\\/image\\\/\"}}]}<\/script>\n<!-- \/ Yoast SEO plugin. -->","yoast_head_json":{"title":"agenda &amp; eventi &#8212; Salecina","robots":{"index":"index","follow":"follow","max-snippet":"max-snippet:-1","max-image-preview":"max-image-preview:large","max-video-preview":"max-video-preview:-1"},"canonical":"https:\/\/salecina.ch\/it\/agenda-eventi\/","og_locale":"it_IT","og_type":"article","og_title":"agenda &amp; eventi &#8212; Salecina","og_description":"von\/da 27. August 2025bis\/al 30. August 2025 Comunicazione Non Violenta Tre sessioni di CNV secondo il metodo Marshall Rosenberg: gioved\u00ec pomeriggio, venerd\u00ec e sabato mattina. con Christian Peters Per saperne di pi\u00f9&#8230; von\/da 6. September 2025bis\/al 13. September 2025 Escursioni queer-femministe Vacanze politiche in montagna. Escursioni, networking, scambi, feste, giochi e altro ancora! Sono invitate [&hellip;]","og_url":"https:\/\/salecina.ch\/it\/agenda-eventi\/","og_site_name":"Salecina","article_modified_time":"2026-01-25T13:25:39+00:00","og_image":[{"url":"https:\/\/salecina.ch\/wp-content\/uploads\/2021\/07\/feste.jpg","type":"","width":"","height":""}],"twitter_card":"summary_large_image","twitter_misc":{"Tempo di lettura stimato":"24 minuti"},"schema":{"@context":"https:\/\/schema.org","@graph":[{"@type":"WebPage","@id":"https:\/\/salecina.ch\/it\/agenda-eventi\/","url":"https:\/\/salecina.ch\/it\/agenda-eventi\/","name":"agenda &amp; eventi &#8212; Salecina","isPartOf":{"@id":"https:\/\/salecina.ch\/#website"},"primaryImageOfPage":{"@id":"https:\/\/salecina.ch\/it\/agenda-eventi\/#primaryimage"},"image":{"@id":"https:\/\/salecina.ch\/it\/agenda-eventi\/#primaryimage"},"thumbnailUrl":"https:\/\/salecina.ch\/wp-content\/uploads\/2021\/07\/feste.jpg","datePublished":"2021-08-07T11:31:17+00:00","dateModified":"2026-01-25T13:25:39+00:00","breadcrumb":{"@id":"https:\/\/salecina.ch\/it\/agenda-eventi\/#breadcrumb"},"inLanguage":"it-IT","potentialAction":[{"@type":"ReadAction","target":["https:\/\/salecina.ch\/it\/agenda-eventi\/"]}]},{"@type":"ImageObject","inLanguage":"it-IT","@id":"https:\/\/salecina.ch\/it\/agenda-eventi\/#primaryimage","url":"https:\/\/salecina.ch\/wp-content\/uploads\/2021\/07\/feste.jpg","contentUrl":"https:\/\/salecina.ch\/wp-content\/uploads\/2021\/07\/feste.jpg"},{"@type":"BreadcrumbList","@id":"https:\/\/salecina.ch\/it\/agenda-eventi\/#breadcrumb","itemListElement":[{"@type":"ListItem","position":1,"name":"Startseite","item":"https:\/\/salecina.ch\/it\/"},{"@type":"ListItem","position":2,"name":"agenda &amp; eventi"}]},{"@type":"WebSite","@id":"https:\/\/salecina.ch\/#website","url":"https:\/\/salecina.ch\/","name":"Salecina","description":"","publisher":{"@id":"https:\/\/salecina.ch\/#organization"},"potentialAction":[{"@type":"SearchAction","target":{"@type":"EntryPoint","urlTemplate":"https:\/\/salecina.ch\/?s={search_term_string}"},"query-input":{"@type":"PropertyValueSpecification","valueRequired":true,"valueName":"search_term_string"}}],"inLanguage":"it-IT"},{"@type":"Organization","@id":"https:\/\/salecina.ch\/#organization","name":"Stiftung Salecina","url":"https:\/\/salecina.ch\/","logo":{"@type":"ImageObject","inLanguage":"it-IT","@id":"https:\/\/salecina.ch\/#\/schema\/logo\/image\/","url":"https:\/\/salecina.ch\/wp-content\/uploads\/2021\/07\/Logo-Salecina-definitiv-mit-Text.svg","contentUrl":"https:\/\/salecina.ch\/wp-content\/uploads\/2021\/07\/Logo-Salecina-definitiv-mit-Text.svg","width":274,"height":117,"caption":"Stiftung Salecina"},"image":{"@id":"https:\/\/salecina.ch\/#\/schema\/logo\/image\/"}}]}},"_links":{"self":[{"href":"https:\/\/salecina.ch\/it\/wp-json\/wp\/v2\/pages\/3553","targetHints":{"allow":["GET"]}}],"collection":[{"href":"https:\/\/salecina.ch\/it\/wp-json\/wp\/v2\/pages"}],"about":[{"href":"https:\/\/salecina.ch\/it\/wp-json\/wp\/v2\/types\/page"}],"author":[{"embeddable":true,"href":"https:\/\/salecina.ch\/it\/wp-json\/wp\/v2\/users\/1"}],"replies":[{"embeddable":true,"href":"https:\/\/salecina.ch\/it\/wp-json\/wp\/v2\/comments?post=3553"}],"version-history":[{"count":277,"href":"https:\/\/salecina.ch\/it\/wp-json\/wp\/v2\/pages\/3553\/revisions"}],"predecessor-version":[{"id":10388,"href":"https:\/\/salecina.ch\/it\/wp-json\/wp\/v2\/pages\/3553\/revisions\/10388"}],"wp:attachment":[{"href":"https:\/\/salecina.ch\/it\/wp-json\/wp\/v2\/media?parent=3553"}],"curies":[{"name":"wp","href":"https:\/\/api.w.org\/{rel}","templated":true}]}}