{"id":3544,"date":"2021-08-07T11:18:52","date_gmt":"2021-08-07T11:18:52","guid":{"rendered":"https:\/\/salecina.ch\/politica-cultura\/"},"modified":"2026-01-01T12:01:08","modified_gmt":"2026-01-01T12:01:08","slug":"politica-cultura","status":"publish","type":"page","link":"https:\/\/salecina.ch\/it\/politica-cultura\/","title":{"rendered":"politica &amp; cultura"},"content":{"rendered":"\t\t<div data-elementor-type=\"wp-page\" data-elementor-id=\"3544\" class=\"elementor elementor-3544\" data-elementor-post-type=\"page\">\n\t\t\t\t\t\t<section class=\"elementor-section elementor-top-section elementor-element elementor-element-38fbeb41 elementor-section-full_width elementor-section-stretched elementor-section-height-default elementor-section-height-default\" data-id=\"38fbeb41\" data-element_type=\"section\" data-e-type=\"section\" data-settings=\"{&quot;stretch_section&quot;:&quot;section-stretched&quot;}\">\n\t\t\t\t\t\t<div class=\"elementor-container elementor-column-gap-default\">\n\t\t\t\t\t<div class=\"elementor-column elementor-col-100 elementor-top-column elementor-element elementor-element-6064d1bc\" data-id=\"6064d1bc\" data-element_type=\"column\" data-e-type=\"column\">\n\t\t\t<div class=\"elementor-widget-wrap elementor-element-populated\">\n\t\t\t\t\t\t<div class=\"elementor-element elementor-element-f810ab1 elementor-widget elementor-widget-shortcode\" data-id=\"f810ab1\" data-element_type=\"widget\" data-e-type=\"widget\" data-widget_type=\"shortcode.default\">\n\t\t\t\t<div class=\"elementor-widget-container\">\n\t\t\t\t\t\t\t<div class=\"elementor-shortcode\">\t\t<div data-elementor-type=\"page\" data-elementor-id=\"485\" class=\"elementor elementor-485\" data-elementor-post-type=\"elementor_library\">\n\t\t\t\t\t\t<section data-dce-background-color=\"#222222\" class=\"elementor-section elementor-top-section elementor-element elementor-element-d80febe elementor-section-full_width elementor-section-content-top elementor-section-stretched elementor-section-height-default elementor-section-height-default\" data-id=\"d80febe\" data-element_type=\"section\" data-e-type=\"section\" data-settings=\"{&quot;background_background&quot;:&quot;classic&quot;,&quot;stretch_section&quot;:&quot;section-stretched&quot;,&quot;sticky&quot;:&quot;top&quot;,&quot;sticky_on&quot;:[&quot;widescreen&quot;,&quot;desktop&quot;,&quot;laptop&quot;,&quot;tablet_extra&quot;,&quot;tablet&quot;,&quot;mobile_extra&quot;,&quot;mobile&quot;],&quot;sticky_offset&quot;:0,&quot;sticky_effects_offset&quot;:0,&quot;sticky_anchor_link_offset&quot;:0}\">\n\t\t\t\t\t\t<div class=\"elementor-container elementor-column-gap-default\">\n\t\t\t\t\t<div class=\"elementor-column elementor-col-100 elementor-top-column elementor-element elementor-element-2fa430a\" data-id=\"2fa430a\" data-element_type=\"column\" data-e-type=\"column\">\n\t\t\t<div class=\"elementor-widget-wrap elementor-element-populated\">\n\t\t\t\t\t\t<div class=\"elementor-element elementor-element-39a0e59 elementor-nav-menu__align-center elementor-nav-menu--stretch elementor-nav-menu--dropdown-tablet elementor-nav-menu__text-align-aside elementor-nav-menu--toggle elementor-nav-menu--burger elementor-widget elementor-widget-nav-menu\" data-id=\"39a0e59\" data-element_type=\"widget\" data-e-type=\"widget\" data-settings=\"{&quot;full_width&quot;:&quot;stretch&quot;,&quot;sticky&quot;:&quot;top&quot;,&quot;layout&quot;:&quot;horizontal&quot;,&quot;submenu_icon&quot;:{&quot;value&quot;:&quot;&lt;i class=\\&quot;fas fa-caret-down\\&quot; aria-hidden=\\&quot;true\\&quot;&gt;&lt;\\\/i&gt;&quot;,&quot;library&quot;:&quot;fa-solid&quot;},&quot;toggle&quot;:&quot;burger&quot;,&quot;sticky_on&quot;:[&quot;widescreen&quot;,&quot;desktop&quot;,&quot;laptop&quot;,&quot;tablet_extra&quot;,&quot;tablet&quot;,&quot;mobile_extra&quot;,&quot;mobile&quot;],&quot;sticky_offset&quot;:0,&quot;sticky_effects_offset&quot;:0,&quot;sticky_anchor_link_offset&quot;:0}\" data-widget_type=\"nav-menu.default\">\n\t\t\t\t<div class=\"elementor-widget-container\">\n\t\t\t\t\t\t\t\t<nav aria-label=\"Menu\" class=\"elementor-nav-menu--main elementor-nav-menu__container elementor-nav-menu--layout-horizontal e--pointer-overline e--animation-fade\">\n\t\t\t\t<ul id=\"menu-1-39a0e59\" class=\"elementor-nav-menu\"><li class=\"menu-item menu-item-type-custom menu-item-object-custom menu-item-3774\"><a href=\"#\" class=\"elementor-item elementor-item-anchor\"><img decoding=\"async\" src=\"https:\/\/salecina.ch\/wp-content\/uploads\/2021\/08\/Logo-Salecina-definitiv-1.svg\" style=\"height:auto; width:5vw; background-color:#FFFFFF;\"><\/a><\/li>\n<li class=\"menu-item menu-item-type-custom menu-item-object-custom menu-item-5115\"><a target=\"_blank\" href=\"https:\/\/hostels.assd.com\/crs4.php?goto=10&#038;cust=410526&#038;type=040&#038;langcrs=X\" class=\"elementor-item\">PRENOTAZIONI<\/a><\/li>\n<li class=\"menu-item menu-item-type-post_type menu-item-object-page menu-item-home menu-item-823\"><a href=\"https:\/\/salecina.ch\/it\/\" class=\"elementor-item\">SALECINA<\/a><\/li>\n<li class=\"menu-item menu-item-type-post_type menu-item-object-page menu-item-has-children menu-item-501\"><a href=\"https:\/\/salecina.ch\/it\/mangiare-dormire\/\" class=\"elementor-item\">MANGIARE &amp; DORMIRE<\/a>\n<ul class=\"sub-menu elementor-nav-menu--dropdown\">\n\t<li class=\"menu-item menu-item-type-post_type menu-item-object-page menu-item-824\"><a href=\"https:\/\/salecina.ch\/it\/personale-ospiti\/\" class=\"elementor-sub-item\">personale &amp; ospiti<\/a><\/li>\n\t<li class=\"menu-item menu-item-type-post_type menu-item-object-page menu-item-3509\"><a href=\"https:\/\/salecina.ch\/it\/camere-servizi\/\" class=\"elementor-sub-item\">camere &amp; servizi<\/a><\/li>\n<\/ul>\n<\/li>\n<li class=\"menu-item menu-item-type-post_type menu-item-object-page menu-item-has-children menu-item-3525\"><a href=\"https:\/\/salecina.ch\/it\/incontro-movimento\/\" class=\"elementor-item\">INCONTRO &amp; MOVIMENTO<\/a>\n<ul class=\"sub-menu elementor-nav-menu--dropdown\">\n\t<li class=\"menu-item menu-item-type-post_type menu-item-object-page menu-item-3531\"><a href=\"https:\/\/salecina.ch\/it\/persone-idee\/\" class=\"elementor-sub-item\">persone &amp; idee<\/a><\/li>\n\t<li class=\"menu-item menu-item-type-post_type menu-item-object-page menu-item-3551\"><a href=\"https:\/\/salecina.ch\/it\/politica-cultura\/\" class=\"elementor-sub-item\">politica &amp; cultura<\/a><\/li>\n\t<li class=\"menu-item menu-item-type-post_type menu-item-object-page menu-item-3572\"><a href=\"https:\/\/salecina.ch\/it\/agenda-eventi\/\" class=\"elementor-sub-item\">agenda &amp; eventi<\/a><\/li>\n\t<li class=\"menu-item menu-item-type-post_type menu-item-object-page menu-item-3597\"><a href=\"https:\/\/salecina.ch\/it\/foto-media\/\" class=\"elementor-sub-item\">foto &amp; media<\/a><\/li>\n<\/ul>\n<\/li>\n<li class=\"menu-item menu-item-type-post_type menu-item-object-page menu-item-has-children menu-item-3665\"><a href=\"https:\/\/salecina.ch\/it\/casa-storia\/\" class=\"elementor-item\">CASA &amp; STORIA<\/a>\n<ul class=\"sub-menu elementor-nav-menu--dropdown\">\n\t<li class=\"menu-item menu-item-type-post_type menu-item-object-page menu-item-3677\"><a href=\"https:\/\/salecina.ch\/it\/posizione-ambiente\/\" class=\"elementor-sub-item\">posizione &amp; ambiente<\/a><\/li>\n\t<li class=\"menu-item menu-item-type-post_type menu-item-object-page menu-item-3691\"><a href=\"https:\/\/salecina.ch\/it\/storia-storie\/\" class=\"elementor-sub-item\">storia &amp; storie<\/a><\/li>\n\t<li class=\"menu-item menu-item-type-post_type menu-item-object-page menu-item-3696\"><a href=\"https:\/\/salecina.ch\/it\/team-idea\/\" class=\"elementor-sub-item\">team &amp; idea<\/a><\/li>\n<\/ul>\n<\/li>\n<li class=\"menu-item menu-item-type-post_type menu-item-object-page menu-item-has-children menu-item-3711\"><a href=\"https:\/\/salecina.ch\/it\/contatti-prenotazioni\/\" class=\"elementor-item\">CONTATTI &#038; INFO<\/a>\n<ul class=\"sub-menu elementor-nav-menu--dropdown\">\n\t<li class=\"menu-item menu-item-type-post_type menu-item-object-page menu-item-3717\"><a href=\"https:\/\/salecina.ch\/it\/prezzi-prenotazioni\/\" class=\"elementor-sub-item\">prezzi<\/a><\/li>\n\t<li class=\"menu-item menu-item-type-post_type menu-item-object-page menu-item-3735\"><a href=\"https:\/\/salecina.ch\/it\/arrivo-informazioni\/\" class=\"elementor-sub-item\">arrivo &amp; informazioni<\/a><\/li>\n\t<li class=\"menu-item menu-item-type-post_type menu-item-object-page menu-item-3754\"><a href=\"https:\/\/salecina.ch\/it\/link-faq\/\" class=\"elementor-sub-item\">link &amp; FAQ<\/a><\/li>\n<\/ul>\n<\/li>\n<li class=\"menu-item wpml-ls-slot-5 wpml-ls-item wpml-ls-item-de wpml-ls-menu-item wpml-ls-first-item menu-item-type-wpml_ls_menu_item menu-item-object-wpml_ls_menu_item menu-item-wpml-ls-5-de\"><a href=\"https:\/\/salecina.ch\" class=\"elementor-item\"><img decoding=\"async\"\n            class=\"wpml-ls-flag\"\n            src=\"https:\/\/salecina.ch\/wp-content\/plugins\/sitepress-multilingual-cms\/res\/flags\/de.png\"\n            alt=\"Tedesco\"\n            \n            \n    \/><\/a><\/li>\n<li class=\"menu-item wpml-ls-slot-5 wpml-ls-item wpml-ls-item-fr wpml-ls-menu-item menu-item-type-wpml_ls_menu_item menu-item-object-wpml_ls_menu_item menu-item-wpml-ls-5-fr\"><a href=\"https:\/\/salecina.ch\/fr\/\" class=\"elementor-item\"><img decoding=\"async\"\n            class=\"wpml-ls-flag\"\n            src=\"https:\/\/salecina.ch\/wp-content\/plugins\/sitepress-multilingual-cms\/res\/flags\/fr.png\"\n            alt=\"Francese\"\n            \n            \n    \/><\/a><\/li>\n<li class=\"menu-item wpml-ls-slot-5 wpml-ls-item wpml-ls-item-en wpml-ls-menu-item wpml-ls-last-item menu-item-type-wpml_ls_menu_item menu-item-object-wpml_ls_menu_item menu-item-wpml-ls-5-en\"><a href=\"https:\/\/salecina.ch\/en\/\" class=\"elementor-item\"><img decoding=\"async\"\n            class=\"wpml-ls-flag\"\n            src=\"https:\/\/salecina.ch\/wp-content\/plugins\/sitepress-multilingual-cms\/res\/flags\/en.png\"\n            alt=\"Inglese\"\n            \n            \n    \/><\/a><\/li>\n<\/ul>\t\t\t<\/nav>\n\t\t\t\t\t<div class=\"elementor-menu-toggle\" role=\"button\" tabindex=\"0\" aria-label=\"Menu di commutazione\" aria-expanded=\"false\">\n\t\t\t<i aria-hidden=\"true\" role=\"presentation\" class=\"elementor-menu-toggle__icon--open eicon-menu-bar\"><\/i><i aria-hidden=\"true\" role=\"presentation\" class=\"elementor-menu-toggle__icon--close eicon-close\"><\/i>\t\t<\/div>\n\t\t\t\t\t<nav class=\"elementor-nav-menu--dropdown elementor-nav-menu__container\" aria-hidden=\"true\">\n\t\t\t\t<ul id=\"menu-2-39a0e59\" class=\"elementor-nav-menu\"><li class=\"menu-item menu-item-type-custom menu-item-object-custom menu-item-3774\"><a href=\"#\" class=\"elementor-item elementor-item-anchor\" tabindex=\"-1\"><img decoding=\"async\" src=\"https:\/\/salecina.ch\/wp-content\/uploads\/2021\/08\/Logo-Salecina-definitiv-1.svg\" style=\"height:auto; width:5vw; background-color:#FFFFFF;\"><\/a><\/li>\n<li class=\"menu-item menu-item-type-custom menu-item-object-custom menu-item-5115\"><a target=\"_blank\" href=\"https:\/\/hostels.assd.com\/crs4.php?goto=10&#038;cust=410526&#038;type=040&#038;langcrs=X\" class=\"elementor-item\" tabindex=\"-1\">PRENOTAZIONI<\/a><\/li>\n<li class=\"menu-item menu-item-type-post_type menu-item-object-page menu-item-home menu-item-823\"><a href=\"https:\/\/salecina.ch\/it\/\" class=\"elementor-item\" tabindex=\"-1\">SALECINA<\/a><\/li>\n<li class=\"menu-item menu-item-type-post_type menu-item-object-page menu-item-has-children menu-item-501\"><a href=\"https:\/\/salecina.ch\/it\/mangiare-dormire\/\" class=\"elementor-item\" tabindex=\"-1\">MANGIARE &amp; DORMIRE<\/a>\n<ul class=\"sub-menu elementor-nav-menu--dropdown\">\n\t<li class=\"menu-item menu-item-type-post_type menu-item-object-page menu-item-824\"><a href=\"https:\/\/salecina.ch\/it\/personale-ospiti\/\" class=\"elementor-sub-item\" tabindex=\"-1\">personale &amp; ospiti<\/a><\/li>\n\t<li class=\"menu-item menu-item-type-post_type menu-item-object-page menu-item-3509\"><a href=\"https:\/\/salecina.ch\/it\/camere-servizi\/\" class=\"elementor-sub-item\" tabindex=\"-1\">camere &amp; servizi<\/a><\/li>\n<\/ul>\n<\/li>\n<li class=\"menu-item menu-item-type-post_type menu-item-object-page menu-item-has-children menu-item-3525\"><a href=\"https:\/\/salecina.ch\/it\/incontro-movimento\/\" class=\"elementor-item\" tabindex=\"-1\">INCONTRO &amp; MOVIMENTO<\/a>\n<ul class=\"sub-menu elementor-nav-menu--dropdown\">\n\t<li class=\"menu-item menu-item-type-post_type menu-item-object-page menu-item-3531\"><a href=\"https:\/\/salecina.ch\/it\/persone-idee\/\" class=\"elementor-sub-item\" tabindex=\"-1\">persone &amp; idee<\/a><\/li>\n\t<li class=\"menu-item menu-item-type-post_type menu-item-object-page menu-item-3551\"><a href=\"https:\/\/salecina.ch\/it\/politica-cultura\/\" class=\"elementor-sub-item\" tabindex=\"-1\">politica &amp; cultura<\/a><\/li>\n\t<li class=\"menu-item menu-item-type-post_type menu-item-object-page menu-item-3572\"><a href=\"https:\/\/salecina.ch\/it\/agenda-eventi\/\" class=\"elementor-sub-item\" tabindex=\"-1\">agenda &amp; eventi<\/a><\/li>\n\t<li class=\"menu-item menu-item-type-post_type menu-item-object-page menu-item-3597\"><a href=\"https:\/\/salecina.ch\/it\/foto-media\/\" class=\"elementor-sub-item\" tabindex=\"-1\">foto &amp; media<\/a><\/li>\n<\/ul>\n<\/li>\n<li class=\"menu-item menu-item-type-post_type menu-item-object-page menu-item-has-children menu-item-3665\"><a href=\"https:\/\/salecina.ch\/it\/casa-storia\/\" class=\"elementor-item\" tabindex=\"-1\">CASA &amp; STORIA<\/a>\n<ul class=\"sub-menu elementor-nav-menu--dropdown\">\n\t<li class=\"menu-item menu-item-type-post_type menu-item-object-page menu-item-3677\"><a href=\"https:\/\/salecina.ch\/it\/posizione-ambiente\/\" class=\"elementor-sub-item\" tabindex=\"-1\">posizione &amp; ambiente<\/a><\/li>\n\t<li class=\"menu-item menu-item-type-post_type menu-item-object-page menu-item-3691\"><a href=\"https:\/\/salecina.ch\/it\/storia-storie\/\" class=\"elementor-sub-item\" tabindex=\"-1\">storia &amp; storie<\/a><\/li>\n\t<li class=\"menu-item menu-item-type-post_type menu-item-object-page menu-item-3696\"><a href=\"https:\/\/salecina.ch\/it\/team-idea\/\" class=\"elementor-sub-item\" tabindex=\"-1\">team &amp; idea<\/a><\/li>\n<\/ul>\n<\/li>\n<li class=\"menu-item menu-item-type-post_type menu-item-object-page menu-item-has-children menu-item-3711\"><a href=\"https:\/\/salecina.ch\/it\/contatti-prenotazioni\/\" class=\"elementor-item\" tabindex=\"-1\">CONTATTI &#038; INFO<\/a>\n<ul class=\"sub-menu elementor-nav-menu--dropdown\">\n\t<li class=\"menu-item menu-item-type-post_type menu-item-object-page menu-item-3717\"><a href=\"https:\/\/salecina.ch\/it\/prezzi-prenotazioni\/\" class=\"elementor-sub-item\" tabindex=\"-1\">prezzi<\/a><\/li>\n\t<li class=\"menu-item menu-item-type-post_type menu-item-object-page menu-item-3735\"><a href=\"https:\/\/salecina.ch\/it\/arrivo-informazioni\/\" class=\"elementor-sub-item\" tabindex=\"-1\">arrivo &amp; informazioni<\/a><\/li>\n\t<li class=\"menu-item menu-item-type-post_type menu-item-object-page menu-item-3754\"><a href=\"https:\/\/salecina.ch\/it\/link-faq\/\" class=\"elementor-sub-item\" tabindex=\"-1\">link &amp; FAQ<\/a><\/li>\n<\/ul>\n<\/li>\n<li class=\"menu-item wpml-ls-slot-5 wpml-ls-item wpml-ls-item-de wpml-ls-menu-item wpml-ls-first-item menu-item-type-wpml_ls_menu_item menu-item-object-wpml_ls_menu_item menu-item-wpml-ls-5-de\"><a href=\"https:\/\/salecina.ch\" class=\"elementor-item\" tabindex=\"-1\"><img decoding=\"async\"\n            class=\"wpml-ls-flag\"\n            src=\"https:\/\/salecina.ch\/wp-content\/plugins\/sitepress-multilingual-cms\/res\/flags\/de.png\"\n            alt=\"Tedesco\"\n            \n            \n    \/><\/a><\/li>\n<li class=\"menu-item wpml-ls-slot-5 wpml-ls-item wpml-ls-item-fr wpml-ls-menu-item menu-item-type-wpml_ls_menu_item menu-item-object-wpml_ls_menu_item menu-item-wpml-ls-5-fr\"><a href=\"https:\/\/salecina.ch\/fr\/\" class=\"elementor-item\" tabindex=\"-1\"><img decoding=\"async\"\n            class=\"wpml-ls-flag\"\n            src=\"https:\/\/salecina.ch\/wp-content\/plugins\/sitepress-multilingual-cms\/res\/flags\/fr.png\"\n            alt=\"Francese\"\n            \n            \n    \/><\/a><\/li>\n<li class=\"menu-item wpml-ls-slot-5 wpml-ls-item wpml-ls-item-en wpml-ls-menu-item wpml-ls-last-item menu-item-type-wpml_ls_menu_item menu-item-object-wpml_ls_menu_item menu-item-wpml-ls-5-en\"><a href=\"https:\/\/salecina.ch\/en\/\" class=\"elementor-item\" tabindex=\"-1\"><img decoding=\"async\"\n            class=\"wpml-ls-flag\"\n            src=\"https:\/\/salecina.ch\/wp-content\/plugins\/sitepress-multilingual-cms\/res\/flags\/en.png\"\n            alt=\"Inglese\"\n            \n            \n    \/><\/a><\/li>\n<\/ul>\t\t\t<\/nav>\n\t\t\t\t\t\t<\/div>\n\t\t\t\t<\/div>\n\t\t\t\t\t<\/div>\n\t\t<\/div>\n\t\t\t\t\t<\/div>\n\t\t<\/section>\n\t\t\t\t<\/div>\n\t\t<\/div>\n\t\t\t\t\t\t<\/div>\n\t\t\t\t<\/div>\n\t\t\t\t\t<\/div>\n\t\t<\/div>\n\t\t\t\t\t<\/div>\n\t\t<\/section>\n\t\t\t\t<section class=\"elementor-section elementor-top-section elementor-element elementor-element-7b5f2ab elementor-section-boxed elementor-section-height-default elementor-section-height-default\" data-id=\"7b5f2ab\" data-element_type=\"section\" data-e-type=\"section\">\n\t\t\t\t\t\t<div class=\"elementor-container elementor-column-gap-default\">\n\t\t\t\t\t<div class=\"elementor-column elementor-col-100 elementor-top-column elementor-element elementor-element-12484328\" data-id=\"12484328\" data-element_type=\"column\" data-e-type=\"column\">\n\t\t\t<div class=\"elementor-widget-wrap elementor-element-populated\">\n\t\t\t\t\t\t\t<\/div>\n\t\t<\/div>\n\t\t\t\t\t<\/div>\n\t\t<\/section>\n\t\t\t\t<section class=\"elementor-section elementor-top-section elementor-element elementor-element-7d37004 elementor-section-boxed elementor-section-height-default elementor-section-height-default\" data-id=\"7d37004\" data-element_type=\"section\" data-e-type=\"section\" data-settings=\"{&quot;background_background&quot;:&quot;classic&quot;}\">\n\t\t\t\t\t\t<div class=\"elementor-container elementor-column-gap-default\">\n\t\t\t\t\t<div data-dce-background-color=\"#FFFFFF\" class=\"elementor-column elementor-col-100 elementor-top-column elementor-element elementor-element-13c71c52\" data-id=\"13c71c52\" data-element_type=\"column\" data-e-type=\"column\" data-settings=\"{&quot;background_background&quot;:&quot;classic&quot;}\">\n\t\t\t<div class=\"elementor-widget-wrap elementor-element-populated\">\n\t\t\t\t\t\t<section class=\"elementor-section elementor-inner-section elementor-element elementor-element-23b05680 elementor-section-boxed elementor-section-height-default elementor-section-height-default\" data-id=\"23b05680\" data-element_type=\"section\" data-e-type=\"section\">\n\t\t\t\t\t\t<div class=\"elementor-container elementor-column-gap-default\">\n\t\t\t\t\t<div class=\"elementor-column elementor-col-50 elementor-inner-column elementor-element elementor-element-398d9d8d\" data-id=\"398d9d8d\" data-element_type=\"column\" data-e-type=\"column\" data-settings=\"{&quot;background_background&quot;:&quot;classic&quot;}\">\n\t\t\t<div class=\"elementor-widget-wrap elementor-element-populated\">\n\t\t\t\t\t\t<div class=\"elementor-element elementor-element-7fbcfaa8 dce_masking-none elementor-widget elementor-widget-image\" data-id=\"7fbcfaa8\" data-element_type=\"widget\" data-e-type=\"widget\" data-widget_type=\"image.default\">\n\t\t\t\t<div class=\"elementor-widget-container\">\n\t\t\t\t\t\t\t\t\t\t\t\t\t\t\t<img fetchpriority=\"high\" decoding=\"async\" width=\"1000\" height=\"290\" src=\"https:\/\/salecina.ch\/wp-content\/uploads\/2021\/07\/menschen.jpg\" class=\"attachment-full size-full wp-image-1203\" alt=\"\" srcset=\"https:\/\/salecina.ch\/wp-content\/uploads\/2021\/07\/menschen.jpg 1000w, https:\/\/salecina.ch\/wp-content\/uploads\/2021\/07\/menschen-300x87.jpg 300w, https:\/\/salecina.ch\/wp-content\/uploads\/2021\/07\/menschen-768x223.jpg 768w\" sizes=\"(max-width: 1000px) 100vw, 1000px\" \/>\t\t\t\t\t\t\t\t\t\t\t\t\t\t\t<\/div>\n\t\t\t\t<\/div>\n\t\t\t\t<section class=\"elementor-section elementor-inner-section elementor-element elementor-element-46a9f96 elementor-section-boxed elementor-section-height-default elementor-section-height-default\" data-id=\"46a9f96\" data-element_type=\"section\" data-e-type=\"section\">\n\t\t\t\t\t\t<div class=\"elementor-container elementor-column-gap-default\">\n\t\t\t\t\t<div class=\"elementor-column elementor-col-50 elementor-inner-column elementor-element elementor-element-702df5b\" data-id=\"702df5b\" data-element_type=\"column\" data-e-type=\"column\">\n\t\t\t<div class=\"elementor-widget-wrap elementor-element-populated\">\n\t\t\t\t\t\t<div class=\"elementor-element elementor-element-95d4c89 elementor-widget elementor-widget-text-editor\" data-id=\"95d4c89\" data-element_type=\"widget\" data-e-type=\"widget\" data-widget_type=\"text-editor.default\">\n\t\t\t\t<div class=\"elementor-widget-container\">\n\t\t\t\t\t\t\t\t\t<h2>Salecina in movimento&#8230;<\/h2>\n<p>Settimane di sci alpinistico, corsi di sci di fondo, passeggiate letterarie, workshop coristici o laboratori di storia&#8230; Salecina offre un programma di seminari molto variegato. Qui non mancano i corsi di taglio politico, che hanno lo scopo di riunire le persone impegnate per confrontarsi su come essere parte attiva della societ\u00e0, n\u00e9 mancano offerte di carattere culturale e\/o sportivo. Come c&#8217;\u00e8 chi vuole semplicemente rilassarsi qualche giorno nell&#8217;aria limpida delle montagne.  <\/p>\n\t\t\t\t\t\t\t\t<\/div>\n\t\t\t\t<\/div>\n\t\t\t\t\t<\/div>\n\t\t<\/div>\n\t\t\t\t<div class=\"elementor-column elementor-col-50 elementor-inner-column elementor-element elementor-element-5d82d0d\" data-id=\"5d82d0d\" data-element_type=\"column\" data-e-type=\"column\">\n\t\t\t<div class=\"elementor-widget-wrap elementor-element-populated\">\n\t\t\t\t\t\t<div class=\"elementor-element elementor-element-740a251 elementor-widget elementor-widget-text-editor\" data-id=\"740a251\" data-element_type=\"widget\" data-e-type=\"widget\" data-widget_type=\"text-editor.default\">\n\t\t\t\t<div class=\"elementor-widget-container\">\n\t\t\t\t\t\t\t\t\t<h3>Programma dei seminari<\/h3><p>Annualmente una Commissione Seminari stila il programma, acquisendo anche i temi e le proposte degli ospiti.<\/p><p>Per i seminari e i soggiorni delle scolaresche sono previsti prezzi speciali. Inoltre i gruppi politici che desiderano sviluppare nuove idee a Salecina ottengono condizioni particolari.<\/p><p>Tutti i dettagli sui corsi e seminari <a title=\"agenda &amp; eventi\" href=\"https:\/\/salecina.ch\/it\/agenda-eventi\/\">qui&#8230;<\/a><\/p>\t\t\t\t\t\t\t\t<\/div>\n\t\t\t\t<\/div>\n\t\t\t\t\t<\/div>\n\t\t<\/div>\n\t\t\t\t\t<\/div>\n\t\t<\/section>\n\t\t\t\t<section class=\"elementor-section elementor-inner-section elementor-element elementor-element-dde77cb elementor-section-boxed elementor-section-height-default elementor-section-height-default\" data-id=\"dde77cb\" data-element_type=\"section\" data-e-type=\"section\">\n\t\t\t\t\t\t<div class=\"elementor-container elementor-column-gap-default\">\n\t\t\t\t\t<div class=\"elementor-column elementor-col-100 elementor-inner-column elementor-element elementor-element-a61da5d\" data-id=\"a61da5d\" data-element_type=\"column\" data-e-type=\"column\">\n\t\t\t<div class=\"elementor-widget-wrap elementor-element-populated\">\n\t\t\t\t\t\t<div class=\"elementor-element elementor-element-18a15ec elementor-widget elementor-widget-gallery\" data-id=\"18a15ec\" data-element_type=\"widget\" data-e-type=\"widget\" data-settings=\"{&quot;lazyload&quot;:&quot;yes&quot;,&quot;gallery_layout&quot;:&quot;grid&quot;,&quot;columns&quot;:4,&quot;columns_tablet&quot;:2,&quot;columns_mobile&quot;:1,&quot;gap&quot;:{&quot;unit&quot;:&quot;px&quot;,&quot;size&quot;:10,&quot;sizes&quot;:[]},&quot;gap_widescreen&quot;:{&quot;unit&quot;:&quot;px&quot;,&quot;size&quot;:&quot;&quot;,&quot;sizes&quot;:[]},&quot;gap_laptop&quot;:{&quot;unit&quot;:&quot;px&quot;,&quot;size&quot;:10,&quot;sizes&quot;:[]},&quot;gap_tablet_extra&quot;:{&quot;unit&quot;:&quot;px&quot;,&quot;size&quot;:10,&quot;sizes&quot;:[]},&quot;gap_tablet&quot;:{&quot;unit&quot;:&quot;px&quot;,&quot;size&quot;:10,&quot;sizes&quot;:[]},&quot;gap_mobile_extra&quot;:{&quot;unit&quot;:&quot;px&quot;,&quot;size&quot;:10,&quot;sizes&quot;:[]},&quot;gap_mobile&quot;:{&quot;unit&quot;:&quot;px&quot;,&quot;size&quot;:10,&quot;sizes&quot;:[]},&quot;link_to&quot;:&quot;file&quot;,&quot;aspect_ratio&quot;:&quot;3:2&quot;,&quot;overlay_background&quot;:&quot;yes&quot;,&quot;content_hover_animation&quot;:&quot;fade-in&quot;}\" data-widget_type=\"gallery.default\">\n\t\t\t\t<div class=\"elementor-widget-container\">\n\t\t\t\t\t\t\t<div class=\"elementor-gallery__container\">\n\t\t\t\t\t\t\t<a class=\"e-gallery-item elementor-gallery-item elementor-animated-content\" href=\"https:\/\/salecina.ch\/wp-content\/uploads\/2021\/07\/2009-08-22_Danze_popolari_Alessandra_Bearzatto08.jpg\" data-elementor-open-lightbox=\"yes\" data-elementor-lightbox-slideshow=\"18a15ec\" data-elementor-lightbox-title=\"2009-08-22_Danze_popolari_Alessandra_Bearzatto08\" data-e-action-hash=\"#elementor-action%3Aaction%3Dlightbox%26settings%3DeyJpZCI6MTI0MCwidXJsIjoiaHR0cHM6XC9cL3NhbGVjaW5hLmNoXC93cC1jb250ZW50XC91cGxvYWRzXC8yMDIxXC8wN1wvMjAwOS0wOC0yMl9EYW56ZV9wb3BvbGFyaV9BbGVzc2FuZHJhX0JlYXJ6YXR0bzA4LmpwZyIsInNsaWRlc2hvdyI6IjE4YTE1ZWMifQ%3D%3D\">\n\t\t\t\t\t<div class=\"e-gallery-image elementor-gallery-item__image\" data-thumbnail=\"https:\/\/salecina.ch\/wp-content\/uploads\/2021\/07\/2009-08-22_Danze_popolari_Alessandra_Bearzatto08-300x200.jpg\" data-width=\"300\" data-height=\"200\" aria-label=\"\" role=\"img\" ><\/div>\n\t\t\t\t\t\t\t\t\t\t\t<div class=\"elementor-gallery-item__overlay\"><\/div>\n\t\t\t\t\t\t\t\t\t\t\t\t\t\t<\/a>\n\t\t\t\t\t\t\t<a class=\"e-gallery-item elementor-gallery-item elementor-animated-content\" href=\"https:\/\/salecina.ch\/wp-content\/uploads\/2021\/07\/Salecina_2013_027.jpg\" data-elementor-open-lightbox=\"yes\" data-elementor-lightbox-slideshow=\"18a15ec\" data-elementor-lightbox-title=\"Salecina_2013_027\" data-e-action-hash=\"#elementor-action%3Aaction%3Dlightbox%26settings%3DeyJpZCI6MTIzNiwidXJsIjoiaHR0cHM6XC9cL3NhbGVjaW5hLmNoXC93cC1jb250ZW50XC91cGxvYWRzXC8yMDIxXC8wN1wvU2FsZWNpbmFfMjAxM18wMjcuanBnIiwic2xpZGVzaG93IjoiMThhMTVlYyJ9\">\n\t\t\t\t\t<div class=\"e-gallery-image elementor-gallery-item__image\" data-thumbnail=\"https:\/\/salecina.ch\/wp-content\/uploads\/2021\/07\/Salecina_2013_027-300x200.jpg\" data-width=\"300\" data-height=\"200\" aria-label=\"\" role=\"img\" ><\/div>\n\t\t\t\t\t\t\t\t\t\t\t<div class=\"elementor-gallery-item__overlay\"><\/div>\n\t\t\t\t\t\t\t\t\t\t\t\t\t\t<\/a>\n\t\t\t\t\t\t\t<a class=\"e-gallery-item elementor-gallery-item elementor-animated-content\" href=\"https:\/\/salecina.ch\/wp-content\/uploads\/2021\/07\/DSC06259.jpg\" data-elementor-open-lightbox=\"yes\" data-elementor-lightbox-slideshow=\"18a15ec\" data-elementor-lightbox-title=\"DSC06259\" data-e-action-hash=\"#elementor-action%3Aaction%3Dlightbox%26settings%3DeyJpZCI6MTI0OCwidXJsIjoiaHR0cHM6XC9cL3NhbGVjaW5hLmNoXC93cC1jb250ZW50XC91cGxvYWRzXC8yMDIxXC8wN1wvRFNDMDYyNTkuanBnIiwic2xpZGVzaG93IjoiMThhMTVlYyJ9\">\n\t\t\t\t\t<div class=\"e-gallery-image elementor-gallery-item__image\" data-thumbnail=\"https:\/\/salecina.ch\/wp-content\/uploads\/2021\/07\/DSC06259-300x200.jpg\" data-width=\"300\" data-height=\"200\" aria-label=\"\" role=\"img\" ><\/div>\n\t\t\t\t\t\t\t\t\t\t\t<div class=\"elementor-gallery-item__overlay\"><\/div>\n\t\t\t\t\t\t\t\t\t\t\t\t\t\t<\/a>\n\t\t\t\t\t\t\t<a class=\"e-gallery-item elementor-gallery-item elementor-animated-content\" href=\"https:\/\/salecina.ch\/wp-content\/uploads\/2021\/07\/IMG_0152.jpg\" data-elementor-open-lightbox=\"yes\" data-elementor-lightbox-slideshow=\"18a15ec\" data-elementor-lightbox-title=\"IMG_0152\" data-e-action-hash=\"#elementor-action%3Aaction%3Dlightbox%26settings%3DeyJpZCI6MTI0NCwidXJsIjoiaHR0cHM6XC9cL3NhbGVjaW5hLmNoXC93cC1jb250ZW50XC91cGxvYWRzXC8yMDIxXC8wN1wvSU1HXzAxNTIuanBnIiwic2xpZGVzaG93IjoiMThhMTVlYyJ9\">\n\t\t\t\t\t<div class=\"e-gallery-image elementor-gallery-item__image\" data-thumbnail=\"https:\/\/salecina.ch\/wp-content\/uploads\/2021\/07\/IMG_0152-300x200.jpg\" data-width=\"300\" data-height=\"200\" aria-label=\"\" role=\"img\" ><\/div>\n\t\t\t\t\t\t\t\t\t\t\t<div class=\"elementor-gallery-item__overlay\"><\/div>\n\t\t\t\t\t\t\t\t\t\t\t\t\t\t<\/a>\n\t\t\t\t\t<\/div>\n\t\t\t\t\t<\/div>\n\t\t\t\t<\/div>\n\t\t\t\t\t<\/div>\n\t\t<\/div>\n\t\t\t\t\t<\/div>\n\t\t<\/section>\n\t\t\t\t<section data-pa-eq-height=\"{&quot;targetType&quot;:&quot;custom&quot;,&quot;target&quot;:[&quot;.equal_height&quot;],&quot;trigger&quot;:&quot;load&quot;,&quot;enableOn&quot;:[&quot;desktop&quot;,&quot;tablet&quot;,&quot;mobile&quot;,&quot;widescreen&quot;,&quot;laptop&quot;,&quot;tablet_extra&quot;,&quot;mobile_extra&quot;]}\" class=\"elementor-section elementor-inner-section elementor-element elementor-element-8338b78 premium-equal-height-yes elementor-section-boxed elementor-section-height-default elementor-section-height-default\" data-id=\"8338b78\" data-element_type=\"section\" data-e-type=\"section\" data-settings=\"{&quot;premium_eq_height_switcher&quot;:&quot;yes&quot;}\">\n\t\t\t\t\t\t<div class=\"elementor-container elementor-column-gap-default\">\n\t\t\t\t\t<div class=\"elementor-column elementor-col-50 elementor-inner-column elementor-element elementor-element-dfdc731 equal_height\" data-id=\"dfdc731\" data-element_type=\"column\" data-e-type=\"column\">\n\t\t\t<div class=\"elementor-widget-wrap elementor-element-populated\">\n\t\t\t\t\t\t<div class=\"elementor-element elementor-element-5935a25 elementor-widget elementor-widget-text-editor\" data-id=\"5935a25\" data-element_type=\"widget\" data-e-type=\"widget\" data-widget_type=\"text-editor.default\">\n\t\t\t\t<div class=\"elementor-widget-container\">\n\t\t\t\t\t\t\t\t\t<h3>Seminari politici<\/h3><p><span title=\"F\u00f6rderungen.pdf\">Ogni anno a Salecina si svolgono seminari internazionali a tema politico, sociale, ecologico. Le promotrici e i promotori di questi seminari possono richiedere condizioni particolari e sovvenzioni. <br \/><\/span><\/p><p>L&#8217;importo della sovvenzione \u00e8 volto a offrire un prezzo di soggiorno conveniente per chi partecipa al seminario, non si pu\u00f2 quindi riferire alla retribuzione di chi lo tiene. Per Salecina \u00e8 un valore importante che un seminario politico sia tenuto in pi\u00f9 lingue (italiano, tedesco,&#8230;) perch\u00e9 questa condizione, sebbene non vincolante, pu\u00f2 coinvolgere una rete pi\u00f9 ampia di persone.<\/p><p><img decoding=\"async\" class=\" wp-image-1268 aligncenter\" src=\"https:\/\/salecina.ch\/wp-content\/uploads\/2021\/07\/Salecina_Negative_171-300x200.jpg\" alt=\"\" width=\"368\" height=\"245\" srcset=\"https:\/\/salecina.ch\/wp-content\/uploads\/2021\/07\/Salecina_Negative_171-300x200.jpg 300w, https:\/\/salecina.ch\/wp-content\/uploads\/2021\/07\/Salecina_Negative_171.jpg 640w\" sizes=\"(max-width: 368px) 100vw, 368px\" \/><\/p>\t\t\t\t\t\t\t\t<\/div>\n\t\t\t\t<\/div>\n\t\t\t\t<div class=\"elementor-element elementor-element-9d0aeb2 elementor-widget elementor-widget-text-editor\" data-id=\"9d0aeb2\" data-element_type=\"widget\" data-e-type=\"widget\" data-widget_type=\"text-editor.default\">\n\t\t\t\t<div class=\"elementor-widget-container\">\n\t\t\t\t\t\t\t\t\t<h4>Domande di sovvenzione<\/h4><p>Le domande di sovvenzione per seminari politici devono pervenire a Salecina entro l&#8217;1 settembre dell&#8217;anno precedente. La decisione su quali sovvenzioni erogare spetta alla Fondazione Salecina. Indirizzi: <a href=\"mailto:koordinamento@salecina.ch\">koordinamento@salecina.ch<\/a>;\u00a0 <a href=\"mailto:info@salecina.ch\">info@salecina.ch<\/a><\/p><p>Altre domande? Chiamateci pure per informazioni: +41 (0)81 8243239<\/p>\t\t\t\t\t\t\t\t<\/div>\n\t\t\t\t<\/div>\n\t\t\t\t\t<\/div>\n\t\t<\/div>\n\t\t\t\t<div class=\"elementor-column elementor-col-50 elementor-inner-column elementor-element elementor-element-045438b equal_height\" data-id=\"045438b\" data-element_type=\"column\" data-e-type=\"column\">\n\t\t\t<div class=\"elementor-widget-wrap elementor-element-populated\">\n\t\t\t\t\t\t<div class=\"elementor-element elementor-element-7062b96 elementor-widget elementor-widget-text-editor\" data-id=\"7062b96\" data-element_type=\"widget\" data-e-type=\"widget\" data-widget_type=\"text-editor.default\">\n\t\t\t\t<div class=\"elementor-widget-container\">\n\t\t\t\t\t\t\t\t\t<h3>Sviluppare idee<\/h3><p>Salecina \u00e8 il luogo ideale per far nascere nuove idee. Immersa in una natura meravigliosa e strutturata per promuovere la comunicazione, \u00e8 da cinquant&#8217;anni punto di incontro dei movimenti di sinistra, ecologisti, sociali e solidaristici.<\/p><p><img decoding=\"async\" class=\" wp-image-1261 aligncenter\" src=\"https:\/\/salecina.ch\/wp-content\/uploads\/2021\/07\/Salecina_610-300x191.jpg\" alt=\"\" width=\"399\" height=\"254\" srcset=\"https:\/\/salecina.ch\/wp-content\/uploads\/2021\/07\/Salecina_610-300x191.jpg 300w, https:\/\/salecina.ch\/wp-content\/uploads\/2021\/07\/Salecina_610.jpg 640w\" sizes=\"(max-width: 399px) 100vw, 399px\" \/><\/p><p>Alcuni esempi di seminari: \u00abLa frontiera sud dei Grigioni 1943\u20131945 Profughi, partigiani, spie, contrabbandieri \u2013 e l\u2019alpinista Ettore Castiglioni\u00bb, \u00abDonne e lavoro: Il diritto delle donne al reddito \u2013 oggi e domani\u00bb, \u00abImmigrati in terra d\u2019emigranti Storie di migrazione nei Grigioni e in Provincia di Sondrio tra XX e XXI secolo\u00bb.<\/p>\t\t\t\t\t\t\t\t<\/div>\n\t\t\t\t<\/div>\n\t\t\t\t\t<\/div>\n\t\t<\/div>\n\t\t\t\t\t<\/div>\n\t\t<\/section>\n\t\t\t\t\t<\/div>\n\t\t<\/div>\n\t\t\t\t<div class=\"elementor-column elementor-col-50 elementor-inner-column elementor-element elementor-element-637bb16f\" data-id=\"637bb16f\" data-element_type=\"column\" data-e-type=\"column\">\n\t\t\t<div class=\"elementor-widget-wrap elementor-element-populated\">\n\t\t\t\t\t\t<div data-dce-advanced-background-color=\"#DCDCDC\" class=\"elementor-element elementor-element-0845205 elementor-widget elementor-widget-text-editor\" data-id=\"0845205\" data-element_type=\"widget\" data-e-type=\"widget\" data-widget_type=\"text-editor.default\">\n\t\t\t\t<div class=\"elementor-widget-container\">\n\t\t\t\t\t\t\t\t\t<h3><img loading=\"lazy\" decoding=\"async\" class=\"aligncenter wp-image-1303 size-full\" src=\"https:\/\/salecina.ch\/wp-content\/uploads\/2021\/07\/facebook-friends.png\" alt=\"\" width=\"640\" height=\"400\" srcset=\"https:\/\/salecina.ch\/wp-content\/uploads\/2021\/07\/facebook-friends.png 640w, https:\/\/salecina.ch\/wp-content\/uploads\/2021\/07\/facebook-friends-300x188.png 300w\" sizes=\"(max-width: 640px) 100vw, 640px\" \/><\/h3><h3>Amiche e Amici di Salecina<\/h3><p>Nell&#8217;anno 2000 alcuni ospiti hanno dato vita all&#8217;associazione \u00abAmici di Salecina\u00bb. Lo scopo di questo gruppo \u00e8 preservare l&#8217;indipendenza e la continuit\u00e0 di Salecina e di sostenere progetti particolarmente innovativi che faticano a trovare spazio nel bilancio ordinario. I contributi e le donazioni vengono utilizzati per soddisfare le richieste di miglioramento espresse dagli ospiti e per tener fede il pi\u00f9 possibile alle esigenze sociali, politiche e ambientali di Salecina.<\/p><p>Invitiamo tutti coloro che possono permetterselo a diventare amiche e amici di Salecina. Nell&#8217;importo annuo di 50\/150\/300 Frs \u00e8 incluso l&#8217;abbonamento all&#8217;Info. Cogliamo inoltre l&#8217;occasione per ringraziare di cuore tutte le Amiche e gli Amici per il loro contributo.<\/p><p><a href=\"https:\/\/salecina.ch\/wp-content\/uploads\/2026\/01\/26_amicibrief_it.pdf\">Lettera Amiche e Amici Dic. 2025<\/a><\/p><p><strong>CH \u2013 SVIZZERA (valuta Franchi Svizzeri):<\/strong><br \/>Postfinance, CH-3030 Bern, Stiftung Salecina, CH-7516 Maloja.<br \/>Numero di conto: 70-11229-9<br \/>IBAN: CH32 0900 0000 7001 1229 9<br \/>BIC: POFICHBEXXX<\/p><p><strong>ITALIA (valuta Euro):<\/strong><br \/>conto corrente banca GLS, Bochum<br \/>Fondazione\/Stiftung Salecina,<br \/>CH-7516 Maloja.<br \/>Coordinate: IBAN DE21 4306 0967 1222 2567 00<br \/>BIC GENODEM1GLS<\/p>\t\t\t\t\t\t\t\t<\/div>\n\t\t\t\t<\/div>\n\t\t\t\t<div data-dce-advanced-background-color=\"#DCDCDC\" class=\"elementor-element elementor-element-7ccc0c2 elementor-widget elementor-widget-text-editor\" data-id=\"7ccc0c2\" data-element_type=\"widget\" data-e-type=\"widget\" data-widget_type=\"text-editor.default\">\n\t\t\t\t<div class=\"elementor-widget-container\">\n\t\t\t\t\t\t\t\t\t<h3>Arte e cultura in Val Bregaglia<\/h3><p>Il territorio a cavallo tra l&#8217;Italia e l&#8217;Engadina ha ispirato nei secoli importanti esponenti della cultura artistica europea, per non dire mondiale, da pittori e scultori a poeti e scrittori. La Val Bregaglia ha dato i natali alla famiglia Giacometti, tra i quali spicca il celebre scultore <a href=\"https:\/\/it.wikipedia.org\/wiki\/Alberto_Giacometti\" target=\"_blank\" rel=\"noopener\">Alberto Giacometti<\/a>, e altri artisti che la scelsero quale patria d\u2019adozione, chi come Segantini per i maestosi paesaggi e la luce particolare e chi per amore come Varlin.<\/p><p>Anche oggi la valle ospita vari pittori, scultori e abili artigiani che con le loro opere arricchiscono la cultura valligiana.<\/p><p>Nei vari paesi della valle potete visitare gallerie d\u2019arte, musei e palazzi storici. Tra i pi\u00f9 importanti e famosi possiamo citare sicuramente il &#8220;Museo Ci\u00e4sa Granda&#8221; a Stampa, la &#8220;Villa Garbald&#8221; a Castasegna, il &#8220;Palazzo Castelmur&#8221; a Coltura, la &#8220;Torre Belvedere&#8221; a Maloja e molti altri.<\/p><p>Per sapere di pi\u00f9: <a href=\"http:\/\/www.bregaglia.ch\/\" target=\"_blank\" rel=\"noopener\">www.bregaglia.ch<\/a><\/p>\t\t\t\t\t\t\t\t<\/div>\n\t\t\t\t<\/div>\n\t\t\t\t\t<\/div>\n\t\t<\/div>\n\t\t\t\t\t<\/div>\n\t\t<\/section>\n\t\t\t\t\t<\/div>\n\t\t<\/div>\n\t\t\t\t\t<\/div>\n\t\t<\/section>\n\t\t\t\t<section class=\"elementor-section elementor-top-section elementor-element elementor-element-8049423 elementor-section-full_width elementor-section-stretched elementor-section-height-default elementor-section-height-default\" data-id=\"8049423\" data-element_type=\"section\" data-e-type=\"section\" data-settings=\"{&quot;stretch_section&quot;:&quot;section-stretched&quot;}\">\n\t\t\t\t\t\t<div class=\"elementor-container elementor-column-gap-default\">\n\t\t\t\t\t<div class=\"elementor-column elementor-col-100 elementor-top-column elementor-element elementor-element-843155e\" data-id=\"843155e\" data-element_type=\"column\" data-e-type=\"column\">\n\t\t\t<div class=\"elementor-widget-wrap elementor-element-populated\">\n\t\t\t\t\t\t<div class=\"elementor-element elementor-element-c03c359 elementor-widget elementor-widget-shortcode\" data-id=\"c03c359\" data-element_type=\"widget\" data-e-type=\"widget\" data-widget_type=\"shortcode.default\">\n\t\t\t\t<div class=\"elementor-widget-container\">\n\t\t\t\t\t\t\t<div class=\"elementor-shortcode\">\t\t<div data-elementor-type=\"section\" data-elementor-id=\"2590\" class=\"elementor elementor-2590\" data-elementor-post-type=\"elementor_library\">\n\t\t\t\t\t<section class=\"elementor-section elementor-top-section elementor-element elementor-element-2f9635c2 elementor-section-stretched elementor-hidden-phone elementor-section-boxed elementor-section-height-default elementor-section-height-default\" data-id=\"2f9635c2\" data-element_type=\"section\" data-e-type=\"section\" data-settings=\"{&quot;stretch_section&quot;:&quot;section-stretched&quot;}\">\n\t\t\t\t\t\t<div class=\"elementor-container elementor-column-gap-default\">\n\t\t\t\t\t<div class=\"elementor-column elementor-col-16 elementor-top-column elementor-element elementor-element-16f4a8f6\" data-id=\"16f4a8f6\" data-element_type=\"column\" data-e-type=\"column\">\n\t\t\t<div class=\"elementor-widget-wrap elementor-element-populated\">\n\t\t\t\t\t\t<div class=\"elementor-element elementor-element-29904fc0 elementor-widget elementor-widget-text-editor\" data-id=\"29904fc0\" data-element_type=\"widget\" data-e-type=\"widget\" data-widget_type=\"text-editor.default\">\n\t\t\t\t<div class=\"elementor-widget-container\">\n\t\t\t\t\t\t\t\t\t<p><a href=\"https:\/\/salecina.ch\/it\/\"><strong>SALECINA<\/strong><\/a><\/p>\n\t\t\t\t\t\t\t\t<\/div>\n\t\t\t\t<\/div>\n\t\t\t\t\t<\/div>\n\t\t<\/div>\n\t\t\t\t<div class=\"elementor-column elementor-col-16 elementor-top-column elementor-element elementor-element-381ec260\" data-id=\"381ec260\" data-element_type=\"column\" data-e-type=\"column\">\n\t\t\t<div class=\"elementor-widget-wrap elementor-element-populated\">\n\t\t\t\t\t\t<div class=\"elementor-element elementor-element-24b5b4b2 elementor-widget elementor-widget-text-editor\" data-id=\"24b5b4b2\" data-element_type=\"widget\" data-e-type=\"widget\" data-widget_type=\"text-editor.default\">\n\t\t\t\t<div class=\"elementor-widget-container\">\n\t\t\t\t\t\t\t\t\t<p><a href=\"https:\/\/salecina.ch\/it\/mangiare-dormire\/\"><strong>MANGIARE &amp; DORMIRE<\/strong><\/a><\/p><p><a href=\"https:\/\/salecina.ch\/it\/personale-ospiti\/\">personale &amp; ospiti<\/a><\/p><p><a href=\"https:\/\/salecina.ch\/it\/camere-servizi\/\">camere &amp; servizi<\/a><\/p>\t\t\t\t\t\t\t\t<\/div>\n\t\t\t\t<\/div>\n\t\t\t\t\t<\/div>\n\t\t<\/div>\n\t\t\t\t<div class=\"elementor-column elementor-col-16 elementor-top-column elementor-element elementor-element-2fb0f91\" data-id=\"2fb0f91\" data-element_type=\"column\" data-e-type=\"column\">\n\t\t\t<div class=\"elementor-widget-wrap elementor-element-populated\">\n\t\t\t\t\t\t<div class=\"elementor-element elementor-element-133f6e7e elementor-widget elementor-widget-text-editor\" data-id=\"133f6e7e\" data-element_type=\"widget\" data-e-type=\"widget\" data-widget_type=\"text-editor.default\">\n\t\t\t\t<div class=\"elementor-widget-container\">\n\t\t\t\t\t\t\t\t\t<p><a href=\"https:\/\/salecina.ch\/it\/incontro-movimento\/\"><strong>INCONTRO &amp; MOVIMENTO<\/strong><\/a><\/p><p><a href=\"https:\/\/salecina.ch\/it\/persone-idee\/\">persone &amp; idee<\/a><\/p><p><a href=\"https:\/\/salecina.ch\/it\/politica-cultura\/\">politica &amp; cultura<\/a><\/p><p><a href=\"https:\/\/salecina.ch\/it\/agenda-eventi\/\">agenda &amp; eventi<\/a><\/p><p><a href=\"https:\/\/salecina.ch\/it\/foto-media\/\">foto &amp; media<\/a><\/p>\t\t\t\t\t\t\t\t<\/div>\n\t\t\t\t<\/div>\n\t\t\t\t\t<\/div>\n\t\t<\/div>\n\t\t\t\t<div class=\"elementor-column elementor-col-16 elementor-top-column elementor-element elementor-element-173e5128\" data-id=\"173e5128\" data-element_type=\"column\" data-e-type=\"column\">\n\t\t\t<div class=\"elementor-widget-wrap elementor-element-populated\">\n\t\t\t\t\t\t<div class=\"elementor-element elementor-element-3d6edf63 elementor-widget elementor-widget-text-editor\" data-id=\"3d6edf63\" data-element_type=\"widget\" data-e-type=\"widget\" data-widget_type=\"text-editor.default\">\n\t\t\t\t<div class=\"elementor-widget-container\">\n\t\t\t\t\t\t\t\t\t<p><a href=\"https:\/\/salecina.ch\/it\/casa-storia\/\"><strong>CASA &amp; STORIA<\/strong><\/a><\/p><p><a href=\"https:\/\/salecina.ch\/it\/posizione-ambiente\/\">posizione &amp; ambiente<\/a><\/p><p><a href=\"https:\/\/salecina.ch\/it\/storia-storie\/\">storia &amp; storie<\/a><\/p><p><a href=\"https:\/\/salecina.ch\/it\/team-idea\/\">team &amp; idea<\/a><\/p>\t\t\t\t\t\t\t\t<\/div>\n\t\t\t\t<\/div>\n\t\t\t\t\t<\/div>\n\t\t<\/div>\n\t\t\t\t<div class=\"elementor-column elementor-col-16 elementor-top-column elementor-element elementor-element-5804a03e\" data-id=\"5804a03e\" data-element_type=\"column\" data-e-type=\"column\">\n\t\t\t<div class=\"elementor-widget-wrap elementor-element-populated\">\n\t\t\t\t\t\t<div class=\"elementor-element elementor-element-6469c908 elementor-widget elementor-widget-text-editor\" data-id=\"6469c908\" data-element_type=\"widget\" data-e-type=\"widget\" data-widget_type=\"text-editor.default\">\n\t\t\t\t<div class=\"elementor-widget-container\">\n\t\t\t\t\t\t\t\t\t<p><a href=\"https:\/\/salecina.ch\/it\/contatti-prenotazioni\/\"><strong>CONTATTI &amp; INFO<\/strong><\/a><\/p><p><a href=\"https:\/\/salecina.ch\/it\/prezzi-prenotazioni\/\">prezzi<\/a><\/p><p><a href=\"https:\/\/salecina.ch\/it\/arrivo-informazioni\/\">arrivo &amp; informazioni<\/a><\/p><p><a href=\"https:\/\/salecina.ch\/it\/link-faq\/\">link &amp; FAQ<\/a><\/p>\t\t\t\t\t\t\t\t<\/div>\n\t\t\t\t<\/div>\n\t\t\t\t\t<\/div>\n\t\t<\/div>\n\t\t\t\t<div class=\"elementor-column elementor-col-16 elementor-top-column elementor-element elementor-element-1d4b455d\" data-id=\"1d4b455d\" data-element_type=\"column\" data-e-type=\"column\">\n\t\t\t<div class=\"elementor-widget-wrap elementor-element-populated\">\n\t\t\t\t\t\t<div class=\"elementor-element elementor-element-422cda3d elementor-widget elementor-widget-text-editor\" data-id=\"422cda3d\" data-element_type=\"widget\" data-e-type=\"widget\" data-widget_type=\"text-editor.default\">\n\t\t\t\t<div class=\"elementor-widget-container\">\n\t\t\t\t\t\t\t\t\t<p><a href=\"https:\/\/salecina.ch\/\">\u00a9 Salecina 2021<\/a><\/p>\n\t\t\t\t\t\t\t\t<\/div>\n\t\t\t\t<\/div>\n\t\t\t\t<div class=\"elementor-element elementor-element-7a69073 elementor-shape-square e-grid-align-left elementor-grid-0 elementor-widget elementor-widget-social-icons\" data-id=\"7a69073\" data-element_type=\"widget\" data-e-type=\"widget\" data-widget_type=\"social-icons.default\">\n\t\t\t\t<div class=\"elementor-widget-container\">\n\t\t\t\t\t\t\t<div class=\"elementor-social-icons-wrapper elementor-grid\" role=\"list\">\n\t\t\t\t\t\t\t<span class=\"elementor-grid-item\" role=\"listitem\">\n\t\t\t\t\t<a class=\"elementor-icon elementor-social-icon elementor-social-icon-facebook elementor-animation-shrink elementor-repeater-item-f267571\" href=\"https:\/\/www.facebook.com\/Salecina\" target=\"_blank\">\n\t\t\t\t\t\t<span class=\"elementor-screen-only\">Facebook<\/span>\n\t\t\t\t\t\t<i aria-hidden=\"true\" class=\"fab fa-facebook\"><\/i>\t\t\t\t\t<\/a>\n\t\t\t\t<\/span>\n\t\t\t\t\t\t\t<span class=\"elementor-grid-item\" role=\"listitem\">\n\t\t\t\t\t<a class=\"elementor-icon elementor-social-icon elementor-social-icon-twitter elementor-animation-shrink elementor-repeater-item-18f95d2\" href=\"https:\/\/twitter.com\/salecinaCH\" target=\"_blank\">\n\t\t\t\t\t\t<span class=\"elementor-screen-only\">Twitter<\/span>\n\t\t\t\t\t\t<i aria-hidden=\"true\" class=\"fab fa-twitter\"><\/i>\t\t\t\t\t<\/a>\n\t\t\t\t<\/span>\n\t\t\t\t\t<\/div>\n\t\t\t\t\t\t<\/div>\n\t\t\t\t<\/div>\n\t\t\t\t\t<\/div>\n\t\t<\/div>\n\t\t\t\t\t<\/div>\n\t\t<\/section>\n\t\t\t\t<section class=\"elementor-section elementor-top-section elementor-element elementor-element-251b326 elementor-section-boxed elementor-section-height-default elementor-section-height-default\" data-id=\"251b326\" data-element_type=\"section\" data-e-type=\"section\">\n\t\t\t\t\t\t<div class=\"elementor-container elementor-column-gap-default\">\n\t\t\t\t\t<div class=\"elementor-column elementor-col-100 elementor-top-column elementor-element elementor-element-5249206\" data-id=\"5249206\" data-element_type=\"column\" data-e-type=\"column\">\n\t\t\t<div class=\"elementor-widget-wrap elementor-element-populated\">\n\t\t\t\t\t\t<div class=\"elementor-element elementor-element-5dab0c5 elementor-widget elementor-widget-text-editor\" data-id=\"5dab0c5\" data-element_type=\"widget\" data-e-type=\"widget\" data-widget_type=\"text-editor.default\">\n\t\t\t\t<div class=\"elementor-widget-container\">\n\t\t\t\t\t\t\t\t\t<p><strong>Salecina \u2013<\/strong> Ferien- und Bildungszentrum \/ Centro di vacanze e formazione <a href=\"mailto:info@salecina.ch\">info@salecina.ch<\/a><\/p>\n\t\t\t\t\t\t\t\t<\/div>\n\t\t\t\t<\/div>\n\t\t\t\t\t<\/div>\n\t\t<\/div>\n\t\t\t\t\t<\/div>\n\t\t<\/section>\n\t\t\t\t<\/div>\n\t\t<\/div>\n\t\t\t\t\t\t<\/div>\n\t\t\t\t<\/div>\n\t\t\t\t\t<\/div>\n\t\t<\/div>\n\t\t\t\t\t<\/div>\n\t\t<\/section>\n\t\t\t\t<\/div>\n\t\t","protected":false},"excerpt":{"rendered":"<p>Salecina in movimento&#8230; Settimane di sci alpinistico, corsi di sci di fondo, passeggiate letterarie, workshop coristici o laboratori di storia&#8230; Salecina offre un programma di seminari molto variegato. Qui non mancano i corsi di taglio politico, che hanno lo scopo di riunire le persone impegnate per confrontarsi su come essere parte attiva della societ\u00e0, n\u00e9 [&hellip;]<\/p>\n","protected":false},"author":1,"featured_media":0,"parent":0,"menu_order":6,"comment_status":"closed","ping_status":"closed","template":"elementor_header_footer","meta":{"footnotes":""},"class_list":["post-3544","page","type-page","status-publish","hentry"],"yoast_head":"<!-- This site is optimized with the Yoast SEO plugin v28.3 - https:\/\/yoast.com\/product\/yoast-seo-wordpress\/ -->\n<title>politica &amp; cultura &#8212; Salecina<\/title>\n<meta name=\"robots\" content=\"index, follow, max-snippet:-1, max-image-preview:large, max-video-preview:-1\" \/>\n<link rel=\"canonical\" href=\"https:\/\/salecina.ch\/it\/politica-cultura\/\" \/>\n<meta property=\"og:locale\" content=\"it_IT\" \/>\n<meta property=\"og:type\" content=\"article\" \/>\n<meta property=\"og:title\" content=\"politica &amp; cultura &#8212; Salecina\" \/>\n<meta property=\"og:description\" content=\"Salecina in movimento&#8230; Settimane di sci alpinistico, corsi di sci di fondo, passeggiate letterarie, workshop coristici o laboratori di storia&#8230; Salecina offre un programma di seminari molto variegato. Qui non mancano i corsi di taglio politico, che hanno lo scopo di riunire le persone impegnate per confrontarsi su come essere parte attiva della societ\u00e0, n\u00e9 [&hellip;]\" \/>\n<meta property=\"og:url\" content=\"https:\/\/salecina.ch\/it\/politica-cultura\/\" \/>\n<meta property=\"og:site_name\" content=\"Salecina\" \/>\n<meta property=\"article:modified_time\" content=\"2026-01-01T12:01:08+00:00\" \/>\n<meta property=\"og:image\" content=\"https:\/\/salecina.ch\/wp-content\/uploads\/2021\/07\/menschen.jpg\" \/>\n<meta name=\"twitter:card\" content=\"summary_large_image\" \/>\n<meta name=\"twitter:label1\" content=\"Tempo di lettura stimato\" \/>\n\t<meta name=\"twitter:data1\" content=\"7 minuti\" \/>\n<script type=\"application\/ld+json\" class=\"yoast-schema-graph\">{\"@context\":\"https:\\\/\\\/schema.org\",\"@graph\":[{\"@type\":\"WebPage\",\"@id\":\"https:\\\/\\\/salecina.ch\\\/it\\\/politica-cultura\\\/\",\"url\":\"https:\\\/\\\/salecina.ch\\\/it\\\/politica-cultura\\\/\",\"name\":\"politica &amp; cultura &#8212; Salecina\",\"isPartOf\":{\"@id\":\"https:\\\/\\\/salecina.ch\\\/#website\"},\"primaryImageOfPage\":{\"@id\":\"https:\\\/\\\/salecina.ch\\\/it\\\/politica-cultura\\\/#primaryimage\"},\"image\":{\"@id\":\"https:\\\/\\\/salecina.ch\\\/it\\\/politica-cultura\\\/#primaryimage\"},\"thumbnailUrl\":\"https:\\\/\\\/salecina.ch\\\/wp-content\\\/uploads\\\/2021\\\/07\\\/menschen.jpg\",\"datePublished\":\"2021-08-07T11:18:52+00:00\",\"dateModified\":\"2026-01-01T12:01:08+00:00\",\"breadcrumb\":{\"@id\":\"https:\\\/\\\/salecina.ch\\\/it\\\/politica-cultura\\\/#breadcrumb\"},\"inLanguage\":\"it-IT\",\"potentialAction\":[{\"@type\":\"ReadAction\",\"target\":[\"https:\\\/\\\/salecina.ch\\\/it\\\/politica-cultura\\\/\"]}]},{\"@type\":\"ImageObject\",\"inLanguage\":\"it-IT\",\"@id\":\"https:\\\/\\\/salecina.ch\\\/it\\\/politica-cultura\\\/#primaryimage\",\"url\":\"https:\\\/\\\/salecina.ch\\\/wp-content\\\/uploads\\\/2021\\\/07\\\/menschen.jpg\",\"contentUrl\":\"https:\\\/\\\/salecina.ch\\\/wp-content\\\/uploads\\\/2021\\\/07\\\/menschen.jpg\"},{\"@type\":\"BreadcrumbList\",\"@id\":\"https:\\\/\\\/salecina.ch\\\/it\\\/politica-cultura\\\/#breadcrumb\",\"itemListElement\":[{\"@type\":\"ListItem\",\"position\":1,\"name\":\"Startseite\",\"item\":\"https:\\\/\\\/salecina.ch\\\/it\\\/\"},{\"@type\":\"ListItem\",\"position\":2,\"name\":\"politica &amp; cultura\"}]},{\"@type\":\"WebSite\",\"@id\":\"https:\\\/\\\/salecina.ch\\\/#website\",\"url\":\"https:\\\/\\\/salecina.ch\\\/\",\"name\":\"Salecina\",\"description\":\"\",\"publisher\":{\"@id\":\"https:\\\/\\\/salecina.ch\\\/#organization\"},\"potentialAction\":[{\"@type\":\"SearchAction\",\"target\":{\"@type\":\"EntryPoint\",\"urlTemplate\":\"https:\\\/\\\/salecina.ch\\\/?s={search_term_string}\"},\"query-input\":{\"@type\":\"PropertyValueSpecification\",\"valueRequired\":true,\"valueName\":\"search_term_string\"}}],\"inLanguage\":\"it-IT\"},{\"@type\":\"Organization\",\"@id\":\"https:\\\/\\\/salecina.ch\\\/#organization\",\"name\":\"Stiftung Salecina\",\"url\":\"https:\\\/\\\/salecina.ch\\\/\",\"logo\":{\"@type\":\"ImageObject\",\"inLanguage\":\"it-IT\",\"@id\":\"https:\\\/\\\/salecina.ch\\\/#\\\/schema\\\/logo\\\/image\\\/\",\"url\":\"https:\\\/\\\/salecina.ch\\\/wp-content\\\/uploads\\\/2021\\\/07\\\/Logo-Salecina-definitiv-mit-Text.svg\",\"contentUrl\":\"https:\\\/\\\/salecina.ch\\\/wp-content\\\/uploads\\\/2021\\\/07\\\/Logo-Salecina-definitiv-mit-Text.svg\",\"width\":274,\"height\":117,\"caption\":\"Stiftung Salecina\"},\"image\":{\"@id\":\"https:\\\/\\\/salecina.ch\\\/#\\\/schema\\\/logo\\\/image\\\/\"}}]}<\/script>\n<!-- \/ Yoast SEO plugin. -->","yoast_head_json":{"title":"politica &amp; cultura &#8212; Salecina","robots":{"index":"index","follow":"follow","max-snippet":"max-snippet:-1","max-image-preview":"max-image-preview:large","max-video-preview":"max-video-preview:-1"},"canonical":"https:\/\/salecina.ch\/it\/politica-cultura\/","og_locale":"it_IT","og_type":"article","og_title":"politica &amp; cultura &#8212; Salecina","og_description":"Salecina in movimento&#8230; Settimane di sci alpinistico, corsi di sci di fondo, passeggiate letterarie, workshop coristici o laboratori di storia&#8230; Salecina offre un programma di seminari molto variegato. Qui non mancano i corsi di taglio politico, che hanno lo scopo di riunire le persone impegnate per confrontarsi su come essere parte attiva della societ\u00e0, n\u00e9 [&hellip;]","og_url":"https:\/\/salecina.ch\/it\/politica-cultura\/","og_site_name":"Salecina","article_modified_time":"2026-01-01T12:01:08+00:00","og_image":[{"url":"https:\/\/salecina.ch\/wp-content\/uploads\/2021\/07\/menschen.jpg","type":"","width":"","height":""}],"twitter_card":"summary_large_image","twitter_misc":{"Tempo di lettura stimato":"7 minuti"},"schema":{"@context":"https:\/\/schema.org","@graph":[{"@type":"WebPage","@id":"https:\/\/salecina.ch\/it\/politica-cultura\/","url":"https:\/\/salecina.ch\/it\/politica-cultura\/","name":"politica &amp; cultura &#8212; Salecina","isPartOf":{"@id":"https:\/\/salecina.ch\/#website"},"primaryImageOfPage":{"@id":"https:\/\/salecina.ch\/it\/politica-cultura\/#primaryimage"},"image":{"@id":"https:\/\/salecina.ch\/it\/politica-cultura\/#primaryimage"},"thumbnailUrl":"https:\/\/salecina.ch\/wp-content\/uploads\/2021\/07\/menschen.jpg","datePublished":"2021-08-07T11:18:52+00:00","dateModified":"2026-01-01T12:01:08+00:00","breadcrumb":{"@id":"https:\/\/salecina.ch\/it\/politica-cultura\/#breadcrumb"},"inLanguage":"it-IT","potentialAction":[{"@type":"ReadAction","target":["https:\/\/salecina.ch\/it\/politica-cultura\/"]}]},{"@type":"ImageObject","inLanguage":"it-IT","@id":"https:\/\/salecina.ch\/it\/politica-cultura\/#primaryimage","url":"https:\/\/salecina.ch\/wp-content\/uploads\/2021\/07\/menschen.jpg","contentUrl":"https:\/\/salecina.ch\/wp-content\/uploads\/2021\/07\/menschen.jpg"},{"@type":"BreadcrumbList","@id":"https:\/\/salecina.ch\/it\/politica-cultura\/#breadcrumb","itemListElement":[{"@type":"ListItem","position":1,"name":"Startseite","item":"https:\/\/salecina.ch\/it\/"},{"@type":"ListItem","position":2,"name":"politica &amp; cultura"}]},{"@type":"WebSite","@id":"https:\/\/salecina.ch\/#website","url":"https:\/\/salecina.ch\/","name":"Salecina","description":"","publisher":{"@id":"https:\/\/salecina.ch\/#organization"},"potentialAction":[{"@type":"SearchAction","target":{"@type":"EntryPoint","urlTemplate":"https:\/\/salecina.ch\/?s={search_term_string}"},"query-input":{"@type":"PropertyValueSpecification","valueRequired":true,"valueName":"search_term_string"}}],"inLanguage":"it-IT"},{"@type":"Organization","@id":"https:\/\/salecina.ch\/#organization","name":"Stiftung Salecina","url":"https:\/\/salecina.ch\/","logo":{"@type":"ImageObject","inLanguage":"it-IT","@id":"https:\/\/salecina.ch\/#\/schema\/logo\/image\/","url":"https:\/\/salecina.ch\/wp-content\/uploads\/2021\/07\/Logo-Salecina-definitiv-mit-Text.svg","contentUrl":"https:\/\/salecina.ch\/wp-content\/uploads\/2021\/07\/Logo-Salecina-definitiv-mit-Text.svg","width":274,"height":117,"caption":"Stiftung Salecina"},"image":{"@id":"https:\/\/salecina.ch\/#\/schema\/logo\/image\/"}}]}},"_links":{"self":[{"href":"https:\/\/salecina.ch\/it\/wp-json\/wp\/v2\/pages\/3544","targetHints":{"allow":["GET"]}}],"collection":[{"href":"https:\/\/salecina.ch\/it\/wp-json\/wp\/v2\/pages"}],"about":[{"href":"https:\/\/salecina.ch\/it\/wp-json\/wp\/v2\/types\/page"}],"author":[{"embeddable":true,"href":"https:\/\/salecina.ch\/it\/wp-json\/wp\/v2\/users\/1"}],"replies":[{"embeddable":true,"href":"https:\/\/salecina.ch\/it\/wp-json\/wp\/v2\/comments?post=3544"}],"version-history":[{"count":52,"href":"https:\/\/salecina.ch\/it\/wp-json\/wp\/v2\/pages\/3544\/revisions"}],"predecessor-version":[{"id":10270,"href":"https:\/\/salecina.ch\/it\/wp-json\/wp\/v2\/pages\/3544\/revisions\/10270"}],"wp:attachment":[{"href":"https:\/\/salecina.ch\/it\/wp-json\/wp\/v2\/media?parent=3544"}],"curies":[{"name":"wp","href":"https:\/\/api.w.org\/{rel}","templated":true}]}}