{"id":3897,"date":"2021-08-22T10:42:55","date_gmt":"2021-08-22T10:42:55","guid":{"rendered":"https:\/\/salecina.ch\/prix-reservations\/"},"modified":"2023-08-02T13:59:06","modified_gmt":"2023-08-02T13:59:06","slug":"prix-reservations","status":"publish","type":"page","link":"https:\/\/salecina.ch\/fr\/prix-reservations\/","title":{"rendered":"Prix"},"content":{"rendered":"\t\t<div data-elementor-type=\"wp-page\" data-elementor-id=\"3897\" class=\"elementor elementor-3897\" data-elementor-post-type=\"page\">\n\t\t\t\t\t\t<section class=\"elementor-section elementor-top-section elementor-element elementor-element-1edcded5 elementor-section-full_width elementor-section-stretched elementor-section-height-default elementor-section-height-default\" data-id=\"1edcded5\" data-element_type=\"section\" data-e-type=\"section\" data-settings=\"{&quot;stretch_section&quot;:&quot;section-stretched&quot;}\">\n\t\t\t\t\t\t<div class=\"elementor-container elementor-column-gap-default\">\n\t\t\t\t\t<div class=\"elementor-column elementor-col-100 elementor-top-column elementor-element elementor-element-780145c4\" data-id=\"780145c4\" data-element_type=\"column\" data-e-type=\"column\">\n\t\t\t<div class=\"elementor-widget-wrap elementor-element-populated\">\n\t\t\t\t\t\t<div class=\"elementor-element elementor-element-4f1e2b55 elementor-widget elementor-widget-shortcode\" data-id=\"4f1e2b55\" data-element_type=\"widget\" data-e-type=\"widget\" data-widget_type=\"shortcode.default\">\n\t\t\t\t<div class=\"elementor-widget-container\">\n\t\t\t\t\t\t\t<div class=\"elementor-shortcode\">\t\t<div data-elementor-type=\"page\" data-elementor-id=\"485\" class=\"elementor elementor-485\" data-elementor-post-type=\"elementor_library\">\n\t\t\t\t\t\t<section data-dce-background-color=\"#222222\" class=\"elementor-section elementor-top-section elementor-element elementor-element-d80febe elementor-section-full_width elementor-section-content-top elementor-section-stretched elementor-section-height-default elementor-section-height-default\" data-id=\"d80febe\" data-element_type=\"section\" data-e-type=\"section\" data-settings=\"{&quot;background_background&quot;:&quot;classic&quot;,&quot;stretch_section&quot;:&quot;section-stretched&quot;,&quot;sticky&quot;:&quot;top&quot;,&quot;sticky_on&quot;:[&quot;widescreen&quot;,&quot;desktop&quot;,&quot;laptop&quot;,&quot;tablet_extra&quot;,&quot;tablet&quot;,&quot;mobile_extra&quot;,&quot;mobile&quot;],&quot;sticky_offset&quot;:0,&quot;sticky_effects_offset&quot;:0,&quot;sticky_anchor_link_offset&quot;:0}\">\n\t\t\t\t\t\t<div class=\"elementor-container elementor-column-gap-default\">\n\t\t\t\t\t<div class=\"elementor-column elementor-col-100 elementor-top-column elementor-element elementor-element-2fa430a\" data-id=\"2fa430a\" data-element_type=\"column\" data-e-type=\"column\">\n\t\t\t<div class=\"elementor-widget-wrap elementor-element-populated\">\n\t\t\t\t\t\t<div class=\"elementor-element elementor-element-39a0e59 elementor-nav-menu__align-center elementor-nav-menu--stretch elementor-nav-menu--dropdown-tablet elementor-nav-menu__text-align-aside elementor-nav-menu--toggle elementor-nav-menu--burger elementor-widget elementor-widget-nav-menu\" data-id=\"39a0e59\" data-element_type=\"widget\" data-e-type=\"widget\" data-settings=\"{&quot;full_width&quot;:&quot;stretch&quot;,&quot;sticky&quot;:&quot;top&quot;,&quot;layout&quot;:&quot;horizontal&quot;,&quot;submenu_icon&quot;:{&quot;value&quot;:&quot;&lt;i class=\\&quot;fas fa-caret-down\\&quot; aria-hidden=\\&quot;true\\&quot;&gt;&lt;\\\/i&gt;&quot;,&quot;library&quot;:&quot;fa-solid&quot;},&quot;toggle&quot;:&quot;burger&quot;,&quot;sticky_on&quot;:[&quot;widescreen&quot;,&quot;desktop&quot;,&quot;laptop&quot;,&quot;tablet_extra&quot;,&quot;tablet&quot;,&quot;mobile_extra&quot;,&quot;mobile&quot;],&quot;sticky_offset&quot;:0,&quot;sticky_effects_offset&quot;:0,&quot;sticky_anchor_link_offset&quot;:0}\" data-widget_type=\"nav-menu.default\">\n\t\t\t\t<div class=\"elementor-widget-container\">\n\t\t\t\t\t\t\t\t<nav aria-label=\"Menu\" class=\"elementor-nav-menu--main elementor-nav-menu__container elementor-nav-menu--layout-horizontal e--pointer-overline e--animation-fade\">\n\t\t\t\t<ul id=\"menu-1-39a0e59\" class=\"elementor-nav-menu\"><li class=\"menu-item menu-item-type-custom menu-item-object-custom menu-item-4207\"><a href=\"#\" class=\"elementor-item elementor-item-anchor\"><img decoding=\"async\" src=\"https:\/\/salecina.ch\/wp-content\/uploads\/2021\/08\/Logo-Salecina-definitiv-1.svg\" style=\"height:auto; width:5vw; background-color:#FFFFFF;\"><\/a><\/li>\n<li class=\"menu-item menu-item-type-custom menu-item-object-custom menu-item-5127\"><a target=\"_blank\" href=\"https:\/\/hostels.assd.com\/crs4.php?goto=10&#038;cust=410526&#038;type=040&#038;langcrs=F\" class=\"elementor-item\">R\u00c9SERVATION<\/a><\/li>\n<li class=\"menu-item menu-item-type-post_type menu-item-object-page menu-item-home menu-item-821\"><a href=\"https:\/\/salecina.ch\/fr\/\" class=\"elementor-item\">SALECINA<\/a><\/li>\n<li class=\"menu-item menu-item-type-post_type menu-item-object-page menu-item-has-children menu-item-3806\"><a href=\"https:\/\/salecina.ch\/fr\/repas-chambres\/\" class=\"elementor-item\">REPAS &amp; CHAMBRES<\/a>\n<ul class=\"sub-menu elementor-nav-menu--dropdown\">\n\t<li class=\"menu-item menu-item-type-post_type menu-item-object-page menu-item-3814\"><a href=\"https:\/\/salecina.ch\/fr\/personnel-hotes\/\" class=\"elementor-sub-item\">Personnel &amp; h\u00f4tes<\/a><\/li>\n\t<li class=\"menu-item menu-item-type-post_type menu-item-object-page menu-item-3820\"><a href=\"https:\/\/salecina.ch\/fr\/chambres-infrastructure\/\" class=\"elementor-sub-item\">Chambres &amp; infrastructure<\/a><\/li>\n<\/ul>\n<\/li>\n<li class=\"menu-item menu-item-type-post_type menu-item-object-page menu-item-has-children menu-item-3834\"><a href=\"https:\/\/salecina.ch\/fr\/rencontres-mouvement\/\" class=\"elementor-item\">RENCONTRES &amp; MOUVEMENT<\/a>\n<ul class=\"sub-menu elementor-nav-menu--dropdown\">\n\t<li class=\"menu-item menu-item-type-post_type menu-item-object-page menu-item-3844\"><a href=\"https:\/\/salecina.ch\/fr\/personnes-idees\/\" class=\"elementor-sub-item\">Personnes &amp; id\u00e9es<\/a><\/li>\n\t<li class=\"menu-item menu-item-type-post_type menu-item-object-page menu-item-3849\"><a href=\"https:\/\/salecina.ch\/fr\/agenda-eventi-italien\/\" class=\"elementor-sub-item\">agenda &amp; eventi (italien)<\/a><\/li>\n\t<li class=\"menu-item menu-item-type-post_type menu-item-object-page menu-item-3855\"><a href=\"https:\/\/salecina.ch\/fr\/photos-medias\/\" class=\"elementor-sub-item\">Photos &amp; M\u00e9dias<\/a><\/li>\n<\/ul>\n<\/li>\n<li class=\"menu-item menu-item-type-post_type menu-item-object-page menu-item-has-children menu-item-3880\"><a href=\"https:\/\/salecina.ch\/fr\/maison-histoire\/\" class=\"elementor-item\">MAISON &amp; HISTOIRE<\/a>\n<ul class=\"sub-menu elementor-nav-menu--dropdown\">\n\t<li class=\"menu-item menu-item-type-post_type menu-item-object-page menu-item-3879\"><a href=\"https:\/\/salecina.ch\/fr\/site-environnement\/\" class=\"elementor-sub-item\">Site &amp; environnement<\/a><\/li>\n\t<li class=\"menu-item menu-item-type-post_type menu-item-object-page menu-item-3878\"><a href=\"https:\/\/salecina.ch\/fr\/equipe-esprit\/\" class=\"elementor-sub-item\">\u00c9quipe &amp; esprit<\/a><\/li>\n<\/ul>\n<\/li>\n<li class=\"menu-item menu-item-type-post_type menu-item-object-page menu-item-has-children menu-item-3896\"><a href=\"https:\/\/salecina.ch\/fr\/contact-reservation\/\" class=\"elementor-item\">CONTACT &#038; INFO<\/a>\n<ul class=\"sub-menu elementor-nav-menu--dropdown\">\n\t<li class=\"menu-item menu-item-type-post_type menu-item-object-page menu-item-3900\"><a href=\"https:\/\/salecina.ch\/fr\/prix-reservations\/\" class=\"elementor-sub-item\">Prix<\/a><\/li>\n\t<li class=\"menu-item menu-item-type-custom menu-item-object-custom menu-item-4981\"><a href=\"https:\/\/hostels.assd.com\/crs4.php?goto=10&#038;cust=410526&#038;type=040&#038;langcrs=F\" class=\"elementor-sub-item\">R\u00e9server maintenant<\/a><\/li>\n\t<li class=\"menu-item menu-item-type-post_type menu-item-object-page menu-item-3911\"><a href=\"https:\/\/salecina.ch\/fr\/acces-informations\/\" class=\"elementor-sub-item\">Acc\u00e8s &amp; informations<\/a><\/li>\n<\/ul>\n<\/li>\n<li class=\"menu-item wpml-ls-slot-5 wpml-ls-item wpml-ls-item-de wpml-ls-menu-item wpml-ls-first-item menu-item-type-wpml_ls_menu_item menu-item-object-wpml_ls_menu_item menu-item-wpml-ls-5-de\"><a href=\"https:\/\/salecina.ch\" class=\"elementor-item\"><img decoding=\"async\"\n            class=\"wpml-ls-flag\"\n            src=\"https:\/\/salecina.ch\/wp-content\/plugins\/sitepress-multilingual-cms\/res\/flags\/de.png\"\n            alt=\"Allemand\"\n            \n            \n    \/><\/a><\/li>\n<li class=\"menu-item wpml-ls-slot-5 wpml-ls-item wpml-ls-item-it wpml-ls-menu-item menu-item-type-wpml_ls_menu_item menu-item-object-wpml_ls_menu_item menu-item-wpml-ls-5-it\"><a href=\"https:\/\/salecina.ch\/it\/\" class=\"elementor-item\"><img decoding=\"async\"\n            class=\"wpml-ls-flag\"\n            src=\"https:\/\/salecina.ch\/wp-content\/plugins\/sitepress-multilingual-cms\/res\/flags\/it.png\"\n            alt=\"Italien\"\n            \n            \n    \/><\/a><\/li>\n<li class=\"menu-item wpml-ls-slot-5 wpml-ls-item wpml-ls-item-en wpml-ls-menu-item wpml-ls-last-item menu-item-type-wpml_ls_menu_item menu-item-object-wpml_ls_menu_item menu-item-wpml-ls-5-en\"><a href=\"https:\/\/salecina.ch\/en\/\" class=\"elementor-item\"><img decoding=\"async\"\n            class=\"wpml-ls-flag\"\n            src=\"https:\/\/salecina.ch\/wp-content\/plugins\/sitepress-multilingual-cms\/res\/flags\/en.png\"\n            alt=\"Anglais\"\n            \n            \n    \/><\/a><\/li>\n<\/ul>\t\t\t<\/nav>\n\t\t\t\t\t<div class=\"elementor-menu-toggle\" role=\"button\" tabindex=\"0\" aria-label=\"Permuter le menu\" aria-expanded=\"false\">\n\t\t\t<i aria-hidden=\"true\" role=\"presentation\" class=\"elementor-menu-toggle__icon--open eicon-menu-bar\"><\/i><i aria-hidden=\"true\" role=\"presentation\" class=\"elementor-menu-toggle__icon--close eicon-close\"><\/i>\t\t<\/div>\n\t\t\t\t\t<nav class=\"elementor-nav-menu--dropdown elementor-nav-menu__container\" aria-hidden=\"true\">\n\t\t\t\t<ul id=\"menu-2-39a0e59\" class=\"elementor-nav-menu\"><li class=\"menu-item menu-item-type-custom menu-item-object-custom menu-item-4207\"><a href=\"#\" class=\"elementor-item elementor-item-anchor\" tabindex=\"-1\"><img decoding=\"async\" src=\"https:\/\/salecina.ch\/wp-content\/uploads\/2021\/08\/Logo-Salecina-definitiv-1.svg\" style=\"height:auto; width:5vw; background-color:#FFFFFF;\"><\/a><\/li>\n<li class=\"menu-item menu-item-type-custom menu-item-object-custom menu-item-5127\"><a target=\"_blank\" href=\"https:\/\/hostels.assd.com\/crs4.php?goto=10&#038;cust=410526&#038;type=040&#038;langcrs=F\" class=\"elementor-item\" tabindex=\"-1\">R\u00c9SERVATION<\/a><\/li>\n<li class=\"menu-item menu-item-type-post_type menu-item-object-page menu-item-home menu-item-821\"><a href=\"https:\/\/salecina.ch\/fr\/\" class=\"elementor-item\" tabindex=\"-1\">SALECINA<\/a><\/li>\n<li class=\"menu-item menu-item-type-post_type menu-item-object-page menu-item-has-children menu-item-3806\"><a href=\"https:\/\/salecina.ch\/fr\/repas-chambres\/\" class=\"elementor-item\" tabindex=\"-1\">REPAS &amp; CHAMBRES<\/a>\n<ul class=\"sub-menu elementor-nav-menu--dropdown\">\n\t<li class=\"menu-item menu-item-type-post_type menu-item-object-page menu-item-3814\"><a href=\"https:\/\/salecina.ch\/fr\/personnel-hotes\/\" class=\"elementor-sub-item\" tabindex=\"-1\">Personnel &amp; h\u00f4tes<\/a><\/li>\n\t<li class=\"menu-item menu-item-type-post_type menu-item-object-page menu-item-3820\"><a href=\"https:\/\/salecina.ch\/fr\/chambres-infrastructure\/\" class=\"elementor-sub-item\" tabindex=\"-1\">Chambres &amp; infrastructure<\/a><\/li>\n<\/ul>\n<\/li>\n<li class=\"menu-item menu-item-type-post_type menu-item-object-page menu-item-has-children menu-item-3834\"><a href=\"https:\/\/salecina.ch\/fr\/rencontres-mouvement\/\" class=\"elementor-item\" tabindex=\"-1\">RENCONTRES &amp; MOUVEMENT<\/a>\n<ul class=\"sub-menu elementor-nav-menu--dropdown\">\n\t<li class=\"menu-item menu-item-type-post_type menu-item-object-page menu-item-3844\"><a href=\"https:\/\/salecina.ch\/fr\/personnes-idees\/\" class=\"elementor-sub-item\" tabindex=\"-1\">Personnes &amp; id\u00e9es<\/a><\/li>\n\t<li class=\"menu-item menu-item-type-post_type menu-item-object-page menu-item-3849\"><a href=\"https:\/\/salecina.ch\/fr\/agenda-eventi-italien\/\" class=\"elementor-sub-item\" tabindex=\"-1\">agenda &amp; eventi (italien)<\/a><\/li>\n\t<li class=\"menu-item menu-item-type-post_type menu-item-object-page menu-item-3855\"><a href=\"https:\/\/salecina.ch\/fr\/photos-medias\/\" class=\"elementor-sub-item\" tabindex=\"-1\">Photos &amp; M\u00e9dias<\/a><\/li>\n<\/ul>\n<\/li>\n<li class=\"menu-item menu-item-type-post_type menu-item-object-page menu-item-has-children menu-item-3880\"><a href=\"https:\/\/salecina.ch\/fr\/maison-histoire\/\" class=\"elementor-item\" tabindex=\"-1\">MAISON &amp; HISTOIRE<\/a>\n<ul class=\"sub-menu elementor-nav-menu--dropdown\">\n\t<li class=\"menu-item menu-item-type-post_type menu-item-object-page menu-item-3879\"><a href=\"https:\/\/salecina.ch\/fr\/site-environnement\/\" class=\"elementor-sub-item\" tabindex=\"-1\">Site &amp; environnement<\/a><\/li>\n\t<li class=\"menu-item menu-item-type-post_type menu-item-object-page menu-item-3878\"><a href=\"https:\/\/salecina.ch\/fr\/equipe-esprit\/\" class=\"elementor-sub-item\" tabindex=\"-1\">\u00c9quipe &amp; esprit<\/a><\/li>\n<\/ul>\n<\/li>\n<li class=\"menu-item menu-item-type-post_type menu-item-object-page menu-item-has-children menu-item-3896\"><a href=\"https:\/\/salecina.ch\/fr\/contact-reservation\/\" class=\"elementor-item\" tabindex=\"-1\">CONTACT &#038; INFO<\/a>\n<ul class=\"sub-menu elementor-nav-menu--dropdown\">\n\t<li class=\"menu-item menu-item-type-post_type menu-item-object-page menu-item-3900\"><a href=\"https:\/\/salecina.ch\/fr\/prix-reservations\/\" class=\"elementor-sub-item\" tabindex=\"-1\">Prix<\/a><\/li>\n\t<li class=\"menu-item menu-item-type-custom menu-item-object-custom menu-item-4981\"><a href=\"https:\/\/hostels.assd.com\/crs4.php?goto=10&#038;cust=410526&#038;type=040&#038;langcrs=F\" class=\"elementor-sub-item\" tabindex=\"-1\">R\u00e9server maintenant<\/a><\/li>\n\t<li class=\"menu-item menu-item-type-post_type menu-item-object-page menu-item-3911\"><a href=\"https:\/\/salecina.ch\/fr\/acces-informations\/\" class=\"elementor-sub-item\" tabindex=\"-1\">Acc\u00e8s &amp; informations<\/a><\/li>\n<\/ul>\n<\/li>\n<li class=\"menu-item wpml-ls-slot-5 wpml-ls-item wpml-ls-item-de wpml-ls-menu-item wpml-ls-first-item menu-item-type-wpml_ls_menu_item menu-item-object-wpml_ls_menu_item menu-item-wpml-ls-5-de\"><a href=\"https:\/\/salecina.ch\" class=\"elementor-item\" tabindex=\"-1\"><img decoding=\"async\"\n            class=\"wpml-ls-flag\"\n            src=\"https:\/\/salecina.ch\/wp-content\/plugins\/sitepress-multilingual-cms\/res\/flags\/de.png\"\n            alt=\"Allemand\"\n            \n            \n    \/><\/a><\/li>\n<li class=\"menu-item wpml-ls-slot-5 wpml-ls-item wpml-ls-item-it wpml-ls-menu-item menu-item-type-wpml_ls_menu_item menu-item-object-wpml_ls_menu_item menu-item-wpml-ls-5-it\"><a href=\"https:\/\/salecina.ch\/it\/\" class=\"elementor-item\" tabindex=\"-1\"><img decoding=\"async\"\n            class=\"wpml-ls-flag\"\n            src=\"https:\/\/salecina.ch\/wp-content\/plugins\/sitepress-multilingual-cms\/res\/flags\/it.png\"\n            alt=\"Italien\"\n            \n            \n    \/><\/a><\/li>\n<li class=\"menu-item wpml-ls-slot-5 wpml-ls-item wpml-ls-item-en wpml-ls-menu-item wpml-ls-last-item menu-item-type-wpml_ls_menu_item menu-item-object-wpml_ls_menu_item menu-item-wpml-ls-5-en\"><a href=\"https:\/\/salecina.ch\/en\/\" class=\"elementor-item\" tabindex=\"-1\"><img decoding=\"async\"\n            class=\"wpml-ls-flag\"\n            src=\"https:\/\/salecina.ch\/wp-content\/plugins\/sitepress-multilingual-cms\/res\/flags\/en.png\"\n            alt=\"Anglais\"\n            \n            \n    \/><\/a><\/li>\n<\/ul>\t\t\t<\/nav>\n\t\t\t\t\t\t<\/div>\n\t\t\t\t<\/div>\n\t\t\t\t\t<\/div>\n\t\t<\/div>\n\t\t\t\t\t<\/div>\n\t\t<\/section>\n\t\t\t\t<\/div>\n\t\t<\/div>\n\t\t\t\t\t\t<\/div>\n\t\t\t\t<\/div>\n\t\t\t\t\t<\/div>\n\t\t<\/div>\n\t\t\t\t\t<\/div>\n\t\t<\/section>\n\t\t\t\t<section class=\"elementor-section elementor-top-section elementor-element elementor-element-776728f5 elementor-section-boxed elementor-section-height-default elementor-section-height-default\" data-id=\"776728f5\" data-element_type=\"section\" data-e-type=\"section\">\n\t\t\t\t\t\t<div class=\"elementor-container elementor-column-gap-default\">\n\t\t\t\t\t<div class=\"elementor-column elementor-col-100 elementor-top-column elementor-element elementor-element-50b5ff22\" data-id=\"50b5ff22\" data-element_type=\"column\" data-e-type=\"column\">\n\t\t\t<div class=\"elementor-widget-wrap elementor-element-populated\">\n\t\t\t\t\t\t\t<\/div>\n\t\t<\/div>\n\t\t\t\t\t<\/div>\n\t\t<\/section>\n\t\t\t\t<section class=\"elementor-section elementor-top-section elementor-element elementor-element-1f51b379 elementor-section-boxed elementor-section-height-default elementor-section-height-default\" data-id=\"1f51b379\" data-element_type=\"section\" data-e-type=\"section\" data-settings=\"{&quot;background_background&quot;:&quot;classic&quot;}\">\n\t\t\t\t\t\t<div class=\"elementor-container elementor-column-gap-default\">\n\t\t\t\t\t<div data-dce-background-color=\"#FFFFFF\" class=\"elementor-column elementor-col-100 elementor-top-column elementor-element elementor-element-44a6cab8\" data-id=\"44a6cab8\" data-element_type=\"column\" data-e-type=\"column\" data-settings=\"{&quot;background_background&quot;:&quot;classic&quot;}\">\n\t\t\t<div class=\"elementor-widget-wrap elementor-element-populated\">\n\t\t\t\t\t\t<section class=\"elementor-section elementor-inner-section elementor-element elementor-element-271536cd elementor-section-boxed elementor-section-height-default elementor-section-height-default\" data-id=\"271536cd\" data-element_type=\"section\" data-e-type=\"section\">\n\t\t\t\t\t\t<div class=\"elementor-container elementor-column-gap-default\">\n\t\t\t\t\t<div class=\"elementor-column elementor-col-50 elementor-inner-column elementor-element elementor-element-d45b844\" data-id=\"d45b844\" data-element_type=\"column\" data-e-type=\"column\" data-settings=\"{&quot;background_background&quot;:&quot;classic&quot;}\">\n\t\t\t<div class=\"elementor-widget-wrap elementor-element-populated\">\n\t\t\t\t\t\t<div class=\"elementor-element elementor-element-5e6b8ec7 dce_masking-none elementor-widget elementor-widget-image\" data-id=\"5e6b8ec7\" data-element_type=\"widget\" data-e-type=\"widget\" data-widget_type=\"image.default\">\n\t\t\t\t<div class=\"elementor-widget-container\">\n\t\t\t\t\t\t\t\t\t\t\t\t\t\t\t<img fetchpriority=\"high\" decoding=\"async\" width=\"1000\" height=\"290\" src=\"https:\/\/salecina.ch\/wp-content\/uploads\/2021\/08\/2008-02-00_Winter07bis.jpg\" class=\"attachment-full size-full wp-image-2392\" alt=\"\" srcset=\"https:\/\/salecina.ch\/wp-content\/uploads\/2021\/08\/2008-02-00_Winter07bis.jpg 1000w, https:\/\/salecina.ch\/wp-content\/uploads\/2021\/08\/2008-02-00_Winter07bis-300x87.jpg 300w, https:\/\/salecina.ch\/wp-content\/uploads\/2021\/08\/2008-02-00_Winter07bis-768x223.jpg 768w\" sizes=\"(max-width: 1000px) 100vw, 1000px\" \/>\t\t\t\t\t\t\t\t\t\t\t\t\t\t\t<\/div>\n\t\t\t\t<\/div>\n\t\t\t\t<div class=\"elementor-element elementor-element-c775cdb elementor-widget elementor-widget-text-editor\" data-id=\"c775cdb\" data-element_type=\"widget\" data-e-type=\"widget\" data-widget_type=\"text-editor.default\">\n\t\t\t\t<div class=\"elementor-widget-container\">\n\t\t\t\t\t\t\t\t\t<h3>Salecina se veut abordable.<\/h3>\n<p>Les h\u00f4tes financent Salecina et son id\u00e9e par leur collaboration ainsi que leur cotisation. Les prix sont \u00e9tablis selon un mod\u00e8le solidaire \u00e0 diff\u00e9rents niveaux (voir tableau). Le prix moyen couvre les frais. Le prix solidaire permet aux personnes aux revenus moyens et \u00e9lev\u00e9s de cofinancer le s\u00e9jour des h\u00f4tes encore \u00e9tudiants\/en apprentissage, aux personnes \u00e0 faibles revenus, aux jeunes et aux enfants.   <\/p>\n<p>Les prix indiqu\u00e9s comportent une journ\u00e9e en demi-pension (une nuit\u00e9e en chambres \u00e0 2, 4 ou 12 lits, le repas du soir, le petit-d\u00e9jeuner, l\u2019utilisation de la cuisine communautaire, les taxes). C\u2019est \u00e0 l\u2019h\u00f4te d\u2019\u00e9valuer dans quel segment de cotisation il se situe :<\/p>\n\t\t\t\t\t\t\t\t<\/div>\n\t\t\t\t<\/div>\n\t\t\t\t<div class=\"elementor-element elementor-element-89d4eca elementor-widget elementor-widget-text-editor\" data-id=\"89d4eca\" data-element_type=\"widget\" data-e-type=\"widget\" data-widget_type=\"text-editor.default\">\n\t\t\t\t<div class=\"elementor-widget-container\">\n\t\t\t\t\t\t\t\t\t<table style=\"border-collapse: collapse; width: 100%; height: 336px;\"><tbody><tr style=\"height: 24px;\"><td style=\"width: 40.6896%; height: 24px;\">\u00a0<\/td><td style=\"width: 23.7933%; height: 24px; background-color: #c0c0c0;\"><strong>Saison basse<\/strong><\/td><td style=\"width: 7.12634%; background-color: #ffffff; height: 24px;\">\u00a0<\/td><td style=\"width: 28.5057%; height: 24px;\"><strong>Saison haute<\/strong><\/td><\/tr><tr style=\"height: 24px;\"><td style=\"width: 40.6896%; height: 24px;\"><strong>Adultes<\/strong><\/td><td style=\"width: 23.7933%; height: 24px; background-color: #c0c0c0;\">avec demi-pension<\/td><td style=\"width: 7.12634%; background-color: #ffffff; height: 24px;\">\u00a0<\/td><td style=\"width: 28.5057%; height: 24px;\">avec demi-pension<\/td><\/tr><tr style=\"height: 24px;\"><td style=\"width: 40.6896%; height: 24px;\">Prix r\u00e9duit<\/td><td style=\"width: 23.7933%; height: 24px; background-color: #c0c0c0;\">41.- CHF<\/td><td style=\"width: 7.12634%; background-color: #ffffff; height: 24px;\">\u00a0<\/td><td style=\"width: 28.5057%; height: 24px;\">45.- CHF<\/td><\/tr><tr style=\"height: 48px;\"><td style=\"width: 40.6896%; height: 48px;\">Prix couvrant les frais<\/td><td style=\"width: 23.7933%; height: 48px; background-color: #c0c0c0;\">60.- CHF<\/td><td style=\"width: 7.12634%; background-color: #ffffff; height: 48px;\">\u00a0<\/td><td style=\"width: 28.5057%; height: 48px;\">60.- CHF<\/td><\/tr><tr style=\"height: 24px;\"><td style=\"width: 40.6896%; height: 24px;\">Prix solidaire<\/td><td style=\"width: 23.7933%; height: 24px; background-color: #c0c0c0;\">75.- CHF et plus<\/td><td style=\"width: 7.12634%; background-color: #ffffff; height: 24px;\">\u00a0<\/td><td style=\"width: 28.5057%; height: 24px;\">75.- CHF et plus<\/td><\/tr><tr style=\"height: 24px;\"><td style=\"width: 40.6896%; height: 24px;\">18 \u00e0 25 ans<\/td><td style=\"width: 23.7933%; height: 24px; background-color: #c0c0c0;\">33.- CHF<\/td><td style=\"width: 7.12634%; background-color: #ffffff; height: 24px;\">\u00a0<\/td><td style=\"width: 28.5057%; height: 24px;\">44.- CHF<\/td><\/tr><tr style=\"height: 24px;\"><td style=\"width: 40.6896%; height: 24px;\">\u00a0<\/td><td style=\"width: 23.7933%; height: 24px; background-color: #c0c0c0;\">\u00a0<\/td><td style=\"width: 7.12634%; background-color: #ffffff; height: 24px;\">\u00a0<\/td><td style=\"width: 28.5057%; height: 24px;\">\u00a0<\/td><\/tr><tr style=\"height: 48px;\"><td style=\"width: 40.6896%; height: 48px;\"><strong>Enfants et jeunes<\/strong><\/td><td style=\"width: 23.7933%; height: 48px; background-color: #c0c0c0;\">avec demi-pension<\/td><td style=\"width: 7.12634%; background-color: #ffffff; height: 48px;\">\u00a0<\/td><td style=\"width: 28.5057%; height: 48px;\">avec demi-pension<\/td><\/tr><tr style=\"height: 24px;\"><td style=\"width: 40.6896%; height: 24px;\">0 \u00e0 1 ans<\/td><td style=\"width: 23.7933%; height: 24px; background-color: #c0c0c0;\">gratuit<\/td><td style=\"width: 7.12634%; background-color: #ffffff; height: 24px;\">\u00a0<\/td><td style=\"width: 28.5057%; height: 24px;\">gratuit<\/td><\/tr><tr style=\"height: 24px;\"><td style=\"width: 40.6896%; height: 24px;\">2 \u00e0 5 ans<\/td><td style=\"width: 23.7933%; height: 24px; background-color: #c0c0c0;\">gratuit<\/td><td style=\"width: 7.12634%; background-color: #ffffff; height: 24px;\">\u00a0<\/td><td style=\"width: 28.5057%; height: 24px;\">22.- CHF<\/td><\/tr><tr style=\"height: 24px;\"><td style=\"width: 40.6896%; height: 24px;\">6 \u00e0 11 ans<\/td><td style=\"width: 23.7933%; height: 24px; background-color: #c0c0c0;\">22.- CHF<\/td><td style=\"width: 7.12634%; background-color: #ffffff; height: 24px;\">\u00a0<\/td><td style=\"width: 28.5057%; height: 24px;\">33.- CHF<\/td><\/tr><tr style=\"height: 24px;\"><td style=\"width: 40.6896%; height: 24px;\">12 \u00e0 17 ans<\/td><td style=\"width: 23.7933%; height: 24px; background-color: #c0c0c0;\">33.- CHF<\/td><td style=\"width: 7.12634%; background-color: #ffffff; height: 24px;\">\u00a0<\/td><td style=\"width: 28.5057%; height: 24px;\">40.- CHF<\/td><\/tr><tr><td style=\"width: 40.6896%;\" colspan=\"4\">\u00a0<\/td><\/tr><tr><td style=\"background-color: #c0c0c0;\" colspan=\"4\"><span style=\"font-size: 10pt;\"><strong>Saison basse:<\/strong><\/span><br \/><span style=\"font-size: 10pt;\">du 7 au 31 janvier \/ du 1er dimanche apr\u00e8s P\u00e2ques au 30 juin \/ du 1er septembre au 20 d\u00e9cembre.<\/span><\/td><\/tr><\/tbody><\/table>\t\t\t\t\t\t\t\t<\/div>\n\t\t\t\t<\/div>\n\t\t\t\t\t<\/div>\n\t\t<\/div>\n\t\t\t\t<div class=\"elementor-column elementor-col-50 elementor-inner-column elementor-element elementor-element-14bb0364\" data-id=\"14bb0364\" data-element_type=\"column\" data-e-type=\"column\">\n\t\t\t<div class=\"elementor-widget-wrap elementor-element-populated\">\n\t\t\t\t\t\t<div data-dce-advanced-background-color=\"#DCDCDC\" class=\"elementor-element elementor-element-25ffc39 elementor-widget elementor-widget-text-editor\" data-id=\"25ffc39\" data-element_type=\"widget\" data-e-type=\"widget\" data-widget_type=\"text-editor.default\">\n\t\t\t\t<div class=\"elementor-widget-container\">\n\t\t\t\t\t\t\t\t\t<h3>Nos coordonn\u00e9es bancaires<\/h3><p><strong>Poste (CHF):<\/strong><br \/>Postfinance, CH-3030 Bern, Stiftung Salecina, CH-7516 Maloja.<br \/>Kontonummer: 70-11229-9<br \/>IBAN: CH32 0900 0000 7001 1229 9<br \/>BIC: POFICHBEXXX<\/p><p><strong>Banque (Euro):<\/strong><br \/>Compte courant GLS, Bochum<br \/>Stiftung Salecina, CH-7516 Maloja.<br \/>IBAN: DE21 4306 0967 1222 2567 00\u00a0<br \/>BIC: GENODEM1GLS<\/p>\t\t\t\t\t\t\t\t<\/div>\n\t\t\t\t<\/div>\n\t\t\t\t\t<\/div>\n\t\t<\/div>\n\t\t\t\t\t<\/div>\n\t\t<\/section>\n\t\t\t\t<div class=\"elementor-element elementor-element-40d855b elementor-widget elementor-widget-heading\" data-id=\"40d855b\" data-element_type=\"widget\" data-e-type=\"widget\" data-widget_type=\"heading.default\">\n\t\t\t\t<div class=\"elementor-widget-container\">\n\t\t\t\t\t<h4 class=\"elementor-heading-title elementor-size-default\"><a href=\"https:\/\/hostels.assd.com\/crs4.php?goto=10&#038;cust=410526&#038;type=040&#038;langcrs=F\" target=\"_blank\">R\u00e9server ici<\/a><\/h4>\t\t\t\t<\/div>\n\t\t\t\t<\/div>\n\t\t\t\t\t<\/div>\n\t\t<\/div>\n\t\t\t\t\t<\/div>\n\t\t<\/section>\n\t\t\t\t<\/div>\n\t\t","protected":false},"excerpt":{"rendered":"<p>Salecina se veut abordable. Les h\u00f4tes financent Salecina et son id\u00e9e par leur collaboration ainsi que leur cotisation. Les prix sont \u00e9tablis selon un mod\u00e8le solidaire \u00e0 diff\u00e9rents niveaux (voir tableau). Le prix moyen couvre les frais. Le prix solidaire permet aux personnes aux revenus moyens et \u00e9lev\u00e9s de cofinancer le s\u00e9jour des h\u00f4tes encore [&hellip;]<\/p>\n","protected":false},"author":1,"featured_media":0,"parent":0,"menu_order":14,"comment_status":"closed","ping_status":"closed","template":"","meta":{"footnotes":""},"class_list":["post-3897","page","type-page","status-publish","hentry"],"yoast_head":"<!-- This site is optimized with the Yoast SEO plugin v28.3 - https:\/\/yoast.com\/product\/yoast-seo-wordpress\/ -->\n<title>Prix &#8212; Salecina<\/title>\n<meta name=\"robots\" content=\"index, follow, max-snippet:-1, max-image-preview:large, max-video-preview:-1\" \/>\n<link rel=\"canonical\" href=\"https:\/\/salecina.ch\/fr\/prix-reservations\/\" \/>\n<meta property=\"og:locale\" content=\"fr_FR\" \/>\n<meta property=\"og:type\" content=\"article\" \/>\n<meta property=\"og:title\" content=\"Prix &#8212; Salecina\" \/>\n<meta property=\"og:description\" content=\"Salecina se veut abordable. Les h\u00f4tes financent Salecina et son id\u00e9e par leur collaboration ainsi que leur cotisation. Les prix sont \u00e9tablis selon un mod\u00e8le solidaire \u00e0 diff\u00e9rents niveaux (voir tableau). Le prix moyen couvre les frais. Le prix solidaire permet aux personnes aux revenus moyens et \u00e9lev\u00e9s de cofinancer le s\u00e9jour des h\u00f4tes encore [&hellip;]\" \/>\n<meta property=\"og:url\" content=\"https:\/\/salecina.ch\/fr\/prix-reservations\/\" \/>\n<meta property=\"og:site_name\" content=\"Salecina\" \/>\n<meta property=\"article:modified_time\" content=\"2023-08-02T13:59:06+00:00\" \/>\n<meta property=\"og:image\" content=\"https:\/\/salecina.ch\/wp-content\/uploads\/2021\/08\/2008-02-00_Winter07bis.jpg\" \/>\n<meta name=\"twitter:card\" content=\"summary_large_image\" \/>\n<meta name=\"twitter:label1\" content=\"Dur\u00e9e de lecture estim\u00e9e\" \/>\n\t<meta name=\"twitter:data1\" content=\"5 minutes\" \/>\n<script type=\"application\/ld+json\" class=\"yoast-schema-graph\">{\"@context\":\"https:\\\/\\\/schema.org\",\"@graph\":[{\"@type\":\"WebPage\",\"@id\":\"https:\\\/\\\/salecina.ch\\\/fr\\\/prix-reservations\\\/\",\"url\":\"https:\\\/\\\/salecina.ch\\\/fr\\\/prix-reservations\\\/\",\"name\":\"Prix &#8212; Salecina\",\"isPartOf\":{\"@id\":\"https:\\\/\\\/salecina.ch\\\/#website\"},\"primaryImageOfPage\":{\"@id\":\"https:\\\/\\\/salecina.ch\\\/fr\\\/prix-reservations\\\/#primaryimage\"},\"image\":{\"@id\":\"https:\\\/\\\/salecina.ch\\\/fr\\\/prix-reservations\\\/#primaryimage\"},\"thumbnailUrl\":\"https:\\\/\\\/salecina.ch\\\/wp-content\\\/uploads\\\/2021\\\/08\\\/2008-02-00_Winter07bis.jpg\",\"datePublished\":\"2021-08-22T10:42:55+00:00\",\"dateModified\":\"2023-08-02T13:59:06+00:00\",\"breadcrumb\":{\"@id\":\"https:\\\/\\\/salecina.ch\\\/fr\\\/prix-reservations\\\/#breadcrumb\"},\"inLanguage\":\"fr-FR\",\"potentialAction\":[{\"@type\":\"ReadAction\",\"target\":[\"https:\\\/\\\/salecina.ch\\\/fr\\\/prix-reservations\\\/\"]}]},{\"@type\":\"ImageObject\",\"inLanguage\":\"fr-FR\",\"@id\":\"https:\\\/\\\/salecina.ch\\\/fr\\\/prix-reservations\\\/#primaryimage\",\"url\":\"https:\\\/\\\/salecina.ch\\\/wp-content\\\/uploads\\\/2021\\\/08\\\/2008-02-00_Winter07bis.jpg\",\"contentUrl\":\"https:\\\/\\\/salecina.ch\\\/wp-content\\\/uploads\\\/2021\\\/08\\\/2008-02-00_Winter07bis.jpg\"},{\"@type\":\"BreadcrumbList\",\"@id\":\"https:\\\/\\\/salecina.ch\\\/fr\\\/prix-reservations\\\/#breadcrumb\",\"itemListElement\":[{\"@type\":\"ListItem\",\"position\":1,\"name\":\"Startseite\",\"item\":\"https:\\\/\\\/salecina.ch\\\/fr\\\/\"},{\"@type\":\"ListItem\",\"position\":2,\"name\":\"Prix\"}]},{\"@type\":\"WebSite\",\"@id\":\"https:\\\/\\\/salecina.ch\\\/#website\",\"url\":\"https:\\\/\\\/salecina.ch\\\/\",\"name\":\"Salecina\",\"description\":\"\",\"publisher\":{\"@id\":\"https:\\\/\\\/salecina.ch\\\/#organization\"},\"potentialAction\":[{\"@type\":\"SearchAction\",\"target\":{\"@type\":\"EntryPoint\",\"urlTemplate\":\"https:\\\/\\\/salecina.ch\\\/?s={search_term_string}\"},\"query-input\":{\"@type\":\"PropertyValueSpecification\",\"valueRequired\":true,\"valueName\":\"search_term_string\"}}],\"inLanguage\":\"fr-FR\"},{\"@type\":\"Organization\",\"@id\":\"https:\\\/\\\/salecina.ch\\\/#organization\",\"name\":\"Stiftung Salecina\",\"url\":\"https:\\\/\\\/salecina.ch\\\/\",\"logo\":{\"@type\":\"ImageObject\",\"inLanguage\":\"fr-FR\",\"@id\":\"https:\\\/\\\/salecina.ch\\\/#\\\/schema\\\/logo\\\/image\\\/\",\"url\":\"https:\\\/\\\/salecina.ch\\\/wp-content\\\/uploads\\\/2021\\\/07\\\/Logo-Salecina-definitiv-mit-Text.svg\",\"contentUrl\":\"https:\\\/\\\/salecina.ch\\\/wp-content\\\/uploads\\\/2021\\\/07\\\/Logo-Salecina-definitiv-mit-Text.svg\",\"width\":274,\"height\":117,\"caption\":\"Stiftung Salecina\"},\"image\":{\"@id\":\"https:\\\/\\\/salecina.ch\\\/#\\\/schema\\\/logo\\\/image\\\/\"}}]}<\/script>\n<!-- \/ Yoast SEO plugin. -->","yoast_head_json":{"title":"Prix &#8212; Salecina","robots":{"index":"index","follow":"follow","max-snippet":"max-snippet:-1","max-image-preview":"max-image-preview:large","max-video-preview":"max-video-preview:-1"},"canonical":"https:\/\/salecina.ch\/fr\/prix-reservations\/","og_locale":"fr_FR","og_type":"article","og_title":"Prix &#8212; Salecina","og_description":"Salecina se veut abordable. Les h\u00f4tes financent Salecina et son id\u00e9e par leur collaboration ainsi que leur cotisation. Les prix sont \u00e9tablis selon un mod\u00e8le solidaire \u00e0 diff\u00e9rents niveaux (voir tableau). Le prix moyen couvre les frais. Le prix solidaire permet aux personnes aux revenus moyens et \u00e9lev\u00e9s de cofinancer le s\u00e9jour des h\u00f4tes encore [&hellip;]","og_url":"https:\/\/salecina.ch\/fr\/prix-reservations\/","og_site_name":"Salecina","article_modified_time":"2023-08-02T13:59:06+00:00","og_image":[{"url":"https:\/\/salecina.ch\/wp-content\/uploads\/2021\/08\/2008-02-00_Winter07bis.jpg","type":"","width":"","height":""}],"twitter_card":"summary_large_image","twitter_misc":{"Dur\u00e9e de lecture estim\u00e9e":"5 minutes"},"schema":{"@context":"https:\/\/schema.org","@graph":[{"@type":"WebPage","@id":"https:\/\/salecina.ch\/fr\/prix-reservations\/","url":"https:\/\/salecina.ch\/fr\/prix-reservations\/","name":"Prix &#8212; Salecina","isPartOf":{"@id":"https:\/\/salecina.ch\/#website"},"primaryImageOfPage":{"@id":"https:\/\/salecina.ch\/fr\/prix-reservations\/#primaryimage"},"image":{"@id":"https:\/\/salecina.ch\/fr\/prix-reservations\/#primaryimage"},"thumbnailUrl":"https:\/\/salecina.ch\/wp-content\/uploads\/2021\/08\/2008-02-00_Winter07bis.jpg","datePublished":"2021-08-22T10:42:55+00:00","dateModified":"2023-08-02T13:59:06+00:00","breadcrumb":{"@id":"https:\/\/salecina.ch\/fr\/prix-reservations\/#breadcrumb"},"inLanguage":"fr-FR","potentialAction":[{"@type":"ReadAction","target":["https:\/\/salecina.ch\/fr\/prix-reservations\/"]}]},{"@type":"ImageObject","inLanguage":"fr-FR","@id":"https:\/\/salecina.ch\/fr\/prix-reservations\/#primaryimage","url":"https:\/\/salecina.ch\/wp-content\/uploads\/2021\/08\/2008-02-00_Winter07bis.jpg","contentUrl":"https:\/\/salecina.ch\/wp-content\/uploads\/2021\/08\/2008-02-00_Winter07bis.jpg"},{"@type":"BreadcrumbList","@id":"https:\/\/salecina.ch\/fr\/prix-reservations\/#breadcrumb","itemListElement":[{"@type":"ListItem","position":1,"name":"Startseite","item":"https:\/\/salecina.ch\/fr\/"},{"@type":"ListItem","position":2,"name":"Prix"}]},{"@type":"WebSite","@id":"https:\/\/salecina.ch\/#website","url":"https:\/\/salecina.ch\/","name":"Salecina","description":"","publisher":{"@id":"https:\/\/salecina.ch\/#organization"},"potentialAction":[{"@type":"SearchAction","target":{"@type":"EntryPoint","urlTemplate":"https:\/\/salecina.ch\/?s={search_term_string}"},"query-input":{"@type":"PropertyValueSpecification","valueRequired":true,"valueName":"search_term_string"}}],"inLanguage":"fr-FR"},{"@type":"Organization","@id":"https:\/\/salecina.ch\/#organization","name":"Stiftung Salecina","url":"https:\/\/salecina.ch\/","logo":{"@type":"ImageObject","inLanguage":"fr-FR","@id":"https:\/\/salecina.ch\/#\/schema\/logo\/image\/","url":"https:\/\/salecina.ch\/wp-content\/uploads\/2021\/07\/Logo-Salecina-definitiv-mit-Text.svg","contentUrl":"https:\/\/salecina.ch\/wp-content\/uploads\/2021\/07\/Logo-Salecina-definitiv-mit-Text.svg","width":274,"height":117,"caption":"Stiftung Salecina"},"image":{"@id":"https:\/\/salecina.ch\/#\/schema\/logo\/image\/"}}]}},"_links":{"self":[{"href":"https:\/\/salecina.ch\/fr\/wp-json\/wp\/v2\/pages\/3897","targetHints":{"allow":["GET"]}}],"collection":[{"href":"https:\/\/salecina.ch\/fr\/wp-json\/wp\/v2\/pages"}],"about":[{"href":"https:\/\/salecina.ch\/fr\/wp-json\/wp\/v2\/types\/page"}],"author":[{"embeddable":true,"href":"https:\/\/salecina.ch\/fr\/wp-json\/wp\/v2\/users\/1"}],"replies":[{"embeddable":true,"href":"https:\/\/salecina.ch\/fr\/wp-json\/wp\/v2\/comments?post=3897"}],"version-history":[{"count":39,"href":"https:\/\/salecina.ch\/fr\/wp-json\/wp\/v2\/pages\/3897\/revisions"}],"predecessor-version":[{"id":7787,"href":"https:\/\/salecina.ch\/fr\/wp-json\/wp\/v2\/pages\/3897\/revisions\/7787"}],"wp:attachment":[{"href":"https:\/\/salecina.ch\/fr\/wp-json\/wp\/v2\/media?parent=3897"}],"curies":[{"name":"wp","href":"https:\/\/api.w.org\/{rel}","templated":true}]}}