{"id":3845,"date":"2021-08-22T09:54:40","date_gmt":"2021-08-22T09:54:40","guid":{"rendered":"https:\/\/salecina.ch\/agenda-eventi-italien\/"},"modified":"2025-09-26T13:49:49","modified_gmt":"2025-09-26T13:49:49","slug":"agenda-eventi-italien","status":"publish","type":"page","link":"https:\/\/salecina.ch\/fr\/agenda-eventi-italien\/","title":{"rendered":"agenda &amp; eventi (italien)"},"content":{"rendered":"\t\t<div data-elementor-type=\"wp-page\" data-elementor-id=\"3845\" class=\"elementor elementor-3845\" data-elementor-post-type=\"page\">\n\t\t\t\t\t\t<section class=\"elementor-section elementor-top-section elementor-element elementor-element-456ec50d elementor-section-full_width elementor-section-stretched elementor-section-height-default elementor-section-height-default\" data-id=\"456ec50d\" data-element_type=\"section\" data-e-type=\"section\" data-settings=\"{&quot;stretch_section&quot;:&quot;section-stretched&quot;}\">\n\t\t\t\t\t\t<div class=\"elementor-container elementor-column-gap-default\">\n\t\t\t\t\t<div class=\"elementor-column elementor-col-100 elementor-top-column elementor-element elementor-element-477d2327\" data-id=\"477d2327\" data-element_type=\"column\" data-e-type=\"column\">\n\t\t\t<div class=\"elementor-widget-wrap elementor-element-populated\">\n\t\t\t\t\t\t<div class=\"elementor-element elementor-element-682c89a8 elementor-widget elementor-widget-shortcode\" data-id=\"682c89a8\" data-element_type=\"widget\" data-e-type=\"widget\" data-widget_type=\"shortcode.default\">\n\t\t\t\t<div class=\"elementor-widget-container\">\n\t\t\t\t\t\t\t<div class=\"elementor-shortcode\">\t\t<div data-elementor-type=\"page\" data-elementor-id=\"485\" class=\"elementor elementor-485\" data-elementor-post-type=\"elementor_library\">\n\t\t\t\t\t\t<section data-dce-background-color=\"#222222\" class=\"elementor-section elementor-top-section elementor-element elementor-element-d80febe elementor-section-full_width elementor-section-content-top elementor-section-stretched elementor-section-height-default elementor-section-height-default\" data-id=\"d80febe\" data-element_type=\"section\" data-e-type=\"section\" data-settings=\"{&quot;background_background&quot;:&quot;classic&quot;,&quot;stretch_section&quot;:&quot;section-stretched&quot;,&quot;sticky&quot;:&quot;top&quot;,&quot;sticky_on&quot;:[&quot;widescreen&quot;,&quot;desktop&quot;,&quot;laptop&quot;,&quot;tablet_extra&quot;,&quot;tablet&quot;,&quot;mobile_extra&quot;,&quot;mobile&quot;],&quot;sticky_offset&quot;:0,&quot;sticky_effects_offset&quot;:0,&quot;sticky_anchor_link_offset&quot;:0}\">\n\t\t\t\t\t\t<div class=\"elementor-container elementor-column-gap-default\">\n\t\t\t\t\t<div class=\"elementor-column elementor-col-100 elementor-top-column elementor-element elementor-element-2fa430a\" data-id=\"2fa430a\" data-element_type=\"column\" data-e-type=\"column\">\n\t\t\t<div class=\"elementor-widget-wrap elementor-element-populated\">\n\t\t\t\t\t\t<div class=\"elementor-element elementor-element-39a0e59 elementor-nav-menu__align-center elementor-nav-menu--stretch elementor-nav-menu--dropdown-tablet elementor-nav-menu__text-align-aside elementor-nav-menu--toggle elementor-nav-menu--burger elementor-widget elementor-widget-nav-menu\" data-id=\"39a0e59\" data-element_type=\"widget\" data-e-type=\"widget\" data-settings=\"{&quot;full_width&quot;:&quot;stretch&quot;,&quot;sticky&quot;:&quot;top&quot;,&quot;layout&quot;:&quot;horizontal&quot;,&quot;submenu_icon&quot;:{&quot;value&quot;:&quot;&lt;i class=\\&quot;fas fa-caret-down\\&quot; aria-hidden=\\&quot;true\\&quot;&gt;&lt;\\\/i&gt;&quot;,&quot;library&quot;:&quot;fa-solid&quot;},&quot;toggle&quot;:&quot;burger&quot;,&quot;sticky_on&quot;:[&quot;widescreen&quot;,&quot;desktop&quot;,&quot;laptop&quot;,&quot;tablet_extra&quot;,&quot;tablet&quot;,&quot;mobile_extra&quot;,&quot;mobile&quot;],&quot;sticky_offset&quot;:0,&quot;sticky_effects_offset&quot;:0,&quot;sticky_anchor_link_offset&quot;:0}\" data-widget_type=\"nav-menu.default\">\n\t\t\t\t<div class=\"elementor-widget-container\">\n\t\t\t\t\t\t\t\t<nav aria-label=\"Menu\" class=\"elementor-nav-menu--main elementor-nav-menu__container elementor-nav-menu--layout-horizontal e--pointer-overline e--animation-fade\">\n\t\t\t\t<ul id=\"menu-1-39a0e59\" class=\"elementor-nav-menu\"><li class=\"menu-item menu-item-type-custom menu-item-object-custom menu-item-4207\"><a href=\"#\" class=\"elementor-item elementor-item-anchor\"><img decoding=\"async\" src=\"https:\/\/salecina.ch\/wp-content\/uploads\/2021\/08\/Logo-Salecina-definitiv-1.svg\" style=\"height:auto; width:5vw; background-color:#FFFFFF;\"><\/a><\/li>\n<li class=\"menu-item menu-item-type-custom menu-item-object-custom menu-item-5127\"><a target=\"_blank\" href=\"https:\/\/hostels.assd.com\/crs4.php?goto=10&#038;cust=410526&#038;type=040&#038;langcrs=F\" class=\"elementor-item\">R\u00c9SERVATION<\/a><\/li>\n<li class=\"menu-item menu-item-type-post_type menu-item-object-page menu-item-home menu-item-821\"><a href=\"https:\/\/salecina.ch\/fr\/\" class=\"elementor-item\">SALECINA<\/a><\/li>\n<li class=\"menu-item menu-item-type-post_type menu-item-object-page menu-item-has-children menu-item-3806\"><a href=\"https:\/\/salecina.ch\/fr\/repas-chambres\/\" class=\"elementor-item\">REPAS &amp; CHAMBRES<\/a>\n<ul class=\"sub-menu elementor-nav-menu--dropdown\">\n\t<li class=\"menu-item menu-item-type-post_type menu-item-object-page menu-item-3814\"><a href=\"https:\/\/salecina.ch\/fr\/personnel-hotes\/\" class=\"elementor-sub-item\">Personnel &amp; h\u00f4tes<\/a><\/li>\n\t<li class=\"menu-item menu-item-type-post_type menu-item-object-page menu-item-3820\"><a href=\"https:\/\/salecina.ch\/fr\/chambres-infrastructure\/\" class=\"elementor-sub-item\">Chambres &amp; infrastructure<\/a><\/li>\n<\/ul>\n<\/li>\n<li class=\"menu-item menu-item-type-post_type menu-item-object-page menu-item-has-children menu-item-3834\"><a href=\"https:\/\/salecina.ch\/fr\/rencontres-mouvement\/\" class=\"elementor-item\">RENCONTRES &amp; MOUVEMENT<\/a>\n<ul class=\"sub-menu elementor-nav-menu--dropdown\">\n\t<li class=\"menu-item menu-item-type-post_type menu-item-object-page menu-item-3844\"><a href=\"https:\/\/salecina.ch\/fr\/personnes-idees\/\" class=\"elementor-sub-item\">Personnes &amp; id\u00e9es<\/a><\/li>\n\t<li class=\"menu-item menu-item-type-post_type menu-item-object-page menu-item-3849\"><a href=\"https:\/\/salecina.ch\/fr\/agenda-eventi-italien\/\" class=\"elementor-sub-item\">agenda &amp; eventi (italien)<\/a><\/li>\n\t<li class=\"menu-item menu-item-type-post_type menu-item-object-page menu-item-3855\"><a href=\"https:\/\/salecina.ch\/fr\/photos-medias\/\" class=\"elementor-sub-item\">Photos &amp; M\u00e9dias<\/a><\/li>\n<\/ul>\n<\/li>\n<li class=\"menu-item menu-item-type-post_type menu-item-object-page menu-item-has-children menu-item-3880\"><a href=\"https:\/\/salecina.ch\/fr\/maison-histoire\/\" class=\"elementor-item\">MAISON &amp; HISTOIRE<\/a>\n<ul class=\"sub-menu elementor-nav-menu--dropdown\">\n\t<li class=\"menu-item menu-item-type-post_type menu-item-object-page menu-item-3879\"><a href=\"https:\/\/salecina.ch\/fr\/site-environnement\/\" class=\"elementor-sub-item\">Site &amp; environnement<\/a><\/li>\n\t<li class=\"menu-item menu-item-type-post_type menu-item-object-page menu-item-3878\"><a href=\"https:\/\/salecina.ch\/fr\/equipe-esprit\/\" class=\"elementor-sub-item\">\u00c9quipe &amp; esprit<\/a><\/li>\n<\/ul>\n<\/li>\n<li class=\"menu-item menu-item-type-post_type menu-item-object-page menu-item-has-children menu-item-3896\"><a href=\"https:\/\/salecina.ch\/fr\/contact-reservation\/\" class=\"elementor-item\">CONTACT &#038; INFO<\/a>\n<ul class=\"sub-menu elementor-nav-menu--dropdown\">\n\t<li class=\"menu-item menu-item-type-post_type menu-item-object-page menu-item-3900\"><a href=\"https:\/\/salecina.ch\/fr\/prix-reservations\/\" class=\"elementor-sub-item\">Prix<\/a><\/li>\n\t<li class=\"menu-item menu-item-type-custom menu-item-object-custom menu-item-4981\"><a href=\"https:\/\/hostels.assd.com\/crs4.php?goto=10&#038;cust=410526&#038;type=040&#038;langcrs=F\" class=\"elementor-sub-item\">R\u00e9server maintenant<\/a><\/li>\n\t<li class=\"menu-item menu-item-type-post_type menu-item-object-page menu-item-3911\"><a href=\"https:\/\/salecina.ch\/fr\/acces-informations\/\" class=\"elementor-sub-item\">Acc\u00e8s &amp; informations<\/a><\/li>\n<\/ul>\n<\/li>\n<li class=\"menu-item wpml-ls-slot-5 wpml-ls-item wpml-ls-item-de wpml-ls-menu-item wpml-ls-first-item menu-item-type-wpml_ls_menu_item menu-item-object-wpml_ls_menu_item menu-item-wpml-ls-5-de\"><a href=\"https:\/\/salecina.ch\" class=\"elementor-item\"><img decoding=\"async\"\n            class=\"wpml-ls-flag\"\n            src=\"https:\/\/salecina.ch\/wp-content\/plugins\/sitepress-multilingual-cms\/res\/flags\/de.png\"\n            alt=\"Allemand\"\n            \n            \n    \/><\/a><\/li>\n<li class=\"menu-item wpml-ls-slot-5 wpml-ls-item wpml-ls-item-it wpml-ls-menu-item menu-item-type-wpml_ls_menu_item menu-item-object-wpml_ls_menu_item menu-item-wpml-ls-5-it\"><a href=\"https:\/\/salecina.ch\/it\/\" class=\"elementor-item\"><img decoding=\"async\"\n            class=\"wpml-ls-flag\"\n            src=\"https:\/\/salecina.ch\/wp-content\/plugins\/sitepress-multilingual-cms\/res\/flags\/it.png\"\n            alt=\"Italien\"\n            \n            \n    \/><\/a><\/li>\n<li class=\"menu-item wpml-ls-slot-5 wpml-ls-item wpml-ls-item-en wpml-ls-menu-item wpml-ls-last-item menu-item-type-wpml_ls_menu_item menu-item-object-wpml_ls_menu_item menu-item-wpml-ls-5-en\"><a href=\"https:\/\/salecina.ch\/en\/\" class=\"elementor-item\"><img decoding=\"async\"\n            class=\"wpml-ls-flag\"\n            src=\"https:\/\/salecina.ch\/wp-content\/plugins\/sitepress-multilingual-cms\/res\/flags\/en.png\"\n            alt=\"Anglais\"\n            \n            \n    \/><\/a><\/li>\n<\/ul>\t\t\t<\/nav>\n\t\t\t\t\t<div class=\"elementor-menu-toggle\" role=\"button\" tabindex=\"0\" aria-label=\"Permuter le menu\" aria-expanded=\"false\">\n\t\t\t<i aria-hidden=\"true\" role=\"presentation\" class=\"elementor-menu-toggle__icon--open eicon-menu-bar\"><\/i><i aria-hidden=\"true\" role=\"presentation\" class=\"elementor-menu-toggle__icon--close eicon-close\"><\/i>\t\t<\/div>\n\t\t\t\t\t<nav class=\"elementor-nav-menu--dropdown elementor-nav-menu__container\" aria-hidden=\"true\">\n\t\t\t\t<ul id=\"menu-2-39a0e59\" class=\"elementor-nav-menu\"><li class=\"menu-item menu-item-type-custom menu-item-object-custom menu-item-4207\"><a href=\"#\" class=\"elementor-item elementor-item-anchor\" tabindex=\"-1\"><img decoding=\"async\" src=\"https:\/\/salecina.ch\/wp-content\/uploads\/2021\/08\/Logo-Salecina-definitiv-1.svg\" style=\"height:auto; width:5vw; background-color:#FFFFFF;\"><\/a><\/li>\n<li class=\"menu-item menu-item-type-custom menu-item-object-custom menu-item-5127\"><a target=\"_blank\" href=\"https:\/\/hostels.assd.com\/crs4.php?goto=10&#038;cust=410526&#038;type=040&#038;langcrs=F\" class=\"elementor-item\" tabindex=\"-1\">R\u00c9SERVATION<\/a><\/li>\n<li class=\"menu-item menu-item-type-post_type menu-item-object-page menu-item-home menu-item-821\"><a href=\"https:\/\/salecina.ch\/fr\/\" class=\"elementor-item\" tabindex=\"-1\">SALECINA<\/a><\/li>\n<li class=\"menu-item menu-item-type-post_type menu-item-object-page menu-item-has-children menu-item-3806\"><a href=\"https:\/\/salecina.ch\/fr\/repas-chambres\/\" class=\"elementor-item\" tabindex=\"-1\">REPAS &amp; CHAMBRES<\/a>\n<ul class=\"sub-menu elementor-nav-menu--dropdown\">\n\t<li class=\"menu-item menu-item-type-post_type menu-item-object-page menu-item-3814\"><a href=\"https:\/\/salecina.ch\/fr\/personnel-hotes\/\" class=\"elementor-sub-item\" tabindex=\"-1\">Personnel &amp; h\u00f4tes<\/a><\/li>\n\t<li class=\"menu-item menu-item-type-post_type menu-item-object-page menu-item-3820\"><a href=\"https:\/\/salecina.ch\/fr\/chambres-infrastructure\/\" class=\"elementor-sub-item\" tabindex=\"-1\">Chambres &amp; infrastructure<\/a><\/li>\n<\/ul>\n<\/li>\n<li class=\"menu-item menu-item-type-post_type menu-item-object-page menu-item-has-children menu-item-3834\"><a href=\"https:\/\/salecina.ch\/fr\/rencontres-mouvement\/\" class=\"elementor-item\" tabindex=\"-1\">RENCONTRES &amp; MOUVEMENT<\/a>\n<ul class=\"sub-menu elementor-nav-menu--dropdown\">\n\t<li class=\"menu-item menu-item-type-post_type menu-item-object-page menu-item-3844\"><a href=\"https:\/\/salecina.ch\/fr\/personnes-idees\/\" class=\"elementor-sub-item\" tabindex=\"-1\">Personnes &amp; id\u00e9es<\/a><\/li>\n\t<li class=\"menu-item menu-item-type-post_type menu-item-object-page menu-item-3849\"><a href=\"https:\/\/salecina.ch\/fr\/agenda-eventi-italien\/\" class=\"elementor-sub-item\" tabindex=\"-1\">agenda &amp; eventi (italien)<\/a><\/li>\n\t<li class=\"menu-item menu-item-type-post_type menu-item-object-page menu-item-3855\"><a href=\"https:\/\/salecina.ch\/fr\/photos-medias\/\" class=\"elementor-sub-item\" tabindex=\"-1\">Photos &amp; M\u00e9dias<\/a><\/li>\n<\/ul>\n<\/li>\n<li class=\"menu-item menu-item-type-post_type menu-item-object-page menu-item-has-children menu-item-3880\"><a href=\"https:\/\/salecina.ch\/fr\/maison-histoire\/\" class=\"elementor-item\" tabindex=\"-1\">MAISON &amp; HISTOIRE<\/a>\n<ul class=\"sub-menu elementor-nav-menu--dropdown\">\n\t<li class=\"menu-item menu-item-type-post_type menu-item-object-page menu-item-3879\"><a href=\"https:\/\/salecina.ch\/fr\/site-environnement\/\" class=\"elementor-sub-item\" tabindex=\"-1\">Site &amp; environnement<\/a><\/li>\n\t<li class=\"menu-item menu-item-type-post_type menu-item-object-page menu-item-3878\"><a href=\"https:\/\/salecina.ch\/fr\/equipe-esprit\/\" class=\"elementor-sub-item\" tabindex=\"-1\">\u00c9quipe &amp; esprit<\/a><\/li>\n<\/ul>\n<\/li>\n<li class=\"menu-item menu-item-type-post_type menu-item-object-page menu-item-has-children menu-item-3896\"><a href=\"https:\/\/salecina.ch\/fr\/contact-reservation\/\" class=\"elementor-item\" tabindex=\"-1\">CONTACT &#038; INFO<\/a>\n<ul class=\"sub-menu elementor-nav-menu--dropdown\">\n\t<li class=\"menu-item menu-item-type-post_type menu-item-object-page menu-item-3900\"><a href=\"https:\/\/salecina.ch\/fr\/prix-reservations\/\" class=\"elementor-sub-item\" tabindex=\"-1\">Prix<\/a><\/li>\n\t<li class=\"menu-item menu-item-type-custom menu-item-object-custom menu-item-4981\"><a href=\"https:\/\/hostels.assd.com\/crs4.php?goto=10&#038;cust=410526&#038;type=040&#038;langcrs=F\" class=\"elementor-sub-item\" tabindex=\"-1\">R\u00e9server maintenant<\/a><\/li>\n\t<li class=\"menu-item menu-item-type-post_type menu-item-object-page menu-item-3911\"><a href=\"https:\/\/salecina.ch\/fr\/acces-informations\/\" class=\"elementor-sub-item\" tabindex=\"-1\">Acc\u00e8s &amp; informations<\/a><\/li>\n<\/ul>\n<\/li>\n<li class=\"menu-item wpml-ls-slot-5 wpml-ls-item wpml-ls-item-de wpml-ls-menu-item wpml-ls-first-item menu-item-type-wpml_ls_menu_item menu-item-object-wpml_ls_menu_item menu-item-wpml-ls-5-de\"><a href=\"https:\/\/salecina.ch\" class=\"elementor-item\" tabindex=\"-1\"><img decoding=\"async\"\n            class=\"wpml-ls-flag\"\n            src=\"https:\/\/salecina.ch\/wp-content\/plugins\/sitepress-multilingual-cms\/res\/flags\/de.png\"\n            alt=\"Allemand\"\n            \n            \n    \/><\/a><\/li>\n<li class=\"menu-item wpml-ls-slot-5 wpml-ls-item wpml-ls-item-it wpml-ls-menu-item menu-item-type-wpml_ls_menu_item menu-item-object-wpml_ls_menu_item menu-item-wpml-ls-5-it\"><a href=\"https:\/\/salecina.ch\/it\/\" class=\"elementor-item\" tabindex=\"-1\"><img decoding=\"async\"\n            class=\"wpml-ls-flag\"\n            src=\"https:\/\/salecina.ch\/wp-content\/plugins\/sitepress-multilingual-cms\/res\/flags\/it.png\"\n            alt=\"Italien\"\n            \n            \n    \/><\/a><\/li>\n<li class=\"menu-item wpml-ls-slot-5 wpml-ls-item wpml-ls-item-en wpml-ls-menu-item wpml-ls-last-item menu-item-type-wpml_ls_menu_item menu-item-object-wpml_ls_menu_item menu-item-wpml-ls-5-en\"><a href=\"https:\/\/salecina.ch\/en\/\" class=\"elementor-item\" tabindex=\"-1\"><img decoding=\"async\"\n            class=\"wpml-ls-flag\"\n            src=\"https:\/\/salecina.ch\/wp-content\/plugins\/sitepress-multilingual-cms\/res\/flags\/en.png\"\n            alt=\"Anglais\"\n            \n            \n    \/><\/a><\/li>\n<\/ul>\t\t\t<\/nav>\n\t\t\t\t\t\t<\/div>\n\t\t\t\t<\/div>\n\t\t\t\t\t<\/div>\n\t\t<\/div>\n\t\t\t\t\t<\/div>\n\t\t<\/section>\n\t\t\t\t<\/div>\n\t\t<\/div>\n\t\t\t\t\t\t<\/div>\n\t\t\t\t<\/div>\n\t\t\t\t\t<\/div>\n\t\t<\/div>\n\t\t\t\t\t<\/div>\n\t\t<\/section>\n\t\t\t\t<section class=\"elementor-section elementor-top-section elementor-element elementor-element-f99664c elementor-section-boxed elementor-section-height-default elementor-section-height-default\" data-id=\"f99664c\" data-element_type=\"section\" data-e-type=\"section\">\n\t\t\t\t\t\t<div class=\"elementor-container elementor-column-gap-default\">\n\t\t\t\t\t<div class=\"elementor-column elementor-col-100 elementor-top-column elementor-element elementor-element-5f1cd21e\" data-id=\"5f1cd21e\" data-element_type=\"column\" data-e-type=\"column\">\n\t\t\t<div class=\"elementor-widget-wrap elementor-element-populated\">\n\t\t\t\t\t\t\t<\/div>\n\t\t<\/div>\n\t\t\t\t\t<\/div>\n\t\t<\/section>\n\t\t\t\t<section class=\"elementor-section elementor-top-section elementor-element elementor-element-10394806 elementor-section-boxed elementor-section-height-default elementor-section-height-default\" data-id=\"10394806\" data-element_type=\"section\" data-e-type=\"section\" data-settings=\"{&quot;background_background&quot;:&quot;classic&quot;}\">\n\t\t\t\t\t\t<div class=\"elementor-container elementor-column-gap-default\">\n\t\t\t\t\t<div data-dce-background-color=\"#FFFFFF\" class=\"elementor-column elementor-col-100 elementor-top-column elementor-element elementor-element-7c7f41b9\" data-id=\"7c7f41b9\" data-element_type=\"column\" data-e-type=\"column\" data-settings=\"{&quot;background_background&quot;:&quot;classic&quot;}\">\n\t\t\t<div class=\"elementor-widget-wrap elementor-element-populated\">\n\t\t\t\t\t\t<section class=\"elementor-section elementor-inner-section elementor-element elementor-element-33435060 elementor-section-boxed elementor-section-height-default elementor-section-height-default\" data-id=\"33435060\" data-element_type=\"section\" data-e-type=\"section\">\n\t\t\t\t\t\t<div class=\"elementor-container elementor-column-gap-default\">\n\t\t\t\t\t<div class=\"elementor-column elementor-col-50 elementor-inner-column elementor-element elementor-element-1b584ee3\" data-id=\"1b584ee3\" data-element_type=\"column\" data-e-type=\"column\" data-settings=\"{&quot;background_background&quot;:&quot;classic&quot;}\">\n\t\t\t<div class=\"elementor-widget-wrap elementor-element-populated\">\n\t\t\t\t\t\t<div class=\"elementor-element elementor-element-1a190e6d dce_masking-none elementor-widget elementor-widget-image\" data-id=\"1a190e6d\" data-element_type=\"widget\" data-e-type=\"widget\" data-widget_type=\"image.default\">\n\t\t\t\t<div class=\"elementor-widget-container\">\n\t\t\t\t\t\t\t\t\t\t\t\t\t\t\t<img fetchpriority=\"high\" decoding=\"async\" width=\"1000\" height=\"290\" src=\"https:\/\/salecina.ch\/wp-content\/uploads\/2021\/07\/feste.jpg\" class=\"attachment-full size-full wp-image-1317\" alt=\"\" srcset=\"https:\/\/salecina.ch\/wp-content\/uploads\/2021\/07\/feste.jpg 1000w, https:\/\/salecina.ch\/wp-content\/uploads\/2021\/07\/feste-300x87.jpg 300w, https:\/\/salecina.ch\/wp-content\/uploads\/2021\/07\/feste-768x223.jpg 768w\" sizes=\"(max-width: 1000px) 100vw, 1000px\" \/>\t\t\t\t\t\t\t\t\t\t\t\t\t\t\t<\/div>\n\t\t\t\t<\/div>\n\t\t\t\t<div class=\"elementor-element elementor-element-826306f dce-col-1 dce-posts-layout-default dce-col-tablet-3 dce-col-mobile-1 dce-align-left elementor-widget elementor-widget-dce-dynamicposts-v2\" data-id=\"826306f\" data-element_type=\"widget\" data-e-type=\"widget\" data-settings=\"{&quot;style_items&quot;:&quot;default&quot;,&quot;grid_grid_type&quot;:&quot;flex&quot;}\" data-widget_type=\"dce-dynamicposts-v2.grid\">\n\t\t\t\t<div class=\"elementor-widget-container\">\n\t\t\t\t\t\t\t<div class=\"dce-posts-container dce-posts \">\n\t\t\t<div class=\"dce-posts-fallback\">\n\t\t\t\t<p>No results found.<\/p>\t\t\t<\/div>\n\t\t<\/div>\n\t\t\t\t\t\t<\/div>\n\t\t\t\t<\/div>\n\t\t\t\t\t<\/div>\n\t\t<\/div>\n\t\t\t\t<div class=\"elementor-column elementor-col-50 elementor-inner-column elementor-element elementor-element-4e7bd3a5\" data-id=\"4e7bd3a5\" data-element_type=\"column\" data-e-type=\"column\">\n\t\t\t<div class=\"elementor-widget-wrap elementor-element-populated\">\n\t\t\t\t\t\t<div class=\"elementor-element elementor-element-6bb06d5 elementor-widget elementor-widget-text-editor\" data-id=\"6bb06d5\" data-element_type=\"widget\" data-e-type=\"widget\" data-widget_type=\"text-editor.default\">\n\t\t\t\t<div class=\"elementor-widget-container\">\n\t\t\t\t\t\t\t\t\t<p>Il calendario da scaricare degli eventi 2021:<br \/><a title=\"2021_Kalender.pdf\" href=\"https:\/\/salecina.ch\/wp-content\/uploads\/2021\/08\/2021_Kalender1.pdf\" target=\"_blank\" rel=\"noopener\">qui PDF<\/a><\/p>\n\t\t\t\t\t\t\t\t<\/div>\n\t\t\t\t<\/div>\n\t\t\t\t<div class=\"elementor-element elementor-element-58174af elementor-widget elementor-widget-text-editor\" data-id=\"58174af\" data-element_type=\"widget\" data-e-type=\"widget\" data-widget_type=\"text-editor.default\">\n\t\t\t\t<div class=\"elementor-widget-container\">\n\t\t\t\t\t\t\t\t\t<h4><img decoding=\"async\" class=\" wp-image-1587 aligncenter\" src=\"https:\/\/salecina.ch\/wp-content\/uploads\/2021\/08\/50_jahre_kalender-250x300.jpg\" alt=\"\" width=\"377\" height=\"452\" srcset=\"https:\/\/salecina.ch\/wp-content\/uploads\/2021\/08\/50_jahre_kalender-250x300.jpg 250w, https:\/\/salecina.ch\/wp-content\/uploads\/2021\/08\/50_jahre_kalender-854x1024.jpg 854w, https:\/\/salecina.ch\/wp-content\/uploads\/2021\/08\/50_jahre_kalender-768x921.jpg 768w, https:\/\/salecina.ch\/wp-content\/uploads\/2021\/08\/50_jahre_kalender-1280x1536.jpg 1280w, https:\/\/salecina.ch\/wp-content\/uploads\/2021\/08\/50_jahre_kalender.jpg 1532w\" sizes=\"(max-width: 377px) 100vw, 377px\" \/><\/h4><h4><strong>Un calendario per i 50 anni di Salecina!!<\/strong><\/h4><p>Nel 2022 Salecina festeggia 50 anni. Un calendario evidenzier\u00e0 questo importante anniversario. All&rsquo;interno ci saranno 12 illustrazioni, accompagnate da una rassegna di foto storiche d&rsquo;archivio, che metteranno a fuoco un tema importante e prezioso sia in questo difficile periodo, sia ai tempi della nascita del progetto Salecina: la condivisione. Dodici illustratori e illustratrici che vivono tra Spagna, Svizzera, Germania e Italia, affascinati dalla storia di Salecina, rappresenteranno attraverso i loro disegni l&rsquo;alternativa, l&rsquo;utopia, il sogno del nostro centro di vacanza e formazione. Il calendario da parete, formato 21&#215;42 cm, prezzo circa 15.- Fr., sar\u00e0 disponibile a Salecina dal prossimo luglio, oppure pu\u00f2 essere ordinato gi\u00e0 da subito mandando una e-mail a info@salecina.ch o telefonando allo +41 81 824 32 39.<\/p>\t\t\t\t\t\t\t\t<\/div>\n\t\t\t\t<\/div>\n\t\t\t\t\t<\/div>\n\t\t<\/div>\n\t\t\t\t\t<\/div>\n\t\t<\/section>\n\t\t\t\t\t<\/div>\n\t\t<\/div>\n\t\t\t\t\t<\/div>\n\t\t<\/section>\n\t\t\t\t<\/div>\n\t\t","protected":false},"excerpt":{"rendered":"<p>8. 03. 2026 Schneeschuhwanderungen im Oberengadin Schneeuschutourenwoche im Oberengadin zum Thema Spuren und Wildtiere. Mehr dazu&#8230; Mit Regula Bollier 18. 10. 2025 Genuss-Wanderwoche In der goldenen Jahreszeit die kraftvolle Natur des Engadins genie\u00dfen. Die technisch leichten Wanderungen von drei bis f\u00fcnf Stunden Gehzeit pro Tag werden durch K\u00f6rper- und Yoga\u00fcbungen erg\u00e4nzt. mehr dazu&#8230; (PDF) mit [&hellip;]<\/p>\n","protected":false},"author":1,"featured_media":0,"parent":0,"menu_order":7,"comment_status":"closed","ping_status":"closed","template":"elementor_header_footer","meta":{"footnotes":""},"class_list":["post-3845","page","type-page","status-publish","hentry"],"yoast_head":"<!-- This site is optimized with the Yoast SEO plugin v28.3 - https:\/\/yoast.com\/product\/yoast-seo-wordpress\/ -->\n<title>agenda &amp; eventi (italien) &#8212; Salecina<\/title>\n<meta name=\"robots\" content=\"index, follow, max-snippet:-1, max-image-preview:large, max-video-preview:-1\" \/>\n<link rel=\"canonical\" href=\"https:\/\/salecina.ch\/termine-events\/\" \/>\n<meta property=\"og:locale\" content=\"fr_FR\" \/>\n<meta property=\"og:type\" content=\"article\" \/>\n<meta property=\"og:title\" content=\"agenda &amp; eventi (italien) &#8212; Salecina\" \/>\n<meta property=\"og:description\" content=\"8. 03. 2026 Schneeschuhwanderungen im Oberengadin Schneeuschutourenwoche im Oberengadin zum Thema Spuren und Wildtiere. Mehr dazu&#8230; Mit Regula Bollier 18. 10. 2025 Genuss-Wanderwoche In der goldenen Jahreszeit die kraftvolle Natur des Engadins genie\u00dfen. Die technisch leichten Wanderungen von drei bis f\u00fcnf Stunden Gehzeit pro Tag werden durch K\u00f6rper- und Yoga\u00fcbungen erg\u00e4nzt. mehr dazu&#8230; (PDF) mit [&hellip;]\" \/>\n<meta property=\"og:url\" content=\"https:\/\/salecina.ch\/termine-events\/\" \/>\n<meta property=\"og:site_name\" content=\"Salecina\" \/>\n<meta property=\"article:modified_time\" content=\"2025-09-26T13:49:49+00:00\" \/>\n<meta property=\"og:image\" content=\"https:\/\/salecina.ch\/wp-content\/uploads\/2021\/07\/feste.jpg\" \/>\n<meta name=\"twitter:card\" content=\"summary_large_image\" \/>\n<meta name=\"twitter:label1\" content=\"Dur\u00e9e de lecture estim\u00e9e\" \/>\n\t<meta name=\"twitter:data1\" content=\"8 minutes\" \/>\n<script type=\"application\/ld+json\" class=\"yoast-schema-graph\">{\"@context\":\"https:\\\/\\\/schema.org\",\"@graph\":[{\"@type\":\"WebPage\",\"@id\":\"https:\\\/\\\/salecina.ch\\\/termine-events\\\/\",\"url\":\"https:\\\/\\\/salecina.ch\\\/termine-events\\\/\",\"name\":\"agenda &amp; eventi (italien) &#8212; Salecina\",\"isPartOf\":{\"@id\":\"https:\\\/\\\/salecina.ch\\\/#website\"},\"primaryImageOfPage\":{\"@id\":\"https:\\\/\\\/salecina.ch\\\/termine-events\\\/#primaryimage\"},\"image\":{\"@id\":\"https:\\\/\\\/salecina.ch\\\/termine-events\\\/#primaryimage\"},\"thumbnailUrl\":\"https:\\\/\\\/salecina.ch\\\/wp-content\\\/uploads\\\/2021\\\/07\\\/feste.jpg\",\"datePublished\":\"2021-08-22T09:54:40+00:00\",\"dateModified\":\"2025-09-26T13:49:49+00:00\",\"breadcrumb\":{\"@id\":\"https:\\\/\\\/salecina.ch\\\/termine-events\\\/#breadcrumb\"},\"inLanguage\":\"fr-FR\",\"potentialAction\":[{\"@type\":\"ReadAction\",\"target\":[\"https:\\\/\\\/salecina.ch\\\/termine-events\\\/\"]}]},{\"@type\":\"ImageObject\",\"inLanguage\":\"fr-FR\",\"@id\":\"https:\\\/\\\/salecina.ch\\\/termine-events\\\/#primaryimage\",\"url\":\"https:\\\/\\\/salecina.ch\\\/wp-content\\\/uploads\\\/2021\\\/07\\\/feste.jpg\",\"contentUrl\":\"https:\\\/\\\/salecina.ch\\\/wp-content\\\/uploads\\\/2021\\\/07\\\/feste.jpg\"},{\"@type\":\"BreadcrumbList\",\"@id\":\"https:\\\/\\\/salecina.ch\\\/termine-events\\\/#breadcrumb\",\"itemListElement\":[{\"@type\":\"ListItem\",\"position\":1,\"name\":\"Startseite\",\"item\":\"https:\\\/\\\/salecina.ch\\\/fr\\\/\"},{\"@type\":\"ListItem\",\"position\":2,\"name\":\"agenda &amp; eventi (italien)\"}]},{\"@type\":\"WebSite\",\"@id\":\"https:\\\/\\\/salecina.ch\\\/#website\",\"url\":\"https:\\\/\\\/salecina.ch\\\/\",\"name\":\"Salecina\",\"description\":\"\",\"publisher\":{\"@id\":\"https:\\\/\\\/salecina.ch\\\/#organization\"},\"potentialAction\":[{\"@type\":\"SearchAction\",\"target\":{\"@type\":\"EntryPoint\",\"urlTemplate\":\"https:\\\/\\\/salecina.ch\\\/?s={search_term_string}\"},\"query-input\":{\"@type\":\"PropertyValueSpecification\",\"valueRequired\":true,\"valueName\":\"search_term_string\"}}],\"inLanguage\":\"fr-FR\"},{\"@type\":\"Organization\",\"@id\":\"https:\\\/\\\/salecina.ch\\\/#organization\",\"name\":\"Stiftung Salecina\",\"url\":\"https:\\\/\\\/salecina.ch\\\/\",\"logo\":{\"@type\":\"ImageObject\",\"inLanguage\":\"fr-FR\",\"@id\":\"https:\\\/\\\/salecina.ch\\\/#\\\/schema\\\/logo\\\/image\\\/\",\"url\":\"https:\\\/\\\/salecina.ch\\\/wp-content\\\/uploads\\\/2021\\\/07\\\/Logo-Salecina-definitiv-mit-Text.svg\",\"contentUrl\":\"https:\\\/\\\/salecina.ch\\\/wp-content\\\/uploads\\\/2021\\\/07\\\/Logo-Salecina-definitiv-mit-Text.svg\",\"width\":274,\"height\":117,\"caption\":\"Stiftung Salecina\"},\"image\":{\"@id\":\"https:\\\/\\\/salecina.ch\\\/#\\\/schema\\\/logo\\\/image\\\/\"}}]}<\/script>\n<!-- \/ Yoast SEO plugin. -->","yoast_head_json":{"title":"agenda &amp; eventi (italien) &#8212; Salecina","robots":{"index":"index","follow":"follow","max-snippet":"max-snippet:-1","max-image-preview":"max-image-preview:large","max-video-preview":"max-video-preview:-1"},"canonical":"https:\/\/salecina.ch\/termine-events\/","og_locale":"fr_FR","og_type":"article","og_title":"agenda &amp; eventi (italien) &#8212; Salecina","og_description":"8. 03. 2026 Schneeschuhwanderungen im Oberengadin Schneeuschutourenwoche im Oberengadin zum Thema Spuren und Wildtiere. Mehr dazu&#8230; Mit Regula Bollier 18. 10. 2025 Genuss-Wanderwoche In der goldenen Jahreszeit die kraftvolle Natur des Engadins genie\u00dfen. Die technisch leichten Wanderungen von drei bis f\u00fcnf Stunden Gehzeit pro Tag werden durch K\u00f6rper- und Yoga\u00fcbungen erg\u00e4nzt. mehr dazu&#8230; (PDF) mit [&hellip;]","og_url":"https:\/\/salecina.ch\/termine-events\/","og_site_name":"Salecina","article_modified_time":"2025-09-26T13:49:49+00:00","og_image":[{"url":"https:\/\/salecina.ch\/wp-content\/uploads\/2021\/07\/feste.jpg","type":"","width":"","height":""}],"twitter_card":"summary_large_image","twitter_misc":{"Dur\u00e9e de lecture estim\u00e9e":"8 minutes"},"schema":{"@context":"https:\/\/schema.org","@graph":[{"@type":"WebPage","@id":"https:\/\/salecina.ch\/termine-events\/","url":"https:\/\/salecina.ch\/termine-events\/","name":"agenda &amp; eventi (italien) &#8212; Salecina","isPartOf":{"@id":"https:\/\/salecina.ch\/#website"},"primaryImageOfPage":{"@id":"https:\/\/salecina.ch\/termine-events\/#primaryimage"},"image":{"@id":"https:\/\/salecina.ch\/termine-events\/#primaryimage"},"thumbnailUrl":"https:\/\/salecina.ch\/wp-content\/uploads\/2021\/07\/feste.jpg","datePublished":"2021-08-22T09:54:40+00:00","dateModified":"2025-09-26T13:49:49+00:00","breadcrumb":{"@id":"https:\/\/salecina.ch\/termine-events\/#breadcrumb"},"inLanguage":"fr-FR","potentialAction":[{"@type":"ReadAction","target":["https:\/\/salecina.ch\/termine-events\/"]}]},{"@type":"ImageObject","inLanguage":"fr-FR","@id":"https:\/\/salecina.ch\/termine-events\/#primaryimage","url":"https:\/\/salecina.ch\/wp-content\/uploads\/2021\/07\/feste.jpg","contentUrl":"https:\/\/salecina.ch\/wp-content\/uploads\/2021\/07\/feste.jpg"},{"@type":"BreadcrumbList","@id":"https:\/\/salecina.ch\/termine-events\/#breadcrumb","itemListElement":[{"@type":"ListItem","position":1,"name":"Startseite","item":"https:\/\/salecina.ch\/fr\/"},{"@type":"ListItem","position":2,"name":"agenda &amp; eventi (italien)"}]},{"@type":"WebSite","@id":"https:\/\/salecina.ch\/#website","url":"https:\/\/salecina.ch\/","name":"Salecina","description":"","publisher":{"@id":"https:\/\/salecina.ch\/#organization"},"potentialAction":[{"@type":"SearchAction","target":{"@type":"EntryPoint","urlTemplate":"https:\/\/salecina.ch\/?s={search_term_string}"},"query-input":{"@type":"PropertyValueSpecification","valueRequired":true,"valueName":"search_term_string"}}],"inLanguage":"fr-FR"},{"@type":"Organization","@id":"https:\/\/salecina.ch\/#organization","name":"Stiftung Salecina","url":"https:\/\/salecina.ch\/","logo":{"@type":"ImageObject","inLanguage":"fr-FR","@id":"https:\/\/salecina.ch\/#\/schema\/logo\/image\/","url":"https:\/\/salecina.ch\/wp-content\/uploads\/2021\/07\/Logo-Salecina-definitiv-mit-Text.svg","contentUrl":"https:\/\/salecina.ch\/wp-content\/uploads\/2021\/07\/Logo-Salecina-definitiv-mit-Text.svg","width":274,"height":117,"caption":"Stiftung Salecina"},"image":{"@id":"https:\/\/salecina.ch\/#\/schema\/logo\/image\/"}}]}},"_links":{"self":[{"href":"https:\/\/salecina.ch\/fr\/wp-json\/wp\/v2\/pages\/3845","targetHints":{"allow":["GET"]}}],"collection":[{"href":"https:\/\/salecina.ch\/fr\/wp-json\/wp\/v2\/pages"}],"about":[{"href":"https:\/\/salecina.ch\/fr\/wp-json\/wp\/v2\/types\/page"}],"author":[{"embeddable":true,"href":"https:\/\/salecina.ch\/fr\/wp-json\/wp\/v2\/users\/1"}],"replies":[{"embeddable":true,"href":"https:\/\/salecina.ch\/fr\/wp-json\/wp\/v2\/comments?post=3845"}],"version-history":[{"count":99,"href":"https:\/\/salecina.ch\/fr\/wp-json\/wp\/v2\/pages\/3845\/revisions"}],"predecessor-version":[{"id":10045,"href":"https:\/\/salecina.ch\/fr\/wp-json\/wp\/v2\/pages\/3845\/revisions\/10045"}],"wp:attachment":[{"href":"https:\/\/salecina.ch\/fr\/wp-json\/wp\/v2\/media?parent=3845"}],"curies":[{"name":"wp","href":"https:\/\/api.w.org\/{rel}","templated":true}]}}