{"id":3807,"date":"2021-08-20T15:47:05","date_gmt":"2021-08-20T15:47:05","guid":{"rendered":"https:\/\/salecina.ch\/personnel-hotes\/"},"modified":"2023-08-02T13:56:29","modified_gmt":"2023-08-02T13:56:29","slug":"personnel-hotes","status":"publish","type":"page","link":"https:\/\/salecina.ch\/fr\/personnel-hotes\/","title":{"rendered":"Personnel &amp; h\u00f4tes"},"content":{"rendered":"\t\t<div data-elementor-type=\"wp-page\" data-elementor-id=\"3807\" class=\"elementor elementor-3807\" data-elementor-post-type=\"page\">\n\t\t\t\t\t\t<section class=\"elementor-section elementor-top-section elementor-element elementor-element-96f166c elementor-section-full_width elementor-section-stretched elementor-section-height-default elementor-section-height-default\" data-id=\"96f166c\" data-element_type=\"section\" data-e-type=\"section\" data-settings=\"{&quot;stretch_section&quot;:&quot;section-stretched&quot;}\">\n\t\t\t\t\t\t<div class=\"elementor-container elementor-column-gap-default\">\n\t\t\t\t\t<div class=\"elementor-column elementor-col-100 elementor-top-column elementor-element elementor-element-45c70d82\" data-id=\"45c70d82\" data-element_type=\"column\" data-e-type=\"column\">\n\t\t\t<div class=\"elementor-widget-wrap elementor-element-populated\">\n\t\t\t\t\t\t<div class=\"elementor-element elementor-element-28bab9c1 elementor-widget elementor-widget-shortcode\" data-id=\"28bab9c1\" data-element_type=\"widget\" data-e-type=\"widget\" data-widget_type=\"shortcode.default\">\n\t\t\t\t<div class=\"elementor-widget-container\">\n\t\t\t\t\t\t\t<div class=\"elementor-shortcode\">\t\t<div data-elementor-type=\"page\" data-elementor-id=\"485\" class=\"elementor elementor-485\" data-elementor-post-type=\"elementor_library\">\n\t\t\t\t\t\t<section data-dce-background-color=\"#222222\" class=\"elementor-section elementor-top-section elementor-element elementor-element-d80febe elementor-section-full_width elementor-section-content-top elementor-section-stretched elementor-section-height-default elementor-section-height-default\" data-id=\"d80febe\" data-element_type=\"section\" data-e-type=\"section\" data-settings=\"{&quot;background_background&quot;:&quot;classic&quot;,&quot;stretch_section&quot;:&quot;section-stretched&quot;,&quot;sticky&quot;:&quot;top&quot;,&quot;sticky_on&quot;:[&quot;widescreen&quot;,&quot;desktop&quot;,&quot;laptop&quot;,&quot;tablet_extra&quot;,&quot;tablet&quot;,&quot;mobile_extra&quot;,&quot;mobile&quot;],&quot;sticky_offset&quot;:0,&quot;sticky_effects_offset&quot;:0,&quot;sticky_anchor_link_offset&quot;:0}\">\n\t\t\t\t\t\t<div class=\"elementor-container elementor-column-gap-default\">\n\t\t\t\t\t<div class=\"elementor-column elementor-col-100 elementor-top-column elementor-element elementor-element-2fa430a\" data-id=\"2fa430a\" data-element_type=\"column\" data-e-type=\"column\">\n\t\t\t<div class=\"elementor-widget-wrap elementor-element-populated\">\n\t\t\t\t\t\t<div class=\"elementor-element elementor-element-39a0e59 elementor-nav-menu__align-center elementor-nav-menu--stretch elementor-nav-menu--dropdown-tablet elementor-nav-menu__text-align-aside elementor-nav-menu--toggle elementor-nav-menu--burger elementor-widget elementor-widget-nav-menu\" data-id=\"39a0e59\" data-element_type=\"widget\" data-e-type=\"widget\" data-settings=\"{&quot;full_width&quot;:&quot;stretch&quot;,&quot;sticky&quot;:&quot;top&quot;,&quot;layout&quot;:&quot;horizontal&quot;,&quot;submenu_icon&quot;:{&quot;value&quot;:&quot;&lt;i class=\\&quot;fas fa-caret-down\\&quot; aria-hidden=\\&quot;true\\&quot;&gt;&lt;\\\/i&gt;&quot;,&quot;library&quot;:&quot;fa-solid&quot;},&quot;toggle&quot;:&quot;burger&quot;,&quot;sticky_on&quot;:[&quot;widescreen&quot;,&quot;desktop&quot;,&quot;laptop&quot;,&quot;tablet_extra&quot;,&quot;tablet&quot;,&quot;mobile_extra&quot;,&quot;mobile&quot;],&quot;sticky_offset&quot;:0,&quot;sticky_effects_offset&quot;:0,&quot;sticky_anchor_link_offset&quot;:0}\" data-widget_type=\"nav-menu.default\">\n\t\t\t\t<div class=\"elementor-widget-container\">\n\t\t\t\t\t\t\t\t<nav aria-label=\"Menu\" class=\"elementor-nav-menu--main elementor-nav-menu__container elementor-nav-menu--layout-horizontal e--pointer-overline e--animation-fade\">\n\t\t\t\t<ul id=\"menu-1-39a0e59\" class=\"elementor-nav-menu\"><li class=\"menu-item menu-item-type-custom menu-item-object-custom menu-item-4207\"><a href=\"#\" class=\"elementor-item elementor-item-anchor\"><img decoding=\"async\" src=\"https:\/\/salecina.ch\/wp-content\/uploads\/2021\/08\/Logo-Salecina-definitiv-1.svg\" style=\"height:auto; width:5vw; background-color:#FFFFFF;\"><\/a><\/li>\n<li class=\"menu-item menu-item-type-custom menu-item-object-custom menu-item-5127\"><a target=\"_blank\" href=\"https:\/\/hostels.assd.com\/crs4.php?goto=10&#038;cust=410526&#038;type=040&#038;langcrs=F\" class=\"elementor-item\">R\u00c9SERVATION<\/a><\/li>\n<li class=\"menu-item menu-item-type-post_type menu-item-object-page menu-item-home menu-item-821\"><a href=\"https:\/\/salecina.ch\/fr\/\" class=\"elementor-item\">SALECINA<\/a><\/li>\n<li class=\"menu-item menu-item-type-post_type menu-item-object-page menu-item-has-children menu-item-3806\"><a href=\"https:\/\/salecina.ch\/fr\/repas-chambres\/\" class=\"elementor-item\">REPAS &amp; CHAMBRES<\/a>\n<ul class=\"sub-menu elementor-nav-menu--dropdown\">\n\t<li class=\"menu-item menu-item-type-post_type menu-item-object-page menu-item-3814\"><a href=\"https:\/\/salecina.ch\/fr\/personnel-hotes\/\" class=\"elementor-sub-item\">Personnel &amp; h\u00f4tes<\/a><\/li>\n\t<li class=\"menu-item menu-item-type-post_type menu-item-object-page menu-item-3820\"><a href=\"https:\/\/salecina.ch\/fr\/chambres-infrastructure\/\" class=\"elementor-sub-item\">Chambres &amp; infrastructure<\/a><\/li>\n<\/ul>\n<\/li>\n<li class=\"menu-item menu-item-type-post_type menu-item-object-page menu-item-has-children menu-item-3834\"><a href=\"https:\/\/salecina.ch\/fr\/rencontres-mouvement\/\" class=\"elementor-item\">RENCONTRES &amp; MOUVEMENT<\/a>\n<ul class=\"sub-menu elementor-nav-menu--dropdown\">\n\t<li class=\"menu-item menu-item-type-post_type menu-item-object-page menu-item-3844\"><a href=\"https:\/\/salecina.ch\/fr\/personnes-idees\/\" class=\"elementor-sub-item\">Personnes &amp; id\u00e9es<\/a><\/li>\n\t<li class=\"menu-item menu-item-type-post_type menu-item-object-page menu-item-3849\"><a href=\"https:\/\/salecina.ch\/fr\/agenda-eventi-italien\/\" class=\"elementor-sub-item\">agenda &amp; eventi (italien)<\/a><\/li>\n\t<li class=\"menu-item menu-item-type-post_type menu-item-object-page menu-item-3855\"><a href=\"https:\/\/salecina.ch\/fr\/photos-medias\/\" class=\"elementor-sub-item\">Photos &amp; M\u00e9dias<\/a><\/li>\n<\/ul>\n<\/li>\n<li class=\"menu-item menu-item-type-post_type menu-item-object-page menu-item-has-children menu-item-3880\"><a href=\"https:\/\/salecina.ch\/fr\/maison-histoire\/\" class=\"elementor-item\">MAISON &amp; HISTOIRE<\/a>\n<ul class=\"sub-menu elementor-nav-menu--dropdown\">\n\t<li class=\"menu-item menu-item-type-post_type menu-item-object-page menu-item-3879\"><a href=\"https:\/\/salecina.ch\/fr\/site-environnement\/\" class=\"elementor-sub-item\">Site &amp; environnement<\/a><\/li>\n\t<li class=\"menu-item menu-item-type-post_type menu-item-object-page menu-item-3878\"><a href=\"https:\/\/salecina.ch\/fr\/equipe-esprit\/\" class=\"elementor-sub-item\">\u00c9quipe &amp; esprit<\/a><\/li>\n<\/ul>\n<\/li>\n<li class=\"menu-item menu-item-type-post_type menu-item-object-page menu-item-has-children menu-item-3896\"><a href=\"https:\/\/salecina.ch\/fr\/contact-reservation\/\" class=\"elementor-item\">CONTACT &#038; INFO<\/a>\n<ul class=\"sub-menu elementor-nav-menu--dropdown\">\n\t<li class=\"menu-item menu-item-type-post_type menu-item-object-page menu-item-3900\"><a href=\"https:\/\/salecina.ch\/fr\/prix-reservations\/\" class=\"elementor-sub-item\">Prix<\/a><\/li>\n\t<li class=\"menu-item menu-item-type-custom menu-item-object-custom menu-item-4981\"><a href=\"https:\/\/hostels.assd.com\/crs4.php?goto=10&#038;cust=410526&#038;type=040&#038;langcrs=F\" class=\"elementor-sub-item\">R\u00e9server maintenant<\/a><\/li>\n\t<li class=\"menu-item menu-item-type-post_type menu-item-object-page menu-item-3911\"><a href=\"https:\/\/salecina.ch\/fr\/acces-informations\/\" class=\"elementor-sub-item\">Acc\u00e8s &amp; informations<\/a><\/li>\n<\/ul>\n<\/li>\n<li class=\"menu-item wpml-ls-slot-5 wpml-ls-item wpml-ls-item-de wpml-ls-menu-item wpml-ls-first-item menu-item-type-wpml_ls_menu_item menu-item-object-wpml_ls_menu_item menu-item-wpml-ls-5-de\"><a href=\"https:\/\/salecina.ch\" class=\"elementor-item\"><img decoding=\"async\"\n            class=\"wpml-ls-flag\"\n            src=\"https:\/\/salecina.ch\/wp-content\/plugins\/sitepress-multilingual-cms\/res\/flags\/de.png\"\n            alt=\"Allemand\"\n            \n            \n    \/><\/a><\/li>\n<li class=\"menu-item wpml-ls-slot-5 wpml-ls-item wpml-ls-item-it wpml-ls-menu-item menu-item-type-wpml_ls_menu_item menu-item-object-wpml_ls_menu_item menu-item-wpml-ls-5-it\"><a href=\"https:\/\/salecina.ch\/it\/\" class=\"elementor-item\"><img decoding=\"async\"\n            class=\"wpml-ls-flag\"\n            src=\"https:\/\/salecina.ch\/wp-content\/plugins\/sitepress-multilingual-cms\/res\/flags\/it.png\"\n            alt=\"Italien\"\n            \n            \n    \/><\/a><\/li>\n<li class=\"menu-item wpml-ls-slot-5 wpml-ls-item wpml-ls-item-en wpml-ls-menu-item wpml-ls-last-item menu-item-type-wpml_ls_menu_item menu-item-object-wpml_ls_menu_item menu-item-wpml-ls-5-en\"><a href=\"https:\/\/salecina.ch\/en\/\" class=\"elementor-item\"><img decoding=\"async\"\n            class=\"wpml-ls-flag\"\n            src=\"https:\/\/salecina.ch\/wp-content\/plugins\/sitepress-multilingual-cms\/res\/flags\/en.png\"\n            alt=\"Anglais\"\n            \n            \n    \/><\/a><\/li>\n<\/ul>\t\t\t<\/nav>\n\t\t\t\t\t<div class=\"elementor-menu-toggle\" role=\"button\" tabindex=\"0\" aria-label=\"Permuter le menu\" aria-expanded=\"false\">\n\t\t\t<i aria-hidden=\"true\" role=\"presentation\" class=\"elementor-menu-toggle__icon--open eicon-menu-bar\"><\/i><i aria-hidden=\"true\" role=\"presentation\" class=\"elementor-menu-toggle__icon--close eicon-close\"><\/i>\t\t<\/div>\n\t\t\t\t\t<nav class=\"elementor-nav-menu--dropdown elementor-nav-menu__container\" aria-hidden=\"true\">\n\t\t\t\t<ul id=\"menu-2-39a0e59\" class=\"elementor-nav-menu\"><li class=\"menu-item menu-item-type-custom menu-item-object-custom menu-item-4207\"><a href=\"#\" class=\"elementor-item elementor-item-anchor\" tabindex=\"-1\"><img decoding=\"async\" src=\"https:\/\/salecina.ch\/wp-content\/uploads\/2021\/08\/Logo-Salecina-definitiv-1.svg\" style=\"height:auto; width:5vw; background-color:#FFFFFF;\"><\/a><\/li>\n<li class=\"menu-item menu-item-type-custom menu-item-object-custom menu-item-5127\"><a target=\"_blank\" href=\"https:\/\/hostels.assd.com\/crs4.php?goto=10&#038;cust=410526&#038;type=040&#038;langcrs=F\" class=\"elementor-item\" tabindex=\"-1\">R\u00c9SERVATION<\/a><\/li>\n<li class=\"menu-item menu-item-type-post_type menu-item-object-page menu-item-home menu-item-821\"><a href=\"https:\/\/salecina.ch\/fr\/\" class=\"elementor-item\" tabindex=\"-1\">SALECINA<\/a><\/li>\n<li class=\"menu-item menu-item-type-post_type menu-item-object-page menu-item-has-children menu-item-3806\"><a href=\"https:\/\/salecina.ch\/fr\/repas-chambres\/\" class=\"elementor-item\" tabindex=\"-1\">REPAS &amp; CHAMBRES<\/a>\n<ul class=\"sub-menu elementor-nav-menu--dropdown\">\n\t<li class=\"menu-item menu-item-type-post_type menu-item-object-page menu-item-3814\"><a href=\"https:\/\/salecina.ch\/fr\/personnel-hotes\/\" class=\"elementor-sub-item\" tabindex=\"-1\">Personnel &amp; h\u00f4tes<\/a><\/li>\n\t<li class=\"menu-item menu-item-type-post_type menu-item-object-page menu-item-3820\"><a href=\"https:\/\/salecina.ch\/fr\/chambres-infrastructure\/\" class=\"elementor-sub-item\" tabindex=\"-1\">Chambres &amp; infrastructure<\/a><\/li>\n<\/ul>\n<\/li>\n<li class=\"menu-item menu-item-type-post_type menu-item-object-page menu-item-has-children menu-item-3834\"><a href=\"https:\/\/salecina.ch\/fr\/rencontres-mouvement\/\" class=\"elementor-item\" tabindex=\"-1\">RENCONTRES &amp; MOUVEMENT<\/a>\n<ul class=\"sub-menu elementor-nav-menu--dropdown\">\n\t<li class=\"menu-item menu-item-type-post_type menu-item-object-page menu-item-3844\"><a href=\"https:\/\/salecina.ch\/fr\/personnes-idees\/\" class=\"elementor-sub-item\" tabindex=\"-1\">Personnes &amp; id\u00e9es<\/a><\/li>\n\t<li class=\"menu-item menu-item-type-post_type menu-item-object-page menu-item-3849\"><a href=\"https:\/\/salecina.ch\/fr\/agenda-eventi-italien\/\" class=\"elementor-sub-item\" tabindex=\"-1\">agenda &amp; eventi (italien)<\/a><\/li>\n\t<li class=\"menu-item menu-item-type-post_type menu-item-object-page menu-item-3855\"><a href=\"https:\/\/salecina.ch\/fr\/photos-medias\/\" class=\"elementor-sub-item\" tabindex=\"-1\">Photos &amp; M\u00e9dias<\/a><\/li>\n<\/ul>\n<\/li>\n<li class=\"menu-item menu-item-type-post_type menu-item-object-page menu-item-has-children menu-item-3880\"><a href=\"https:\/\/salecina.ch\/fr\/maison-histoire\/\" class=\"elementor-item\" tabindex=\"-1\">MAISON &amp; HISTOIRE<\/a>\n<ul class=\"sub-menu elementor-nav-menu--dropdown\">\n\t<li class=\"menu-item menu-item-type-post_type menu-item-object-page menu-item-3879\"><a href=\"https:\/\/salecina.ch\/fr\/site-environnement\/\" class=\"elementor-sub-item\" tabindex=\"-1\">Site &amp; environnement<\/a><\/li>\n\t<li class=\"menu-item menu-item-type-post_type menu-item-object-page menu-item-3878\"><a href=\"https:\/\/salecina.ch\/fr\/equipe-esprit\/\" class=\"elementor-sub-item\" tabindex=\"-1\">\u00c9quipe &amp; esprit<\/a><\/li>\n<\/ul>\n<\/li>\n<li class=\"menu-item menu-item-type-post_type menu-item-object-page menu-item-has-children menu-item-3896\"><a href=\"https:\/\/salecina.ch\/fr\/contact-reservation\/\" class=\"elementor-item\" tabindex=\"-1\">CONTACT &#038; INFO<\/a>\n<ul class=\"sub-menu elementor-nav-menu--dropdown\">\n\t<li class=\"menu-item menu-item-type-post_type menu-item-object-page menu-item-3900\"><a href=\"https:\/\/salecina.ch\/fr\/prix-reservations\/\" class=\"elementor-sub-item\" tabindex=\"-1\">Prix<\/a><\/li>\n\t<li class=\"menu-item menu-item-type-custom menu-item-object-custom menu-item-4981\"><a href=\"https:\/\/hostels.assd.com\/crs4.php?goto=10&#038;cust=410526&#038;type=040&#038;langcrs=F\" class=\"elementor-sub-item\" tabindex=\"-1\">R\u00e9server maintenant<\/a><\/li>\n\t<li class=\"menu-item menu-item-type-post_type menu-item-object-page menu-item-3911\"><a href=\"https:\/\/salecina.ch\/fr\/acces-informations\/\" class=\"elementor-sub-item\" tabindex=\"-1\">Acc\u00e8s &amp; informations<\/a><\/li>\n<\/ul>\n<\/li>\n<li class=\"menu-item wpml-ls-slot-5 wpml-ls-item wpml-ls-item-de wpml-ls-menu-item wpml-ls-first-item menu-item-type-wpml_ls_menu_item menu-item-object-wpml_ls_menu_item menu-item-wpml-ls-5-de\"><a href=\"https:\/\/salecina.ch\" class=\"elementor-item\" tabindex=\"-1\"><img decoding=\"async\"\n            class=\"wpml-ls-flag\"\n            src=\"https:\/\/salecina.ch\/wp-content\/plugins\/sitepress-multilingual-cms\/res\/flags\/de.png\"\n            alt=\"Allemand\"\n            \n            \n    \/><\/a><\/li>\n<li class=\"menu-item wpml-ls-slot-5 wpml-ls-item wpml-ls-item-it wpml-ls-menu-item menu-item-type-wpml_ls_menu_item menu-item-object-wpml_ls_menu_item menu-item-wpml-ls-5-it\"><a href=\"https:\/\/salecina.ch\/it\/\" class=\"elementor-item\" tabindex=\"-1\"><img decoding=\"async\"\n            class=\"wpml-ls-flag\"\n            src=\"https:\/\/salecina.ch\/wp-content\/plugins\/sitepress-multilingual-cms\/res\/flags\/it.png\"\n            alt=\"Italien\"\n            \n            \n    \/><\/a><\/li>\n<li class=\"menu-item wpml-ls-slot-5 wpml-ls-item wpml-ls-item-en wpml-ls-menu-item wpml-ls-last-item menu-item-type-wpml_ls_menu_item menu-item-object-wpml_ls_menu_item menu-item-wpml-ls-5-en\"><a href=\"https:\/\/salecina.ch\/en\/\" class=\"elementor-item\" tabindex=\"-1\"><img decoding=\"async\"\n            class=\"wpml-ls-flag\"\n            src=\"https:\/\/salecina.ch\/wp-content\/plugins\/sitepress-multilingual-cms\/res\/flags\/en.png\"\n            alt=\"Anglais\"\n            \n            \n    \/><\/a><\/li>\n<\/ul>\t\t\t<\/nav>\n\t\t\t\t\t\t<\/div>\n\t\t\t\t<\/div>\n\t\t\t\t\t<\/div>\n\t\t<\/div>\n\t\t\t\t\t<\/div>\n\t\t<\/section>\n\t\t\t\t<\/div>\n\t\t<\/div>\n\t\t\t\t\t\t<\/div>\n\t\t\t\t<\/div>\n\t\t\t\t\t<\/div>\n\t\t<\/div>\n\t\t\t\t\t<\/div>\n\t\t<\/section>\n\t\t\t\t<section class=\"elementor-section elementor-top-section elementor-element elementor-element-3570149a elementor-section-boxed elementor-section-height-default elementor-section-height-default\" data-id=\"3570149a\" data-element_type=\"section\" data-e-type=\"section\">\n\t\t\t\t\t\t<div class=\"elementor-container elementor-column-gap-default\">\n\t\t\t\t\t<div class=\"elementor-column elementor-col-100 elementor-top-column elementor-element elementor-element-34fa9b75\" data-id=\"34fa9b75\" data-element_type=\"column\" data-e-type=\"column\">\n\t\t\t<div class=\"elementor-widget-wrap elementor-element-populated\">\n\t\t\t\t\t\t\t<\/div>\n\t\t<\/div>\n\t\t\t\t\t<\/div>\n\t\t<\/section>\n\t\t\t\t<section class=\"elementor-section elementor-top-section elementor-element elementor-element-78f0d6b5 elementor-section-boxed elementor-section-height-default elementor-section-height-default\" data-id=\"78f0d6b5\" data-element_type=\"section\" data-e-type=\"section\" data-settings=\"{&quot;background_background&quot;:&quot;classic&quot;}\">\n\t\t\t\t\t\t<div class=\"elementor-container elementor-column-gap-default\">\n\t\t\t\t\t<div data-dce-background-color=\"#FFFFFF\" class=\"elementor-column elementor-col-100 elementor-top-column elementor-element elementor-element-394bc53c\" data-id=\"394bc53c\" data-element_type=\"column\" data-e-type=\"column\" data-settings=\"{&quot;background_background&quot;:&quot;classic&quot;}\">\n\t\t\t<div class=\"elementor-widget-wrap elementor-element-populated\">\n\t\t\t\t\t\t<section class=\"elementor-section elementor-inner-section elementor-element elementor-element-15ade956 elementor-section-boxed elementor-section-height-default elementor-section-height-default\" data-id=\"15ade956\" data-element_type=\"section\" data-e-type=\"section\">\n\t\t\t\t\t\t<div class=\"elementor-container elementor-column-gap-default\">\n\t\t\t\t\t<div class=\"elementor-column elementor-col-50 elementor-inner-column elementor-element elementor-element-7d2b14bc\" data-id=\"7d2b14bc\" data-element_type=\"column\" data-e-type=\"column\" data-settings=\"{&quot;background_background&quot;:&quot;classic&quot;}\">\n\t\t\t<div class=\"elementor-widget-wrap elementor-element-populated\">\n\t\t\t\t\t\t<div class=\"elementor-element elementor-element-61bfd5e3 dce_masking-none elementor-widget elementor-widget-image\" data-id=\"61bfd5e3\" data-element_type=\"widget\" data-e-type=\"widget\" data-widget_type=\"image.default\">\n\t\t\t\t<div class=\"elementor-widget-container\">\n\t\t\t\t\t\t\t\t\t\t\t\t\t\t\t<img fetchpriority=\"high\" decoding=\"async\" width=\"1000\" height=\"290\" src=\"https:\/\/salecina.ch\/wp-content\/uploads\/2021\/07\/kochen3.jpg\" class=\"attachment-full size-full wp-image-545\" alt=\"\" srcset=\"https:\/\/salecina.ch\/wp-content\/uploads\/2021\/07\/kochen3.jpg 1000w, https:\/\/salecina.ch\/wp-content\/uploads\/2021\/07\/kochen3-300x87.jpg 300w, https:\/\/salecina.ch\/wp-content\/uploads\/2021\/07\/kochen3-768x223.jpg 768w\" sizes=\"(max-width: 1000px) 100vw, 1000px\" \/>\t\t\t\t\t\t\t\t\t\t\t\t\t\t\t<\/div>\n\t\t\t\t<\/div>\n\t\t\t\t<div class=\"elementor-element elementor-element-c274599 elementor-widget elementor-widget-heading\" data-id=\"c274599\" data-element_type=\"widget\" data-e-type=\"widget\" data-widget_type=\"heading.default\">\n\t\t\t\t<div class=\"elementor-widget-container\">\n\t\t\t\t\t<h2 class=\"elementor-heading-title elementor-size-default\">Personnel &amp; h\u00f4tes<\/h2>\t\t\t\t<\/div>\n\t\t\t\t<\/div>\n\t\t\t\t<div class=\"elementor-element elementor-element-bc3827c elementor-widget elementor-widget-text-editor\" data-id=\"bc3827c\" data-element_type=\"widget\" data-e-type=\"widget\" data-widget_type=\"text-editor.default\">\n\t\t\t\t<div class=\"elementor-widget-container\">\n\t\t\t\t\t\t\t\t\t<p>\u00c0 Salecina, les h\u00f4tes forment aussi le personnel, chose faisant du s\u00e9jour une exp\u00e9rience exceptionnelle. Il r\u00e9sulte de cette double fonction (accueillir et \u00eatre accueilli(e) \u00e0 la fois) une qualit\u00e9 particuli\u00e8re des services ; parce que personne d\u2019autre que les h\u00f4tes eux-m\u00eames ne conna\u00eet mieux les besoins de ces derniers.   <\/p>\n<p>Et comme ce sont seulement celles et ceux qui cuisinent qui en ont vraiment envie, chaque repas est une sp\u00e9cialit\u00e9 au quotidien. La base de cette cuisine vari\u00e9e sont les produits de saison issus au possible de la r\u00e9gion procur\u00e9s par Salecina : du lait provenant de la Latteria du village, de la viande du boucher de la vall\u00e9e, du fromage de ch\u00e8vre de l\u2019alpage de Cavloc\u2026 <\/p>\n\t\t\t\t\t\t\t\t<\/div>\n\t\t\t\t<\/div>\n\t\t\t\t<div class=\"elementor-element elementor-element-3d21990 elementor-widget elementor-widget-text-editor\" data-id=\"3d21990\" data-element_type=\"widget\" data-e-type=\"widget\" data-widget_type=\"text-editor.default\">\n\t\t\t\t<div class=\"elementor-widget-container\">\n\t\t\t\t\t\t\t\t\t<p>Les h\u00f4tes amateurs de cuisine planifient chaque dimanche les menus hebdomadaires avec l\u2019\u00e9quipe. Il en r\u00e9sulte souvent des cr\u00e9ations originales import\u00e9es de diff\u00e9rents pays, bien que les sp\u00e9cialit\u00e9s r\u00e9gionales hautement appr\u00e9ci\u00e9es telles que les \u00ab pizzoccheri \u00bb (plat \u00e0 base de p\u00e2tes \u00e0 la farine de sarrasin et blettes) ou \u00ab Schaf Verd\u00e4mpf \u00bb (plat \u00e0 base de mouton) ne manquent jamais au menu. <\/p>\n\t\t\t\t\t\t\t\t<\/div>\n\t\t\t\t<\/div>\n\t\t\t\t<div class=\"elementor-element elementor-element-05cc2d6 elementor-widget elementor-widget-gallery\" data-id=\"05cc2d6\" data-element_type=\"widget\" data-e-type=\"widget\" data-settings=\"{&quot;columns&quot;:3,&quot;columns_tablet&quot;:3,&quot;lazyload&quot;:&quot;yes&quot;,&quot;gallery_layout&quot;:&quot;grid&quot;,&quot;columns_mobile&quot;:1,&quot;gap&quot;:{&quot;unit&quot;:&quot;px&quot;,&quot;size&quot;:10,&quot;sizes&quot;:[]},&quot;gap_widescreen&quot;:{&quot;unit&quot;:&quot;px&quot;,&quot;size&quot;:&quot;&quot;,&quot;sizes&quot;:[]},&quot;gap_laptop&quot;:{&quot;unit&quot;:&quot;px&quot;,&quot;size&quot;:10,&quot;sizes&quot;:[]},&quot;gap_tablet_extra&quot;:{&quot;unit&quot;:&quot;px&quot;,&quot;size&quot;:10,&quot;sizes&quot;:[]},&quot;gap_tablet&quot;:{&quot;unit&quot;:&quot;px&quot;,&quot;size&quot;:10,&quot;sizes&quot;:[]},&quot;gap_mobile_extra&quot;:{&quot;unit&quot;:&quot;px&quot;,&quot;size&quot;:10,&quot;sizes&quot;:[]},&quot;gap_mobile&quot;:{&quot;unit&quot;:&quot;px&quot;,&quot;size&quot;:10,&quot;sizes&quot;:[]},&quot;link_to&quot;:&quot;file&quot;,&quot;aspect_ratio&quot;:&quot;3:2&quot;,&quot;overlay_background&quot;:&quot;yes&quot;,&quot;content_hover_animation&quot;:&quot;fade-in&quot;}\" data-widget_type=\"gallery.default\">\n\t\t\t\t<div class=\"elementor-widget-container\">\n\t\t\t\t\t\t\t<div class=\"elementor-gallery__container\">\n\t\t\t\t\t\t\t<a class=\"e-gallery-item elementor-gallery-item elementor-animated-content\" href=\"https:\/\/salecina.ch\/wp-content\/uploads\/2021\/07\/kuechenteam.jpg\" data-elementor-open-lightbox=\"yes\" data-elementor-lightbox-slideshow=\"05cc2d6\" data-elementor-lightbox-title=\"kuechenteam\" data-e-action-hash=\"#elementor-action%3Aaction%3Dlightbox%26settings%3DeyJpZCI6NzE0LCJ1cmwiOiJodHRwczpcL1wvc2FsZWNpbmEuY2hcL3dwLWNvbnRlbnRcL3VwbG9hZHNcLzIwMjFcLzA3XC9rdWVjaGVudGVhbS5qcGciLCJzbGlkZXNob3ciOiIwNWNjMmQ2In0%3D\">\n\t\t\t\t\t<div class=\"e-gallery-image elementor-gallery-item__image\" data-thumbnail=\"https:\/\/salecina.ch\/wp-content\/uploads\/2021\/07\/kuechenteam-300x208.jpg\" data-width=\"300\" data-height=\"208\" aria-label=\"\" role=\"img\" ><\/div>\n\t\t\t\t\t\t\t\t\t\t\t<div class=\"elementor-gallery-item__overlay\"><\/div>\n\t\t\t\t\t\t\t\t\t\t\t\t\t\t<\/a>\n\t\t\t\t\t\t\t<a class=\"e-gallery-item elementor-gallery-item elementor-animated-content\" href=\"https:\/\/salecina.ch\/wp-content\/uploads\/2021\/07\/P1010856.jpg\" data-elementor-open-lightbox=\"yes\" data-elementor-lightbox-slideshow=\"05cc2d6\" data-elementor-lightbox-title=\"P1010856\" data-e-action-hash=\"#elementor-action%3Aaction%3Dlightbox%26settings%3DeyJpZCI6NzE4LCJ1cmwiOiJodHRwczpcL1wvc2FsZWNpbmEuY2hcL3dwLWNvbnRlbnRcL3VwbG9hZHNcLzIwMjFcLzA3XC9QMTAxMDg1Ni5qcGciLCJzbGlkZXNob3ciOiIwNWNjMmQ2In0%3D\">\n\t\t\t\t\t<div class=\"e-gallery-image elementor-gallery-item__image\" data-thumbnail=\"https:\/\/salecina.ch\/wp-content\/uploads\/2021\/07\/P1010856-300x201.jpg\" data-width=\"300\" data-height=\"201\" aria-label=\"\" role=\"img\" ><\/div>\n\t\t\t\t\t\t\t\t\t\t\t<div class=\"elementor-gallery-item__overlay\"><\/div>\n\t\t\t\t\t\t\t\t\t\t\t\t\t\t<\/a>\n\t\t\t\t\t\t\t<a class=\"e-gallery-item elementor-gallery-item elementor-animated-content\" href=\"https:\/\/salecina.ch\/wp-content\/uploads\/2021\/07\/Salecina_fev11-6.Tag-P.Surgonda-Lasagne-38.jpg\" data-elementor-open-lightbox=\"yes\" data-elementor-lightbox-slideshow=\"05cc2d6\" data-elementor-lightbox-title=\"Salecina_fev11-6.Tag-P.Surgonda-Lasagne--38\" data-e-action-hash=\"#elementor-action%3Aaction%3Dlightbox%26settings%3DeyJpZCI6NzIyLCJ1cmwiOiJodHRwczpcL1wvc2FsZWNpbmEuY2hcL3dwLWNvbnRlbnRcL3VwbG9hZHNcLzIwMjFcLzA3XC9TYWxlY2luYV9mZXYxMS02LlRhZy1QLlN1cmdvbmRhLUxhc2FnbmUtMzguanBnIiwic2xpZGVzaG93IjoiMDVjYzJkNiJ9\">\n\t\t\t\t\t<div class=\"e-gallery-image elementor-gallery-item__image\" data-thumbnail=\"https:\/\/salecina.ch\/wp-content\/uploads\/2021\/07\/Salecina_fev11-6.Tag-P.Surgonda-Lasagne-38-300x200.jpg\" data-width=\"300\" data-height=\"200\" aria-label=\"\" role=\"img\" ><\/div>\n\t\t\t\t\t\t\t\t\t\t\t<div class=\"elementor-gallery-item__overlay\"><\/div>\n\t\t\t\t\t\t\t\t\t\t\t\t\t\t<\/a>\n\t\t\t\t\t<\/div>\n\t\t\t\t\t<\/div>\n\t\t\t\t<\/div>\n\t\t\t\t<div class=\"elementor-element elementor-element-00c81cb elementor-widget elementor-widget-text-editor\" data-id=\"00c81cb\" data-element_type=\"widget\" data-e-type=\"widget\" data-widget_type=\"text-editor.default\">\n\t\t\t\t<div class=\"elementor-widget-container\">\n\t\t\t\t\t\t\t\t\t<p>Le petit-d\u00e9jeuner n\u2019est pas moins attrayant : le pain est fait maison, les confitures sont faites elles aussi maison par un visiteur, le fromage provient de la Latteria. Pour couronner le tout, un espresso italien\u2026 Ainsi, on se r\u00e9jouit de se lever ! <\/p>\n\t\t\t\t\t\t\t\t<\/div>\n\t\t\t\t<\/div>\n\t\t\t\t<div class=\"elementor-element elementor-element-9d087d5 elementor-widget elementor-widget-gallery\" data-id=\"9d087d5\" data-element_type=\"widget\" data-e-type=\"widget\" data-settings=\"{&quot;columns&quot;:3,&quot;columns_tablet&quot;:3,&quot;lazyload&quot;:&quot;yes&quot;,&quot;gallery_layout&quot;:&quot;grid&quot;,&quot;columns_mobile&quot;:1,&quot;gap&quot;:{&quot;unit&quot;:&quot;px&quot;,&quot;size&quot;:10,&quot;sizes&quot;:[]},&quot;gap_widescreen&quot;:{&quot;unit&quot;:&quot;px&quot;,&quot;size&quot;:&quot;&quot;,&quot;sizes&quot;:[]},&quot;gap_laptop&quot;:{&quot;unit&quot;:&quot;px&quot;,&quot;size&quot;:10,&quot;sizes&quot;:[]},&quot;gap_tablet_extra&quot;:{&quot;unit&quot;:&quot;px&quot;,&quot;size&quot;:10,&quot;sizes&quot;:[]},&quot;gap_tablet&quot;:{&quot;unit&quot;:&quot;px&quot;,&quot;size&quot;:10,&quot;sizes&quot;:[]},&quot;gap_mobile_extra&quot;:{&quot;unit&quot;:&quot;px&quot;,&quot;size&quot;:10,&quot;sizes&quot;:[]},&quot;gap_mobile&quot;:{&quot;unit&quot;:&quot;px&quot;,&quot;size&quot;:10,&quot;sizes&quot;:[]},&quot;link_to&quot;:&quot;file&quot;,&quot;aspect_ratio&quot;:&quot;3:2&quot;,&quot;overlay_background&quot;:&quot;yes&quot;,&quot;content_hover_animation&quot;:&quot;fade-in&quot;}\" data-widget_type=\"gallery.default\">\n\t\t\t\t<div class=\"elementor-widget-container\">\n\t\t\t\t\t\t\t<div class=\"elementor-gallery__container\">\n\t\t\t\t\t\t\t<a class=\"e-gallery-item elementor-gallery-item elementor-animated-content\" href=\"https:\/\/salecina.ch\/wp-content\/uploads\/2021\/07\/MG_9645.jpg\" data-elementor-open-lightbox=\"yes\" data-elementor-lightbox-slideshow=\"9d087d5\" data-elementor-lightbox-title=\"MG_9645\" data-e-action-hash=\"#elementor-action%3Aaction%3Dlightbox%26settings%3DeyJpZCI6NzM3LCJ1cmwiOiJodHRwczpcL1wvc2FsZWNpbmEuY2hcL3dwLWNvbnRlbnRcL3VwbG9hZHNcLzIwMjFcLzA3XC9NR185NjQ1LmpwZyIsInNsaWRlc2hvdyI6IjlkMDg3ZDUifQ%3D%3D\">\n\t\t\t\t\t<div class=\"e-gallery-image elementor-gallery-item__image\" data-thumbnail=\"https:\/\/salecina.ch\/wp-content\/uploads\/2021\/07\/MG_9645-300x208.jpg\" data-width=\"300\" data-height=\"208\" aria-label=\"\" role=\"img\" ><\/div>\n\t\t\t\t\t\t\t\t\t\t\t<div class=\"elementor-gallery-item__overlay\"><\/div>\n\t\t\t\t\t\t\t\t\t\t\t\t\t\t<\/a>\n\t\t\t\t\t\t\t<a class=\"e-gallery-item elementor-gallery-item elementor-animated-content\" href=\"https:\/\/salecina.ch\/wp-content\/uploads\/2021\/07\/Salecina_Neg_56_054.jpg\" data-elementor-open-lightbox=\"yes\" data-elementor-lightbox-slideshow=\"9d087d5\" data-elementor-lightbox-title=\"Salecina\" data-e-action-hash=\"#elementor-action%3Aaction%3Dlightbox%26settings%3DeyJpZCI6NzQxLCJ1cmwiOiJodHRwczpcL1wvc2FsZWNpbmEuY2hcL3dwLWNvbnRlbnRcL3VwbG9hZHNcLzIwMjFcLzA3XC9TYWxlY2luYV9OZWdfNTZfMDU0LmpwZyIsInNsaWRlc2hvdyI6IjlkMDg3ZDUifQ%3D%3D\">\n\t\t\t\t\t<div class=\"e-gallery-image elementor-gallery-item__image\" data-thumbnail=\"https:\/\/salecina.ch\/wp-content\/uploads\/2021\/07\/Salecina_Neg_56_054-300x200.jpg\" data-width=\"300\" data-height=\"200\" aria-label=\"\" role=\"img\" ><\/div>\n\t\t\t\t\t\t\t\t\t\t\t<div class=\"elementor-gallery-item__overlay\"><\/div>\n\t\t\t\t\t\t\t\t\t\t\t\t\t\t<\/a>\n\t\t\t\t\t\t\t<a class=\"e-gallery-item elementor-gallery-item elementor-animated-content\" href=\"https:\/\/salecina.ch\/wp-content\/uploads\/2021\/07\/2007-00-00_Gartenwoche57.jpg\" data-elementor-open-lightbox=\"yes\" data-elementor-lightbox-slideshow=\"9d087d5\" data-elementor-lightbox-title=\"2007-00-00_Gartenwoche57\" data-e-action-hash=\"#elementor-action%3Aaction%3Dlightbox%26settings%3DeyJpZCI6NzMzLCJ1cmwiOiJodHRwczpcL1wvc2FsZWNpbmEuY2hcL3dwLWNvbnRlbnRcL3VwbG9hZHNcLzIwMjFcLzA3XC8yMDA3LTAwLTAwX0dhcnRlbndvY2hlNTcuanBnIiwic2xpZGVzaG93IjoiOWQwODdkNSJ9\">\n\t\t\t\t\t<div class=\"e-gallery-image elementor-gallery-item__image\" data-thumbnail=\"https:\/\/salecina.ch\/wp-content\/uploads\/2021\/07\/2007-00-00_Gartenwoche57-300x208.jpg\" data-width=\"300\" data-height=\"208\" aria-label=\"\" role=\"img\" ><\/div>\n\t\t\t\t\t\t\t\t\t\t\t<div class=\"elementor-gallery-item__overlay\"><\/div>\n\t\t\t\t\t\t\t\t\t\t\t\t\t\t<\/a>\n\t\t\t\t\t<\/div>\n\t\t\t\t\t<\/div>\n\t\t\t\t<\/div>\n\t\t\t\t\t<\/div>\n\t\t<\/div>\n\t\t\t\t<div class=\"elementor-column elementor-col-50 elementor-inner-column elementor-element elementor-element-26ddccad\" data-id=\"26ddccad\" data-element_type=\"column\" data-e-type=\"column\">\n\t\t\t<div class=\"elementor-widget-wrap elementor-element-populated\">\n\t\t\t\t\t\t<div data-dce-advanced-background-color=\"#DCDCDC\" class=\"elementor-element elementor-element-e5584de elementor-widget elementor-widget-text-editor\" data-id=\"e5584de\" data-element_type=\"widget\" data-e-type=\"widget\" data-widget_type=\"text-editor.default\">\n\t\t\t\t<div class=\"elementor-widget-container\">\n\t\t\t\t\t\t\t\t\t<p><img decoding=\"async\" src=\"https:\/\/salecina.ch\/wp-content\/uploads\/2021\/07\/2010-07-03_Amalie-Fest_Alessandra_Bearzatto01-300x200.jpg\" alt=\"\" width=\"467\" height=\"311\" \/><\/p><h3 style=\"line-height: 1.1; margin-top: 20px; margin-bottom: 10px; font-size: 24px;\">De la r\u00e9gion pour la r\u00e9gion<\/h3><p>Salecina est une maison \u00e9cologique. Employer autant que possible des aliments issus de la r\u00e9gion fait partie de notre philosophie.<\/p>\t\t\t\t\t\t\t\t<\/div>\n\t\t\t\t<\/div>\n\t\t\t\t\t<\/div>\n\t\t<\/div>\n\t\t\t\t\t<\/div>\n\t\t<\/section>\n\t\t\t\t\t<\/div>\n\t\t<\/div>\n\t\t\t\t\t<\/div>\n\t\t<\/section>\n\t\t\t\t<section class=\"elementor-section elementor-top-section elementor-element elementor-element-4408eaa elementor-section-full_width elementor-section-stretched elementor-section-height-default elementor-section-height-default\" data-id=\"4408eaa\" data-element_type=\"section\" data-e-type=\"section\" data-settings=\"{&quot;stretch_section&quot;:&quot;section-stretched&quot;}\">\n\t\t\t\t\t\t<div class=\"elementor-container elementor-column-gap-default\">\n\t\t\t\t\t<div class=\"elementor-column elementor-col-100 elementor-top-column elementor-element elementor-element-629f47b\" data-id=\"629f47b\" data-element_type=\"column\" data-e-type=\"column\">\n\t\t\t<div class=\"elementor-widget-wrap elementor-element-populated\">\n\t\t\t\t\t\t<div class=\"elementor-element elementor-element-5bf574f elementor-widget elementor-widget-shortcode\" data-id=\"5bf574f\" data-element_type=\"widget\" data-e-type=\"widget\" data-widget_type=\"shortcode.default\">\n\t\t\t\t<div class=\"elementor-widget-container\">\n\t\t\t\t\t\t\t<div class=\"elementor-shortcode\">\t\t<div data-elementor-type=\"section\" data-elementor-id=\"4403\" class=\"elementor elementor-4403\" data-elementor-post-type=\"elementor_library\">\n\t\t\t\t\t<section class=\"elementor-section elementor-top-section elementor-element elementor-element-2f9635c2 elementor-section-stretched elementor-hidden-phone elementor-section-boxed elementor-section-height-default elementor-section-height-default\" data-id=\"2f9635c2\" data-element_type=\"section\" data-e-type=\"section\" data-settings=\"{&quot;stretch_section&quot;:&quot;section-stretched&quot;}\">\n\t\t\t\t\t\t<div class=\"elementor-container elementor-column-gap-default\">\n\t\t\t\t\t<div class=\"elementor-column elementor-col-16 elementor-top-column elementor-element elementor-element-16f4a8f6\" data-id=\"16f4a8f6\" data-element_type=\"column\" data-e-type=\"column\">\n\t\t\t<div class=\"elementor-widget-wrap elementor-element-populated\">\n\t\t\t\t\t\t<div class=\"elementor-element elementor-element-29904fc0 elementor-widget elementor-widget-text-editor\" data-id=\"29904fc0\" data-element_type=\"widget\" data-e-type=\"widget\" data-widget_type=\"text-editor.default\">\n\t\t\t\t<div class=\"elementor-widget-container\">\n\t\t\t\t\t\t\t\t\t<p><a href=\"https:\/\/salecina.ch\/fr\/\"><strong>SALECINA<\/strong><\/a><\/p>\n\t\t\t\t\t\t\t\t<\/div>\n\t\t\t\t<\/div>\n\t\t\t\t\t<\/div>\n\t\t<\/div>\n\t\t\t\t<div class=\"elementor-column elementor-col-16 elementor-top-column elementor-element elementor-element-381ec260\" data-id=\"381ec260\" data-element_type=\"column\" data-e-type=\"column\">\n\t\t\t<div class=\"elementor-widget-wrap elementor-element-populated\">\n\t\t\t\t\t\t<div class=\"elementor-element elementor-element-24b5b4b2 elementor-widget elementor-widget-text-editor\" data-id=\"24b5b4b2\" data-element_type=\"widget\" data-e-type=\"widget\" data-widget_type=\"text-editor.default\">\n\t\t\t\t<div class=\"elementor-widget-container\">\n\t\t\t\t\t\t\t\t\t<p><a href=\"https:\/\/salecina.ch\/fr\/repas-chambres\/\"><strong>REPAS &amp; CHAMBRES<\/strong><\/a><\/p>\n<p><a href=\"https:\/\/salecina.ch\/fr\/personnel-hotes\/\">Personnel &amp; h\u00f4tes<\/a><\/p>\n<p><a href=\"https:\/\/salecina.ch\/fr\/chambres-infrastructure\/\">Chambres &amp; infrastructure<\/a><\/p>\n\t\t\t\t\t\t\t\t<\/div>\n\t\t\t\t<\/div>\n\t\t\t\t\t<\/div>\n\t\t<\/div>\n\t\t\t\t<div class=\"elementor-column elementor-col-16 elementor-top-column elementor-element elementor-element-2fb0f91\" data-id=\"2fb0f91\" data-element_type=\"column\" data-e-type=\"column\">\n\t\t\t<div class=\"elementor-widget-wrap elementor-element-populated\">\n\t\t\t\t\t\t<div class=\"elementor-element elementor-element-133f6e7e elementor-widget elementor-widget-text-editor\" data-id=\"133f6e7e\" data-element_type=\"widget\" data-e-type=\"widget\" data-widget_type=\"text-editor.default\">\n\t\t\t\t<div class=\"elementor-widget-container\">\n\t\t\t\t\t\t\t\t\t<p><a href=\"https:\/\/salecina.ch\/fr\/rencontres-mouvement\/\"><strong>RENCONTRES &amp; MOUVEMENT<\/strong><\/a><\/p><p><a href=\"https:\/\/salecina.ch\/fr\/personnes-idees\/\">Personnes &amp; id\u00e9es<\/a><\/p><p><a href=\"https:\/\/salecina.ch\/fr\/agenda-eventi-italien\/\">agenda &amp; eventi (italien)<\/a><\/p><p><a href=\"https:\/\/salecina.ch\/fr\/photos-medias\/\">Photos &amp; M\u00e9dias<\/a><\/p>\t\t\t\t\t\t\t\t<\/div>\n\t\t\t\t<\/div>\n\t\t\t\t\t<\/div>\n\t\t<\/div>\n\t\t\t\t<div class=\"elementor-column elementor-col-16 elementor-top-column elementor-element elementor-element-173e5128\" data-id=\"173e5128\" data-element_type=\"column\" data-e-type=\"column\">\n\t\t\t<div class=\"elementor-widget-wrap elementor-element-populated\">\n\t\t\t\t\t\t<div class=\"elementor-element elementor-element-3d6edf63 elementor-widget elementor-widget-text-editor\" data-id=\"3d6edf63\" data-element_type=\"widget\" data-e-type=\"widget\" data-widget_type=\"text-editor.default\">\n\t\t\t\t<div class=\"elementor-widget-container\">\n\t\t\t\t\t\t\t\t\t<p><a href=\"https:\/\/salecina.ch\/fr\/maison-histoire\/\"><strong>MAISON &amp; HISTOIRE<\/strong><\/a><\/p><p><a href=\"https:\/\/salecina.ch\/fr\/site-environnement\/\">Site &amp; environnement<\/a><\/p><p><a href=\"https:\/\/salecina.ch\/fr\/equipe-esprit\/\">\u00c9quipe &amp; esprit<\/a><\/p>\t\t\t\t\t\t\t\t<\/div>\n\t\t\t\t<\/div>\n\t\t\t\t\t<\/div>\n\t\t<\/div>\n\t\t\t\t<div class=\"elementor-column elementor-col-16 elementor-top-column elementor-element elementor-element-5804a03e\" data-id=\"5804a03e\" data-element_type=\"column\" data-e-type=\"column\">\n\t\t\t<div class=\"elementor-widget-wrap elementor-element-populated\">\n\t\t\t\t\t\t<div class=\"elementor-element elementor-element-6469c908 elementor-widget elementor-widget-text-editor\" data-id=\"6469c908\" data-element_type=\"widget\" data-e-type=\"widget\" data-widget_type=\"text-editor.default\">\n\t\t\t\t<div class=\"elementor-widget-container\">\n\t\t\t\t\t\t\t\t\t<p><a href=\"https:\/\/salecina.ch\/fr\/contact-reservation\/\"><strong>CONTACT &amp; INFO<\/strong><\/a><\/p><p><a href=\"https:\/\/salecina.ch\/fr\/prix-reservations\/\">Pix<\/a><\/p><p><a href=\"https:\/\/salecina.ch\/fr\/acces-informations\/\">Acc\u00e8s &amp; informations<\/a><\/p>\t\t\t\t\t\t\t\t<\/div>\n\t\t\t\t<\/div>\n\t\t\t\t\t<\/div>\n\t\t<\/div>\n\t\t\t\t<div class=\"elementor-column elementor-col-16 elementor-top-column elementor-element elementor-element-1d4b455d\" data-id=\"1d4b455d\" data-element_type=\"column\" data-e-type=\"column\">\n\t\t\t<div class=\"elementor-widget-wrap elementor-element-populated\">\n\t\t\t\t\t\t<div class=\"elementor-element elementor-element-422cda3d elementor-widget elementor-widget-text-editor\" data-id=\"422cda3d\" data-element_type=\"widget\" data-e-type=\"widget\" data-widget_type=\"text-editor.default\">\n\t\t\t\t<div class=\"elementor-widget-container\">\n\t\t\t\t\t\t\t\t\t<p><a href=\"https:\/\/salecina.ch\/\">\u00a9 Salecina 2021<\/a><\/p>\n\t\t\t\t\t\t\t\t<\/div>\n\t\t\t\t<\/div>\n\t\t\t\t<div class=\"elementor-element elementor-element-7a69073 elementor-shape-square e-grid-align-left elementor-grid-0 elementor-widget elementor-widget-social-icons\" data-id=\"7a69073\" data-element_type=\"widget\" data-e-type=\"widget\" data-widget_type=\"social-icons.default\">\n\t\t\t\t<div class=\"elementor-widget-container\">\n\t\t\t\t\t\t\t<div class=\"elementor-social-icons-wrapper elementor-grid\" role=\"list\">\n\t\t\t\t\t\t\t<span class=\"elementor-grid-item\" role=\"listitem\">\n\t\t\t\t\t<a class=\"elementor-icon elementor-social-icon elementor-social-icon-facebook elementor-animation-shrink elementor-repeater-item-f267571\" href=\"https:\/\/www.facebook.com\/Salecina\" target=\"_blank\">\n\t\t\t\t\t\t<span class=\"elementor-screen-only\">Facebook<\/span>\n\t\t\t\t\t\t<i aria-hidden=\"true\" class=\"fab fa-facebook\"><\/i>\t\t\t\t\t<\/a>\n\t\t\t\t<\/span>\n\t\t\t\t\t\t\t<span class=\"elementor-grid-item\" role=\"listitem\">\n\t\t\t\t\t<a class=\"elementor-icon elementor-social-icon elementor-social-icon-twitter elementor-animation-shrink elementor-repeater-item-18f95d2\" href=\"https:\/\/twitter.com\/salecinaCH\" target=\"_blank\">\n\t\t\t\t\t\t<span class=\"elementor-screen-only\">Twitter<\/span>\n\t\t\t\t\t\t<i aria-hidden=\"true\" class=\"fab fa-twitter\"><\/i>\t\t\t\t\t<\/a>\n\t\t\t\t<\/span>\n\t\t\t\t\t<\/div>\n\t\t\t\t\t\t<\/div>\n\t\t\t\t<\/div>\n\t\t\t\t\t<\/div>\n\t\t<\/div>\n\t\t\t\t\t<\/div>\n\t\t<\/section>\n\t\t\t\t<section class=\"elementor-section elementor-top-section elementor-element elementor-element-251b326 elementor-section-boxed elementor-section-height-default elementor-section-height-default\" data-id=\"251b326\" data-element_type=\"section\" data-e-type=\"section\">\n\t\t\t\t\t\t<div class=\"elementor-container elementor-column-gap-default\">\n\t\t\t\t\t<div class=\"elementor-column elementor-col-100 elementor-top-column elementor-element elementor-element-5249206\" data-id=\"5249206\" data-element_type=\"column\" data-e-type=\"column\">\n\t\t\t<div class=\"elementor-widget-wrap elementor-element-populated\">\n\t\t\t\t\t\t<div class=\"elementor-element elementor-element-5dab0c5 elementor-widget elementor-widget-text-editor\" data-id=\"5dab0c5\" data-element_type=\"widget\" data-e-type=\"widget\" data-widget_type=\"text-editor.default\">\n\t\t\t\t<div class=\"elementor-widget-container\">\n\t\t\t\t\t\t\t\t\t<p><strong>Salecina \u2013<\/strong> Ferien- und Bildungszentrum \/ Centro di vacanze e formazione <a href=\"mailto:info@salecina.ch\">info@salecina.ch<\/a><\/p>\n\t\t\t\t\t\t\t\t<\/div>\n\t\t\t\t<\/div>\n\t\t\t\t\t<\/div>\n\t\t<\/div>\n\t\t\t\t\t<\/div>\n\t\t<\/section>\n\t\t\t\t<\/div>\n\t\t<\/div>\n\t\t\t\t\t\t<\/div>\n\t\t\t\t<\/div>\n\t\t\t\t\t<\/div>\n\t\t<\/div>\n\t\t\t\t\t<\/div>\n\t\t<\/section>\n\t\t\t\t<\/div>\n\t\t","protected":false},"excerpt":{"rendered":"<p>Personnel &amp; h\u00f4tes \u00c0 Salecina, les h\u00f4tes forment aussi le personnel, chose faisant du s\u00e9jour une exp\u00e9rience exceptionnelle. Il r\u00e9sulte de cette double fonction (accueillir et \u00eatre accueilli(e) \u00e0 la fois) une qualit\u00e9 particuli\u00e8re des services ; parce que personne d\u2019autre que les h\u00f4tes eux-m\u00eames ne conna\u00eet mieux les besoins de ces derniers. Et comme [&hellip;]<\/p>\n","protected":false},"author":1,"featured_media":0,"parent":0,"menu_order":2,"comment_status":"closed","ping_status":"closed","template":"elementor_header_footer","meta":{"footnotes":""},"class_list":["post-3807","page","type-page","status-publish","hentry"],"yoast_head":"<!-- This site is optimized with the Yoast SEO plugin v28.3 - https:\/\/yoast.com\/product\/yoast-seo-wordpress\/ -->\n<title>Personnel &amp; h\u00f4tes &#8212; Salecina<\/title>\n<meta name=\"robots\" content=\"index, follow, max-snippet:-1, max-image-preview:large, max-video-preview:-1\" \/>\n<link rel=\"canonical\" href=\"https:\/\/salecina.ch\/fr\/personnel-hotes\/\" \/>\n<meta property=\"og:locale\" content=\"fr_FR\" \/>\n<meta property=\"og:type\" content=\"article\" \/>\n<meta property=\"og:title\" content=\"Personnel &amp; h\u00f4tes &#8212; Salecina\" \/>\n<meta property=\"og:description\" content=\"Personnel &amp; h\u00f4tes \u00c0 Salecina, les h\u00f4tes forment aussi le personnel, chose faisant du s\u00e9jour une exp\u00e9rience exceptionnelle. Il r\u00e9sulte de cette double fonction (accueillir et \u00eatre accueilli(e) \u00e0 la fois) une qualit\u00e9 particuli\u00e8re des services ; parce que personne d\u2019autre que les h\u00f4tes eux-m\u00eames ne conna\u00eet mieux les besoins de ces derniers. Et comme [&hellip;]\" \/>\n<meta property=\"og:url\" content=\"https:\/\/salecina.ch\/fr\/personnel-hotes\/\" \/>\n<meta property=\"og:site_name\" content=\"Salecina\" \/>\n<meta property=\"article:modified_time\" content=\"2023-08-02T13:56:29+00:00\" \/>\n<meta property=\"og:image\" content=\"https:\/\/salecina.ch\/wp-content\/uploads\/2021\/07\/kochen3.jpg\" \/>\n<meta name=\"twitter:card\" content=\"summary_large_image\" \/>\n<meta name=\"twitter:label1\" content=\"Dur\u00e9e de lecture estim\u00e9e\" \/>\n\t<meta name=\"twitter:data1\" content=\"1 minute\" \/>\n<script type=\"application\/ld+json\" class=\"yoast-schema-graph\">{\"@context\":\"https:\\\/\\\/schema.org\",\"@graph\":[{\"@type\":\"WebPage\",\"@id\":\"https:\\\/\\\/salecina.ch\\\/fr\\\/personnel-hotes\\\/\",\"url\":\"https:\\\/\\\/salecina.ch\\\/fr\\\/personnel-hotes\\\/\",\"name\":\"Personnel &amp; h\u00f4tes &#8212; Salecina\",\"isPartOf\":{\"@id\":\"https:\\\/\\\/salecina.ch\\\/#website\"},\"primaryImageOfPage\":{\"@id\":\"https:\\\/\\\/salecina.ch\\\/fr\\\/personnel-hotes\\\/#primaryimage\"},\"image\":{\"@id\":\"https:\\\/\\\/salecina.ch\\\/fr\\\/personnel-hotes\\\/#primaryimage\"},\"thumbnailUrl\":\"https:\\\/\\\/salecina.ch\\\/wp-content\\\/uploads\\\/2021\\\/07\\\/kochen3.jpg\",\"datePublished\":\"2021-08-20T15:47:05+00:00\",\"dateModified\":\"2023-08-02T13:56:29+00:00\",\"breadcrumb\":{\"@id\":\"https:\\\/\\\/salecina.ch\\\/fr\\\/personnel-hotes\\\/#breadcrumb\"},\"inLanguage\":\"fr-FR\",\"potentialAction\":[{\"@type\":\"ReadAction\",\"target\":[\"https:\\\/\\\/salecina.ch\\\/fr\\\/personnel-hotes\\\/\"]}]},{\"@type\":\"ImageObject\",\"inLanguage\":\"fr-FR\",\"@id\":\"https:\\\/\\\/salecina.ch\\\/fr\\\/personnel-hotes\\\/#primaryimage\",\"url\":\"https:\\\/\\\/salecina.ch\\\/wp-content\\\/uploads\\\/2021\\\/07\\\/kochen3.jpg\",\"contentUrl\":\"https:\\\/\\\/salecina.ch\\\/wp-content\\\/uploads\\\/2021\\\/07\\\/kochen3.jpg\"},{\"@type\":\"BreadcrumbList\",\"@id\":\"https:\\\/\\\/salecina.ch\\\/fr\\\/personnel-hotes\\\/#breadcrumb\",\"itemListElement\":[{\"@type\":\"ListItem\",\"position\":1,\"name\":\"Startseite\",\"item\":\"https:\\\/\\\/salecina.ch\\\/fr\\\/\"},{\"@type\":\"ListItem\",\"position\":2,\"name\":\"Personnel &amp; h\u00f4tes\"}]},{\"@type\":\"WebSite\",\"@id\":\"https:\\\/\\\/salecina.ch\\\/#website\",\"url\":\"https:\\\/\\\/salecina.ch\\\/\",\"name\":\"Salecina\",\"description\":\"\",\"publisher\":{\"@id\":\"https:\\\/\\\/salecina.ch\\\/#organization\"},\"potentialAction\":[{\"@type\":\"SearchAction\",\"target\":{\"@type\":\"EntryPoint\",\"urlTemplate\":\"https:\\\/\\\/salecina.ch\\\/?s={search_term_string}\"},\"query-input\":{\"@type\":\"PropertyValueSpecification\",\"valueRequired\":true,\"valueName\":\"search_term_string\"}}],\"inLanguage\":\"fr-FR\"},{\"@type\":\"Organization\",\"@id\":\"https:\\\/\\\/salecina.ch\\\/#organization\",\"name\":\"Stiftung Salecina\",\"url\":\"https:\\\/\\\/salecina.ch\\\/\",\"logo\":{\"@type\":\"ImageObject\",\"inLanguage\":\"fr-FR\",\"@id\":\"https:\\\/\\\/salecina.ch\\\/#\\\/schema\\\/logo\\\/image\\\/\",\"url\":\"https:\\\/\\\/salecina.ch\\\/wp-content\\\/uploads\\\/2021\\\/07\\\/Logo-Salecina-definitiv-mit-Text.svg\",\"contentUrl\":\"https:\\\/\\\/salecina.ch\\\/wp-content\\\/uploads\\\/2021\\\/07\\\/Logo-Salecina-definitiv-mit-Text.svg\",\"width\":274,\"height\":117,\"caption\":\"Stiftung Salecina\"},\"image\":{\"@id\":\"https:\\\/\\\/salecina.ch\\\/#\\\/schema\\\/logo\\\/image\\\/\"}}]}<\/script>\n<!-- \/ Yoast SEO plugin. -->","yoast_head_json":{"title":"Personnel &amp; h\u00f4tes &#8212; Salecina","robots":{"index":"index","follow":"follow","max-snippet":"max-snippet:-1","max-image-preview":"max-image-preview:large","max-video-preview":"max-video-preview:-1"},"canonical":"https:\/\/salecina.ch\/fr\/personnel-hotes\/","og_locale":"fr_FR","og_type":"article","og_title":"Personnel &amp; h\u00f4tes &#8212; Salecina","og_description":"Personnel &amp; h\u00f4tes \u00c0 Salecina, les h\u00f4tes forment aussi le personnel, chose faisant du s\u00e9jour une exp\u00e9rience exceptionnelle. Il r\u00e9sulte de cette double fonction (accueillir et \u00eatre accueilli(e) \u00e0 la fois) une qualit\u00e9 particuli\u00e8re des services ; parce que personne d\u2019autre que les h\u00f4tes eux-m\u00eames ne conna\u00eet mieux les besoins de ces derniers. Et comme [&hellip;]","og_url":"https:\/\/salecina.ch\/fr\/personnel-hotes\/","og_site_name":"Salecina","article_modified_time":"2023-08-02T13:56:29+00:00","og_image":[{"url":"https:\/\/salecina.ch\/wp-content\/uploads\/2021\/07\/kochen3.jpg","type":"","width":"","height":""}],"twitter_card":"summary_large_image","twitter_misc":{"Dur\u00e9e de lecture estim\u00e9e":"1 minute"},"schema":{"@context":"https:\/\/schema.org","@graph":[{"@type":"WebPage","@id":"https:\/\/salecina.ch\/fr\/personnel-hotes\/","url":"https:\/\/salecina.ch\/fr\/personnel-hotes\/","name":"Personnel &amp; h\u00f4tes &#8212; Salecina","isPartOf":{"@id":"https:\/\/salecina.ch\/#website"},"primaryImageOfPage":{"@id":"https:\/\/salecina.ch\/fr\/personnel-hotes\/#primaryimage"},"image":{"@id":"https:\/\/salecina.ch\/fr\/personnel-hotes\/#primaryimage"},"thumbnailUrl":"https:\/\/salecina.ch\/wp-content\/uploads\/2021\/07\/kochen3.jpg","datePublished":"2021-08-20T15:47:05+00:00","dateModified":"2023-08-02T13:56:29+00:00","breadcrumb":{"@id":"https:\/\/salecina.ch\/fr\/personnel-hotes\/#breadcrumb"},"inLanguage":"fr-FR","potentialAction":[{"@type":"ReadAction","target":["https:\/\/salecina.ch\/fr\/personnel-hotes\/"]}]},{"@type":"ImageObject","inLanguage":"fr-FR","@id":"https:\/\/salecina.ch\/fr\/personnel-hotes\/#primaryimage","url":"https:\/\/salecina.ch\/wp-content\/uploads\/2021\/07\/kochen3.jpg","contentUrl":"https:\/\/salecina.ch\/wp-content\/uploads\/2021\/07\/kochen3.jpg"},{"@type":"BreadcrumbList","@id":"https:\/\/salecina.ch\/fr\/personnel-hotes\/#breadcrumb","itemListElement":[{"@type":"ListItem","position":1,"name":"Startseite","item":"https:\/\/salecina.ch\/fr\/"},{"@type":"ListItem","position":2,"name":"Personnel &amp; h\u00f4tes"}]},{"@type":"WebSite","@id":"https:\/\/salecina.ch\/#website","url":"https:\/\/salecina.ch\/","name":"Salecina","description":"","publisher":{"@id":"https:\/\/salecina.ch\/#organization"},"potentialAction":[{"@type":"SearchAction","target":{"@type":"EntryPoint","urlTemplate":"https:\/\/salecina.ch\/?s={search_term_string}"},"query-input":{"@type":"PropertyValueSpecification","valueRequired":true,"valueName":"search_term_string"}}],"inLanguage":"fr-FR"},{"@type":"Organization","@id":"https:\/\/salecina.ch\/#organization","name":"Stiftung Salecina","url":"https:\/\/salecina.ch\/","logo":{"@type":"ImageObject","inLanguage":"fr-FR","@id":"https:\/\/salecina.ch\/#\/schema\/logo\/image\/","url":"https:\/\/salecina.ch\/wp-content\/uploads\/2021\/07\/Logo-Salecina-definitiv-mit-Text.svg","contentUrl":"https:\/\/salecina.ch\/wp-content\/uploads\/2021\/07\/Logo-Salecina-definitiv-mit-Text.svg","width":274,"height":117,"caption":"Stiftung Salecina"},"image":{"@id":"https:\/\/salecina.ch\/#\/schema\/logo\/image\/"}}]}},"_links":{"self":[{"href":"https:\/\/salecina.ch\/fr\/wp-json\/wp\/v2\/pages\/3807","targetHints":{"allow":["GET"]}}],"collection":[{"href":"https:\/\/salecina.ch\/fr\/wp-json\/wp\/v2\/pages"}],"about":[{"href":"https:\/\/salecina.ch\/fr\/wp-json\/wp\/v2\/types\/page"}],"author":[{"embeddable":true,"href":"https:\/\/salecina.ch\/fr\/wp-json\/wp\/v2\/users\/1"}],"replies":[{"embeddable":true,"href":"https:\/\/salecina.ch\/fr\/wp-json\/wp\/v2\/comments?post=3807"}],"version-history":[{"count":12,"href":"https:\/\/salecina.ch\/fr\/wp-json\/wp\/v2\/pages\/3807\/revisions"}],"predecessor-version":[{"id":7766,"href":"https:\/\/salecina.ch\/fr\/wp-json\/wp\/v2\/pages\/3807\/revisions\/7766"}],"wp:attachment":[{"href":"https:\/\/salecina.ch\/fr\/wp-json\/wp\/v2\/media?parent=3807"}],"curies":[{"name":"wp","href":"https:\/\/api.w.org\/{rel}","templated":true}]}}