{"version":"1.0","provider_name":"Salecina","provider_url":"https:\/\/salecina.ch\/fr\/","author_name":"salecina_admin","author_url":"https:\/\/salecina.ch\/fr\/author\/salecina_admin\/","title":"\u00c9quipe &amp; esprit &#8212; Salecina","type":"rich","width":600,"height":338,"html":"<blockquote class=\"wp-embedded-content\" data-secret=\"qc2johSkHd\"><a href=\"https:\/\/salecina.ch\/fr\/equipe-esprit\/\">\u00c9quipe &amp; esprit<\/a><\/blockquote><iframe sandbox=\"allow-scripts\" security=\"restricted\" src=\"https:\/\/salecina.ch\/fr\/equipe-esprit\/embed\/#?secret=qc2johSkHd\" width=\"600\" height=\"338\" title=\"\u00ab\u00a0\u00c9quipe &amp; esprit\u00a0\u00bb &#8212; Salecina\" data-secret=\"qc2johSkHd\" frameborder=\"0\" marginwidth=\"0\" marginheight=\"0\" scrolling=\"no\" class=\"wp-embedded-content\"><\/iframe><script>\n\/*! This file is auto-generated *\/\n!function(d,l){\"use strict\";l.querySelector&&d.addEventListener&&\"undefined\"!=typeof URL&&(d.wp=d.wp||{},d.wp.receiveEmbedMessage||(d.wp.receiveEmbedMessage=function(e){var t=e.data;if((t||t.secret||t.message||t.value)&&!\/[^a-zA-Z0-9]\/.test(t.secret)){for(var s,r,n,a=l.querySelectorAll('iframe[data-secret=\"'+t.secret+'\"]'),o=l.querySelectorAll('blockquote[data-secret=\"'+t.secret+'\"]'),c=new RegExp(\"^https?:$\",\"i\"),i=0;i<o.length;i++)o[i].style.display=\"none\";for(i=0;i<a.length;i++)s=a[i],e.source===s.contentWindow&&(s.removeAttribute(\"style\"),\"height\"===t.message?(1e3<(r=parseInt(t.value,10))?r=1e3:~~r<200&&(r=200),s.height=r):\"link\"===t.message&&(r=new URL(s.getAttribute(\"src\")),n=new URL(t.value),c.test(n.protocol))&&n.host===r.host&&l.activeElement===s&&(d.top.location.href=t.value))}},d.addEventListener(\"message\",d.wp.receiveEmbedMessage,!1),l.addEventListener(\"DOMContentLoaded\",function(){for(var e,t,s=l.querySelectorAll(\"iframe.wp-embedded-content\"),r=0;r<s.length;r++)(t=(e=s[r]).getAttribute(\"data-secret\"))||(t=Math.random().toString(36).substring(2,12),e.src+=\"#?secret=\"+t,e.setAttribute(\"data-secret\",t)),e.contentWindow.postMessage({message:\"ready\",secret:t},\"*\")},!1)))}(window,document);\n\/\/# sourceURL=https:\/\/salecina.ch\/wp-includes\/js\/wp-embed.min.js\n<\/script>\n","description":"Gestion autonome Depuis sa fondation en 1972, le centre de vacances et d\u2019ateliers Salecina est g\u00e9r\u00e9 de mani\u00e8re autonome. Ce qui peut para\u00eetre compliqu\u00e9 fait ses preuves depuis des d\u00e9cennies et fait de Salecina un lieu de vacances attrayant: Quatre g\u00e9rantes\/g\u00e9rants veillent \u00e0 la continuit\u00e9. Au sein de l\u2019\u00e9quipe, ils s\u2019occupent des r\u00e9servations, de la [&hellip;]","thumbnail_url":"https:\/\/salecina.ch\/wp-content\/uploads\/2021\/08\/selbstverwaltung.jpg"}