{"version":"1.0","provider_name":"Salecina","provider_url":"https:\/\/salecina.ch\/fr\/","author_name":"salecina_admin","author_url":"https:\/\/salecina.ch\/fr\/author\/salecina_admin\/","title":"CONTACT &amp; INFO &#8212; Salecina","type":"rich","width":600,"height":338,"html":"<blockquote class=\"wp-embedded-content\" data-secret=\"ZTYMzI1uYV\"><a href=\"https:\/\/salecina.ch\/fr\/contact-reservation\/\">CONTACT &amp; INFO<\/a><\/blockquote><iframe sandbox=\"allow-scripts\" security=\"restricted\" src=\"https:\/\/salecina.ch\/fr\/contact-reservation\/embed\/#?secret=ZTYMzI1uYV\" width=\"600\" height=\"338\" title=\"\u00ab\u00a0CONTACT &amp; INFO\u00a0\u00bb &#8212; Salecina\" data-secret=\"ZTYMzI1uYV\" frameborder=\"0\" marginwidth=\"0\" marginheight=\"0\" scrolling=\"no\" class=\"wp-embedded-content\"><\/iframe><script>\n\/*! This file is auto-generated *\/\n!function(d,l){\"use strict\";l.querySelector&&d.addEventListener&&\"undefined\"!=typeof URL&&(d.wp=d.wp||{},d.wp.receiveEmbedMessage||(d.wp.receiveEmbedMessage=function(e){var t=e.data;if((t||t.secret||t.message||t.value)&&!\/[^a-zA-Z0-9]\/.test(t.secret)){for(var s,r,n,a=l.querySelectorAll('iframe[data-secret=\"'+t.secret+'\"]'),o=l.querySelectorAll('blockquote[data-secret=\"'+t.secret+'\"]'),c=new RegExp(\"^https?:$\",\"i\"),i=0;i<o.length;i++)o[i].style.display=\"none\";for(i=0;i<a.length;i++)s=a[i],e.source===s.contentWindow&&(s.removeAttribute(\"style\"),\"height\"===t.message?(1e3<(r=parseInt(t.value,10))?r=1e3:~~r<200&&(r=200),s.height=r):\"link\"===t.message&&(r=new URL(s.getAttribute(\"src\")),n=new URL(t.value),c.test(n.protocol))&&n.host===r.host&&l.activeElement===s&&(d.top.location.href=t.value))}},d.addEventListener(\"message\",d.wp.receiveEmbedMessage,!1),l.addEventListener(\"DOMContentLoaded\",function(){for(var e,t,s=l.querySelectorAll(\"iframe.wp-embedded-content\"),r=0;r<s.length;r++)(t=(e=s[r]).getAttribute(\"data-secret\"))||(t=Math.random().toString(36).substring(2,12),e.src+=\"#?secret=\"+t,e.setAttribute(\"data-secret\",t)),e.contentWindow.postMessage({message:\"ready\",secret:t},\"*\")},!1)))}(window,document);\n\/\/# sourceURL=https:\/\/salecina.ch\/wp-includes\/js\/wp-embed.min.js\n<\/script>\n","description":"Il n\u2019est pas question du prix Les \u201esuites\u201c et les chambres \u00e0 Salecina offrent leur propre luxe, celui se limitant au n\u00e9cessaire et \u00e0 l\u2019utile. Ce n\u2019est qu\u2019ainsi qu\u2019il est possible de concevoir les prix des nuit\u00e9es selon un mod\u00e8le social. Chaque h\u00f4te paie ses nuit\u00e9es selon ses moyens financiers. Gr\u00e2ce \u00e0 ce mod\u00e8le solidaire, [&hellip;]","thumbnail_url":"https:\/\/salecina.ch\/wp-content\/uploads\/2021\/08\/buchen2b-fr.jpg"}