{"id":4099,"date":"2021-08-22T14:16:58","date_gmt":"2021-08-22T14:16:58","guid":{"rendered":"https:\/\/salecina.ch\/termine-events\/"},"modified":"2025-09-26T11:18:27","modified_gmt":"2025-09-26T11:18:27","slug":"termine-events","status":"publish","type":"page","link":"https:\/\/salecina.ch\/en\/termine-events\/","title":{"rendered":"Dates &amp; Events"},"content":{"rendered":"\t\t<div data-elementor-type=\"wp-page\" data-elementor-id=\"4099\" class=\"elementor elementor-4099\" data-elementor-post-type=\"page\">\n\t\t\t\t\t\t<section class=\"elementor-section elementor-top-section elementor-element elementor-element-456ec50d elementor-section-full_width elementor-section-stretched elementor-section-height-default elementor-section-height-default\" data-id=\"456ec50d\" data-element_type=\"section\" data-e-type=\"section\" data-settings=\"{&quot;stretch_section&quot;:&quot;section-stretched&quot;}\">\n\t\t\t\t\t\t<div class=\"elementor-container elementor-column-gap-default\">\n\t\t\t\t\t<div class=\"elementor-column elementor-col-100 elementor-top-column elementor-element elementor-element-477d2327\" data-id=\"477d2327\" data-element_type=\"column\" data-e-type=\"column\">\n\t\t\t<div class=\"elementor-widget-wrap elementor-element-populated\">\n\t\t\t\t\t\t<div class=\"elementor-element elementor-element-682c89a8 elementor-widget elementor-widget-shortcode\" data-id=\"682c89a8\" data-element_type=\"widget\" data-e-type=\"widget\" data-widget_type=\"shortcode.default\">\n\t\t\t\t<div class=\"elementor-widget-container\">\n\t\t\t\t\t\t\t<div class=\"elementor-shortcode\">\t\t<div data-elementor-type=\"page\" data-elementor-id=\"485\" class=\"elementor elementor-485\" data-elementor-post-type=\"elementor_library\">\n\t\t\t\t\t\t<section data-dce-background-color=\"#222222\" class=\"elementor-section elementor-top-section elementor-element elementor-element-d80febe elementor-section-full_width elementor-section-content-top elementor-section-stretched elementor-section-height-default elementor-section-height-default\" data-id=\"d80febe\" data-element_type=\"section\" data-e-type=\"section\" data-settings=\"{&quot;background_background&quot;:&quot;classic&quot;,&quot;stretch_section&quot;:&quot;section-stretched&quot;,&quot;sticky&quot;:&quot;top&quot;,&quot;sticky_on&quot;:[&quot;widescreen&quot;,&quot;desktop&quot;,&quot;laptop&quot;,&quot;tablet_extra&quot;,&quot;tablet&quot;,&quot;mobile_extra&quot;,&quot;mobile&quot;],&quot;sticky_offset&quot;:0,&quot;sticky_effects_offset&quot;:0,&quot;sticky_anchor_link_offset&quot;:0}\">\n\t\t\t\t\t\t<div class=\"elementor-container elementor-column-gap-default\">\n\t\t\t\t\t<div class=\"elementor-column elementor-col-100 elementor-top-column elementor-element elementor-element-2fa430a\" data-id=\"2fa430a\" data-element_type=\"column\" data-e-type=\"column\">\n\t\t\t<div class=\"elementor-widget-wrap elementor-element-populated\">\n\t\t\t\t\t\t<div class=\"elementor-element elementor-element-39a0e59 elementor-nav-menu__align-center elementor-nav-menu--stretch elementor-nav-menu--dropdown-tablet elementor-nav-menu__text-align-aside elementor-nav-menu--toggle elementor-nav-menu--burger elementor-widget elementor-widget-nav-menu\" data-id=\"39a0e59\" data-element_type=\"widget\" data-e-type=\"widget\" data-settings=\"{&quot;full_width&quot;:&quot;stretch&quot;,&quot;sticky&quot;:&quot;top&quot;,&quot;layout&quot;:&quot;horizontal&quot;,&quot;submenu_icon&quot;:{&quot;value&quot;:&quot;&lt;i class=\\&quot;fas fa-caret-down\\&quot; aria-hidden=\\&quot;true\\&quot;&gt;&lt;\\\/i&gt;&quot;,&quot;library&quot;:&quot;fa-solid&quot;},&quot;toggle&quot;:&quot;burger&quot;,&quot;sticky_on&quot;:[&quot;widescreen&quot;,&quot;desktop&quot;,&quot;laptop&quot;,&quot;tablet_extra&quot;,&quot;tablet&quot;,&quot;mobile_extra&quot;,&quot;mobile&quot;],&quot;sticky_offset&quot;:0,&quot;sticky_effects_offset&quot;:0,&quot;sticky_anchor_link_offset&quot;:0}\" data-widget_type=\"nav-menu.default\">\n\t\t\t\t<div class=\"elementor-widget-container\">\n\t\t\t\t\t\t\t\t<nav aria-label=\"Menu\" class=\"elementor-nav-menu--main elementor-nav-menu__container elementor-nav-menu--layout-horizontal e--pointer-overline e--animation-fade\">\n\t\t\t\t<ul id=\"menu-1-39a0e59\" class=\"elementor-nav-menu\"><li class=\"menu-item menu-item-type-custom menu-item-object-custom menu-item-4208\"><a href=\"#\" class=\"elementor-item elementor-item-anchor\"><img decoding=\"async\" src=\"https:\/\/salecina.ch\/wp-content\/uploads\/2021\/08\/Logo-Salecina-definitiv-1.svg\" style=\"height:auto; width:5vw; background-color:#FFFFFF;\"><\/a><\/li>\n<li class=\"menu-item menu-item-type-custom menu-item-object-custom menu-item-5142\"><a target=\"_blank\" href=\"https:\/\/hostels.assd.com\/crs4.php?goto=10&#038;cust=410526&#038;type=040&#038;langcrs=E\" class=\"elementor-item\">BOOKING<\/a><\/li>\n<li class=\"menu-item menu-item-type-post_type menu-item-object-page menu-item-home menu-item-822\"><a href=\"https:\/\/salecina.ch\/en\/\" class=\"elementor-item\">SALECINA<\/a><\/li>\n<li class=\"menu-item menu-item-type-post_type menu-item-object-page menu-item-has-children menu-item-4088\"><a href=\"https:\/\/salecina.ch\/en\/eating-sleeping\/\" class=\"elementor-item\">EATING &amp; SLEEPING<\/a>\n<ul class=\"sub-menu elementor-nav-menu--dropdown\">\n\t<li class=\"menu-item menu-item-type-post_type menu-item-object-page menu-item-4087\"><a href=\"https:\/\/salecina.ch\/en\/staff-guests\/\" class=\"elementor-sub-item\">Staff &amp; Guests<\/a><\/li>\n\t<li class=\"menu-item menu-item-type-post_type menu-item-object-page menu-item-4086\"><a href=\"https:\/\/salecina.ch\/en\/rooms-infrastructure\/\" class=\"elementor-sub-item\">Rooms &amp; Infrastructure<\/a><\/li>\n<\/ul>\n<\/li>\n<li class=\"menu-item menu-item-type-post_type menu-item-object-page menu-item-has-children menu-item-4085\"><a href=\"https:\/\/salecina.ch\/en\/movement-meetings\/\" class=\"elementor-item\">MOVEMENT &amp; MEETINGS<\/a>\n<ul class=\"sub-menu elementor-nav-menu--dropdown\">\n\t<li class=\"menu-item menu-item-type-post_type menu-item-object-page menu-item-4098\"><a href=\"https:\/\/salecina.ch\/en\/people-ideas\/\" class=\"elementor-sub-item\">People &amp; Ideas<\/a><\/li>\n\t<li class=\"menu-item menu-item-type-post_type menu-item-object-page menu-item-4137\"><a href=\"https:\/\/salecina.ch\/en\/termine-events\/\" class=\"elementor-sub-item\">Dates &#038; Events (german)<\/a><\/li>\n\t<li class=\"menu-item menu-item-type-post_type menu-item-object-page menu-item-4136\"><a href=\"https:\/\/salecina.ch\/en\/pictures-media\/\" class=\"elementor-sub-item\">Pictures &amp; Media<\/a><\/li>\n<\/ul>\n<\/li>\n<li class=\"menu-item menu-item-type-post_type menu-item-object-page menu-item-has-children menu-item-4135\"><a href=\"https:\/\/salecina.ch\/en\/house-history\/\" class=\"elementor-item\">HOUSE &amp; HISTORY<\/a>\n<ul class=\"sub-menu elementor-nav-menu--dropdown\">\n\t<li class=\"menu-item menu-item-type-post_type menu-item-object-page menu-item-4154\"><a href=\"https:\/\/salecina.ch\/en\/location-climate\/\" class=\"elementor-sub-item\">Location &amp; Climate<\/a><\/li>\n\t<li class=\"menu-item menu-item-type-post_type menu-item-object-page menu-item-4153\"><a href=\"https:\/\/salecina.ch\/en\/team-spirit\/\" class=\"elementor-sub-item\">Team &amp; Spirit<\/a><\/li>\n<\/ul>\n<\/li>\n<li class=\"menu-item menu-item-type-post_type menu-item-object-page menu-item-has-children menu-item-4174\"><a href=\"https:\/\/salecina.ch\/en\/contact-booking\/\" class=\"elementor-item\">CONTACT &#038; INFO<\/a>\n<ul class=\"sub-menu elementor-nav-menu--dropdown\">\n\t<li class=\"menu-item menu-item-type-post_type menu-item-object-page menu-item-4173\"><a href=\"https:\/\/salecina.ch\/en\/prices-booking\/\" class=\"elementor-sub-item\">Prices<\/a><\/li>\n\t<li class=\"menu-item menu-item-type-custom menu-item-object-custom menu-item-4982\"><a href=\"https:\/\/hostels.assd.com\/crs4.php?goto=10&#038;cust=410526&#038;type=040&#038;langcrs=E\" class=\"elementor-sub-item\">Book Now<\/a><\/li>\n\t<li class=\"menu-item menu-item-type-post_type menu-item-object-page menu-item-4184\"><a href=\"https:\/\/salecina.ch\/en\/arrival-info\/\" class=\"elementor-sub-item\">Arrival &amp; Info<\/a><\/li>\n<\/ul>\n<\/li>\n<li class=\"menu-item wpml-ls-slot-5 wpml-ls-item wpml-ls-item-de wpml-ls-menu-item wpml-ls-first-item menu-item-type-wpml_ls_menu_item menu-item-object-wpml_ls_menu_item menu-item-wpml-ls-5-de\"><a href=\"https:\/\/salecina.ch\" class=\"elementor-item\"><img decoding=\"async\"\n            class=\"wpml-ls-flag\"\n            src=\"https:\/\/salecina.ch\/wp-content\/plugins\/sitepress-multilingual-cms\/res\/flags\/de.png\"\n            alt=\"German\"\n            \n            \n    \/><\/a><\/li>\n<li class=\"menu-item wpml-ls-slot-5 wpml-ls-item wpml-ls-item-it wpml-ls-menu-item menu-item-type-wpml_ls_menu_item menu-item-object-wpml_ls_menu_item menu-item-wpml-ls-5-it\"><a href=\"https:\/\/salecina.ch\/it\/\" class=\"elementor-item\"><img decoding=\"async\"\n            class=\"wpml-ls-flag\"\n            src=\"https:\/\/salecina.ch\/wp-content\/plugins\/sitepress-multilingual-cms\/res\/flags\/it.png\"\n            alt=\"Italian\"\n            \n            \n    \/><\/a><\/li>\n<li class=\"menu-item wpml-ls-slot-5 wpml-ls-item wpml-ls-item-fr wpml-ls-menu-item wpml-ls-last-item menu-item-type-wpml_ls_menu_item menu-item-object-wpml_ls_menu_item menu-item-wpml-ls-5-fr\"><a href=\"https:\/\/salecina.ch\/fr\/\" class=\"elementor-item\"><img decoding=\"async\"\n            class=\"wpml-ls-flag\"\n            src=\"https:\/\/salecina.ch\/wp-content\/plugins\/sitepress-multilingual-cms\/res\/flags\/fr.png\"\n            alt=\"French\"\n            \n            \n    \/><\/a><\/li>\n<\/ul>\t\t\t<\/nav>\n\t\t\t\t\t<div class=\"elementor-menu-toggle\" role=\"button\" tabindex=\"0\" aria-label=\"Menu Toggle\" aria-expanded=\"false\">\n\t\t\t<i aria-hidden=\"true\" role=\"presentation\" class=\"elementor-menu-toggle__icon--open eicon-menu-bar\"><\/i><i aria-hidden=\"true\" role=\"presentation\" class=\"elementor-menu-toggle__icon--close eicon-close\"><\/i>\t\t<\/div>\n\t\t\t\t\t<nav class=\"elementor-nav-menu--dropdown elementor-nav-menu__container\" aria-hidden=\"true\">\n\t\t\t\t<ul id=\"menu-2-39a0e59\" class=\"elementor-nav-menu\"><li class=\"menu-item menu-item-type-custom menu-item-object-custom menu-item-4208\"><a href=\"#\" class=\"elementor-item elementor-item-anchor\" tabindex=\"-1\"><img decoding=\"async\" src=\"https:\/\/salecina.ch\/wp-content\/uploads\/2021\/08\/Logo-Salecina-definitiv-1.svg\" style=\"height:auto; width:5vw; background-color:#FFFFFF;\"><\/a><\/li>\n<li class=\"menu-item menu-item-type-custom menu-item-object-custom menu-item-5142\"><a target=\"_blank\" href=\"https:\/\/hostels.assd.com\/crs4.php?goto=10&#038;cust=410526&#038;type=040&#038;langcrs=E\" class=\"elementor-item\" tabindex=\"-1\">BOOKING<\/a><\/li>\n<li class=\"menu-item menu-item-type-post_type menu-item-object-page menu-item-home menu-item-822\"><a href=\"https:\/\/salecina.ch\/en\/\" class=\"elementor-item\" tabindex=\"-1\">SALECINA<\/a><\/li>\n<li class=\"menu-item menu-item-type-post_type menu-item-object-page menu-item-has-children menu-item-4088\"><a href=\"https:\/\/salecina.ch\/en\/eating-sleeping\/\" class=\"elementor-item\" tabindex=\"-1\">EATING &amp; SLEEPING<\/a>\n<ul class=\"sub-menu elementor-nav-menu--dropdown\">\n\t<li class=\"menu-item menu-item-type-post_type menu-item-object-page menu-item-4087\"><a href=\"https:\/\/salecina.ch\/en\/staff-guests\/\" class=\"elementor-sub-item\" tabindex=\"-1\">Staff &amp; Guests<\/a><\/li>\n\t<li class=\"menu-item menu-item-type-post_type menu-item-object-page menu-item-4086\"><a href=\"https:\/\/salecina.ch\/en\/rooms-infrastructure\/\" class=\"elementor-sub-item\" tabindex=\"-1\">Rooms &amp; Infrastructure<\/a><\/li>\n<\/ul>\n<\/li>\n<li class=\"menu-item menu-item-type-post_type menu-item-object-page menu-item-has-children menu-item-4085\"><a href=\"https:\/\/salecina.ch\/en\/movement-meetings\/\" class=\"elementor-item\" tabindex=\"-1\">MOVEMENT &amp; MEETINGS<\/a>\n<ul class=\"sub-menu elementor-nav-menu--dropdown\">\n\t<li class=\"menu-item menu-item-type-post_type menu-item-object-page menu-item-4098\"><a href=\"https:\/\/salecina.ch\/en\/people-ideas\/\" class=\"elementor-sub-item\" tabindex=\"-1\">People &amp; Ideas<\/a><\/li>\n\t<li class=\"menu-item menu-item-type-post_type menu-item-object-page menu-item-4137\"><a href=\"https:\/\/salecina.ch\/en\/termine-events\/\" class=\"elementor-sub-item\" tabindex=\"-1\">Dates &#038; Events (german)<\/a><\/li>\n\t<li class=\"menu-item menu-item-type-post_type menu-item-object-page menu-item-4136\"><a href=\"https:\/\/salecina.ch\/en\/pictures-media\/\" class=\"elementor-sub-item\" tabindex=\"-1\">Pictures &amp; Media<\/a><\/li>\n<\/ul>\n<\/li>\n<li class=\"menu-item menu-item-type-post_type menu-item-object-page menu-item-has-children menu-item-4135\"><a href=\"https:\/\/salecina.ch\/en\/house-history\/\" class=\"elementor-item\" tabindex=\"-1\">HOUSE &amp; HISTORY<\/a>\n<ul class=\"sub-menu elementor-nav-menu--dropdown\">\n\t<li class=\"menu-item menu-item-type-post_type menu-item-object-page menu-item-4154\"><a href=\"https:\/\/salecina.ch\/en\/location-climate\/\" class=\"elementor-sub-item\" tabindex=\"-1\">Location &amp; Climate<\/a><\/li>\n\t<li class=\"menu-item menu-item-type-post_type menu-item-object-page menu-item-4153\"><a href=\"https:\/\/salecina.ch\/en\/team-spirit\/\" class=\"elementor-sub-item\" tabindex=\"-1\">Team &amp; Spirit<\/a><\/li>\n<\/ul>\n<\/li>\n<li class=\"menu-item menu-item-type-post_type menu-item-object-page menu-item-has-children menu-item-4174\"><a href=\"https:\/\/salecina.ch\/en\/contact-booking\/\" class=\"elementor-item\" tabindex=\"-1\">CONTACT &#038; INFO<\/a>\n<ul class=\"sub-menu elementor-nav-menu--dropdown\">\n\t<li class=\"menu-item menu-item-type-post_type menu-item-object-page menu-item-4173\"><a href=\"https:\/\/salecina.ch\/en\/prices-booking\/\" class=\"elementor-sub-item\" tabindex=\"-1\">Prices<\/a><\/li>\n\t<li class=\"menu-item menu-item-type-custom menu-item-object-custom menu-item-4982\"><a href=\"https:\/\/hostels.assd.com\/crs4.php?goto=10&#038;cust=410526&#038;type=040&#038;langcrs=E\" class=\"elementor-sub-item\" tabindex=\"-1\">Book Now<\/a><\/li>\n\t<li class=\"menu-item menu-item-type-post_type menu-item-object-page menu-item-4184\"><a href=\"https:\/\/salecina.ch\/en\/arrival-info\/\" class=\"elementor-sub-item\" tabindex=\"-1\">Arrival &amp; Info<\/a><\/li>\n<\/ul>\n<\/li>\n<li class=\"menu-item wpml-ls-slot-5 wpml-ls-item wpml-ls-item-de wpml-ls-menu-item wpml-ls-first-item menu-item-type-wpml_ls_menu_item menu-item-object-wpml_ls_menu_item menu-item-wpml-ls-5-de\"><a href=\"https:\/\/salecina.ch\" class=\"elementor-item\" tabindex=\"-1\"><img decoding=\"async\"\n            class=\"wpml-ls-flag\"\n            src=\"https:\/\/salecina.ch\/wp-content\/plugins\/sitepress-multilingual-cms\/res\/flags\/de.png\"\n            alt=\"German\"\n            \n            \n    \/><\/a><\/li>\n<li class=\"menu-item wpml-ls-slot-5 wpml-ls-item wpml-ls-item-it wpml-ls-menu-item menu-item-type-wpml_ls_menu_item menu-item-object-wpml_ls_menu_item menu-item-wpml-ls-5-it\"><a href=\"https:\/\/salecina.ch\/it\/\" class=\"elementor-item\" tabindex=\"-1\"><img decoding=\"async\"\n            class=\"wpml-ls-flag\"\n            src=\"https:\/\/salecina.ch\/wp-content\/plugins\/sitepress-multilingual-cms\/res\/flags\/it.png\"\n            alt=\"Italian\"\n            \n            \n    \/><\/a><\/li>\n<li class=\"menu-item wpml-ls-slot-5 wpml-ls-item wpml-ls-item-fr wpml-ls-menu-item wpml-ls-last-item menu-item-type-wpml_ls_menu_item menu-item-object-wpml_ls_menu_item menu-item-wpml-ls-5-fr\"><a href=\"https:\/\/salecina.ch\/fr\/\" class=\"elementor-item\" tabindex=\"-1\"><img decoding=\"async\"\n            class=\"wpml-ls-flag\"\n            src=\"https:\/\/salecina.ch\/wp-content\/plugins\/sitepress-multilingual-cms\/res\/flags\/fr.png\"\n            alt=\"French\"\n            \n            \n    \/><\/a><\/li>\n<\/ul>\t\t\t<\/nav>\n\t\t\t\t\t\t<\/div>\n\t\t\t\t<\/div>\n\t\t\t\t\t<\/div>\n\t\t<\/div>\n\t\t\t\t\t<\/div>\n\t\t<\/section>\n\t\t\t\t<\/div>\n\t\t<\/div>\n\t\t\t\t\t\t<\/div>\n\t\t\t\t<\/div>\n\t\t\t\t\t<\/div>\n\t\t<\/div>\n\t\t\t\t\t<\/div>\n\t\t<\/section>\n\t\t\t\t<section class=\"elementor-section elementor-top-section elementor-element elementor-element-f99664c elementor-section-boxed elementor-section-height-default elementor-section-height-default\" data-id=\"f99664c\" data-element_type=\"section\" data-e-type=\"section\">\n\t\t\t\t\t\t<div class=\"elementor-container elementor-column-gap-default\">\n\t\t\t\t\t<div class=\"elementor-column elementor-col-100 elementor-top-column elementor-element elementor-element-5f1cd21e\" data-id=\"5f1cd21e\" data-element_type=\"column\" data-e-type=\"column\">\n\t\t\t<div class=\"elementor-widget-wrap elementor-element-populated\">\n\t\t\t\t\t\t\t<\/div>\n\t\t<\/div>\n\t\t\t\t\t<\/div>\n\t\t<\/section>\n\t\t\t\t<section class=\"elementor-section elementor-top-section elementor-element elementor-element-10394806 elementor-section-boxed elementor-section-height-default elementor-section-height-default\" data-id=\"10394806\" data-element_type=\"section\" data-e-type=\"section\" data-settings=\"{&quot;background_background&quot;:&quot;classic&quot;}\">\n\t\t\t\t\t\t<div class=\"elementor-container elementor-column-gap-default\">\n\t\t\t\t\t<div data-dce-background-color=\"#FFFFFF\" class=\"elementor-column elementor-col-100 elementor-top-column elementor-element elementor-element-7c7f41b9\" data-id=\"7c7f41b9\" data-element_type=\"column\" data-e-type=\"column\" data-settings=\"{&quot;background_background&quot;:&quot;classic&quot;}\">\n\t\t\t<div class=\"elementor-widget-wrap elementor-element-populated\">\n\t\t\t\t\t\t<section class=\"elementor-section elementor-inner-section elementor-element elementor-element-33435060 elementor-section-boxed elementor-section-height-default elementor-section-height-default\" data-id=\"33435060\" data-element_type=\"section\" data-e-type=\"section\">\n\t\t\t\t\t\t<div class=\"elementor-container elementor-column-gap-default\">\n\t\t\t\t\t<div class=\"elementor-column elementor-col-50 elementor-inner-column elementor-element elementor-element-1b584ee3\" data-id=\"1b584ee3\" data-element_type=\"column\" data-e-type=\"column\" data-settings=\"{&quot;background_background&quot;:&quot;classic&quot;}\">\n\t\t\t<div class=\"elementor-widget-wrap elementor-element-populated\">\n\t\t\t\t\t\t<div class=\"elementor-element elementor-element-1a190e6d dce_masking-none elementor-widget elementor-widget-image\" data-id=\"1a190e6d\" data-element_type=\"widget\" data-e-type=\"widget\" data-widget_type=\"image.default\">\n\t\t\t\t<div class=\"elementor-widget-container\">\n\t\t\t\t\t\t\t\t\t\t\t\t\t\t\t<img fetchpriority=\"high\" decoding=\"async\" width=\"1000\" height=\"290\" src=\"https:\/\/salecina.ch\/wp-content\/uploads\/2021\/07\/feste.jpg\" class=\"attachment-full size-full wp-image-1316\" alt=\"\" srcset=\"https:\/\/salecina.ch\/wp-content\/uploads\/2021\/07\/feste.jpg 1000w, https:\/\/salecina.ch\/wp-content\/uploads\/2021\/07\/feste-300x87.jpg 300w, https:\/\/salecina.ch\/wp-content\/uploads\/2021\/07\/feste-768x223.jpg 768w\" sizes=\"(max-width: 1000px) 100vw, 1000px\" \/>\t\t\t\t\t\t\t\t\t\t\t\t\t\t\t<\/div>\n\t\t\t\t<\/div>\n\t\t\t\t<section class=\"elementor-section elementor-inner-section elementor-element elementor-element-3352869 elementor-section-boxed elementor-section-height-default elementor-section-height-default\" data-id=\"3352869\" data-element_type=\"section\" data-e-type=\"section\">\n\t\t\t\t\t\t<div class=\"elementor-container elementor-column-gap-default\">\n\t\t\t\t\t<div class=\"elementor-column elementor-col-100 elementor-inner-column elementor-element elementor-element-ad0402a\" data-id=\"ad0402a\" data-element_type=\"column\" data-e-type=\"column\">\n\t\t\t<div class=\"elementor-widget-wrap elementor-element-populated\">\n\t\t\t\t\t\t<div class=\"elementor-element elementor-element-33564fa elementor-widget elementor-widget-text-editor\" data-id=\"33564fa\" data-element_type=\"widget\" data-e-type=\"widget\" data-widget_type=\"text-editor.default\">\n\t\t\t\t<div class=\"elementor-widget-container\">\n\t\t\t\t\t\t\t\t\t<p>Veranstaltungkalender 2021 zum Downloaden (PDF): Hier&#8230;<\/p>\n\t\t\t\t\t\t\t\t<\/div>\n\t\t\t\t<\/div>\n\t\t\t\t\t<\/div>\n\t\t<\/div>\n\t\t\t\t\t<\/div>\n\t\t<\/section>\n\t\t\t\t<div class=\"elementor-element elementor-element-cef162c dce-col-1 dce-col-tablet-1 dce-posts-layout-default dce-col-mobile-1 dce-align-left elementor-widget elementor-widget-dce-dynamicposts-v2\" data-id=\"cef162c\" data-element_type=\"widget\" data-e-type=\"widget\" data-settings=\"{&quot;style_items&quot;:&quot;default&quot;,&quot;grid_grid_type&quot;:&quot;flex&quot;}\" data-widget_type=\"dce-dynamicposts-v2.grid\">\n\t\t\t\t<div class=\"elementor-widget-container\">\n\t\t\t\t\t\n\t\t<div class=\"dce-fix-background-loop dce-posts-container dce-posts dce-dynamic-posts-collection  dce-skin-grid dce-skin-grid-flex\">\n\t\t\t\t\t\t<div class=\"dce-posts-wrapper dce-wrapper-grid\">\n\t\t\t\n\t\t<article class=\"post-4105 termin type-termin status-publish hentry dce-post dce-post-item dce-item-grid\" data-dce-post-id=\"4105\" data-dce-post-index=\"0\">\n\t\t\t<div class=\"dce-post-block\">\n\t\t<div class=\"dce-item dce-item_custommeta elementor-repeater-item-c839a15\"><div class=\"dce-post-custommeta\"><div class=\"dce-meta-item dce-meta-c839a15 dce-meta-date elementor-repeater-item-c839a15\">15. November 2026<\/div><\/div><\/div><div class=\"dce-item dce-item_title elementor-repeater-item-0252912\"><h3 class=\"dce-post-title\">Bella Salecina (Putzwoche) im Herbst<\/h3><\/div><div class=\"dce-item dce-item_custommeta elementor-repeater-item-de95de0\"><div class=\"dce-post-custommeta dce-post-custommeta\"><div class=\"dce-meta-item dce-meta-c839a15 dce-meta-date elementor-repeater-item-c839a15 dce-meta-item dce-meta-de95de0 dce-meta-text elementor-repeater-item-de95de0\"><div><p><span class=\"fontstyle0\">Die G\u00e4ste bereiten das Ferien- und Bildungshaus f\u00fcr die n\u00e4chste Saison vor. Anmeldungen sechs Monate vor Beginn.<\/span><\/p>\n<p>Salecina-Team<\/p>\n<p><span class=\"fontstyle0\"><a href=\"https:\/\/salecina.ch\/wp-content\/uploads\/2021\/08\/Flyer-26_11-BellaSalecina.pdf\">mehr dazu &#8230;<\/a><\/span><\/p>\n<\/div><\/div><\/div><\/div>\t\t\t<\/div>\n\t\t<\/article>\n\t\t\t\t\t<\/div>\n\t\t\t\t\t<\/div>\n\t\t\t\t\t\t<\/div>\n\t\t\t\t<\/div>\n\t\t\t\t\t<\/div>\n\t\t<\/div>\n\t\t\t\t<div class=\"elementor-column elementor-col-50 elementor-inner-column elementor-element elementor-element-4e7bd3a5\" data-id=\"4e7bd3a5\" data-element_type=\"column\" data-e-type=\"column\">\n\t\t\t<div class=\"elementor-widget-wrap elementor-element-populated\">\n\t\t\t\t\t\t<div class=\"elementor-element elementor-element-6bb06d5 elementor-widget elementor-widget-text-editor\" data-id=\"6bb06d5\" data-element_type=\"widget\" data-e-type=\"widget\" data-widget_type=\"text-editor.default\">\n\t\t\t\t<div class=\"elementor-widget-container\">\n\t\t\t\t\t\t\t\t\t<p>Veranstaltungkalender 2021<br \/>zum Downloaden (PDF): <a title=\"2021_Kalender.pdf\" href=\"https:\/\/salecina.ch\/wp-content\/uploads\/2021\/08\/2021_Kalender1.pdf\" target=\"_blank\" rel=\"noopener\">Hier&#8230;<\/a><\/p>\n\t\t\t\t\t\t\t\t<\/div>\n\t\t\t\t<\/div>\n\t\t\t\t<div class=\"elementor-element elementor-element-58174af elementor-widget elementor-widget-text-editor\" data-id=\"58174af\" data-element_type=\"widget\" data-e-type=\"widget\" data-widget_type=\"text-editor.default\">\n\t\t\t\t<div class=\"elementor-widget-container\">\n\t\t\t\t\t\t\t\t\t<h4><img decoding=\"async\" class=\" wp-image-1587 aligncenter\" src=\"https:\/\/salecina.ch\/wp-content\/uploads\/2021\/08\/50_jahre_kalender-250x300.jpg\" alt=\"\" width=\"377\" height=\"452\" srcset=\"https:\/\/salecina.ch\/wp-content\/uploads\/2021\/08\/50_jahre_kalender-250x300.jpg 250w, https:\/\/salecina.ch\/wp-content\/uploads\/2021\/08\/50_jahre_kalender-854x1024.jpg 854w, https:\/\/salecina.ch\/wp-content\/uploads\/2021\/08\/50_jahre_kalender-768x921.jpg 768w, https:\/\/salecina.ch\/wp-content\/uploads\/2021\/08\/50_jahre_kalender-1280x1536.jpg 1280w, https:\/\/salecina.ch\/wp-content\/uploads\/2021\/08\/50_jahre_kalender.jpg 1532w\" sizes=\"(max-width: 377px) 100vw, 377px\" \/><\/h4>\n<h4><strong>Ein Kalender f\u00fcr das 50-Jahre-Jubil\u00e4um von Salecina!!<\/strong><\/h4>\n<p>2022 feiert Salecina 50 Jahre. Zum Gedenken an diesen wichtigen Meilenstein wird es einen Jubil\u00e4umskalender geben. Dabei wird das am meisten gesch\u00e4tzte Thema des  <br \/>Hauses hervorgehoben: die Gemeinsamkeit. Neben Bildern aus unserem Archiv zeigen zw\u00f6lf Illustrator*innen, die in Spanien, Schweiz, Deutschland und Italien leben und von der Geschichte von Salecina fasziniert sind, eine m\u00f6gliche Zukunft f\u00fcr unser Ferien- und Bildungshaus von ihrem Gesichtspunkt auf.<br \/>Der Wand-Kalender, Gr\u00f6sse 21&#215;42 cm, Preis ca. 15.- Fr., ohne Versandkosten, ist in Salecina erh\u00e4ltlich und kann ab sofort unter info@salecina.ch oder Tel. +41 81 824 32 39 bestellt werden.<\/p><\/p>\n\t\t\t\t\t\t\t\t<\/div>\n\t\t\t\t<\/div>\n\t\t\t\t<div class=\"elementor-element elementor-element-3247929 elementor-widget elementor-widget-toggle\" data-id=\"3247929\" data-element_type=\"widget\" data-e-type=\"widget\" data-widget_type=\"toggle.default\">\n\t\t\t\t<div class=\"elementor-widget-container\">\n\t\t\t\t\t\t\t<div class=\"elementor-toggle\">\n\t\t\t\t\t\t\t<div class=\"elementor-toggle-item\">\n\t\t\t\t\t<div id=\"elementor-tab-title-5271\" class=\"elementor-tab-title\" data-tab=\"1\" role=\"button\" aria-controls=\"elementor-tab-content-5271\" aria-expanded=\"false\">\n\t\t\t\t\t\t\t\t\t\t\t\t<span class=\"elementor-toggle-icon elementor-toggle-icon-left\" aria-hidden=\"true\">\n\t\t\t\t\t\t\t\t\t\t\t\t\t\t\t<span class=\"elementor-toggle-icon-closed\"><i class=\"fas fa-caret-right\"><\/i><\/span>\n\t\t\t\t\t\t\t\t<span class=\"elementor-toggle-icon-opened\"><i class=\"elementor-toggle-icon-opened fas fa-caret-up\"><\/i><\/span>\n\t\t\t\t\t\t\t\t\t\t\t\t\t<\/span>\n\t\t\t\t\t\t\t\t\t\t\t\t<a class=\"elementor-toggle-title\" tabindex=\"0\">Tagung 2016: \"Berggebiete wohin?<\/a>\n\t\t\t\t\t<\/div>\n\n\t\t\t\t\t<div id=\"elementor-tab-content-5271\" class=\"elementor-tab-content elementor-clearfix\" data-tab=\"1\" role=\"region\" aria-labelledby=\"elementor-tab-title-5271\"><p><strong>Akten der Tagung &#8220;Berggebiete wohin?&#8221;<\/strong><br \/>Salecina 16.-19. Juni 2016<\/p>\n<ul>\n<li><a href=\"https:\/\/salecina.ch\/wp-content\/uploads\/2021\/08\/Fotos_von_der_Tagung_-_Foto_del_Convegno.pdf\" target=\"_blank\" rel=\"noopener\">Fotos von der Tagung &#8211; Foto del Convegno.pdf<\/a><\/li>\n<li><a href=\"https:\/\/salecina.ch\/wp-content\/uploads\/2021\/08\/Vortrag_Werner_Baetzing.pdf\" target=\"_blank\" rel=\"noopener\">Vortrag Werner Baetzing.pdf<\/a><\/li>\n<li><a href=\"https:\/\/salecina.ch\/wp-content\/uploads\/2021\/08\/Vortrag_Rudi_Erlacher.pdf\" target=\"_blank\" rel=\"noopener\">Vortrag Rudi Erlacher.pdf<\/a><\/li>\n<li><a href=\"https:\/\/salecina.ch\/wp-content\/uploads\/2021\/08\/Vortrag_Jon_Mathieu.pdf\" target=\"_blank\" rel=\"noopener\">Vortrag Jon Mathieu.pdf<\/a><\/li>\n<li><a href=\"https:\/\/salecina.ch\/wp-content\/uploads\/2021\/08\/Bergeller_Resolution-1.pdf\" target=\"_blank\" rel=\"noopener\">Bergeller_Resolution-1.pdf<\/a><\/li>\n<li><a href=\"https:\/\/salecina.ch\/wp-content\/uploads\/2021\/08\/2016-06-20_Buendner_Tagblatt.pdf\">2016-06-20 B\u00fcndner Tagblatt.pdf<\/a><\/li>\n<li><a href=\"https:\/\/salecina.ch\/wp-content\/uploads\/2021\/08\/2016_06_18_Engadiner_Post-1.pdf\">2016_06_18 Engadiner Post-1.pdf<\/a><\/li>\n<li><a href=\"https:\/\/salecina.ch\/wp-content\/uploads\/2021\/08\/2016_06_18_Engadiner_Post-2.pdf\">2016_06_18 Engadiner Post-2.pdf<\/a><\/li>\n<li><a href=\"https:\/\/salecina.ch\/wp-content\/uploads\/2021\/08\/2016_06_18_Engadiner_Post-3.pdf\">2016_06_18 Engadiner Post-3.pdf<\/a><\/li>\n<li><a href=\"https:\/\/salecina.ch\/wp-content\/uploads\/2021\/08\/2016_06_18_Engadiner_Post-4.pdf\">2016_06_18 Engadiner Post-4.pdf<\/a><\/li>\n<li><a href=\"https:\/\/salecina.ch\/wp-content\/uploads\/2021\/08\/2016-06-23_il_grigione_italiano-1.pdf\">2016-06-23 il grigione italiano-1.pdf<\/a><\/li>\n<li><a href=\"https:\/\/salecina.ch\/wp-content\/uploads\/2021\/08\/2016-06-30_il_grigione_italiano_-2.pdf\">2016-06-30 il grigione italiano -2.pdf<\/a><\/li>\n<li><a href=\"https:\/\/salecina.ch\/wp-content\/uploads\/2021\/08\/RSI.docx\">RSI.docx<\/a><\/li>\n<\/ul>\n<\/div>\n\t\t\t\t<\/div>\n\t\t\t\t\t\t\t\t<\/div>\n\t\t\t\t\t\t<\/div>\n\t\t\t\t<\/div>\n\t\t\t\t\t<\/div>\n\t\t<\/div>\n\t\t\t\t\t<\/div>\n\t\t<\/section>\n\t\t\t\t\t<\/div>\n\t\t<\/div>\n\t\t\t\t\t<\/div>\n\t\t<\/section>\n\t\t\t\t<\/div>\n\t\t","protected":false},"excerpt":{"rendered":"<p>Veranstaltungkalender 2021 zum Downloaden (PDF): Hier&#8230; Skitourenwoche f\u00fcr Senior*innen Schneeschuhwandern im Januar Langlauf-Skatingwoche Skitourenwoche mit Erika Langlaufwoche I Langlaufwoche II Skitourenwoche f\u00fcr Ge\u00fcbte Skitourenwoche mit H\u00fctte Schneeschuhwandern im M\u00e4rz Grosse Skitourenwoche Internationale Volkst\u00e4nze Engadiner Bergtourenwoche Sprachkurs Jubil\u00e4umsfeier 50 Jahre Salecina 6. Juli 2024 Wandern mit Kindern I Eine oder zwei Wanderwochen f\u00fcr Gross und Klein: [&hellip;]<\/p>\n","protected":false},"author":1,"featured_media":0,"parent":0,"menu_order":7,"comment_status":"closed","ping_status":"closed","template":"elementor_header_footer","meta":{"footnotes":""},"class_list":["post-4099","page","type-page","status-publish","hentry"],"yoast_head":"<!-- This site is optimized with the Yoast SEO plugin v28.3 - https:\/\/yoast.com\/product\/yoast-seo-wordpress\/ -->\n<title>Dates &amp; Events &#8212; Salecina<\/title>\n<meta name=\"robots\" content=\"index, follow, max-snippet:-1, max-image-preview:large, max-video-preview:-1\" \/>\n<link rel=\"canonical\" href=\"https:\/\/salecina.ch\/en\/termine-events\/\" \/>\n<meta property=\"og:locale\" content=\"en_US\" \/>\n<meta property=\"og:type\" content=\"article\" \/>\n<meta property=\"og:title\" content=\"Dates &amp; Events &#8212; Salecina\" \/>\n<meta property=\"og:description\" content=\"Veranstaltungkalender 2021 zum Downloaden (PDF): Hier&#8230; Skitourenwoche f\u00fcr Senior*innen Schneeschuhwandern im Januar Langlauf-Skatingwoche Skitourenwoche mit Erika Langlaufwoche I Langlaufwoche II Skitourenwoche f\u00fcr Ge\u00fcbte Skitourenwoche mit H\u00fctte Schneeschuhwandern im M\u00e4rz Grosse Skitourenwoche Internationale Volkst\u00e4nze Engadiner Bergtourenwoche Sprachkurs Jubil\u00e4umsfeier 50 Jahre Salecina 6. Juli 2024 Wandern mit Kindern I Eine oder zwei Wanderwochen f\u00fcr Gross und Klein: [&hellip;]\" \/>\n<meta property=\"og:url\" content=\"https:\/\/salecina.ch\/en\/termine-events\/\" \/>\n<meta property=\"og:site_name\" content=\"Salecina\" \/>\n<meta property=\"article:modified_time\" content=\"2025-09-26T11:18:27+00:00\" \/>\n<meta property=\"og:image\" content=\"https:\/\/salecina.ch\/wp-content\/uploads\/2021\/07\/feste.jpg\" \/>\n<meta name=\"twitter:card\" content=\"summary_large_image\" \/>\n<meta name=\"twitter:label1\" content=\"Est. reading time\" \/>\n\t<meta name=\"twitter:data1\" content=\"5 minutes\" \/>\n<script type=\"application\/ld+json\" class=\"yoast-schema-graph\">{\"@context\":\"https:\\\/\\\/schema.org\",\"@graph\":[{\"@type\":\"WebPage\",\"@id\":\"https:\\\/\\\/salecina.ch\\\/en\\\/termine-events\\\/\",\"url\":\"https:\\\/\\\/salecina.ch\\\/en\\\/termine-events\\\/\",\"name\":\"Dates &amp; Events &#8212; Salecina\",\"isPartOf\":{\"@id\":\"https:\\\/\\\/salecina.ch\\\/#website\"},\"primaryImageOfPage\":{\"@id\":\"https:\\\/\\\/salecina.ch\\\/en\\\/termine-events\\\/#primaryimage\"},\"image\":{\"@id\":\"https:\\\/\\\/salecina.ch\\\/en\\\/termine-events\\\/#primaryimage\"},\"thumbnailUrl\":\"https:\\\/\\\/salecina.ch\\\/wp-content\\\/uploads\\\/2021\\\/07\\\/feste.jpg\",\"datePublished\":\"2021-08-22T14:16:58+00:00\",\"dateModified\":\"2025-09-26T11:18:27+00:00\",\"breadcrumb\":{\"@id\":\"https:\\\/\\\/salecina.ch\\\/en\\\/termine-events\\\/#breadcrumb\"},\"inLanguage\":\"en-US\",\"potentialAction\":[{\"@type\":\"ReadAction\",\"target\":[\"https:\\\/\\\/salecina.ch\\\/en\\\/termine-events\\\/\"]}]},{\"@type\":\"ImageObject\",\"inLanguage\":\"en-US\",\"@id\":\"https:\\\/\\\/salecina.ch\\\/en\\\/termine-events\\\/#primaryimage\",\"url\":\"https:\\\/\\\/salecina.ch\\\/wp-content\\\/uploads\\\/2021\\\/07\\\/feste.jpg\",\"contentUrl\":\"https:\\\/\\\/salecina.ch\\\/wp-content\\\/uploads\\\/2021\\\/07\\\/feste.jpg\"},{\"@type\":\"BreadcrumbList\",\"@id\":\"https:\\\/\\\/salecina.ch\\\/en\\\/termine-events\\\/#breadcrumb\",\"itemListElement\":[{\"@type\":\"ListItem\",\"position\":1,\"name\":\"Startseite\",\"item\":\"https:\\\/\\\/salecina.ch\\\/en\\\/\"},{\"@type\":\"ListItem\",\"position\":2,\"name\":\"Dates &amp; Events\"}]},{\"@type\":\"WebSite\",\"@id\":\"https:\\\/\\\/salecina.ch\\\/#website\",\"url\":\"https:\\\/\\\/salecina.ch\\\/\",\"name\":\"Salecina\",\"description\":\"\",\"publisher\":{\"@id\":\"https:\\\/\\\/salecina.ch\\\/#organization\"},\"potentialAction\":[{\"@type\":\"SearchAction\",\"target\":{\"@type\":\"EntryPoint\",\"urlTemplate\":\"https:\\\/\\\/salecina.ch\\\/?s={search_term_string}\"},\"query-input\":{\"@type\":\"PropertyValueSpecification\",\"valueRequired\":true,\"valueName\":\"search_term_string\"}}],\"inLanguage\":\"en-US\"},{\"@type\":\"Organization\",\"@id\":\"https:\\\/\\\/salecina.ch\\\/#organization\",\"name\":\"Stiftung Salecina\",\"url\":\"https:\\\/\\\/salecina.ch\\\/\",\"logo\":{\"@type\":\"ImageObject\",\"inLanguage\":\"en-US\",\"@id\":\"https:\\\/\\\/salecina.ch\\\/#\\\/schema\\\/logo\\\/image\\\/\",\"url\":\"https:\\\/\\\/salecina.ch\\\/wp-content\\\/uploads\\\/2021\\\/07\\\/Logo-Salecina-definitiv-mit-Text.svg\",\"contentUrl\":\"https:\\\/\\\/salecina.ch\\\/wp-content\\\/uploads\\\/2021\\\/07\\\/Logo-Salecina-definitiv-mit-Text.svg\",\"width\":274,\"height\":117,\"caption\":\"Stiftung Salecina\"},\"image\":{\"@id\":\"https:\\\/\\\/salecina.ch\\\/#\\\/schema\\\/logo\\\/image\\\/\"}}]}<\/script>\n<!-- \/ Yoast SEO plugin. -->","yoast_head_json":{"title":"Dates &amp; Events &#8212; Salecina","robots":{"index":"index","follow":"follow","max-snippet":"max-snippet:-1","max-image-preview":"max-image-preview:large","max-video-preview":"max-video-preview:-1"},"canonical":"https:\/\/salecina.ch\/en\/termine-events\/","og_locale":"en_US","og_type":"article","og_title":"Dates &amp; Events &#8212; Salecina","og_description":"Veranstaltungkalender 2021 zum Downloaden (PDF): Hier&#8230; Skitourenwoche f\u00fcr Senior*innen Schneeschuhwandern im Januar Langlauf-Skatingwoche Skitourenwoche mit Erika Langlaufwoche I Langlaufwoche II Skitourenwoche f\u00fcr Ge\u00fcbte Skitourenwoche mit H\u00fctte Schneeschuhwandern im M\u00e4rz Grosse Skitourenwoche Internationale Volkst\u00e4nze Engadiner Bergtourenwoche Sprachkurs Jubil\u00e4umsfeier 50 Jahre Salecina 6. Juli 2024 Wandern mit Kindern I Eine oder zwei Wanderwochen f\u00fcr Gross und Klein: [&hellip;]","og_url":"https:\/\/salecina.ch\/en\/termine-events\/","og_site_name":"Salecina","article_modified_time":"2025-09-26T11:18:27+00:00","og_image":[{"url":"https:\/\/salecina.ch\/wp-content\/uploads\/2021\/07\/feste.jpg","type":"","width":"","height":""}],"twitter_card":"summary_large_image","twitter_misc":{"Est. reading time":"5 minutes"},"schema":{"@context":"https:\/\/schema.org","@graph":[{"@type":"WebPage","@id":"https:\/\/salecina.ch\/en\/termine-events\/","url":"https:\/\/salecina.ch\/en\/termine-events\/","name":"Dates &amp; Events &#8212; Salecina","isPartOf":{"@id":"https:\/\/salecina.ch\/#website"},"primaryImageOfPage":{"@id":"https:\/\/salecina.ch\/en\/termine-events\/#primaryimage"},"image":{"@id":"https:\/\/salecina.ch\/en\/termine-events\/#primaryimage"},"thumbnailUrl":"https:\/\/salecina.ch\/wp-content\/uploads\/2021\/07\/feste.jpg","datePublished":"2021-08-22T14:16:58+00:00","dateModified":"2025-09-26T11:18:27+00:00","breadcrumb":{"@id":"https:\/\/salecina.ch\/en\/termine-events\/#breadcrumb"},"inLanguage":"en-US","potentialAction":[{"@type":"ReadAction","target":["https:\/\/salecina.ch\/en\/termine-events\/"]}]},{"@type":"ImageObject","inLanguage":"en-US","@id":"https:\/\/salecina.ch\/en\/termine-events\/#primaryimage","url":"https:\/\/salecina.ch\/wp-content\/uploads\/2021\/07\/feste.jpg","contentUrl":"https:\/\/salecina.ch\/wp-content\/uploads\/2021\/07\/feste.jpg"},{"@type":"BreadcrumbList","@id":"https:\/\/salecina.ch\/en\/termine-events\/#breadcrumb","itemListElement":[{"@type":"ListItem","position":1,"name":"Startseite","item":"https:\/\/salecina.ch\/en\/"},{"@type":"ListItem","position":2,"name":"Dates &amp; Events"}]},{"@type":"WebSite","@id":"https:\/\/salecina.ch\/#website","url":"https:\/\/salecina.ch\/","name":"Salecina","description":"","publisher":{"@id":"https:\/\/salecina.ch\/#organization"},"potentialAction":[{"@type":"SearchAction","target":{"@type":"EntryPoint","urlTemplate":"https:\/\/salecina.ch\/?s={search_term_string}"},"query-input":{"@type":"PropertyValueSpecification","valueRequired":true,"valueName":"search_term_string"}}],"inLanguage":"en-US"},{"@type":"Organization","@id":"https:\/\/salecina.ch\/#organization","name":"Stiftung Salecina","url":"https:\/\/salecina.ch\/","logo":{"@type":"ImageObject","inLanguage":"en-US","@id":"https:\/\/salecina.ch\/#\/schema\/logo\/image\/","url":"https:\/\/salecina.ch\/wp-content\/uploads\/2021\/07\/Logo-Salecina-definitiv-mit-Text.svg","contentUrl":"https:\/\/salecina.ch\/wp-content\/uploads\/2021\/07\/Logo-Salecina-definitiv-mit-Text.svg","width":274,"height":117,"caption":"Stiftung Salecina"},"image":{"@id":"https:\/\/salecina.ch\/#\/schema\/logo\/image\/"}}]}},"_links":{"self":[{"href":"https:\/\/salecina.ch\/en\/wp-json\/wp\/v2\/pages\/4099","targetHints":{"allow":["GET"]}}],"collection":[{"href":"https:\/\/salecina.ch\/en\/wp-json\/wp\/v2\/pages"}],"about":[{"href":"https:\/\/salecina.ch\/en\/wp-json\/wp\/v2\/types\/page"}],"author":[{"embeddable":true,"href":"https:\/\/salecina.ch\/en\/wp-json\/wp\/v2\/users\/1"}],"replies":[{"embeddable":true,"href":"https:\/\/salecina.ch\/en\/wp-json\/wp\/v2\/comments?post=4099"}],"version-history":[{"count":24,"href":"https:\/\/salecina.ch\/en\/wp-json\/wp\/v2\/pages\/4099\/revisions"}],"predecessor-version":[{"id":9992,"href":"https:\/\/salecina.ch\/en\/wp-json\/wp\/v2\/pages\/4099\/revisions\/9992"}],"wp:attachment":[{"href":"https:\/\/salecina.ch\/en\/wp-json\/wp\/v2\/media?parent=4099"}],"curies":[{"name":"wp","href":"https:\/\/api.w.org\/{rel}","templated":true}]}}